{"id":447,"date":"2016-04-11T14:49:56","date_gmt":"2016-04-11T14:49:56","guid":{"rendered":"http:\/\/doutoradoja.sites.uff.br\/?page_id=447"},"modified":"2019-10-16T17:23:37","modified_gmt":"2019-10-16T17:23:37","slug":"gilvan-luiz-hansen","status":"publish","type":"page","link":"http:\/\/ppgdin.uff.br\/?page_id=447","title":{"rendered":"Gilvan Luiz Hansen"},"content":{"rendered":"<p><img loading=\"lazy\" decoding=\"async\" class=\"alignnone wp-image-449\" src=\"http:\/\/ppgdin.uff.br\/wp-content\/uploads\/sites\/5\/2016\/04\/Gilvan-perfil-264x300.jpg\" alt=\"Gilvan perfil\" width=\"197\" height=\"224\" srcset=\"http:\/\/ppgdin.uff.br\/wp-content\/uploads\/sites\/5\/2016\/04\/Gilvan-perfil-264x300.jpg 264w, http:\/\/ppgdin.uff.br\/wp-content\/uploads\/sites\/5\/2016\/04\/Gilvan-perfil.jpg 510w\" sizes=\"auto, (max-width: 197px) 100vw, 197px\" \/><\/p>\n<p style=\"text-align: justify\"><strong><span style=\"text-decoration: underline\">\u00c1rea de atua\u00e7\u00e3o:<\/span>&nbsp;<\/strong>Elementos intervenientes na rela\u00e7\u00e3o entre a jurisdi\u00e7\u00e3o e o cidad\u00e3o: os meios de comunica\u00e7\u00e3o social, a gest\u00e3o da informa\u00e7\u00e3o e a gest\u00e3o burocr\u00e1tico-administrativas das institui\u00e7\u00f5es;&nbsp;Resolu\u00e7\u00e3o de conflitos em \u00e2mbito judicial e extrajudicial;&nbsp;Par\u00e2metros e pr\u00e1ticas na rela\u00e7\u00e3o p\u00fablico-privado;&nbsp;\u00c9tica, moralidade e justi\u00e7a nas rela\u00e7\u00f5es institucionais (empresariais e estatais).<\/p>\n<p style=\"text-align: justify\"><strong><a href=\"http:\/\/buscatextual.cnpq.br\/buscatextual\/visualizacv.do?id=K4766764P9\">Curr\u00edculo Lattes<\/a><\/strong><\/p>\n<p style=\"text-align: justify\"><strong><span style=\"text-decoration: underline\">Publica\u00e7\u00f5es:<\/span> <\/strong><\/p>\n<p style=\"text-align: justify\"><a href=\"http:\/\/[doi:%2010.7443\/problemata.v3i2.101126]\">HANSEN, Gilvan Luiz; PEREIRA, Jos\u00e9 Eliezer Teixeira; DA SILVA, Rosely Dias; BLANCO, Solange Machado; KALE, T\u00e2nia Marcia. Structural transformation of the public sphere: fifty years of an actual and multifaceted text<em>&nbsp;<\/em><\/a><\/p>\n<p style=\"text-align: justify\"><a href=\"http:\/\/www.confluencias.uff.br\/index.php\/confluencias\/issue\/view\/21\/showToc\">HANSEN, Gilvan Luiz; CORR\u00caA, Jos\u00e9 Ricardo Ventura; LOPES FILHO, O. C. A tradi\u00e7\u00e3o inquisitorial brasileira. (ISSN Eletr\u00f4nico 2318-4558). Conflu\u00eancias (Niter\u00f3i), n. 2, v. 13, p. 55-74, 2012&nbsp;<\/a><\/p>\n<p><a href=\"http:\/\/www.confluencias.uff.br\/index.php\/confluencias\/issue\/view\/21\/showToc\">HANSEN, Gilvan Luiz; CORR\u00caA, Jos\u00e9 Ricardo Ventura; LOPES FILHO, O. C. A tradi\u00e7\u00e3o Inquisitorial Brasileira. Conflu\u00eancias (Niter\u00f3i), n. 2, v. 13, p. 55-74, 2012.<\/a><\/p>\n<p><a href=\"http:\/\/revistaseletronicas.pucrs.br\/ojs\/index.php\/veritas\/issue\/view\/563\">HAMEL, M. R.;&nbsp;HANSEN, Gilvan Luiz. Filosofia do Direito e teoria jur\u00eddica em Habermas: implica\u00e7\u00f5es reconstrutivas para uma teoria da sociedade (ISSN 0042-3955). Veritas (Porto Alegre. Impresso), n.3, v. 56, p. 72-86, 2011.<\/a><\/p>\n<p><a href=\"http:\/\/revistaseletronicas.pucrs.br\/ojs\/index.php\/veritas\/issue\/view\/181\">HANSEN, Gilvan Luiz. A raz\u00e3o entre a viol\u00eancia e a emancipa\u00e7\u00e3o: um enfoque habermasiano. (ISSN 0042-3955). Veritas (Porto Alegre), n.1, v. 52, p. 79-93, 2007.<\/a><\/p>\n<p><a href=\"http:\/\/www.uff.br\/geographia\/ojs\/index.php\/geographia\/issue\/view\/4\">HANSEN, Gilvan Luiz. Espa\u00e7o e tempo na modernidade. (ISSN 1517-7793). GEOgraphia (UFF), Niter\u00f3i, v. II, n.3, p. 51-69, 2000.<\/a><\/p>\n<p><a href=\"http:\/\/livrariadelta.com.br\/livros\/filosofia+etica\/23\/modernidade+utopia+e+trabalho\/350579\">HANSEN, Gilvan Luiz. Modernidade, utopia e trabalho. (ISBN 85-87017-15-2). 1.ed. Londrina: Edi\u00e7\u00f5es CEFIL, 1999. v. 1. 173p .<\/a><\/p>\n<p><a href=\"http:\/\/www.estantevirtual.com.br\/b\/leonardo-prota-e-gilvan-luiz-hansen\/a-universidade-em-debate\/1210368366\">HANSEN, Gilvan Luiz; PROTA, Leonardo. Universidade em debate. (ISBN 85-7216-118-X).&nbsp; 1.ed. Londrina: EDUEL, 1998. v. 1. 115p.<\/a><\/p>\n<p><a href=\"http:\/\/editoraboreal.com.br\/livro\/direito-e-teoria-critica\">HANSEN, Gilvan Luiz; MONICA, Eder F. . A Teoria Cr\u00edtica sob o prisma discursivo de Habermas (ISBN 978-85-8438-005-3). In: BANNWART J\u00daNIOR, Clodomiro Jos\u00e9 (Org.). Direito &amp; Teoria Cr\u00edtica. 1.ed. Birigui\/SP: Boreal Editora, 2015, v. 1, p. 398-414.<\/a><\/p>\n<p><a href=\"http:\/\/www.arraeseditores.com.br\/catalogsearch\/result\/?q=SOCIOLOGIA+JUR%C3%8DDICA+-+DE+ACORDO+COM+A+RESOLU%C3%87%C3%83O+75%2F2009+DO+CNJ+INDICADO+PARA+CONCURSOS+DE+MAGISTRATURA%2C+MINIST%C3%89RIO+P%C3%9ABLICO+E+DEF\">HANSEN, Gilvan Luiz. A gest\u00e3o de pessoas em Institui\u00e7\u00f5es do Poder Judici\u00e1rio (ISBN 978-85-8238-092-5). In: BANNWART J\u00daNIOR, Clodomiro Jos\u00e9; CACHICHI, Rog\u00e9rio Cangussu Dantas. (Org.). Sociologia Jur\u00eddica. 1ed. Belo Horizonte: Arraes Editores, 2015, v. 1, p. 39-60.<\/a><\/p>\n<p><a href=\"http:\/\/www.ppgsd.uff.br\/index.php\/mediacao-um-panorama-atual-vol-i\">HANSEN, Gilvan Luiz; SILVA, C\u00e2ndido F.D.S.. Media\u00e7\u00e3o em rela\u00e7\u00f5es de consumo: interesses sob tens\u00e3o. (ISBN 978-85-89150-16-3). In: MARQUES, Giselle Picorelli Yacoub; MEIRELLES, Delton Ricardo Soares.. (Org.). Media\u00e7\u00e3o: um panorama atual.. 1ed. Niter\u00f3i\/RJ: Editora PPGSD, 2014, v. 1, p. 59-68.<\/a><\/p>\n<p><a href=\"http:\/\/www.ppgsd.uff.br\/index.php\/democracia-estado-de-direito-e-cidadania-enfoques-e-reflexoes\">HANSEN J\u00daNIOR, G. L.;&nbsp;HANSEN, Gilvan Luiz. Democracia, Estado de Direito e fundamentalismo. (ISBN 978-85-67436-06-7). In: NEVES, Edson Alvisi; FERNANDES MONICA, Eder; HANSEN, Gilvan Luiz.. (Org.). Democracia, estado de direito e cidadania: enfoques e reflex\u00f5es. 1ed. Niter\u00f3i\/RJ: Light, 2014, v. 1, p. 155-173.<\/a><\/p>\n<p><a href=\"http:\/\/www.ppgsd.uff.br\/index.php\/democracia-cidadania-e-estado-de-direito\">HANSEN J\u00daNIOR, G. L.;&nbsp;HANSEN, Gilvan Luiz. <strong>A encruzilhada antropol\u00f3gica do terceiro mil\u00eanio:<\/strong>&nbsp;imperialismo e exclus\u00e3o ou cosmopolitismo democr\u00e1tico e justi\u00e7a social. (ISBN 978-85-67436-05-0). In: HANSEN, Gilvan Luiz; NEVES, E. A. (Org.) ; MONICA, Eder F. (Org.) . Democracia, cidadania e estado de direito: ensaios. 1. ed. Niter\u00f3i\/RJ: Editora Light, 2014. v. 1. p. 111-130.<\/a><\/p>\n<p><a href=\"http:\/\/www.saraiva.com.br\/educacao-ambiental-premissa-inafastavel-ao-desenvolvimento-economico-sustentavel-7514554.html\">HANSEN, Gilvan Luiz. Educa\u00e7\u00e3o ambiental e desenvolvimento econ\u00f4mico sustent\u00e1vel sob o prisma discursivo (ISBN 978-85-67595-33-7). In: DE CARLI, Ana Alice; MARTINS, Saadia Borba. Educa\u00e7\u00e3o ambiental: premissa inafast\u00e1vel ao desenvolvimento econ\u00f4mico sustent\u00e1vel. Rio de Janeiro: Lumen Juris, 2014. P. 55-69.<\/a><\/p>\n<p><a href=\"https:\/\/coloquiohabermas.files.wordpress.com\/2013\/09\/ebook_anais_ix_coloquio_habermas.pdf\">HANSEN, Gilvan Luiz; SILVA, C\u00e2ndido F.D.S. ; KALE, T\u00c2NIA MARCIA ; LARANGEIRA, Marcelo F. ; PAUSEIRO, S\u00e9rgio G.M. ; MARCONI DA SILVA, Antonio J. . Discutindo a nova pol\u00edtica nacional de defesa do consumidor sob o prisma Habermasiano. (ISBN 978-85-68478-00-4). In: MONTENEGRO DE LIMA, Cl\u00f3vis Ricardo.. (Org.). Anais do IX Col\u00f3quio Habermas. 1.ed. Rio de Janeiro: Salute, 2014, v. 1, p. 367-382.<\/a><\/p>\n<p><a href=\"https:\/\/coloquiohabermas.files.wordpress.com\/2013\/09\/ebook_anais_ix_coloquio_habermas.pdf\">HANSEN, Gilvan Luiz; PAUSEIRO, S\u00e9rgio G.M. ; FARIAS, Eduardo H. de ;&nbsp;CASTRO, Andr\u00e9 Hacl. A arbitragem como um mecanismo de reconstru\u00e7\u00e3o de sistemas jur\u00eddicos e viabilizador da paz mundial (ISBN 978-85-68478-00-4). In: MONTENEGRO DE LIMA, Cl\u00f3vis Ricardo. (Org.). Anais do IX Col\u00f3quio Habermas. 1ed.Rio de Janeiro: Salute, 2014, v. 1, p. 351-366.<\/a><\/p>\n<p><a href=\"https:\/\/books.google.com.br\/books\/about\/Direito_e_inova%C3%A7%C3%A3o.html?id=YoNgkQEACAAJ&amp;redir_esc=y\">HANSEN, Gilvan Luiz. Empresa e Responsabilidade Social: tens\u00f5es e perspectivas (ISBN 978-85-76721-53-6). In: BANNWART J\u00daNIOR, Clodomiro Jos\u00e9; FERES, Marcos Vin\u00edcio Chein; KEMPFER, Marlene.. (Org.). Direito e Inova\u00e7\u00e3o: estudos cr\u00edticos sobre Estado, Empresa e Sociedade. 1ed.Juiz de Fora\/MG: Editora UFJF, 2013, v. 1, p. 131-146.<\/a><\/p>\n<p><a href=\"http:\/\/www.millenniumeditora.com.br\/produtos_descricao.asp?codigo_produto=2716\">HANSEN, Gilvan Luiz. A resolu\u00e7\u00e3o de conflitos no Estado Democr\u00e1tico de Direito: uma perspectiva Habermasiana (978-85-7625-245-0). In: FACHIN, Zulmar; BANNWART J\u00daNIOR, Clodomiro Jos\u00e9. (Org.). Direito e Filosofia: di\u00e1logos. 1.ed. Campinas: Millennium, 2012, v. 1, p. 99-120<\/a><\/p>\n<p><a href=\"http:\/\/www.millenniumeditora.com.br\/produtos_descricao.asp?codigo_produto=2745\">HANSEN, Gilvan Luiz. A sociedade de consumo e o paradoxo da prote\u00e7\u00e3o ambiental. (ISBN 978-85-7625-264-1). In: FL\u00d4RES, Nilton Cesar. (Org.). A sustentabilidade ambiental em suas m\u00faltiplas faces. 1.ed. Campinas\/SP: Millenium Editora, 2012, v. 1, p. 307-320.<\/a><\/p>\n<p><a href=\"http:\/\/www.publicadireito.com.br\/publicacao\/livro.php?gt=97\">HANSEN, Gilvan Luiz; PAUSEIRO, S\u00e9rgio G.M. Controle de constitucionalidade na arbitragem de lit\u00edgios que envolvam a administra\u00e7\u00e3o p\u00fablica. (ISBN 978-85-7840-092-7). In: Vladmir Oliveira da Silveira; Aires Jos\u00e9 Rover. (Org.). CONPEDI\/UFF &#8211; Processo e Jurisdi\u00e7\u00e3o. 1.ed. Florian\u00f3polis: FUNJAB, 2012, v. 1, p. 227-248.<\/a><\/p>\n<p><a href=\"http:\/\/papers.ssrn.com\/sol3\/papers.cfm?abstract_id=2354632\">HANSEN, Gilvan Luiz. Conhecimento, verdade e sustentabilidade: perspectivas \u00e9tico-morais em cen\u00e1rios contempor\u00e2neos. (ISBN 978-85-7920-121-9). In: REBEL GOMES, Sandra L\u00facia ; NOVAIS CORDEIRO, Rosa In\u00eas; MENDES DA SILVA, Ricardo Perlingeiro. (Org.). Incurs\u00f5es interdisciplinares: direito e ci\u00eancia da informa\u00e7\u00e3o. 1.ed. Rio de Janeiro: Azougue Editorial, 2012, v. 1, p. 55-76.<\/a><\/p>\n<p><a href=\"https:\/\/coloquiohabermas.files.wordpress.com\/2012\/10\/clique-aqui-para-baixar-os-anais-do-viii-colc3b3quio-habermas.pdf\">HANSEN, Gilvan Luiz; PAUSEIRO, S\u00e9rgio G.M. ; SILVA, C\u00e2ndido F.D.S. . Opini\u00e3o p\u00fablica, publicidade e consumo: uma leitura a partir de Habermas (ISBN: 978-85-7745-234-7). In: MONTENEGRO DE LIMA, Cl\u00f3vis Ricardo (Org.). (Org.). Mudan\u00e7a estrutural na esfera publica 50 anos depois. 1ed.Jo\u00e3o Pessoa\/PB: Editora da UFPB, 2012, v. 1, p. 93-108.<\/a><\/p>\n<p><a href=\"https:\/\/coloquiohabermas.files.wordpress.com\/2012\/10\/clique-aqui-para-baixar-os-anais-do-viii-colc3b3quio-habermas.pdf\">HANSEN, Gilvan Luiz; HANSEN J\u00daNIOR, G. L. ; LOPES FILHO, O. C. . As implica\u00e7\u00f5es burguesas da esfera p\u00fablica em Habermas (ISBN: 978-85-7745-234-7). In: MONTENEGRO DE LIMA, Cl\u00f3vis Ricardo (Org.). (Org.). Mudan\u00e7a estrutural na esfera publica 50 anos depois. 1ed.Jo\u00e3o Pessoa\/PB: Editora da UFPB, 2012, v. 1, p. 179-192<\/a><\/p>\n<p><a href=\"https:\/\/coloquiohabermas.files.wordpress.com\/2012\/10\/clique-aqui-para-baixar-os-anais-do-viii-colc3b3quio-habermas.pdf\">HANSEN, Gilvan Luiz; PAUSEIRO, S\u00e9rgio G.M. ; LOPES FILHO, O. C. ; VENTURA CORR\u00caA, J. R. A interpreta\u00e7\u00e3o Habermasiana das crises internacionais e a sua rela\u00e7\u00e3o com a esfera p\u00fablica (ISBN: 978-85-7745-234-7). In: MONTENEGRO DE LIMA, Cl\u00f3vis Ricardo (Org.). (Org.). Mudan\u00e7a estrutural na esfera publica 50 anos depois. 1.ed. Jo\u00e3o Pessoa\/PB: Editora da UFPB, 2012, v. 1, p. 383-400.<\/a><\/p>\n<p><a href=\"https:\/\/coloquiohabermas.files.wordpress.com\/2012\/10\/clique-aqui-para-baixar-os-anais-do-viii-colc3b3quio-habermas.pdf\">HANSEN, Gilvan Luiz; KALE, T\u00c2NIA MARCIA; BLANCO, SOLANGE MACHADO; PEREIRA, JOS\u00c9 ELIEZER TEIXEIRA; SILVA, Rosely Dias da. Mudan\u00e7a Estrutural da Esfera P\u00fablica: cinquenta anos de um texto atual e multifacetado (ISBN: 978-85-7745-234-7). In: MONTENEGRO DE LIMA, Cl\u00f3vis Ricardo (Org.). (Org.). Mudan\u00e7a estrutural na esfera p\u00fablica 50 anos depois. 1ed. Jo\u00e3o Pessoa\/PB: Editora da UFPB, 2012, v. 1, p. 493-508.<\/a><\/p>\n<p><a href=\"http:\/\/www.livrariacultura.com.br\/p\/gestao-secretarial-o-desafio-da-visao-holistica-19000868\">HANSEN, Gilvan Luiz; SILVA, Rosely Dias da. A import\u00e2ncia da \u00e9tica na gest\u00e3o secretarial. (ISBN 978-85-99461-03-7). In: SCHUMACHER, Alexandre Jos\u00e9; PORTELA, Keyla Christina Almeida. (Org.). Gest\u00e3o Secretarial: o desafio da vis\u00e3o hol\u00edstica. 1.ed. Cuiab\u00e1: Adeptus Editora, 2009, v. 1, p. 73-84.<\/a><\/p>\n<p><a href=\"http:\/\/www.skoob.com.br\/universidade-filosofia-e-cultura-404764ed459039.html\">HANSEN, Gilvan Luiz. Filosofia, Universidade e Sociedade: o desafio da emancipa\u00e7\u00e3o pela palavra. (ISBN 978-85-7515-701-5). In: CENCI, \u00c2ngelo V.; F\u00c1VERO, Altair A.; TROMBETTA, Gerson L.. (Org.). Universidade, Filosofia e Cultura. 1.ed. Passo Fundo: Ed. UPF, 2009, v. 1, p. 179-198.<\/a><\/p>\n<p><a href=\"http:\/\/www.saraiva.com.br\/problemas-e-teorias-da-etica-contemporanea-col-filosofia-170-152587.html\">HANSEN, Gilvan Luiz. A \u00e9tica segundo David Gauthier. (ISBN 85-7430-426-3). In: CARVALHO, Jos\u00e9 Maur\u00edcio de. (Org.). Problemas e teorias da \u00e9tica contempor\u00e2nea. 1.ed. Porto Alegre: EDIPUCRS, 2004, v. 1, p. 361-381<\/a>.<\/p>\n<p><a href=\"http:\/\/www.estantevirtual.com.br\/b\/maria-cristina-muller-e-elve-miguel-cenci\/etica-politica-e-linguagem-confluencias\/1927567000\">HANSEN, Gilvan Luiz. Os elementos ut\u00f3picos na concep\u00e7\u00e3o habermasiana de situa\u00e7\u00e3o ideal de fala. (ISBN 85-89011-53-4). In: M\u00dcLLER, Maria Cristina; CENCI, Elve Miguel. (Org.). \u00c9tica, pol\u00edtica e linguagem: conflu\u00eancias. 1.ed. Londrina: Edi\u00e7\u00f5es CEFIL, 2004, v. 1, p. 124-138.<\/a><\/p>\n<p><a href=\"http:\/\/www.estantevirtual.com.br\/b\/marcio-almeida\/a-universidade-possivel\/2277705069\">HANSEN, Gilvan Luiz. Limites e potenciais das novas modalidades de gest\u00e3o universit\u00e1ria. (ISBN 85-87017-30-6). In: M\u00e1rcio Almeida. (Org.). A universidade poss\u00edvel. 1.ed. S\u00e3o Paulo\/Londrina: Cultura\/EDUEL, 2001, v. 1, p. 285-304<\/a><\/p>\n<p><a href=\"http:\/\/www.estantevirtual.com.br\/b\/gilvan-luiz-hansen-e-elve-miguel-cenci\/racionalidade-modernidade-e-universidade\/960543385\">HANSEN, Gilvan Luiz. Kant: raz\u00e3o, liberdade e moralidade. (ISBN 85-87017-30-6). In: HANSEN, Gilvan Luiz; CENCI, Elve Miguel. (Org.). Racionalidade, modernidade e universidade. 1.ed. Londrina: EDUEL\/CEFIL, 2000, v., p. 1-24.<\/a><\/p>\n<p><a href=\"http:\/\/www.plmj.com\/xms\/files\/noticias_imprensa\/2013\/ABRIL_2013\/YAR_-_Young_Arbitration_Review_-_Edition_9_-_April_2013.pdf\">HANSEN, Gilvan Luiz; PAUSEIRO, S\u00e9rgio G.M. ; FARIAS, Eduardo H. de . Review of arbitration in brazilian oil industry. Young Arbitration Review, Inglaterra e 40 outros pa\u00edses, p. 2 &#8211; 52, 02 abr. 2013.<\/a><\/p>\n<p><a href=\"https:\/\/coloquiohabermas.files.wordpress.com\/2015\/02\/x-coloquio-habermas-e-i-coloquio-de-filosofia-da-informac3a7c3a3o-2015-final-1.pdf\">HANSEN, Gilvan Luiz; NEVES, E. A. Democracia, representa\u00e7\u00e3o e irreversibilidade nas a\u00e7\u00f5es pol\u00edticas: um olhar habermasiano (ISBN: 978-85-68478-01-1). In: 10\u00ba Col\u00f3quio Habermas e 1\u00ba Col\u00f3quio de Filosofia da Informa\u00e7\u00e3o, 2015, Rio de Janeiro. Anais do 10\u00ba Col\u00f3quio Habermas e 1\u00ba Col\u00f3quio de Filosofia da Informa\u00e7\u00e3o. Rio de Janeiro: Salute, 2014. v. 1. p. 70-86.&nbsp;<\/a><\/p>\n<p><a href=\"http:\/\/media.wix.com\/ugd\/203511_b7060c02cce54d20b75e7be2794a7188.pdf\">SILVA, C\u00e2ndido F.D.S.;&nbsp;HANSEN, Gilvan Luiz. Sociedade de consumo &#8211; entre o&nbsp;Esclarecimento e a vida para consumo (ISSN 2358-4270). In: V Congresso da ABraSD, 2014, Vit\u00f3ria\/ES. V CONGRESSO DA ABRASD &#8211; PESQUISA EM A\u00c7\u00c3O: \u00c9TICA E PR\u00c1XIS EM SOCIOLOGIA DO DIREITO. Niter\u00f3i\/RJ: ABraSD, 2014. v. 1. p. 2235-2246.<\/a><\/p>\n<p><a href=\"http:\/\/www.dialogosenmercosur.org\/Anales%20II%20ECHTEC.pdf\">HANSEN, Gilvan Luiz; MONICA, Eder F. O papel dos novos atores sociais na &#8216;transi\u00e7\u00e3o democr\u00e1tica&#8217; brasileira. In: II Encuentro Internacional de conocimiento: dialogos en nuestra Am\u00e9rica, 2013, Bogot\u00e1\/Col\u00f4mbia. Anales del II Encuentro Internacional de conocimiento: dialogos en nuestra Am\u00e9rica. Bogot\u00e1: Universidad Sergio Arboleda, 2013. v. 1. p. 1352-1361.<\/a><\/p>\n","protected":false},"excerpt":{"rendered":"<p>\u00c1rea de atua\u00e7\u00e3o:&nbsp;Elementos intervenientes na rela\u00e7\u00e3o entre a jurisdi\u00e7\u00e3o e o cidad\u00e3o: os meios de comunica\u00e7\u00e3o social, a gest\u00e3o da informa\u00e7\u00e3o e a gest\u00e3o burocr\u00e1tico-administrativas das institui\u00e7\u00f5es;&nbsp;Resolu\u00e7\u00e3o de conflitos em \u00e2mbito judicial e extrajudicial;&nbsp;Par\u00e2metros e pr\u00e1ticas na rela\u00e7\u00e3o p\u00fablico-privado;&nbsp;\u00c9tica, moralidade e justi\u00e7a nas rela\u00e7\u00f5es institucionais (empresariais e estatais). Curr\u00edculo Lattes Publica\u00e7\u00f5es: HANSEN, Gilvan Luiz; PEREIRA, [&hellip;]<\/p>\n","protected":false},"author":5,"featured_media":0,"parent":0,"menu_order":0,"comment_status":"closed","ping_status":"closed","template":"","meta":{"_exactmetrics_skip_tracking":false,"_exactmetrics_sitenote_active":false,"_exactmetrics_sitenote_note":"","_exactmetrics_sitenote_category":0,"footnotes":""},"categories":[],"tags":[],"class_list":["post-447","page","type-page","status-publish","hentry"],"_links":{"self":[{"href":"http:\/\/ppgdin.uff.br\/index.php?rest_route=\/wp\/v2\/pages\/447","targetHints":{"allow":["GET"]}}],"collection":[{"href":"http:\/\/ppgdin.uff.br\/index.php?rest_route=\/wp\/v2\/pages"}],"about":[{"href":"http:\/\/ppgdin.uff.br\/index.php?rest_route=\/wp\/v2\/types\/page"}],"author":[{"embeddable":true,"href":"http:\/\/ppgdin.uff.br\/index.php?rest_route=\/wp\/v2\/users\/5"}],"replies":[{"embeddable":true,"href":"http:\/\/ppgdin.uff.br\/index.php?rest_route=%2Fwp%2Fv2%2Fcomments&post=447"}],"version-history":[{"count":9,"href":"http:\/\/ppgdin.uff.br\/index.php?rest_route=\/wp\/v2\/pages\/447\/revisions"}],"predecessor-version":[{"id":1458,"href":"http:\/\/ppgdin.uff.br\/index.php?rest_route=\/wp\/v2\/pages\/447\/revisions\/1458"}],"wp:attachment":[{"href":"http:\/\/ppgdin.uff.br\/index.php?rest_route=%2Fwp%2Fv2%2Fmedia&parent=447"}],"wp:term":[{"taxonomy":"category","embeddable":true,"href":"http:\/\/ppgdin.uff.br\/index.php?rest_route=%2Fwp%2Fv2%2Fcategories&post=447"},{"taxonomy":"post_tag","embeddable":true,"href":"http:\/\/ppgdin.uff.br\/index.php?rest_route=%2Fwp%2Fv2%2Ftags&post=447"}],"curies":[{"name":"wp","href":"https:\/\/api.w.org\/{rel}","templated":true}]}}