{"id":363,"date":"2016-03-09T13:53:48","date_gmt":"2016-03-09T13:53:48","guid":{"rendered":"http:\/\/doutoradoja.sites.uff.br\/?page_id=363"},"modified":"2019-10-16T17:17:51","modified_gmt":"2019-10-16T17:17:51","slug":"edson-alvisi-neves","status":"publish","type":"page","link":"http:\/\/ppgdin.uff.br\/?page_id=363","title":{"rendered":"Edson Alvisi Neves"},"content":{"rendered":"<p><img loading=\"lazy\" decoding=\"async\" class=\"alignnone wp-image-364\" src=\"http:\/\/ppgdin.uff.br\/wp-content\/uploads\/sites\/5\/2016\/03\/Prof-Edson-296x300.png\" alt=\"Prof Edson\" width=\"196\" height=\"199\" srcset=\"http:\/\/ppgdin.uff.br\/wp-content\/uploads\/sites\/5\/2016\/03\/Prof-Edson-296x300.png 296w, http:\/\/ppgdin.uff.br\/wp-content\/uploads\/sites\/5\/2016\/03\/Prof-Edson-768x779.png 768w, http:\/\/ppgdin.uff.br\/wp-content\/uploads\/sites\/5\/2016\/03\/Prof-Edson.png 804w\" sizes=\"auto, (max-width: 196px) 100vw, 196px\" \/><\/p>\n<p><strong><span style=\"text-decoration: underline\">\u00c1rea de atua\u00e7\u00e3o<\/span><\/strong>:&nbsp;empresa, interesse p\u00fablico e fun\u00e7\u00e3o social, direito processual civil, historia do direito e direito romano.<\/p>\n<p><strong><a href=\"http:\/\/buscatextual.cnpq.br\/buscatextual\/visualizacv.do?id=K4730994Z3\">Curr\u00edculo Lattes<\/a><\/strong><\/p>\n<p><span style=\"text-decoration: underline\"><strong>Publica\u00e7\u00f5es<\/strong><\/span>:<\/p>\n<p><em>Livros<\/em><\/p>\n<p><a href=\"http:\/\/www.faperj.br\/?id=995.3.8\">O Tribunal do Com\u00e9rcio &#8211; Magistrados e Negociantes na Corte do Imp\u00e9rio do Brasil &#8211; Edson Alvisi Neves (8589717100)<\/a><\/p>\n<p><a href=\"http:\/\/HTTP:\/\/WWW.ABEU.ORG.BR\/FAROL\/ABEU\/CATALOGO-UNIFICADO\/ITEM\/EDUFF\/DIALOGOS-ENTRE-DIREITO-E-HISTORIA--CIDADANIA-E-JUSTICA\/5331\/\">Di\u00e1logos entre Direito e Hist\u00f3ria: cidadania e justi\u00e7a<\/a><\/p>\n<p><a href=\"http:\/\/www.livrariadoadvogado.com.br\/execucao\/execucao-de-sentenca-civil-0858787315\">Execu\u00e7\u00e3o de Senten\u00e7a Civil<\/a><\/p>\n<p><em>Cap\u00edtulos de Livros<\/em><\/p>\n<p><a href=\"http:\/\/bdjur.stj.jus.br\/jspui\/bitstream\/2011\/93287\/direito_arte.pdf\">Per\u00edcia Judicial em Obra de Arte<\/a><\/p>\n<p><a href=\"http:\/\/www.gbv.de\/dms\/spk\/iai\/toc\/78005363X.pdf\">Interesse P\u00fablico e Fun\u00e7\u00e3o Social da Empresa<\/a><\/p>\n<p><a href=\"https:\/\/www.researchgate.net\/profile\/Ricardo_Perlingeiro\/publication\/283711745_A_informacao_juridica_na_era_digital\/links\/5643ca8408ae9f9c13e1b2ba.pdf\">Tribunal e Processo na Era Digital<\/a><\/p>\n<p><em>Artigos<\/em><\/p>\n<p class=\"ecxMsoNormal\"><a href=\"http:\/\/www.historia.uff.br\/revistapassagens\/artigos\/v4n2a22012.pdf\">O Tribunal do Com\u00e9rcio no Aparato Estatal do Imp\u00e9rio: Julgamento e Encena\u00e7\u00e3o<\/a><\/p>\n<p class=\"ecxMsoNormal\"><a href=\"http:\/\/scientiaivridica.weebly.com\/uploads\/5\/2\/1\/6\/5216250\/si_338_-_resumos_e_palavras-chave.pdf\">A Lei n.\u00ba 13.058\/2014 e seus reflexos sobre a fixa\u00e7\u00e3o da guarda compartilhada no Brasil<\/a><\/p>\n<p class=\"ecxMsoNormal\"><a href=\"http:\/\/www.egov.ufsc.br\/portal\/sites\/default\/files\/anexos\/18497-18498-1-PB.pdf\">Aspectos Relevantes das Tutelas de Urg\u00eancia<\/a><\/p>\n<p class=\"ecxMsoNormal\"><a href=\"\/\/\/Users\/Alvisi\/Downloads\/lex_47%20(1).pdf\">Fun\u00e7\u00e3o Social da Empresa<\/a><\/p>\n<p class=\"ecxMsoNormal\">\n","protected":false},"excerpt":{"rendered":"<p>\u00c1rea de atua\u00e7\u00e3o:&nbsp;empresa, interesse p\u00fablico e fun\u00e7\u00e3o social, direito processual civil, historia do direito e direito romano. Curr\u00edculo Lattes Publica\u00e7\u00f5es: Livros O Tribunal do Com\u00e9rcio &#8211; Magistrados e Negociantes na Corte do Imp\u00e9rio do Brasil &#8211; Edson Alvisi Neves (8589717100) Di\u00e1logos entre Direito e Hist\u00f3ria: cidadania e justi\u00e7a Execu\u00e7\u00e3o de Senten\u00e7a Civil Cap\u00edtulos de Livros [&hellip;]<\/p>\n","protected":false},"author":5,"featured_media":0,"parent":0,"menu_order":0,"comment_status":"closed","ping_status":"closed","template":"","meta":{"_exactmetrics_skip_tracking":false,"_exactmetrics_sitenote_active":false,"_exactmetrics_sitenote_note":"","_exactmetrics_sitenote_category":0,"footnotes":""},"categories":[],"tags":[],"class_list":["post-363","page","type-page","status-publish","hentry"],"_links":{"self":[{"href":"http:\/\/ppgdin.uff.br\/index.php?rest_route=\/wp\/v2\/pages\/363","targetHints":{"allow":["GET"]}}],"collection":[{"href":"http:\/\/ppgdin.uff.br\/index.php?rest_route=\/wp\/v2\/pages"}],"about":[{"href":"http:\/\/ppgdin.uff.br\/index.php?rest_route=\/wp\/v2\/types\/page"}],"author":[{"embeddable":true,"href":"http:\/\/ppgdin.uff.br\/index.php?rest_route=\/wp\/v2\/users\/5"}],"replies":[{"embeddable":true,"href":"http:\/\/ppgdin.uff.br\/index.php?rest_route=%2Fwp%2Fv2%2Fcomments&post=363"}],"version-history":[{"count":11,"href":"http:\/\/ppgdin.uff.br\/index.php?rest_route=\/wp\/v2\/pages\/363\/revisions"}],"predecessor-version":[{"id":1457,"href":"http:\/\/ppgdin.uff.br\/index.php?rest_route=\/wp\/v2\/pages\/363\/revisions\/1457"}],"wp:attachment":[{"href":"http:\/\/ppgdin.uff.br\/index.php?rest_route=%2Fwp%2Fv2%2Fmedia&parent=363"}],"wp:term":[{"taxonomy":"category","embeddable":true,"href":"http:\/\/ppgdin.uff.br\/index.php?rest_route=%2Fwp%2Fv2%2Fcategories&post=363"},{"taxonomy":"post_tag","embeddable":true,"href":"http:\/\/ppgdin.uff.br\/index.php?rest_route=%2Fwp%2Fv2%2Ftags&post=363"}],"curies":[{"name":"wp","href":"https:\/\/api.w.org\/{rel}","templated":true}]}}