{"id":2671,"date":"2021-10-21T22:38:47","date_gmt":"2021-10-21T22:38:47","guid":{"rendered":"http:\/\/ppgdin.uff.br\/?page_id=2671"},"modified":"2022-08-01T17:49:44","modified_gmt":"2022-08-01T17:49:44","slug":"producoes-docentes","status":"publish","type":"page","link":"http:\/\/ppgdin.uff.br\/?page_id=2671","title":{"rendered":"PRODU\u00c7\u00d5ES &#8211; DOCENTES"},"content":{"rendered":"\n<hr class=\"wp-block-separator\" \/>\n\n\n\n<p class=\"has-text-color has-medium-font-size has-vivid-red-color\">          <strong>*    Dr\u00aa Adriana Dias Vieira<\/strong><\/p>\n\n\n\n<ul class=\"wp-block-list\"><li><strong>Artigos completos publicados em peri\u00f3dicos<\/strong><\/li><\/ul>\n\n\n\n<p><strong>1.<\/strong>&nbsp;<a href=\"http:\/\/lattes.cnpq.br\/2528858210989722\" target=\"_blank\" rel=\"noreferrer noopener\"><strong>VIEIRA, ADRIANA DIAS<\/strong><\/a>; EFREM FILHO,\nROBERTO . O rei est\u00e1 nu: g\u00eanero e sexualidade nas pr\u00e1ticas e decis\u00f5es no STF.\nREVISTA DIREITO E PR\u00c1XIS, v. 11, p. 1084-1136, 2020.<\/p>\n\n\n\n<p> <strong>2. <\/strong><a rel=\"noreferrer noopener\" href=\"http:\/\/lattes.cnpq.br\/2528858210989722\" target=\"_blank\"><strong>VIEIRA, A. D.<\/strong><\/a>; EFREM FILHO, R. . O Supremo Tribunal Federal e Pol\u00edticas de G\u00eanero e Sexualidade: situando reflex\u00f5es a partir do direito.. REVISTA DIREITO E PR\u00c1XIS, v. 11, p. 739-752, 2020.<\/p>\n\n\n\n<p> <strong>3. <\/strong><a rel=\"noreferrer noopener\" href=\"http:\/\/lattes.cnpq.br\/2528858210989722\" target=\"_blank\"><strong>VIEIRA, A. D.<\/strong><\/a>; SOUSA, T. S. . Direitos sexuais, democracia e cidadania na experi\u00eancia transexual e travesti. RECHTD. REVISTA DE ESTUDOS CONSTITUCIONAIS, HERMEN\u00caUTICA E TEORIA DO DIREITO, v. 11, p. 82-98, 2019.<\/p>\n\n\n\n<p> <strong>4. <\/strong><a rel=\"noreferrer noopener\" href=\"http:\/\/lattes.cnpq.br\/2528858210989722\" target=\"_blank\"><strong>VIEIRA, A. D.<\/strong><\/a>; SOUSA, T. S. . Direitos sexuais, democracia e cidadania na experi\u00eancia transexual e travesti. RECHTD. REVISTA DE ESTUDOS CONSTITUCIONAIS, HERMEN\u00caUTICA E TEORIA DO DIREITO, v. 11, p. 82, 2019.<\/p>\n\n\n\n<p> <strong>5. <\/strong><a rel=\"noreferrer noopener\" href=\"http:\/\/lattes.cnpq.br\/2528858210989722\" target=\"_blank\"><strong>VIEIRA, A. D.<\/strong><\/a>; SOUSA, T. S. . Lei para qual Maria? Quest\u00f5es de g\u00eanero na jurisdi\u00e7\u00e3o brasileira quanto \u00e0 (in) aplicabilidade da Lei Maria da Penha a mulheres transexuais. Interesse P\u00fablico, v. 111, p. 131-147, 2018.<\/p>\n\n\n\n<p> <strong>6. <\/strong>BRUZACA, R. D. ;&nbsp;<a rel=\"noreferrer noopener\" href=\"http:\/\/lattes.cnpq.br\/2528858210989722\" target=\"_blank\"><strong>VIEIRA, A. D.<\/strong><\/a>&nbsp;. Linguagem dos juristas frente a representa\u00e7\u00f5es jur\u00eddico-culturais de povos e comunidades tradicionais: o caso do conflito possess\u00f3rio envolvendo a comunidade quilombola de S\u00e3o Bento, Brejo\/MA. PRISMA JUR\u00cdDICO (UNINOVE. IMPRESSO), v. 16, p. 181-204, 2017.<\/p>\n\n\n\n<ul class=\"wp-block-list\"><li><strong>Livros publicados\/organizados ou edi\u00e7\u00f5es<\/strong><\/li><\/ul>\n\n\n\n<p><strong>1. <\/strong><a rel=\"noreferrer noopener\" href=\"http:\/\/lattes.cnpq.br\/2528858210989722\" target=\"_blank\"><strong>VIEIRA, A. D.<\/strong><\/a>; ZENNI, A. S. V. (Org.) ; FERMENTAO, C. A. G. R. (Org.) . Hermen\u00eautica II. 1. ed. Florian\u00f3polis: CONPEDI, 2015. v. 1. 340p.<\/p>\n\n\n\n<ul class=\"wp-block-list\"><li><strong>Cap\u00edtulos de livros publicados<\/strong><\/li><\/ul>\n\n\n\n<p><strong>1. <\/strong><a rel=\"noreferrer noopener\" href=\"http:\/\/lattes.cnpq.br\/2528858210989722\" target=\"_blank\"><strong>VIEIRA, A. D.<\/strong><\/a>; SOUSA, T. S. . Desenvolvimento, direito \u00e0 educa\u00e7\u00e3o g\u00eanero e identidades dissidentes nas escolas. In: Maria Luiza Pereira de Alencar Feitosa; C\u00e1tira Chagas Gomes; Fernando Joaquim Ferreira Maia. (Org.). O direito ao desenvolvimento em abordagens distintas: globaliza\u00e7\u00e3o, minera\u00e7\u00e3o, g\u00eanero e regula\u00e7\u00e3o econ\u00f4mica. 1ed.Jo\u00e3o Pessoa: , 2020, v. 1, p. 1-184.<\/p>\n\n\n\n<hr class=\"wp-block-separator\" \/>\n\n\n\n<p class=\"has-text-color has-medium-font-size has-vivid-red-color\">         <strong> *    Dr Andr\u00e9 Saddy<\/strong><\/p>\n\n\n\n<ul class=\"wp-block-list\"><li><strong>Artigos completos publicados em peri\u00f3dicos<\/strong><\/li><\/ul>\n\n\n\n<p> <strong>1. <\/strong><a rel=\"noreferrer noopener\" href=\"http:\/\/lattes.cnpq.br\/3755480460002860\" target=\"_blank\"><strong>SADDY, ANDR\u00c9<\/strong><\/a>; GALIL, J. V. T. . Submiss\u00e3o ao sancionamento por improbidade administrativa e equipara\u00e7\u00e3o aos ?funcion\u00e1rios p\u00fablicos? para efeitos penais em caso de mau uso ou uso indevido dos recursos or\u00e7ament\u00e1rios e financeiros. REVISTA DIGITAL DE DIREITO ADMINISTRATIVO, v. 8, p. 1-22, 2021.<\/p>\n\n\n\n<p> <strong>2. <\/strong><a rel=\"noreferrer noopener\" href=\"http:\/\/lattes.cnpq.br\/3755480460002860\" target=\"_blank\"><strong>SADDY, ANDR\u00c9<\/strong><\/a>. Composi\u00e7\u00e3o do Conselho de Administra\u00e7\u00e3o de organiza\u00e7\u00f5es sociais quanto aos membros natos representantes do Poder P\u00fablico. REVISTA DE INFORMA\u00c7\u00c3O LEGISLATIVA, v. 231, p. 151-180, 2021.<\/p>\n\n\n\n<p> <strong>3. <\/strong><a rel=\"noreferrer noopener\" href=\"http:\/\/lattes.cnpq.br\/3755480460002860\" target=\"_blank\"><strong>SADDY, ANDR\u00c9<\/strong><\/a>. Incumb\u00eancia da atividade administrativa regulat\u00f3ria. Revista de Direito Administrativo e Infraestrutura, v. 12, p. 253-275, 2020.<\/p>\n\n\n\n<p> <strong>4. <\/strong><a rel=\"noreferrer noopener\" href=\"http:\/\/lattes.cnpq.br\/3755480460002860\" target=\"_blank\"><strong>SADDY, ANDR\u00c9<\/strong><\/a>. Participa\u00e7\u00e3o privada no setor postal, liberaliza\u00e7\u00e3o e privatiza\u00e7\u00e3o da ECT. Interesse P\u00fablico, v. 119, p. 225-242, 2020.<\/p>\n\n\n\n<p><strong>5. <\/strong><a href=\"http:\/\/lattes.cnpq.br\/3755480460002860\" target=\"_blank\" rel=\"noreferrer noopener\"><strong>SADDY, ANDR\u00c9<\/strong><\/a>. Elementos e\nCaracter\u00edsticas Essenciais da Concep\u00e7\u00e3o de Regula\u00e7\u00e3o Estatal. REVISTA\nBRASILERIA DE INFRAESTRUTURA &#8211; RBINF, v. 17, p. 17-52, 2020.<\/p>\n\n\n\n<p> <strong>6. <\/strong><a rel=\"noreferrer noopener\" href=\"http:\/\/lattes.cnpq.br\/3755480460002860\" target=\"_blank\"><strong>SADDY, ANDR\u00c9<\/strong><\/a>. Natureza jur\u00eddica e regime jur\u00eddico aplic\u00e1vel aos recursos or\u00e7ament\u00e1rios e financeiros transferidos \u00e0s organiza\u00e7\u00f5es sociais. A&amp;C. REVISTA DE DIREITO ADMINISTRATIVO &amp; CONSTITUCIONAL (IMPRESSO), v. 20, p. 129-156, 2020.<\/p>\n\n\n\n<p> <strong>7. <\/strong><a rel=\"noreferrer noopener\" href=\"http:\/\/lattes.cnpq.br\/3755480460002860\" target=\"_blank\"><strong>SADDY, ANDR\u00c9<\/strong><\/a>. Responsabilidade por parecer jur\u00eddico: foco no procurador, assessor ou consultor jur\u00eddico em procedimentos licitat\u00f3rios. REVISTA DE INFORMA\u00c7\u00c3O LEGISLATIVA, v. 221, p. 131-149, 2019.<\/p>\n\n\n\n<p> <strong>8. <\/strong><a rel=\"noreferrer noopener\" href=\"http:\/\/lattes.cnpq.br\/3755480460002860\" target=\"_blank\"><strong>SADDY, ANDR\u00c9<\/strong><\/a>. Autorregula\u00e7\u00e3o privada. DIREITO P\u00daBLICO (PORTO ALEGRE), v. 15, p. 66-106, 2019.<\/p>\n\n\n\n<p> <strong>9. <\/strong><a rel=\"noreferrer noopener\" href=\"http:\/\/lattes.cnpq.br\/3755480460002860\" target=\"_blank\"><strong>SADDY, ANDR\u00c9<\/strong><\/a>. Instrumentos para a recomposi\u00e7\u00e3o da equa\u00e7\u00e3o econ\u00f4mico-financeira nos contratos de Parceria P\u00fablico-Privada: reajuste, revis\u00e3o, atualiza\u00e7\u00e3o e compensa\u00e7\u00e3o financeira, repactua\u00e7\u00e3o e outros. REVISTA DA PROCURADORIA GERAL DO ESTADO DO ESP\u00cdRITO SANTO, v. 16, p. 41-73, 2019.<\/p>\n\n\n\n<p> <strong>10. <\/strong><a rel=\"noreferrer noopener\" href=\"http:\/\/lattes.cnpq.br\/3755480460002860\" target=\"_blank\"><strong>SADDY, ANDR\u00c9<\/strong><\/a>. O momento da realiza\u00e7\u00e3o do estudo de impacto ambiental em concess\u00f5es comuns de servi\u00e7os p\u00fablicos: antes ou depois da licita\u00e7\u00e3o. Revista Direito das pol\u00edticas p\u00fablicas, v. 1, p. 29-52, 2019.<\/p>\n\n\n\n<p> <strong>11. <\/strong><a rel=\"noreferrer noopener\" href=\"http:\/\/lattes.cnpq.br\/3755480460002860\" target=\"_blank\"><strong>SADDY, ANDR\u00c9<\/strong><\/a>. (Im)possibilidade do licitante remanescente participar da etapa de lances verbais e sucessivos em raz\u00e3o da sua proposta estar acima dos 10% (dez por cento) na modalidade preg\u00e3o. Caderno de Direitos e Pol\u00edticas P\u00fablicas, v. 1, p. 36-52, 2019.<\/p>\n\n\n\n<p> <strong>12. <\/strong>FARIA FERNANDES, EDUARDO ;&nbsp;<strong>SADDY, ANDR\u00c9<\/strong>&nbsp;. Evolu\u00e7\u00e3o da tutela do meio ambiente nas constitui\u00e7\u00f5es brasileiras. Revista de Direito Econ\u00f4mico e Socioambiental, v. 10, p. 148-181, 2019.<\/p>\n\n\n\n<p> <strong>13. <\/strong><a rel=\"noreferrer noopener\" href=\"http:\/\/lattes.cnpq.br\/3755480460002860\" target=\"_blank\"><strong>SADDY, ANDR\u00c9<\/strong><\/a>. Perspectivas do direito da infraestrutura com o surgimento das novas tecnologias (inova\u00e7\u00f5es) disruptivas. Revista de Direito Administrativo e Infraestrutura, v. 6, p. 23-47, 2018.<\/p>\n\n\n\n<p> <strong>14. <\/strong>CUNHA JUNIOR, LUIZ ARNALDO PEREIRA DA ;&nbsp;<strong>SADDY, ANDR\u00c9<\/strong>&nbsp;; KNOPP, GLAUCO DA COSTA ; AURELIANO JUNIOR, EUR\u00cdPEDES . Servi\u00c3\u00a7o Social Aut\u00c3\u00b4nomo: alternativa \u00c3&nbsp; implementa\u00c3\u00a7\u00c3\u00a3o de pol\u00c3\u00adticas p\u00c3\u00bablicas n\u00c3\u00a3o exclusivas de Estado. A&amp;C. REVISTA DE DIREITO ADMINISTRATIVO &amp; CONSTITUCIONAL (IMPRESSO), v. 18, p. 255-289, 2018.<\/p>\n\n\n\n<p> <strong>15. <\/strong><a rel=\"noreferrer noopener\" href=\"http:\/\/lattes.cnpq.br\/3755480460002860\" target=\"_blank\"><strong>SADDY, A.<\/strong><\/a>; AVZARADEL, P. C. S. . Regime jur\u00eddico da prote\u00e7\u00e3o ao patrim\u00f4nio natural no Brasil. Monograf\u00edas de la Revista Aragonesa de Administraci\u00f3n P\u00fablica, v. XVII, p. 173, 2018.<\/p>\n\n\n\n<p> <strong>16. <\/strong><a rel=\"noreferrer noopener\" href=\"http:\/\/lattes.cnpq.br\/3755480460002860\" target=\"_blank\"><strong>SADDY, ANDR\u00c9<\/strong><\/a>. Atividade apreciativa da administra\u00e7\u00e3o p\u00fablica: uma nova vis\u00e3o sobre a discricionariedade administrativa. REVISTA DE DIREITO ADMINISTRATIVO, v. 277, p. 139, 2018.<\/p>\n\n\n\n<p> <strong>17. <\/strong><a rel=\"noreferrer noopener\" href=\"http:\/\/lattes.cnpq.br\/3755480460002860\" target=\"_blank\"><strong>SADDY, A.<\/strong><\/a>. C\u00f3digos de conduta e boas pr\u00e1ticas. REVISTA DE INFORMA\u00c7\u00c3O LEGISLATIVA, v. 215, p. 27-57, 2017.<\/p>\n\n\n\n<p> <strong>18. <\/strong><a rel=\"noreferrer noopener\" href=\"http:\/\/lattes.cnpq.br\/3755480460002860\" target=\"_blank\"><strong>SADDY, ANDR\u00c9<\/strong><\/a>; PINTO, IGOR GIUBERTI . Isen\u00e7\u00f5es e redu\u00e7\u00f5es tarif\u00e1rias em rodovias concedidas: um estudo de caso das rodovias no estado do Rio de Janeiro. Revista de Direito Econ\u00f4mico e Socioambiental, v. 8, p. 114-172, 2017.<\/p>\n\n\n\n<p> <strong>19. <\/strong><a rel=\"noreferrer noopener\" href=\"http:\/\/lattes.cnpq.br\/3755480460002860\" target=\"_blank\"><strong>SADDY, A.<\/strong><\/a>; SOUZA, M. K. J. . Controle judicial relativo ao conte\u00fado das quest\u00f5es e os crit\u00e9rios de corre\u00e7\u00e3o das provas de ?concursos p\u00fablicos?. Interesse P\u00fablico, v. 19, p. 49-76, 2017.<\/p>\n\n\n\n<p> <strong>20. <\/strong><a rel=\"noreferrer noopener\" href=\"http:\/\/lattes.cnpq.br\/3755480460002860\" target=\"_blank\"><strong>SADDY, ANDR\u00c9<\/strong><\/a>. Condicionantes para substitui\u00e7\u00e3o do produto durante a execu\u00e7\u00e3o do contrato em virtude de for\u00e7a maior ou caso fortuito. A&amp;C. REVISTA DE DIREITO ADMINISTRATIVO &amp; CONSTITUCIONAL (IMPRESSO), v. 17, p. 121-152, 2017.<\/p>\n\n\n\n<p> <strong>21. <\/strong><a rel=\"noreferrer noopener\" href=\"http:\/\/lattes.cnpq.br\/3755480460002860\" target=\"_blank\"><strong>SADDY, A.<\/strong><\/a>. Formas de regula\u00e7\u00e3o da gest\u00e3o p\u00fablica e privada. BLC (S\u00c3O PAULO), v. 30, p. 1-10, 2017.<\/p>\n\n\n\n<p> <strong>22. <\/strong><a rel=\"noreferrer noopener\" href=\"http:\/\/lattes.cnpq.br\/3755480460002860\" target=\"_blank\"><strong>SADDY, ANDR\u00c9<\/strong><\/a>; SANTANA, STEPHAN BERTOLLO . A quest\u00e3o da autodeclara\u00e7\u00e3o racial prestada por candidatos de concursos p\u00fablicos. REVISTA JUR\u00cdDICA DA PRESID\u00caNCIA, v. 18, p. 633-665, 2017.<\/p>\n\n\n\n<p> <strong>23. <\/strong><a rel=\"noreferrer noopener\" href=\"http:\/\/lattes.cnpq.br\/3755480460002860\" target=\"_blank\"><strong>SADDY, A.<\/strong><\/a>. Atrofia, M\u00edngua ou Redu\u00e7\u00e3o da Discricionariedade Administrativa a Zero ou a Um. Revista Colunistas de Direito do Estado, v. 323, p. 1-5, 2017.<\/p>\n\n\n\n<p> <strong>24. <\/strong><a rel=\"noreferrer noopener\" href=\"http:\/\/lattes.cnpq.br\/3755480460002860\" target=\"_blank\"><strong>SADDY, A.<\/strong><\/a>. Elementos e caracter\u00edsticas essenciais da concep\u00e7\u00e3o de regula\u00e7\u00e3o estatal. Revista de la Escuela Jacobea de Posgrado, v. 11, p. 1-33, 2017.<\/p>\n\n\n\n<p> <strong>25. <\/strong><a rel=\"noreferrer noopener\" href=\"http:\/\/lattes.cnpq.br\/3755480460002860\" target=\"_blank\"><strong>SADDY, A.<\/strong><\/a>. Deveres dos administradores, responsabilidades e business judgment rule nas sociedades an\u00f4nimas estatais. Revista de Direito Econ\u00f4mico e Socioambiental, v. 7, p. 70-113, 2016.<\/p>\n\n\n\n<p> <strong>26. <\/strong><a rel=\"noreferrer noopener\" href=\"http:\/\/lattes.cnpq.br\/3755480460002860\" target=\"_blank\"><strong>SADDY, A.<\/strong><\/a>. Regula\u00e7\u00e3o da presta\u00e7\u00e3o direta de servi\u00e7os p\u00fablicos: diverg\u00eancias decorrentes do marco regulat\u00f3rio para o saneamento b\u00e1sico. BDA (S\u00e3o Paulo), v. 4, p. 344-359, 2016.<\/p>\n\n\n\n<p> <strong>27. <\/strong><a rel=\"noreferrer noopener\" href=\"http:\/\/lattes.cnpq.br\/3755480460002860\" target=\"_blank\"><strong>SADDY, A.<\/strong><\/a>. Visitando a defini\u00e7\u00e3o de discricionariedade administrativa. A&amp;C. Revista de Direito Administrativo &amp; Constitucional (Impresso), v. 16, p. 149-175, 2016.<\/p>\n\n\n\n<p> <strong>28. <\/strong><a rel=\"noreferrer noopener\" href=\"http:\/\/lattes.cnpq.br\/3755480460002860\" target=\"_blank\"><strong>SADDY, A.<\/strong><\/a>. Discricionariedade, arb\u00edtrio e arbitr\u00e1rio: proibi\u00e7\u00e3o ou interdi\u00e7\u00e3o da arbitrariedade dos poderes p\u00fablicos. Direito P\u00fablico (Porto Alegre), v. 12, p. 66-88, 2016.<\/p>\n\n\n\n<p> <strong>29. <\/strong><a rel=\"noreferrer noopener\" href=\"http:\/\/lattes.cnpq.br\/3755480460002860\" target=\"_blank\"><strong>SADDY, A.<\/strong><\/a>. Conceitos jur\u00eddicos indeterminados e sua margem de livre aprecia\u00e7\u00e3o legal.. Revista de Direito da Administra\u00e7\u00e3o P\u00fablica (REDAP), v. 2, p. http:\/\/www.reda, 2016.<\/p>\n\n\n\n<p> <strong>30. <\/strong><a rel=\"noreferrer noopener\" href=\"http:\/\/lattes.cnpq.br\/3755480460002860\" target=\"_blank\"><strong>SADDY, A.<\/strong><\/a>. Descr\u00e9dito da Regula\u00e7\u00e3o Estatal, Autorregula\u00e7\u00e3o Privada e Concurso de Fontes.. Revista Colunistas de Direito do Estado, v. 269, p. http:\/\/direitod, 2016.<\/p>\n\n\n\n<p> <strong>31. <\/strong><a rel=\"noreferrer noopener\" href=\"http:\/\/lattes.cnpq.br\/3755480460002860\" target=\"_blank\"><strong>SADDY, A.<\/strong><\/a>; TEIXEIRA, A. V. . Responsabilidade por inatividade da administra\u00e7\u00e3o p\u00fablica: um estudo espec\u00edfico do sil\u00eancio administrativo. A&amp;C. Revista de Direito Administrativo &amp; Constitucional (Impresso), v. 65, p. 109-133, 2016.<\/p>\n\n\n\n<ul class=\"wp-block-list\"><li><strong>Livros publicados\/organizados ou edi\u00e7\u00f5es<\/strong><\/li><\/ul>\n\n\n\n<p><strong>1. <\/strong><a href=\"http:\/\/lattes.cnpq.br\/3755480460002860\" target=\"_blank\" rel=\"noreferrer noopener\"><strong>SADDY, ANDR\u00c9<\/strong><\/a>. Transporte\np\u00fablico coletivo urbano de passageiros sobre trilhos. 1. ed. Rio de Janeiro:\nCEEJ, 2021. 344p .<\/p>\n\n\n\n<p><strong>2. <\/strong><a href=\"http:\/\/lattes.cnpq.br\/3755480460002860\" target=\"_blank\" rel=\"noreferrer noopener\"><strong>SADDY, ANDR\u00c9<\/strong><\/a>; SOUSA, H. A. M. ;\nRODOR, F. M. E. R. . Direito p\u00fablico das startups: uma nova governan\u00e7a\np\u00fablico-privada nas parcerias entre o Estado e as entidades privadas de\ntecnologia e inova\u00e7\u00e3o. 2. ed. Rio de Janeiro: CEEJ, 2021. 294p .<\/p>\n\n\n\n<p> <strong>3. <\/strong><a rel=\"noreferrer noopener\" href=\"http:\/\/lattes.cnpq.br\/3755480460002860\" target=\"_blank\"><strong>SADDY, ANDR\u00c9<\/strong><\/a>. Discricionariedade na \u00e1rea da sa\u00fade. 1. ed. Rio de Janeiro: CEEJ, 2020. v. 1. 482p .<\/p>\n\n\n\n<p> <strong>4. <\/strong><a rel=\"noreferrer noopener\" href=\"http:\/\/lattes.cnpq.br\/3755480460002860\" target=\"_blank\"><strong>SADDY, ANDR\u00c9<\/strong><\/a>. Temas de licita\u00e7\u00f5es e contratos administrativos. 1. ed. Rio de Janeiro: CEEJ, 2020. 524p .<\/p>\n\n\n\n<p> <strong>5. <\/strong><a rel=\"noreferrer noopener\" href=\"http:\/\/lattes.cnpq.br\/3755480460002860\" target=\"_blank\"><strong>SADDY, ANDR\u00c9<\/strong><\/a>. Apreciatividade e Discricionariedade administrativa. 2. ed. Rio de Janeiro: CEEJ, 2020. 514p .<\/p>\n\n\n\n<p> <strong>6. <\/strong><a rel=\"noreferrer noopener\" href=\"http:\/\/lattes.cnpq.br\/3755480460002860\" target=\"_blank\"><strong>SADDY, ANDR\u00c9<\/strong><\/a>. Discricionariedade na \u00e1rea educacional. 1. ed. , 2020.<\/p>\n\n\n\n<p> <strong>7. <\/strong><a rel=\"noreferrer noopener\" href=\"http:\/\/lattes.cnpq.br\/3755480460002860\" target=\"_blank\"><strong>SADDY, ANDR\u00c9<\/strong><\/a>. Organiza\u00e7\u00e3o e princ\u00edpios da Administra\u00e7\u00e3o P\u00fablica: estudos em homenagem a Jos\u00e9 dos Santos Carvalho Filho. 1. ed. Rio de Janeiro: IDARJ, 2020. 254p .<\/p>\n\n\n\n<p> <strong>8. <\/strong><a rel=\"noreferrer noopener\" href=\"http:\/\/lattes.cnpq.br\/3755480460002860\" target=\"_blank\"><strong>SADDY, ANDR\u00c9<\/strong><\/a>. Regula\u00e7\u00e3o Estatal, Autorregula\u00e7\u00e3o Privada e C\u00f3digos de Conduta e Boas Pr\u00e1ticas. 2. ed. Rio de Janeiro: CEEJ, 2020. v. 1. 246p .<\/p>\n\n\n\n<p> <strong>9. <\/strong><a rel=\"noreferrer noopener\" href=\"http:\/\/lattes.cnpq.br\/3755480460002860\" target=\"_blank\"><strong>SADDY, ANDR\u00c9<\/strong><\/a>; CHAUVET, R. F. (Org.) ; SILVA, P. M. (Org.) . Aspectos jur\u00eddicos das novas tecnologias (inova\u00e7\u00f5es) disruptivas. 2. ed. Rio de Janeiro: CEEJ, 2020. v. 1. 318p .<\/p>\n\n\n\n<p> <strong>10. <\/strong><a rel=\"noreferrer noopener\" href=\"http:\/\/lattes.cnpq.br\/3755480460002860\" target=\"_blank\"><strong>SADDY, ANDR\u00c9<\/strong><\/a>; CHAUVET, R. F. (Org.) . Aspectos jur\u00eddicos do transporte aquavi\u00e1rio de passageiros. 2. ed. Rio de Janeiro: CEEJ, 2020. v. 1. 330p .<\/p>\n\n\n\n<p> <strong>11. <\/strong><a rel=\"noreferrer noopener\" href=\"http:\/\/lattes.cnpq.br\/3755480460002860\" target=\"_blank\"><strong>SADDY, ANDR\u00c9<\/strong><\/a>; SOUSA, H. A. M. ; RODOR, F. M. E. R. . Direito p\u00fablico das startups: uma nova governan\u00e7a p\u00fablico-privada nas parcerias entre o Estado e as entidades privadas de tecnologia e inova\u00e7\u00e3o. 1. ed. Rio de Janeiro: CEEJ, 2020. v. 1. 258p .<\/p>\n\n\n\n<p> <strong>12. <\/strong><a rel=\"noreferrer noopener\" href=\"http:\/\/lattes.cnpq.br\/3755480460002860\" target=\"_blank\"><strong>SADDY, ANDR\u00c9<\/strong><\/a>. Concess\u00f5es e Parcerias P\u00fablico-Privadas (PPP): introdu\u00e7\u00e3o \u00e0s concess\u00f5es de servi\u00e7os p\u00fablicos. 1. ed. Bras\u00edlia: CNM, 2020. 72p .<\/p>\n\n\n\n<p> <strong>13. <\/strong><a rel=\"noreferrer noopener\" href=\"http:\/\/lattes.cnpq.br\/3755480460002860\" target=\"_blank\"><strong>SADDY, ANDR\u00c9<\/strong><\/a>. El concepto de apreciatividad en el derecho administrativo: analog\u00edas y diferencias con la discrecionalidad administrativa. 1. ed. Rio de Janeiro: CEEJ, 2019. v. 1. 574p .<\/p>\n\n\n\n<p> <strong>14. <\/strong><a rel=\"noreferrer noopener\" href=\"http:\/\/lattes.cnpq.br\/3755480460002860\" target=\"_blank\"><strong>SADDY, ANDR\u00c9<\/strong><\/a>. Aspectos jur\u00eddicos das novas tecnologias (inova\u00e7\u00f5es) disruptivas. 1. ed. Rio de Janeiro: Lumen Juris, 2019. 300p .<\/p>\n\n\n\n<p> <strong>15. <\/strong><a rel=\"noreferrer noopener\" href=\"http:\/\/lattes.cnpq.br\/3755480460002860\" target=\"_blank\"><strong>SADDY, ANDR\u00c9<\/strong><\/a>. TRATADO DE PARCERIAS P\u00daBLICO-PRIVADAS: Teoria e Pr\u00e1tica Volume 1 ? Considera\u00e7\u00f5es Iniciais (Hist\u00f3ria e conceito das PPPs). 1. ed. Rio de Janeiro: CEEJ, 2019. v. 11. 298p .<\/p>\n\n\n\n<p> <strong>16. <\/strong><a rel=\"noreferrer noopener\" href=\"http:\/\/lattes.cnpq.br\/3755480460002860\" target=\"_blank\"><strong>SADDY, ANDR\u00c9<\/strong><\/a>. TRATADO DE PARCERIAS P\u00daBLICO-PRIVADAS: Teoria e Pr\u00e1tica Volume 2 ? PPPs e o Direito Comparado. 1. ed. Rio de Janeiro: CEEJ, 2019. v. 11. 248p .<\/p>\n\n\n\n<p> <strong>17. <\/strong><a rel=\"noreferrer noopener\" href=\"http:\/\/lattes.cnpq.br\/3755480460002860\" target=\"_blank\"><strong>SADDY, ANDR\u00c9<\/strong><\/a>. TRATADO DE PARCERIAS P\u00daBLICO-PRIVADAS: Teoria e Pr\u00e1tica Volume 3 ? Estudos pr\u00e9vios para a implementa\u00e7\u00e3o das PPPs. 1. ed. Rio de Janeiro: CEEJ, 2019. v. 11. 414p .<\/p>\n\n\n\n<p> <strong>18. <\/strong><a rel=\"noreferrer noopener\" href=\"http:\/\/lattes.cnpq.br\/3755480460002860\" target=\"_blank\"><strong>SADDY, ANDR\u00c9<\/strong><\/a>. TRATADO DE PARCERIAS P\u00daBLICO-PRIVADAS: Teoria e Pr\u00e1tica Volume 4 ? Elabora\u00e7\u00e3o do edital e seus anexos. 1. ed. Rio de Janeiro: CEEJ, 2019. v. 11. 220p .<\/p>\n\n\n\n<p> <strong>19. <\/strong><a rel=\"noreferrer noopener\" href=\"http:\/\/lattes.cnpq.br\/3755480460002860\" target=\"_blank\"><strong>SADDY, ANDR\u00c9<\/strong><\/a>. TRATADO DE PARCERIAS P\u00daBLICO-PRIVADAS: Teoria e Pr\u00e1tica Volume 5 ? Cl\u00e1usulas obrigat\u00f3rias nos contratos de PPPs. 1. ed. Rio de Janeiro: CEEJ, 2019. v. 11. 356p .<\/p>\n\n\n\n<p> <strong>20. <\/strong><a rel=\"noreferrer noopener\" href=\"http:\/\/lattes.cnpq.br\/3755480460002860\" target=\"_blank\"><strong>SADDY, ANDR\u00c9<\/strong><\/a>. TRATADO DE PARCERIAS P\u00daBLICO-PRIVADAS: Teoria e Pr\u00e1tica Volume 6 ? Estabelecendo a estrutura das PPPs. 1. ed. Rio de Janeiro: CEEJ, 2019. v. 11. 230p .<\/p>\n\n\n\n<p> <strong>21. <\/strong><a rel=\"noreferrer noopener\" href=\"http:\/\/lattes.cnpq.br\/3755480460002860\" target=\"_blank\"><strong>SADDY, ANDR\u00c9<\/strong><\/a>. TRATADO DE PARCERIAS P\u00daBLICO-PRIVADAS: Teoria e Pr\u00e1tica Volume 7 ? Avaliando os custos. 1. ed. Rio de Janeiro: CEEJ, 2019. v. 11. 288p .<\/p>\n\n\n\n<p> <strong>22. <\/strong><a rel=\"noreferrer noopener\" href=\"http:\/\/lattes.cnpq.br\/3755480460002860\" target=\"_blank\"><strong>SADDY, ANDR\u00c9<\/strong><\/a>. TRATADO DE PARCERIAS P\u00daBLICO-PRIVADAS: Teoria e Pr\u00e1tica Volume 8 ? Avaliando os riscos. 1. ed. Rio de Janeiro: CEEJ, 2019. v. 11. 322p .<\/p>\n\n\n\n<p> <strong>23. <\/strong><a rel=\"noreferrer noopener\" href=\"http:\/\/lattes.cnpq.br\/3755480460002860\" target=\"_blank\"><strong>SADDY, ANDR\u00c9<\/strong><\/a>. TRATADO DE PARCERIAS P\u00daBLICO-PRIVADAS: Teoria e Pr\u00e1tica Volume 9 ? Execu\u00e7\u00e3o e gest\u00e3o das PPPs. 1. ed. Rio de Janeiro: CEEJ, 2019. v. 1. 456p .<\/p>\n\n\n\n<p> <strong>24. <\/strong><a rel=\"noreferrer noopener\" href=\"http:\/\/lattes.cnpq.br\/3755480460002860\" target=\"_blank\"><strong>SADDY, ANDR\u00c9<\/strong><\/a>. TRATADO DE PARCERIAS P\u00daBLICO-PRIVADAS: Teoria e Pr\u00e1tica Volume 10 ? Controle e regula\u00e7\u00e3o. 1. ed. Rio de Janeiro: CEEJ, 2019. v. 11. 398p .<\/p>\n\n\n\n<p> <strong>25. <\/strong><a rel=\"noreferrer noopener\" href=\"http:\/\/lattes.cnpq.br\/3755480460002860\" target=\"_blank\"><strong>SADDY, ANDR\u00c9<\/strong><\/a>. TRATADO DE PARCERIAS P\u00daBLICO-PRIVADAS: Teoria e Pr\u00e1tica Volume 11 ? Estudos de casos e t\u00f3picos especiais. 1. ed. Rio de Janeiro: CEEJ, 2019. v. 11. 388p .<\/p>\n\n\n\n<p> <strong>26. <\/strong><a rel=\"noreferrer noopener\" href=\"http:\/\/lattes.cnpq.br\/3755480460002860\" target=\"_blank\"><strong>SADDY, ANDR\u00c9<\/strong><\/a>. Discricionariedade e jurisdi\u00e7\u00e3o constitucional.supranacional. 1. ed. Rio de Janeiro: Lumen Juris, 2018. 194p .<\/p>\n\n\n\n<p> <strong>27.<\/strong>&nbsp;<a rel=\"noreferrer noopener\" href=\"http:\/\/lattes.cnpq.br\/3755480460002860\" target=\"_blank\"><strong>SADDY, ANDR\u00c9<\/strong><\/a>. Formas de atua\u00e7\u00e3o e interven\u00e7\u00e3o do Estado brasileiro na economia. 3. ed. Rio de Janeiro: Lumen Juris, 2018. 684p .<\/p>\n\n\n\n<p> <strong>28.<\/strong>&nbsp;<a rel=\"noreferrer noopener\" href=\"http:\/\/lattes.cnpq.br\/3755480460002860\" target=\"_blank\"><strong>SADDY, ANDR\u00c9<\/strong><\/a>. Limites \u00e0 tomada de decis\u00e3o e controle judicial da Administra\u00e7\u00e3o P\u00fablica. 2. ed. Rio de Janeiro: Lumen Juris, 2018. 344p .<\/p>\n\n\n\n<p> <strong>29. <\/strong><a rel=\"noreferrer noopener\" href=\"http:\/\/lattes.cnpq.br\/3755480460002860\" target=\"_blank\"><strong>SADDY, ANDR\u00c9<\/strong><\/a>. Discricionariedade na \u00e1rea policial. 2. ed. Rio de Janeiro: Rio de Janeiro, 2018. 304p .<\/p>\n\n\n\n<p> <strong>30. <\/strong><a rel=\"noreferrer noopener\" href=\"http:\/\/lattes.cnpq.br\/3755480460002860\" target=\"_blank\"><strong>SADDY, A.<\/strong><\/a>. Aspectos jur\u00eddicos do saneamento b\u00e1sico. 1. ed. Rio de Janeiro: Lumen Juris, 2017. v. 1. 300p .<\/p>\n\n\n\n<p> <strong>31. <\/strong><a rel=\"noreferrer noopener\" href=\"http:\/\/lattes.cnpq.br\/3755480460002860\" target=\"_blank\"><strong>SADDY, A.<\/strong><\/a>; CHAUVET, R. F. (Org.) . Aspectos jur\u00eddicos do transporte aquavi\u00e1rio de passageiros. 1. ed. Rio de Janeiro: Lumen Juris, 2016. v. 1. 380p .<\/p>\n\n\n\n<p> <strong>32. <\/strong><a rel=\"noreferrer noopener\" href=\"http:\/\/lattes.cnpq.br\/3755480460002860\" target=\"_blank\"><strong>SADDY, A.<\/strong><\/a>. Formas de atua\u00e7\u00e3o e interven\u00e7\u00e3o do Estado brasileiro na economia. 2. ed. Rio de Janeiro: Lumen Juris, 2016.<\/p>\n\n\n\n<p> <strong>33. <\/strong><a rel=\"noreferrer noopener\" href=\"http:\/\/lattes.cnpq.br\/3755480460002860\" target=\"_blank\"><strong>SADDY, A.<\/strong><\/a>. Limites \u00e0 tomada de decis\u00e3o e controle judicial da Administra\u00e7\u00e3o P\u00fablica. 1\u00aa. ed. Rio de Janeiro: Lumen Juris, 2016. v. 1. 400p .<\/p>\n\n\n\n<p> <strong>34. <\/strong><a rel=\"noreferrer noopener\" href=\"http:\/\/lattes.cnpq.br\/3755480460002860\" target=\"_blank\"><strong>SADDY, A.<\/strong><\/a>; BONAN, Ana Cec\u00edlia (Org.) ; DE CASTRO, Caio (Org.) ; FERNANDES, E. F. (Org.) ; FIGUEIREDO, L. M. (Org.) ; PINTO, L. R. D. (Org.) ; QUEIROZ, M. (Org.) ; RIBEIRO, R. A. F. (Org.) ; PERDIGAO, S. F. (Org.) ; AZEREDO, S. R. M. (Org.) . Discricionariedade Policial. 1\u00aa. ed. Rio de Janeiro: Lumen Juris, 2016. v. 1. 400p .<\/p>\n\n\n\n<p> <strong>35. <\/strong><a rel=\"noreferrer noopener\" href=\"http:\/\/lattes.cnpq.br\/3755480460002860\" target=\"_blank\"><strong>SADDY, A.<\/strong><\/a>. Constitui\u00e7\u00e3o, Crise H\u00eddrica, Energia e Minera\u00e7\u00e3o na Am\u00e9rica Latina. 1. ed. Rio de Janeiro: Lumen Juris, 2016.<\/p>\n\n\n\n<p> <strong>36. <\/strong><a rel=\"noreferrer noopener\" href=\"http:\/\/lattes.cnpq.br\/3755480460002860\" target=\"_blank\"><strong>SADDY, A.<\/strong><\/a>. Direito Constitucional Ambiente Ibero-americano. 1. ed. Rio de Janeiro: Lumen Juris, 2016. v. 1. 628p.<\/p>\n\n\n\n<ul class=\"wp-block-list\"><li><strong>Cap\u00edtulos de livros publicados<\/strong><\/li><\/ul>\n\n\n\n<p><strong>1. <\/strong><a href=\"http:\/\/lattes.cnpq.br\/3755480460002860\" target=\"_blank\" rel=\"noreferrer noopener\"><strong>SADDY, ANDR\u00c9<\/strong><\/a>. Sa\u00fade p\u00fablica, apreciatividade e\ndiscricionariedade na \u00e1rea da sa\u00fade. In: SADDY, Andr\u00e9. (Org.).\nDiscricionariedade na \u00e1rea da sa\u00fade. 1ed.Rio de Janeiro: CEEJ, 2020, v. 1, p.\n21-78.<\/p>\n\n\n\n<p> <strong>2. <\/strong><a rel=\"noreferrer noopener\" href=\"http:\/\/lattes.cnpq.br\/3755480460002860\" target=\"_blank\"><strong>SADDY, ANDR\u00c9<\/strong><\/a>. Reparti\u00e7\u00e3o de atribui\u00e7\u00f5es ou compet\u00eancias de \u00f3rg\u00e3os p\u00fablicos. In: SADDY, Andr\u00e9; MOURA, Emerson Affonso Da Costa; PORTO, Paola de Andrade. (Org.). Organiza\u00e7\u00e3o e princ\u00edpios da Administra\u00e7\u00e3o P\u00fablica: estudos em homenagem a Jos\u00e9 dos Santos Carvalho Filho. 1ed.Rio de Janeiro: IDARJ, 2020, v. 1, p. 45-69.<\/p>\n\n\n\n<p> <strong>3. <\/strong><a rel=\"noreferrer noopener\" href=\"http:\/\/lattes.cnpq.br\/3755480460002860\" target=\"_blank\"><strong>SADDY, ANDR\u00c9<\/strong><\/a>. Conte\u00fado, titularidade e alcance da liberdade de ensinar (?liberdade de c\u00e1tedra) no ensino p\u00fablico superior. In: SADDY, Andr\u00e9. (Org.). Discricionariedade na \u00e1rea da educacional. 1ed.Rio de Janeiro: CEEJ, 2020, v. , p. 18-40.<\/p>\n\n\n\n<p> <strong>4. <\/strong><a rel=\"noreferrer noopener\" href=\"http:\/\/lattes.cnpq.br\/3755480460002860\" target=\"_blank\"><strong>SADDY, ANDR\u00c9<\/strong><\/a>. O DIREITO ADMINISTRATIVO DE EMERG\u00caNCIA E O EMPREGO DAS FOR\u00c7AS ARMADAS NAS SITUA\u00c7\u00d5ES CONSTITUCIONAIS ORDIN\u00c1RIAS E EXCEPCIONAIS. In: Jos\u00e9 S\u00e9rgio da Silva Crist\u00f3vam, Nancy Nelly Gonz\u00e1lez Sanmiguel &amp; Thanderson Pereira de Sousa. (Org.). Direito Administrativo Contempor\u00e2neo: di\u00e1logos Brasil e M\u00e9xico. 1ed.Florian\u00f3polis: Habitus, 2020, v. 1, p. 380-407.<\/p>\n\n\n\n<p><strong>5. <\/strong><a href=\"http:\/\/lattes.cnpq.br\/3755480460002860\" target=\"_blank\" rel=\"noreferrer noopener\"><strong>SADDY, ANDR\u00c9<\/strong><\/a>. Perspectivas do\ndireito da infraestrutura com o surgimento das novas tecnologias (inova\u00e7\u00f5es)\ndisruptivas.. In: SADDY, Andr\u00e9; CHAUVET, Rodrigo da Fonseca, SILVA, Priscilla\nMenezes da. (Org.). Aspectos jur\u00eddicos das novas tecnologias (inova\u00e7\u00f5es)\ndisruptivas. 2ed.Rio de Janeiro: CEEJ, 2020, v. 1, p. 43-69.<\/p>\n\n\n\n<p> <strong>6. <\/strong><a rel=\"noreferrer noopener\" href=\"http:\/\/lattes.cnpq.br\/3755480460002860\" target=\"_blank\"><strong>SADDY, ANDR\u00c9<\/strong><\/a>. Servi\u00e7o p\u00fablico de transporte aquavi\u00e1rio de passageiros: uma an\u00e1lise focada no \u00e2mbito do Estado do Rio de Janeiro. In: SADDY, Andr\u00e9; CHAUVET, Rodrigo da Fonseca. (Org.). Aspectos jur\u00eddicos do transporte aquavi\u00e1rio de passageiros. 2ed.Rio de Janeiro: CEEJ, 2020, v. 1, p. 17-42.<\/p>\n\n\n\n<p> <strong>7. <\/strong><a rel=\"noreferrer noopener\" href=\"http:\/\/lattes.cnpq.br\/3755480460002860\" target=\"_blank\"><strong>SADDY, ANDR\u00c9<\/strong><\/a>. Perspectivas do direito da infraestrutura com o surgimento das novas tecnologias (inova\u00e7\u00f5es) disruptivas.. In: SADDY, Andr\u00e9; CHAUVET, Rodrigo da Fonseca, SILVA, Priscilla Menezes da. (Org.). Aspectos jur\u00eddicos das novas tecnologias (inova\u00e7\u00f5es) disruptivas. 1ed.Rio de Janeiro: Lumen Juris, 2019, v. , p. 25-50.<\/p>\n\n\n\n<p> <strong>8. <\/strong><a rel=\"noreferrer noopener\" href=\"http:\/\/lattes.cnpq.br\/3755480460002860\" target=\"_blank\"><strong>SADDY, ANDR\u00c9<\/strong><\/a>. A escolha do fundamento da contrata\u00e7\u00e3o direta e a ocorr\u00eancia do crime de inexigibilidade ou dispensa de licita\u00e7\u00e3o fora das hip\u00f3teses legais: uma an\u00e1lise com foco nos arts. 25, inc. II e 24, inc. XIII da Lei n.\u00ba 8.666\/1993. In: ALVES, Felipe Dalenogare; HOFFMANN, Gr\u00e9gora Beatriz. (Org.). Reflex\u00f5es sobre o direito administrativo na contemporaneidade. 1ed.Santa Cruz do Sul: Estudos de Direito, 2019, v. 1, p. 74-.<\/p>\n\n\n\n<p> <strong>9. <\/strong><a rel=\"noreferrer noopener\" href=\"http:\/\/lattes.cnpq.br\/3755480460002860\" target=\"_blank\"><strong>SADDY, ANDR\u00c9<\/strong><\/a>. Fase externa das licita\u00e7\u00f5es para a contrata\u00e7\u00e3o de PPPs. In: SADDY, Andr\u00e9; Moraes, Salus (Diretores); FORTINI, Cristiana (Coord.).. (Org.). Tratado de parcerias p\u00fablico-privadas: teoria e pr\u00e1tica Volume 4 ? Elabora\u00e7\u00e3o do edital e seus anexos. 1ed.Rio de Janeiro: CEEJ, 2019, v. 4, p. 117-162.<\/p>\n\n\n\n<p> <strong>10. <\/strong><a rel=\"noreferrer noopener\" href=\"http:\/\/lattes.cnpq.br\/3755480460002860\" target=\"_blank\"><strong>SADDY, ANDR\u00c9<\/strong><\/a>. Instrumentos para a recomposi\u00e7\u00e3o da equa\u00e7\u00e3o econ\u00f4mico-financeira nos contratos de Parceria P\u00fablico-Privada: reajuste, revis\u00e3o, atualiza\u00e7\u00e3o e compensa\u00e7\u00e3o financeira, repactua\u00e7\u00e3o e outros.. In: SADDY, Andr\u00e9; Moraes, Salus (Diretores); CARVALHO, Andr\u00e9 Castro; FIGUEIROA, Caio C\u00e9sar (Coords.). (Org.). TRATADO DE PARCERIAS P\u00daBLICO-PRIVADAS: Teoria e Pr\u00e1tica Volume 9 ? Execu\u00e7\u00e3o e gest\u00e3o das PPPs. 1ed.Rio de Janeiro: CEEJ, 2019, v. 9, p. 180-222.<\/p>\n\n\n\n<p> <strong>11. <\/strong><a rel=\"noreferrer noopener\" href=\"http:\/\/lattes.cnpq.br\/3755480460002860\" target=\"_blank\"><strong>SADDY, A.<\/strong><\/a>. Elementos e Caracter\u00edsticas Essenciais da Concep\u00e7\u00e3o de Regula\u00e7\u00e3o Estatal. In: PEIXINHO, Manoel Messias; PEREIRA JUNIOR, Jess\u00e9 Torres; MOURA, Emerson Affonso da Costa. (Org.). Muta\u00e7\u00f5es do direito administrativo: estudos em homenagem ao Professor Diogo de Figueiredo Moreira Neto. 1ed.Rio de Janeiro: Lumen Juris, 2018, v. 1, p. 1-42.<\/p>\n\n\n\n<p> <strong>12. <\/strong><a rel=\"noreferrer noopener\" href=\"http:\/\/lattes.cnpq.br\/3755480460002860\" target=\"_blank\"><strong>SADDY, A.<\/strong><\/a>. Apreciatividad y discrecionalidad administrativa. In: HERN\u00c1NDEZ-MENDIBLE, V\u00edctor Rafael; VILLEGAS MORENO, Jos\u00e9 Luis. (Org.). Hacia un derecho administrativo para retornar a la democracia: liber amicorum al professor Jos\u00e9 R. Ara\u00fajo-Ju\u00e1rez. 1ed.Caracas: Amazon, 2018, v. , p. 1-15.<\/p>\n\n\n\n<p> <strong>13. <\/strong><a rel=\"noreferrer noopener\" href=\"http:\/\/lattes.cnpq.br\/3755480460002860\" target=\"_blank\"><strong>SADDY, ANDR\u00c9<\/strong><\/a>. Responsabilidade dos administradores das estatais. In: QUIRINO, Carina de Castro; MENDON\u00c7A, Jos\u00e9 Vicente Santos de; BAPTISTA, Patricia Ferreira. (Org.). Inova\u00e7\u00f5es no direito p\u00fablico. 1ed.Curitiba: CRV, 2018, v. , p. 43-70.<\/p>\n\n\n\n<p> <strong>14. <\/strong><a rel=\"noreferrer noopener\" href=\"http:\/\/lattes.cnpq.br\/3755480460002860\" target=\"_blank\"><strong>SADDY, A.<\/strong><\/a>. A prorroga\u00e7\u00e3o do prazo de validade de concurso p\u00fablico \u00e9 ato discricion\u00e1rio da Administra\u00e7\u00e3o, sendo vedado ao Poder Judici\u00e1rio o reexame dos criterios de conveniencia e oportunidade adotados. In: DI PIETRO, Maria Sylvia Zanella; NOHARA, Irene Patr\u00edcia. (Org.). Teses Jur\u00eddicas dos Tribunais Superiores: direito administrativo I. 1ed.S\u00e3o Paulo: Revista dos Tribunais, 2017, v. , p. 763-771.<\/p>\n\n\n\n<p> <strong>15. <\/strong><a rel=\"noreferrer noopener\" href=\"http:\/\/lattes.cnpq.br\/3755480460002860\" target=\"_blank\"><strong>SADDY, A.<\/strong><\/a>. Regulaci\u00f3n del sector el\u00e9ctrico brasile\u00f1o. In: MORENO CASTILLO, Luis Ferney; HERN\u00c1NDEZ-MENDIBLE, V\u00edctor Rafael. (Org.). Derecho de la Energ\u00eda en Am\u00e9rica Latina. 1ed.Bogat\u00e1: Universidad Externado de Colombia, 2017, v. 1, p. 574-602.<\/p>\n\n\n\n<p> <strong>16. <\/strong><a rel=\"noreferrer noopener\" href=\"http:\/\/lattes.cnpq.br\/3755480460002860\" target=\"_blank\"><strong>SADDY, A.<\/strong><\/a>. Minera\u00e7\u00e3o, fiscaliza\u00e7\u00e3o e taxa de pol\u00edcia: instrumento eficaz para regula\u00e7\u00e3o. In: BRAND\u00c3O, Clarissa; ROSADO, Marilda. (Org.). Regula\u00e7\u00e3o em Setores Estrat\u00e9gicos: minera\u00e7\u00e3o e energia. 1ed.Rio de Janeiro: \u00c1gora 21, 2017, v. , p. 295-325.<\/p>\n\n\n\n<p> <strong>17. <\/strong><a rel=\"noreferrer noopener\" href=\"http:\/\/lattes.cnpq.br\/3755480460002860\" target=\"_blank\"><strong>SADDY, A.<\/strong><\/a>. Instrumento convocat\u00f3rio: art. 8\u00b0 a 10 do Decreto federal n.\u00b0 7.581\/2011. In: PEREIRA J\u00daNIOR, Jess\u00e9 Torres. (Org.). Coment\u00e1rios ao Sistema Brasileiro de Licita\u00e7\u00f5es e Contratos Administrativos. 1ed.S\u00e3o Paulo: NDJ, 2016, v. , p. 877-898.<\/p>\n\n\n\n<p> <strong>18. <\/strong><a rel=\"noreferrer noopener\" href=\"http:\/\/lattes.cnpq.br\/3755480460002860\" target=\"_blank\"><strong>SADDY, A.<\/strong><\/a>. Servi\u00e7o p\u00fablico de transporte aquavi\u00e1rio de passageiros: uma an\u00e1lise focada no \u00e2mbito do Estado do Rio de Janeiro. In: SADDY, Andr\u00e9; CHAUVET, Rodrigo da Fonseca. (Org.). Aspectos jur\u00eddicos do transporte aquavi\u00e1rio de passageiros. 1ed.: , 2016, v. , p. 3-33.<\/p>\n\n\n\n<p> <strong>19. <\/strong><a rel=\"noreferrer noopener\" href=\"http:\/\/lattes.cnpq.br\/3755480460002860\" target=\"_blank\"><strong>SADDY, A.<\/strong><\/a>; BONAN, Ana Cec\u00edlia ; DE CASTRO, Caio ; FERNANDES, E. F. ; FIGUEIREDO, L. M. ; PINTO, L. R. D. ; QUEIROZ, M. ; RIBEIRO, R. A. F. ; PERDIGAO, S. F. ; AZEREDO, S. R. M. . Seguran\u00e7a cidad\u00e3 versus apreciatividade e discricionariedade policial. In: SADDY, Andre.. (Org.). Discricionariedade Policial. 1ed.Rio de Janeiro: Lumen Juris, 2016, v. 1, p. 5-48.<\/p>\n\n\n\n<p><strong>20. <\/strong><a rel=\"noreferrer noopener\" href=\"http:\/\/lattes.cnpq.br\/3755480460002860\" target=\"_blank\"><strong>SADDY, A.<\/strong><\/a>. Surgimento e evolu\u00e7\u00e3o do termo discricionariedade administrativa. In: TEIXEIRA, Anderson Vichinkeski; FILHO, Gilberto Guimar\u00e3es; SIM\u00d5ES, Sandro Alex de Souza. (Org.). Supremacia constitucional e pol\u00edticas p\u00fablicas: discutindo a discricionariedade administrativa na efetiva\u00e7\u00e3o de direitos fundamentais. 1ed.Porto Alegre: Editora Fi, 2016, v. 1, p. 65-142. <\/p>\n\n\n\n<hr class=\"wp-block-separator\" \/>\n\n\n\n<p class=\"has-text-color has-medium-font-size has-vivid-red-color\">          <strong> *    Dr Ant\u00f3n Lois Fern\u00e1ndez \u00c1lvarez<\/strong><\/p>\n\n\n\n<ul class=\"wp-block-list\"><li><strong>Artigos completos publicados em peri\u00f3dicos<\/strong><\/li><\/ul>\n\n\n\n<p> <strong>1. <\/strong><a rel=\"noreferrer noopener\" href=\"http:\/\/lattes.cnpq.br\/6147208890198162\" target=\"_blank\"><strong>FERN\u00c1NDEZ \u00c1LVAREZ, A.L.<\/strong><\/a>; NEVES, E. A. . A banca em Roma. Origens do direito banc\u00e1rio atual. REVISTA DE DIREITO CIVIL CONTEMPOR\u00c2NEO, v. 17, p. 57-72, 2018.<br><strong>2. <\/strong><a rel=\"noreferrer noopener\" href=\"http:\/\/lattes.cnpq.br\/6147208890198162\" target=\"_blank\"><strong>FERN\u00c1NDEZ \u00c1LVAREZ, A.L.<\/strong><\/a>. ESTADO DE BEM-ESTAR, INSTITUI\u00c7\u00d5ES P\u00daBLICAS E JUSTI\u00c7A SOCIAL. REVISTA ESTUDOS INSTITUCIONAIS, v. 4, p. 884-904, 2018. <\/p>\n\n\n\n<ul class=\"wp-block-list\"><li><strong>Livros publicados\/organizados ou edi\u00e7\u00f5es<\/strong><\/li><\/ul>\n\n\n\n<p><strong>1. <\/strong><a rel=\"noreferrer noopener\" href=\"http:\/\/lattes.cnpq.br\/6147208890198162\" target=\"_blank\"><strong>FERN\u00c1NDEZ \u00c1LVAREZ, A.L.<\/strong><\/a>; salmer\u00f3n, Esther Manzano . RESPONSABILIDAD PROFESIONAL Y ENTORNO ORGANIZATIVO COLEGIAL. 1. ed. logro\u00f1o, Espa\u00f1a: Universidad Internacional de La Rioja, 2019. v. 1. 346p.<\/p>\n\n\n\n<p><strong>2. <\/strong><a rel=\"noreferrer noopener\" href=\"http:\/\/lattes.cnpq.br\/6147208890198162\" target=\"_blank\"><strong>FERN\u00c1NDEZ \u00c1LVAREZ, A.L.<\/strong><\/a>; HANSEN, G. L. (Org.) . Instituciones politico-jur\u00eddicas y desarrollo sostenible. 1. ed. Madrid: Dykinson, 2018. v. 1. 985p. <\/p>\n\n\n\n<p><strong>3. <\/strong><a rel=\"noreferrer noopener\" href=\"http:\/\/lattes.cnpq.br\/6147208890198162\" target=\"_blank\"><strong>FERN\u00c1NDEZ \u00c1LVAREZ, A.L.<\/strong><\/a>; NEVES, E. A. (Org.) ; BLAZQUEZ, G. S. (Org.). Actas del Congreso Euro-americano de Derecho y Pol\u00edtica 2017. 1. ed. Madrid: Dykinson, 2017. v. 1. 1180p.<\/p>\n\n\n\n<ul class=\"wp-block-list\"><li><strong>Cap\u00edtulos de livros publicados<\/strong><\/li><\/ul>\n\n\n\n<p><strong>1. <\/strong><a href=\"http:\/\/lattes.cnpq.br\/6147208890198162\" target=\"_blank\" rel=\"noreferrer noopener\"><strong>FERN\u00c1NDEZ \u00c1LVAREZ, A.L.<\/strong><\/a>; ARAKAKI, F. F. S. ; MENDES, A. A. ;\noliveira, L.M.M. . Traballo escravo como empecillo ao desenvolvemento econ\u00f3mico\nsustent\u00e1bel: unha an\u00e1lise a partir do pensamento keynesiano. In: fernandez\nalvarez, anton lois; hansen, gilvan luiz. (Org.). Instituciones\npolitico-jur\u00eddicas y desarrollo sostenible. 1ed.Madrid: DYKINSON, 2018, v. 1,\np. 699-721.<\/p>\n\n\n\n<p> <strong>2. <\/strong><a rel=\"noreferrer noopener\" href=\"http:\/\/lattes.cnpq.br\/6147208890198162\" target=\"_blank\"><strong>FERN\u00c1NDEZ \u00c1LVAREZ, A.L.<\/strong><\/a>; salmer\u00f3n, Esther Manzano . AVANCES EN LA INVESTIGACI\u00d3N MUNDIAL SOBRE DERECHOS CIVILES. In: fernandez alvarez, anton lois; hansen, gilvan luiz. (Org.). Instituciones politico-jur\u00eddicas y desarrollo sostenible. 1ed.Madrid: DYKINSON, 2018, v. 1, p. 871-888.<\/p>\n\n\n\n<p> <strong>3. <\/strong><a rel=\"noreferrer noopener\" href=\"http:\/\/lattes.cnpq.br\/6147208890198162\" target=\"_blank\"><strong>FERN\u00c1NDEZ \u00c1LVAREZ, A.L.<\/strong><\/a>; NEVES, E. A. . Movilidad urbana y transporte acuaviario. Estudio de caso comparado en la R\u00eda de Vigo y la Bah\u00eda de Guanabara. In: FERN\u00c1NDEZ \u00c1LVAREZ, Ant\u00f3n Lois; NEVES, Edson Alvisi. (Org.). Estado de bienestar en perspectiva comparada. Los reg\u00edmenes de seguridad informal: el caso de Brasil. 1ed.santiago de compostela: torculo edici\u00f3ns, 2017, v. 1, p. 85-103.<\/p>\n\n\n\n<p><strong>4. <\/strong>Hansen, g. ;&nbsp;<strong>FERN\u00c1NDEZ \u00c1LVAREZ, A.L.<\/strong>&nbsp;. Considera\u00e7\u00f5es propedeuticas para uma epistemologia do Direito em bases discursivas. In: CUNHA, Jos\u00e9 Ricardo. (Org.). Epistemologias cr\u00edticas do Direito. 1ed.Rio de Janeiro: Lumen Juris, 2016, v. 1, p. 155-170. <\/p>\n\n\n\n<hr class=\"wp-block-separator\" \/>\n\n\n\n<p class=\"has-text-color has-medium-font-size has-vivid-red-color\">    <strong>      *    Dr  C\u00e2ndido Francisco Duarte Dos Santos E Silva<\/strong><\/p>\n\n\n\n<ul class=\"wp-block-list\"><li><strong>Artigos completos publicados em peri\u00f3dicos<\/strong><\/li><\/ul>\n\n\n\n<p><strong>1. <\/strong><a rel=\"noreferrer noopener\" href=\"http:\/\/lattes.cnpq.br\/2519163473716513\" target=\"_blank\"><strong>SILVA, C. F. D. S. ou SANTOS E SILVA, Candido Francisco Duarte dos<\/strong><\/a>; HANSEN, G. L. . Os direitos \u00e0 informa\u00e7\u00e3o e \u00e0 educa\u00e7\u00e3o para o consumo no Brasil: Uma leitura cr\u00edtica do C\u00f3digo de Defesa do Consumidor. Revista Controversia, v. 1, p. 28, 2019.<\/p>\n\n\n\n<ul class=\"wp-block-list\"><li><strong>Livros publicados\/organizados ou edi\u00e7\u00f5es<\/strong><\/li><\/ul>\n\n\n\n<p><strong>1. <\/strong><a rel=\"noreferrer noopener\" href=\"http:\/\/lattes.cnpq.br\/2519163473716513\" target=\"_blank\"><strong>SILVA, C. F. D. S. ou SANTOS E SILVA, Candido Francisco Duarte dos<\/strong><\/a>; MARTINS, P. L. (Org.) ; ABREU, C. B. (Org.) ; PEIXINHO, M.M. (Org.) ; RANGEL, T.L.V. (Org.) . PESQUISAS EM DIREITOS HUMANOS FUNDAMENTAIS E METODOLOGIA DA PESQUISA JUR\u00cdDICA VOLUME 2: DIREITOS HUMANOS &amp; DIREITO DO CONSUMIDOR. 1. ed. Rio de Janeiro: Kindle Edition, 2019. v. 1. 1p .<\/p>\n\n\n\n<p><strong>2. <\/strong>ABREU, C. B. (Org.) ; PEIXINHO, M.M. (Org.) ; RANGEL, T.L.V. (Org.) ;&nbsp;<a rel=\"noreferrer noopener\" href=\"http:\/\/lattes.cnpq.br\/2519163473716513\" target=\"_blank\"><strong>SILVA, C. F. D. S. ou SANTOS E SILVA, Candido Francisco Duarte dos<\/strong><\/a>&nbsp;(Org.) ; MARTINS, P. L. (Org.) . RELAT\u00d3RIOS DE PESQUISA EM DIREITOS HUMANOS FUNDAMENTAIS VOLUME 2: DIREITOS HUMANOS E CONSUMIDOR. 1. ed. RIO DE JANEIRO: KINDLE EDITIONS, 2018. v. 1. 59p.<\/p>\n\n\n\n<ul class=\"wp-block-list\"><li><strong>Cap\u00edtulos de livros publicados<\/strong><\/li><\/ul>\n\n\n\n<p><strong>1. <\/strong><a href=\"http:\/\/lattes.cnpq.br\/2519163473716513\" target=\"_blank\" rel=\"noreferrer noopener\"><strong>SILVA, C. F. D. S. ou SANTOS E\nSILVA, Candido Francisco Duarte dos<\/strong><\/a>. \u00c9 POSS\u00cdVEL\nENTENDER AS REDES SOCIAIS COMO UMA NOVA ESFERA P\u00daBLICA? REFLEX\u00d5ES A PARTIR DO\nPENSAMENTO DE JURGEN HABERMAS. In: Cl\u00f3vis Ricardo Montenegro de Lima.. (Org.).\nANAIS XVI COL\u00d3QUIO HABERMAS E VII COL\u00d3QUIO DE FILOSOFIA DA INFORMA\u00c7\u00c3O ESFERA\nP\u00daBLICA EM TEMPOS DE INTERNET. 1ed.Rio de Janeiro: Salute, 2021, v. 1, p.\n63-78.<\/p>\n\n\n\n<p> <strong>2. <\/strong><a rel=\"noreferrer noopener\" href=\"http:\/\/lattes.cnpq.br\/2519163473716513\" target=\"_blank\"><strong>SILVA, C. F. D. S. ou SANTOS E SILVA, Candido Francisco Duarte dos<\/strong><\/a>. REFLEX\u00d5ES ACERCA DA MEDIA\u00c7\u00c3O JUDICIAL EM UMA PERSPECTIVA CONTRAFACTUAL ? O DI\u00c1LOGO COMO UM DOS GRANDES DESAFIOS DA MODERNIDADE. In: Adriano Moura da Fonseca Pinto, Humberto Dalla Bernardina de Pinho, M\u00e1rcia Michele Garcia Duarte, Nuria Belloso Mart\u00edn. (Org.). COLET\u00c2NEA ESTUDOS SOBRE MEDIA\u00c7\u00c3O NO BRASIL E NO EXTERIOR. 1ed.Santa Cruz do Sul: Essere Nel Mondo, 2020, v. 1, p. 121-134.<\/p>\n\n\n\n<p> <strong>3. <\/strong><a rel=\"noreferrer noopener\" href=\"http:\/\/lattes.cnpq.br\/2519163473716513\" target=\"_blank\"><strong>SILVA, C. F. D. S. ou SANTOS E SILVA, Candido Francisco Duarte dos<\/strong><\/a>. A Lei 13455\/2017 e seus impactos &#8211; Uma an\u00e1lise a partir do C\u00f3digo de Defesa do Consumidor. In: Bannwart, Clodomiro Jos\u00e9; Cenci, Elve Miguel; Bellinetti, Luiz Fernando. (Org.). \u00c9tica nos neg\u00f3cios Jur\u00eddicos. 1ed.Londrina\/PR: Engenho das Letras, 2020, v. 1, p. 75-102.<\/p>\n\n\n\n<p> <strong>4. <\/strong><a rel=\"noreferrer noopener\" href=\"http:\/\/lattes.cnpq.br\/2519163473716513\" target=\"_blank\"><strong>SILVA, C. F. D. S. ou SANTOS E SILVA, Candido Francisco Duarte dos<\/strong><\/a>; HANSEN, G. L. . OS DIREITOS \u00c0 INFORMA\u00c7\u00c3O E \u00c0 EDUCA\u00c7\u00c3O PARA O CONSUMO NO BRASIL: uma leitura cr\u00edtica do C\u00f3digo de Defesa do Consumidor. In: Monica, Eder Fernandes; Hansen, Gilvan Luiz; Bl\u00e1zquez, Guillermo Su\u00e1rez. (Org.). Libro de Art\u00edculos I Seminario Internacional sobre Democracia, Ciudadania y Estado de Derecho. 1ed.Ourense\/Esp: Universidad de Vigo &amp; Universidade Federal Fluminense, 2019, v. 1, p. 24-40.<\/p>\n\n\n\n<p> <strong>5. <\/strong><a rel=\"noreferrer noopener\" href=\"http:\/\/lattes.cnpq.br\/2519163473716513\" target=\"_blank\"><strong>SILVA, C. F. D. S. ou SANTOS E SILVA, Candido Francisco Duarte dos<\/strong><\/a>. O Princ\u00edpio da Colabora\u00e7\u00e3o Processual e a Media\u00e7\u00e3o Judicial: Coment\u00e1rios Jur\u00eddico-Filos\u00f3ficos. In: Cl\u00f3vis Ricardo Montene gro de Lima. (Org.). Anais do 12 \u00ba Col\u00f3quio Habermas e 3 \u00ba Col\u00f3quio de Filosofia da Informa\u00e7\u00e3o. 1ed.Rio de Janeiro: Salute, 2016, v. , p. 27-.<\/p>\n\n\n\n<p> <strong>6. <\/strong><a rel=\"noreferrer noopener\" href=\"http:\/\/lattes.cnpq.br\/2519163473716513\" target=\"_blank\"><strong>SILVA, C. F. D. S. ou SANTOS E SILVA, Candido Francisco Duarte dos<\/strong><\/a>; HANSEN, G. L. . Rela\u00e7\u00f5es de Consumo, Direitos do Consumidor e Solidariedade no Brasil sob Prisma Discursivo. In: Cl\u00f3vis Ricardo Montene gro de Lima. (Org.). Anais do 12 \u00ba Col\u00f3quio Habermas e 3 \u00ba Col\u00f3quio de Filosofia da Informa\u00e7\u00e3o. 1ed.RIo de Janeiro: Salute, 2016, v. , p. 42-.<\/p>\n\n\n\n<p><strong>7. <\/strong><a rel=\"noreferrer noopener\" href=\"http:\/\/lattes.cnpq.br\/2519163473716513\" target=\"_blank\"><strong>SILVA, C. F. D. S. ou SANTOS E SILVA, Candido Francisco Duarte dos<\/strong><\/a>; Carvalho, R. N. . A Media\u00e7\u00e3o de Conflitos no Novo C\u00f3digo de Processo Civil e na Pr\u00e1xis &#8211; uma An\u00e1lise Jur\u00eddico Discursiva &#8211; Um Estudo Emp\u00edrico da Comarca de Maca\u00e9\/RJ. In: Cl\u00f3vis Ricardo Montene gro de Lima. (Org.). Anais do 12 \u00ba Col\u00f3quio Habermas e 3 \u00ba Col\u00f3quio de Filosofia da Infor &#8211; ma\u00e7\u00e3o. 1ed.Rio de Janeiro: Salute, 2016, v. , p. 276-. <\/p>\n\n\n\n<hr class=\"wp-block-separator\" \/>\n\n\n\n<p class=\"has-text-color has-medium-font-size has-vivid-red-color\">       <strong> *    Dr\u00aa C\u00e9lia Barbosa Abreu<\/strong><\/p>\n\n\n\n<ul class=\"wp-block-list\"><li><strong>Artigos completos publicados em peri\u00f3dicos<\/strong><\/li><\/ul>\n\n\n\n<p> <strong>1. <\/strong><a rel=\"noreferrer noopener\" href=\"http:\/\/lattes.cnpq.br\/8015623070536170\" target=\"_blank\"><strong>ABREU, C\u00c9LIA BARBOSA<\/strong><\/a>; TIB\u00daRCIO, DALTON ROBERT . Oferta obrigat\u00c3\u00b3ria de planos de sa\u00c3\u00bade individuais e familiares: livre iniciativa e direito fundamental \u00c3&nbsp; boa regula\u00c3\u00a7\u00c3\u00a3o. REVISTA DE INVESTIGA\u00c7\u00d5ES CONSTITUCIONAIS, v. 5, p. 209, 2018.<\/p>\n\n\n\n<p> <strong>2. <\/strong><a rel=\"noreferrer noopener\" href=\"http:\/\/lattes.cnpq.br\/8015623070536170\" target=\"_blank\"><strong>BARBOSA ABREU, C\u00c9LIA<\/strong><\/a>; L\u00daCIA DE PAULA OLIVEIRA, MARIA . Os desafios da efetiva\u00e7\u00e3o dos direitos das pessoas com defici\u00eancia: meios institutucionais no plano internacional para a busca da autonomia e da isonomia. REVISTA INTERDISCIPLINAR DE DIREITO, v. 16, p. 95-122, 2018.<\/p>\n\n\n\n<p> <strong>3. <\/strong><a rel=\"noreferrer noopener\" href=\"http:\/\/lattes.cnpq.br\/8015623070536170\" target=\"_blank\">ABREU, C. B.<\/a>. A CURATELA SOB MEDIDA: NOTAS INTERDISCIPLINARES SOBRE O ESTATUTO DA PESSOA COM DEFICI\u00caNCIA E O NOVO CPC. AQUILA (RIO DE JANEIRO), v. 17, p. 34-46, 2017.<\/p>\n\n\n\n<p> <strong>4. <\/strong><a rel=\"noreferrer noopener\" href=\"http:\/\/lattes.cnpq.br\/8015623070536170\" target=\"_blank\">ABREU, C. B.<\/a>; BARBOZA, H. H. . Responsabilidade pela distan\u00e1sia na sa\u00fade privada. Revista Interdisciplinar da Faculdade de Direito de Valen\u00e7a, v. 15, p. 45-62, 2017.<\/p>\n\n\n\n<p> <strong>5. <\/strong><a rel=\"noreferrer noopener\" href=\"http:\/\/lattes.cnpq.br\/8015623070536170\" target=\"_blank\">ABREU, C. B.<\/a>; SOARES, I. D. ; BEMERGUY, I. M. C. . Concretizando os Direitos da pessoa com Defici\u00eancia a partir de uma responsabilidade Solid\u00e1ria e Multifacetada. REVISTA INTERDISCIPLINAR DE DIREITO, v. 15, p. 81-98, 2017.<\/p>\n\n\n\n<p><strong>6. <\/strong><a rel=\"noreferrer noopener\" href=\"http:\/\/lattes.cnpq.br\/8015623070536170\" target=\"_blank\">ABREU, C. B.<\/a>; BITTENCOURT, Fabr\u00edzia . O enfrentamento ao tr\u00e1fico de pessoas: avan\u00e7os e dificuldades no Brasil. PENSAR &#8211; REVISTA DE CI\u00caNCIAS JUR\u00cdDICAS, v. 21, p. 94-122, 2016.<\/p>\n\n\n\n<ul class=\"wp-block-list\"><li><strong>Livros publicados\/organizados ou edi\u00e7\u00f5es<\/strong><\/li><\/ul>\n\n\n\n<p><strong>1. <\/strong><a href=\"http:\/\/lattes.cnpq.br\/8015623070536170\" target=\"_blank\" rel=\"noreferrer noopener\">ABREU, C. B.<\/a>; PEIXINHO, M. M.\n(Org.) ; RANGEL, T. L. V. (Org.) . Direitos Humanos Fundamentais em Pauta &#8211; Vol\n1 &#8211; Tomo 1. 1. ed. Ourinhos\/SP: Edi\u00e7\u00f5es &amp; Publica\u00e7\u00f5es, 2021. v. 10. 99p .<\/p>\n\n\n\n<p> <strong>2. <\/strong><a rel=\"noreferrer noopener\" href=\"http:\/\/lattes.cnpq.br\/8015623070536170\" target=\"_blank\">ABREU, C. B.<\/a>; PEIXINHO, M. M. (Org.) ; RANGEL, T. L. V. (Org.) . Direitos Humanos Fundamentais em Pauta &#8211; Vol 1 &#8211; Tomo 2. 1. ed. Ourinhos\/SP: Edi\u00e7\u00f5es &amp; Publica\u00e7\u00f5es, 2021. v. 10. 123p .<\/p>\n\n\n\n<p> <strong>3. <\/strong><a rel=\"noreferrer noopener\" href=\"http:\/\/lattes.cnpq.br\/8015623070536170\" target=\"_blank\">ABREU, C. B.<\/a>; PEIXINHO, M. M. (Org.) ; RANGEL, T. L. V. (Org.) . Direitos Humanos Fundamentais em Pauta &#8211; Vol 1 &#8211; Tomo 3. 1. ed. Ourinhos\/SP: Edi\u00e7\u00f5es &amp; Publica\u00e7\u00f5es, 2021. v. 10. 126p .<\/p>\n\n\n\n<p> <strong>4. <\/strong><a rel=\"noreferrer noopener\" href=\"http:\/\/lattes.cnpq.br\/8015623070536170\" target=\"_blank\">ABREU, C. B.<\/a>; LEITE, F. C. (Org.) ; RANGEL, T. L. V. (Org.) . Direitos Humanos Fundamentais em Pauta &#8211; Vol 2 &#8211; Tomo 1. 1. ed. Ourinhos\/SP: Edi\u00e7\u00f5es &amp; Publica\u00e7\u00f5es, 2021. v. 10. 98p .<\/p>\n\n\n\n<p> <strong>5. <\/strong><a rel=\"noreferrer noopener\" href=\"http:\/\/lattes.cnpq.br\/8015623070536170\" target=\"_blank\">ABREU, C. B.<\/a>; LEITE, F. C. (Org.) ; RANGEL, T. L. V. (Org.) . Direitos Humanos Fundamentais em Pauta &#8211; Vol 2 &#8211; Tomo 2. 1. ed. Ourinhos\/SP: Edi\u00e7\u00f5es &amp; Publica\u00e7\u00f5es, 2021. v. 10. 133p .<\/p>\n\n\n\n<p> <strong>6. <\/strong><a rel=\"noreferrer noopener\" href=\"http:\/\/lattes.cnpq.br\/8015623070536170\" target=\"_blank\">ABREU, C. B.<\/a>; LEITE, F. C. (Org.) ; RANGEL, T. L. V. (Org.) . Direitos Humanos Fundamentais em Pauta &#8211; Vol 2 &#8211; Tomo 3. 1. ed. Ourinhos\/SP: Edi\u00e7\u00f5es &amp; Publica\u00e7\u00f5es, 2021. v. 10. 132p .<\/p>\n\n\n\n<p> <strong>7. <\/strong><a rel=\"noreferrer noopener\" href=\"http:\/\/lattes.cnpq.br\/8015623070536170\" target=\"_blank\">ABREU, C. B.<\/a>; KNOERR, V. C. S. (Org.) ; RANGEL, T. L. V. (Org.) . Direitos Humanos Fundamentais em Pauta &#8211; Vol 3 &#8211; Tomo 1. 1. ed. Ourinhos\/SP: Edi\u00e7\u00f5es &amp; Publica\u00e7\u00f5es, 2021. v. 10. 109p .<\/p>\n\n\n\n<p> <strong>8. <\/strong><a rel=\"noreferrer noopener\" href=\"http:\/\/lattes.cnpq.br\/8015623070536170\" target=\"_blank\">ABREU, C. B.<\/a>; KNOERR, V. C. S. (Org.) ; RANGEL, T. L. V. (Org.) . Direitos Humanos Fundamentais em Pauta &#8211; Vol 3 &#8211; Tomo 2. 1. ed. Ourinhos\/SP: Edi\u00e7\u00f5es &amp; Publica\u00e7\u00f5es, 2021. v. 10. 96p .<\/p>\n\n\n\n<p> <strong>9. <\/strong><a rel=\"noreferrer noopener\" href=\"http:\/\/lattes.cnpq.br\/8015623070536170\" target=\"_blank\">ABREU, C. B.<\/a>; KNOERR, V. C. S. (Org.) ; RANGEL, T. L. V. (Org.) . Direitos Humanos Fundamentais em Pauta &#8211; Vol 4. 1. ed. Ourinhos\/SP: Edi\u00e7\u00f5es &amp; Publica\u00e7\u00f5es, 2021. v. 10. 157p .<\/p>\n\n\n\n<p> <strong>10. <\/strong><a rel=\"noreferrer noopener\" href=\"http:\/\/lattes.cnpq.br\/8015623070536170\" target=\"_blank\">ABREU, C. B.<\/a>; KNOERR, V. C. S. (Org.) ; RANGEL, T. L. V. (Org.) . Direitos Humanos Fundamentais em Pauta &#8211; Vol 5. 1. ed. Ourinhos\/SP: Edi\u00e7\u00f5es &amp; Publica\u00e7\u00f5es, 2021. v. 10. 149p .<\/p>\n\n\n\n<p> <strong>11. <\/strong><a rel=\"noreferrer noopener\" href=\"http:\/\/lattes.cnpq.br\/8015623070536170\" target=\"_blank\">ABREU, C. B.<\/a>; PEIXINHO, M. M. (Org.) ; RANGEL, T. L. V. (Org.) . CRISE PAND\u00caMICA &amp; DIREITOS HUMANOS FUNDAMENTAIS VOLUME I: DIREITOS CIVIS E POL\u00cdTICOS (TOMO I). 1a. ed. Rio de Janeiro: Gramma Editora, 2020. v. 3. 145p .<\/p>\n\n\n\n<p> <strong>12. <\/strong><a rel=\"noreferrer noopener\" href=\"http:\/\/lattes.cnpq.br\/8015623070536170\" target=\"_blank\">ABREU, C. B.<\/a>; PEIXINHO, M. M. (Org.) ; RANGEL, T. L. V. (Org.) . CRISE PAND\u00caMICA &amp; DIREITOS HUMANOS FUNDAMENTAIS VOLUME I: DIREITOS CIVIS E POL\u00cdTICOS (TOMO II). 1a. ed. Rio de Janeiro: Gramma Editora, 2020. v. 3. 145p .<\/p>\n\n\n\n<p> <strong>13. <\/strong><a rel=\"noreferrer noopener\" href=\"http:\/\/lattes.cnpq.br\/8015623070536170\" target=\"_blank\">ABREU, C. B.<\/a>; PEIXINHO, M. M. (Org.) ; RANGEL, T. L. V. (Org.) . CRISE PAND\u00caMICA &amp; DIREITOS HUMANOS FUNDAMENTAIS VOLUME I: DIREITOS CIVIS E POL\u00cdTICOS (TOMO III). 1a. ed. Rio de Janeiro: Gramma Editora, 2020. v. 3. 164p .<\/p>\n\n\n\n<p> <strong>14. <\/strong><a rel=\"noreferrer noopener\" href=\"http:\/\/lattes.cnpq.br\/8015623070536170\" target=\"_blank\">ABREU, C. B.<\/a>; PEIXINHO, M. M. (Org.) ; RANGEL, T. L. V. (Org.) . CRISE PAND\u00caMICA &amp; DIREITOS HUMANOS FUNDAMENTAIS VOLUME II: DIREITOS SOCIAIS, ECON\u00d4MICOS E CULTURAIS. (TOMO I). 1a. ed. Rio de Janeiro: Gramma Editora, 2020. v. 4. 177p. <\/p>\n\n\n\n<p><strong>15. <\/strong><a href=\"http:\/\/lattes.cnpq.br\/8015623070536170\" target=\"_blank\" rel=\"noreferrer noopener\"><strong>ABREU, Celia Barbosa<\/strong><\/a>; PEIXINHO, M. M.\n(Org.) ; RANGEL, T. L. V. (Org.) . CRISE PAND\u00caMICA &amp; DIREITOS HUMANOS\nFUNDAMENTAIS VOLUME II: DIREITOS SOCIAIS, ECON\u00d4MICOS E CULTURAIS. (TOMO II).\n1a. ed. Rio de Janeiro: Gramma Editora, 2020. v. 4. 161p.<\/p>\n\n\n\n<p> <strong>16. <\/strong><a rel=\"noreferrer noopener\" href=\"http:\/\/lattes.cnpq.br\/8015623070536170\" target=\"_blank\">ABREU, C. B.<\/a>; PEIXINHO, M. M. (Org.) ; RANGEL, T. L. V. (Org.) . CRISE PAND\u00caMICA &amp; DIREITOS HUMANOS FUNDAMENTAIS VOLUME II: DIREITOS SOCIAIS, ECON\u00d4MICOS E CULTURAIS. (TOMO III). 1a. ed. Rio de Janeiro: Gramma Editora, 2020. v. 4. 173p .<\/p>\n\n\n\n<p> <strong>17. <\/strong><a rel=\"noreferrer noopener\" href=\"http:\/\/lattes.cnpq.br\/8015623070536170\" target=\"_blank\"><strong>ABREU, Celia Barbosa<\/strong><\/a>; LEITE, F. C. (Org.) ; RANGEL, T. L. V. (Org.) . CRISE PAND\u00caMICA &amp; DIREITOS HUMANOS FUNDAMENTAIS VOLUME II: DIREITOS SOCIAIS, ECON\u00d4MICOS E CULTURAIS. (TOMO IV). 1a. ed. Rio de Janeiro: Gramma Editora, 2020. v. 4. 174p .<\/p>\n\n\n\n<p> <strong>18. <\/strong><a rel=\"noreferrer noopener\" href=\"http:\/\/lattes.cnpq.br\/8015623070536170\" target=\"_blank\"><strong>ABREU, Celia Barbosa<\/strong><\/a>; LEITE, F. C. (Org.) ; RANGEL, T. L. V. (Org.) . CRISE PAND\u00caMICA &amp; DIREITOS HUMANOS FUNDAMENTAIS VOLUME III: DIREITOS SOLID\u00c1RIOS (TOMO I). 1a. ed. Rio de Janeiro: Gramma Editora, 2020. v. 2. 124p .<\/p>\n\n\n\n<p> <strong>19. <\/strong><a rel=\"noreferrer noopener\" href=\"http:\/\/lattes.cnpq.br\/8015623070536170\" target=\"_blank\"><strong>ABREU, Celia Barbosa<\/strong><\/a>; LEITE, F. C. (Org.) ; RANGEL, T. L. V. (Org.) . CRISE PAND\u00caMICA &amp; DIREITOS HUMANOS FUNDAMENTAIS VOLUME III: DIREITOS SOLID\u00c1RIOS (TOMO II). 1a. ed. Rio de Janeiro: Gramma Editora, 2020. v. 2. 123p .<\/p>\n\n\n\n<p><strong>20. <\/strong><a href=\"http:\/\/lattes.cnpq.br\/8015623070536170\" target=\"_blank\" rel=\"noreferrer noopener\"><strong>ABREU, Celia Barbosa<\/strong><\/a>; LEITE, F. C.\n(Org.) ; RANGEL, T. L. V. (Org.) . CRISE PAND\u00caMICA &amp; DIREITOS HUMANOS\nFUNDAMENTAIS VOLUME IV: DIREITO \u00c0 DEMOCRACIA, \u00c0 INFORMA\u00c7\u00c3O E AO PLURALISMO..\n1a. ed. Rio de Janeiro: Gramma Editora, 2020. v. 1. 180p .<\/p>\n\n\n\n<p> <strong>21. <\/strong><a rel=\"noreferrer noopener\" href=\"http:\/\/lattes.cnpq.br\/8015623070536170\" target=\"_blank\"><strong>ABREU, Celia Barbosa<\/strong><\/a>; LEITE, F. C. (Org.) ; RANGEL, T. L. V. (Org.) . CRISE PAND\u00caMICA &amp; DIREITOS HUMANOS FUNDAMENTAIS VOLUME V: DIREITO \u00c0 PAZ. 1a. ed. Rio de Janeiro: Gramma Editora, 2020. v. 1. 84p .<\/p>\n\n\n\n<p> <strong>22. <\/strong><a rel=\"noreferrer noopener\" href=\"http:\/\/lattes.cnpq.br\/8015623070536170\" target=\"_blank\"><strong>ABREU, Celia Barbosa<\/strong><\/a>; RANGEL, T. L. V. (Org.) . Anais do V Semin\u00e1rio Internacional sobre Direitos Humanos Fundamentais. 1a. ed. Rio de Janeiro: kindle Edition, 2020. v. 11. 707p .<\/p>\n\n\n\n<p> <strong>23. <\/strong><a rel=\"noreferrer noopener\" href=\"http:\/\/lattes.cnpq.br\/8015623070536170\" target=\"_blank\"><strong>ABREU, Celia Barbosa<\/strong><\/a>; RANGEL, T. L. V. (Org.) . Anais do VI Semin\u00e1rio Internacional sobre os Direitos Humanos Fundamentais. 1. ed. Kindle Edition: Rio de Janeiro, 2020. v. 5. 3059p .<\/p>\n\n\n\n<p> <strong>24. <\/strong>MARTINS, G. M. ; HOUAISS, L. P. Z. ; ABREU, C. B. . Estatuto da Pessoa com Defici\u00eancia: coment\u00e1rios \u00e0 Lei 13.146\/2015. 1a. ed. S\u00e3o Paulo: Editora Foco, 2019. v. 1. 384p .<\/p>\n\n\n\n<p> <strong>25. <\/strong>PEIXINHO, M. M. (Org.) ; RANGEL, T. L. V. (Org.) ; ABREU, C. B. (Org.) . Pesquisas em Direitos Humanos Fundamentais e Metodologia da Pesquisa Jur\u00eddica &#8211; Volume 1. 1. ed. Rio da Janeiro: Kindle Edition, 2019. v. 9. 34p .<\/p>\n\n\n\n<p> <strong>26. <\/strong><a rel=\"noreferrer noopener\" href=\"http:\/\/lattes.cnpq.br\/8015623070536170\" target=\"_blank\">ABREU, C. B.<\/a>; PEIXINHO, M. M. (Org.) ; RANGEL, T. L. V. (Org.) . Pesquisas em Direitos Humanos Fundamentais e Metodologia da Pesquisa Jur\u00eddica &#8211; Volume 2. 1. ed. Rio de Janeiro: kindle Edition, 2019. v. 9. 28p .<\/p>\n\n\n\n<p> <strong>27. <\/strong><a rel=\"noreferrer noopener\" href=\"http:\/\/lattes.cnpq.br\/8015623070536170\" target=\"_blank\">ABREU, C. B.<\/a>; PEIXINHO, M. M. (Org.) ; RANGEL, T. L. V. (Org.) . Pesquisas em Direitos Humanos Fundamentais e Metodologia da Pesquisa Jur\u00eddica &#8211; Volume 3. 1. ed. Rio de Janeiro: Kindle Edition, 2019. v. 9. 73p .<\/p>\n\n\n\n<p> <strong>28. <\/strong><a rel=\"noreferrer noopener\" href=\"http:\/\/lattes.cnpq.br\/8015623070536170\" target=\"_blank\">ABREU, C. B.<\/a>; PEIXINHO, M. M. (Org.) ; RANGEL, T. L. V. (Org.) . Pesquisas em Direitos Humanos Fundamentais e Metodologia da Pesquisa Jur\u00eddica &#8211; Volume 4. 1. ed. Rio de Janeiro: Kindle Edition, 2019. v. 9. 81p .<\/p>\n\n\n\n<p> <strong>29. <\/strong><a rel=\"noreferrer noopener\" href=\"http:\/\/lattes.cnpq.br\/8015623070536170\" target=\"_blank\">ABREU, C. B.<\/a>; PEIXINHO, M. M. (Org.) ; RANGEL, T. L. V. (Org.) . Pesquisas em Direitos Humanos Fundamentais e Metodologia da Pesquisa Jur\u00eddica &#8211; Volume 5. 1. ed. Rio de Janeiro: Kindle Edition, 2019. v. 9. 50p .<\/p>\n\n\n\n<p> <strong>30. <\/strong><a rel=\"noreferrer noopener\" href=\"http:\/\/lattes.cnpq.br\/8015623070536170\" target=\"_blank\">ABREU, C. B.<\/a>; LEITE, F. C. (Org.) ; RANGEL, T. L. V. (Org.) . Pesquisas em Direitos Humanos Fundamentais e Metodologia da Pesquisa Jur\u00eddica &#8211; Volume 6. 1. ed. Rio de Janeiro: Kindle Edition, 2019. v. 1. 75p .<\/p>\n\n\n\n<p> <strong>31. <\/strong><a rel=\"noreferrer noopener\" href=\"http:\/\/lattes.cnpq.br\/8015623070536170\" target=\"_blank\">ABREU, C. B.<\/a>; LEITE, F. C. (Org.) ; RANGEL, T. L. V. (Org.) . Pesquisas em Direitos Humanos Fundamentais e Metodologia da Pesquisa Jur\u00eddica &#8211; Volume 7 &#8211; Tomo 1. 1. ed. Rio de Janeiro: Kindle Edition, 2019. v. 9. 79p .<\/p>\n\n\n\n<p> <strong>32. <\/strong><a rel=\"noreferrer noopener\" href=\"http:\/\/lattes.cnpq.br\/8015623070536170\" target=\"_blank\">ABREU, C. B.<\/a>; LEITE, F. C. (Org.) ; RANGEL, T. L. V. (Org.) . Pesquisas em Direitos Humanos Fundamentais e Metodologia da Pesquisa Jur\u00eddica &#8211; Volume 7 &#8211; Tomo 2. 1. ed. Rio de Janeiro: Kindle Edition, 2019. v. 9. 126p .<\/p>\n\n\n\n<p> <strong>33. <\/strong><a rel=\"noreferrer noopener\" href=\"http:\/\/lattes.cnpq.br\/8015623070536170\" target=\"_blank\">ABREU, C. B.<\/a>; LEITE, F. C. (Org.) ; RANGEL, T. L. V. (Org.) . Pesquisas em Direitos Humanos Fundamentais e Metodologia da Pesquisa Jur\u00eddica &#8211; Volume 8. 1. ed. Rio de Janeiro: Kindle Edition, 2019. v. 9. 30p .<\/p>\n\n\n\n<p> <strong>34. <\/strong>BARBOZA, H. H. ; ALMEIDA, V. ; ABREU, C. B. . Coment\u00e1rios ao Estatuto da Pessoa com Defici\u00eancia \u00e0 luz da Constitui\u00e7\u00e3o da Rep\u00fablica. 1a. ed. Belo Horizonte: F\u00f3rum, 2018. v. 1. 459p .<\/p>\n\n\n\n<p> <strong>35. <\/strong><a rel=\"noreferrer noopener\" href=\"http:\/\/lattes.cnpq.br\/8015623070536170\" target=\"_blank\">ABREU, C. B.<\/a>; LEITE, F. C. (Org.) ; PEIXINHO, M. M. (Org.) . Temas de Direitos Humanos Volume I. 1a. ed. Rio de Janeiro: Lumen Juris, 2018. v. 2. 324p .<\/p>\n\n\n\n<p> <strong>36. <\/strong><a rel=\"noreferrer noopener\" href=\"http:\/\/lattes.cnpq.br\/8015623070536170\" target=\"_blank\">ABREU, C. B.<\/a>; LEITE, F. C. (Org.) ; PEIXINHO, M. M. (Org.) . Temas de Direitos Humanos Volume II. 1a. ed. Rio de Janeiro: Lumen Juris, 2018. v. 2. 328p .<\/p>\n\n\n\n<p> <strong>37. <\/strong><a rel=\"noreferrer noopener\" href=\"http:\/\/lattes.cnpq.br\/8015623070536170\" target=\"_blank\"><strong>ABREU, Celia Barbosa<\/strong><\/a>; PEIXINHO, M. M. (Org.) ; CUNHA, A. R. C. (Org.) . Diretrizes de Metodologia da Pesquisa Jur\u00eddica. 1a. ed. Rio de Janeiro: Lumen Juris, 2018. v. 1. 355p .<\/p>\n\n\n\n<p> <strong>38. <\/strong><a rel=\"noreferrer noopener\" href=\"http:\/\/lattes.cnpq.br\/8015623070536170\" target=\"_blank\"><strong>ABREU, C\u00c9LIA BARBOSA<\/strong><\/a>; PEIXINHO, M. M. (Org.) ; RANGEL, T. L. V. (Org.) . RELAT\u00d3RIOS DE PESQUISA EM DIREITOS HUMANOS FUNDAMENTAIS VOLUME 1: DIREITOS HUMANOS E EMPRESA. 1a. ed. , 2018. v. 1. 77p .<\/p>\n\n\n\n<p> <strong>39. <\/strong><a rel=\"noreferrer noopener\" href=\"http:\/\/lattes.cnpq.br\/8015623070536170\" target=\"_blank\"><strong>ABREU, C\u00c9LIA BARBOSA<\/strong><\/a>; PEIXINHO, M. M. (Org.) ; RANGEL, T. L. V. (Org.) . RELAT\u00d3RIOS DE PESQUISA EM DIREITOS HUMANOS FUNDAMENTAIS VOLUME 2: DIREITOS HUMANOS E CONSUMIDOR. 1a. ed. , 2018. v. 1. 59p .<\/p>\n\n\n\n<p> <strong>40. <\/strong><a rel=\"noreferrer noopener\" href=\"http:\/\/lattes.cnpq.br\/8015623070536170\" target=\"_blank\"><strong>ABREU, C\u00c9LIA BARBOSA<\/strong><\/a>; PEIXINHO, M. M. (Org.) ; RANGEL, T. L. V. (Org.) . RELAT\u00d3RIOS DE PESQUISA EM DIREITOS HUMANOS FUNDAMENTAIS VOLUME 3: DIREITOS HUMANOS E MEIOS ALTERNATIVOS DE SOLU\u00c7\u00c3O DE CONFLITOS. 1a. ed. , 2018. v. 1. 133p .<\/p>\n\n\n\n<p> <strong>41. <\/strong><a rel=\"noreferrer noopener\" href=\"http:\/\/lattes.cnpq.br\/8015623070536170\" target=\"_blank\"><strong>ABREU, C\u00c9LIA BARBOSA<\/strong><\/a>; PEIXINHO, M. M. (Org.) ; RANGEL, T. L. V. (Org.) . RELAT\u00d3RIOS DE PESQUISA EM DIREITOS HUMANOS FUNDAMENTAIS VOLUME 4: DIREITOS HUMANOS E FAM\u00cdLIAS CONTEMPOR\u00c2NEAS. 1a. ed. , 2018. v. 1. 69p .<\/p>\n\n\n\n<p> <strong>42. <\/strong><a rel=\"noreferrer noopener\" href=\"http:\/\/lattes.cnpq.br\/8015623070536170\" target=\"_blank\"><strong>ABREU, C\u00c9LIA BARBOSA<\/strong><\/a>; PEIXINHO, M. M. (Org.) ; RANGEL, T. L. V. (Org.) . RELAT\u00d3RIOS DE PESQUISA EM DIREITOS HUMANOS FUNDAMENTAIS VOLUME 5: FUTURO DA SEXUALIDADE E DIREITOS HUMANOS. 1a. ed. , 2018. v. 1. 64p .<\/p>\n\n\n\n<p> <strong>43. <\/strong><a rel=\"noreferrer noopener\" href=\"http:\/\/lattes.cnpq.br\/8015623070536170\" target=\"_blank\"><strong>ABREU, C\u00c9LIA BARBOSA<\/strong><\/a>; LEITE, F. C. (Org.) ; RANGEL, T. L. V. (Org.) . RELAT\u00d3RIOS DE PESQUISA EM DIREITOS HUMANOS FUNDAMENTAIS VOLUME 6: DIREITO DO TRABALHO E DIREITOS HUMANOS. 1a. ed. , 2018. v. 1. 107p .<\/p>\n\n\n\n<p> <strong>44. <\/strong><a rel=\"noreferrer noopener\" href=\"http:\/\/lattes.cnpq.br\/8015623070536170\" target=\"_blank\"><strong>ABREU, C\u00c9LIA BARBOSA<\/strong><\/a>; LEITE, F. C. (Org.) ; RANGEL, T. L. V. (Org.) . RELAT\u00d3RIOS DE PESQUISA EM DIREITOS HUMANOS FUNDAMENTAIS VOLUME 7: GRUPOS VULNER\u00c1VEIS E INCLUS\u00c3O SOCIAL TOMO 1. 1a. ed. , 2018. v. 1. 87p .<\/p>\n\n\n\n<p> <strong>45. <\/strong><a rel=\"noreferrer noopener\" href=\"http:\/\/lattes.cnpq.br\/8015623070536170\" target=\"_blank\"><strong>ABREU, C\u00c9LIA BARBOSA<\/strong><\/a>; LEITE, F. C. (Org.) ; RANGEL, T. L. V. (Org.) . RELAT\u00d3RIOS DE PESQUISA EM DIREITOS HUMANOS FUNDAMENTAIS VOLUME 7: GRUPOS VULNER\u00c1VEIS E INCLUS\u00c3O SOCIAL TOMO 2. 1a. ed. , 2018. v. 1. 55p .<\/p>\n\n\n\n<p> <strong>46. <\/strong><a rel=\"noreferrer noopener\" href=\"http:\/\/lattes.cnpq.br\/8015623070536170\" target=\"_blank\"><strong>ABREU, C\u00c9LIA BARBOSA<\/strong><\/a>; LEITE, F. C. (Org.) ; RANGEL, T. L. V. (Org.) . RELAT\u00d3RIOS DE PESQUISA EM DIREITOS HUMANOS FUNDAMENTAIS VOLUME 7: GRUPOS VULNER\u00c1VEIS E INCLUS\u00c3O SOCIAL TOMO 3. 1a. ed. , 2018. v. 1. 99p.<\/p>\n\n\n\n<p> <strong>47. <\/strong><a rel=\"noreferrer noopener\" href=\"http:\/\/lattes.cnpq.br\/8015623070536170\" target=\"_blank\">ABREU, C. B.<\/a>; RANGEL, T. L. V. (Org.) . Anais dos Doze Grupos de Trabalho do II Semin\u00e1rio Internacional sobre Direitos Humanos Fundamentais. 2a. ed. Niter\u00f3i: Editora PPGSD (PROGRAMA DE P\u00d3S-GRADUA\u00c7\u00c3O EM SOCIOLOGIA E DIREITO ? UNIVERSIDADE FEDERAL FLUMINENSE), 2017. v. (12 v). 1800p .<\/p>\n\n\n\n<p> <strong>48. <\/strong><a rel=\"noreferrer noopener\" href=\"http:\/\/lattes.cnpq.br\/8015623070536170\" target=\"_blank\">ABREU, C. B.<\/a>; LEITE, F. C. (Org.) ; PEIXINHO, M. M. (Org.) . Debates sobre Direitos Humanos Fundamentais &#8211; Vol. I. 1a. ed. Rio de Janeiro: Editora Gramma, 2017. v. 1. 388p .<\/p>\n\n\n\n<p> <strong>49. <\/strong><a rel=\"noreferrer noopener\" href=\"http:\/\/lattes.cnpq.br\/8015623070536170\" target=\"_blank\">ABREU, C. B.<\/a>; GASPARRI, P. P. C. (Org.) ; SILVA, T. F. D. (Org.) . Debates sobre Direitos Humanos Fundamentais &#8211; Vol. II. 1a. ed. Rio de Janeiro: Editora Gramma, 2017. v. 1. 380p .<\/p>\n\n\n\n<p> <strong>50. <\/strong><a rel=\"noreferrer noopener\" href=\"http:\/\/lattes.cnpq.br\/8015623070536170\" target=\"_blank\">ABREU, C. B.<\/a>; MENDONCA, A. A. (Org.) ; RANGEL, T. L. V. (Org.) . Debates sobre Direitos Humanos Fundamentais &#8211; Vol. III. 1a. ed. Rio de Janeiro: Editora Gramma, 2017. v. 1. 384p .<\/p>\n\n\n\n<p> <strong>51. <\/strong>PEIXINHO, M. M. (Org.) ; ABREU, C. B. (Org.) ; MADEIRA FILHO, W. (Org.) . Metodologia da Pesquisa Jur\u00eddica. 1a. ed. Rio de Janeiro: Editora Gramma, 2017. v. 1. 306p .<\/p>\n\n\n\n<p> <strong>52. <\/strong><a rel=\"noreferrer noopener\" href=\"http:\/\/lattes.cnpq.br\/8015623070536170\" target=\"_blank\">ABREU, C. B.<\/a>; MENDONCA, A. A. (Org.) ; RANGEL, T. L. V. (Org.) . Cadernos de Pesquisa em Direitos Humanos Fundamentais &#8211; Volume I. 1a. ed. Kindle Edition, 2016. v. 5. 73p .<\/p>\n\n\n\n<p> <strong>53. <\/strong><a rel=\"noreferrer noopener\" href=\"http:\/\/lattes.cnpq.br\/8015623070536170\" target=\"_blank\">ABREU, C. B.<\/a>; ORDACGY, F. F. P. B. (Org.) ; RANGEL, T. L. V. (Org.) . Cadernos de Pesquisa em Direitos Humanos Fundamentais &#8211; Volume 2. 1a. ed. Kindle Edition, 2016. v. 5. 66p .<\/p>\n\n\n\n<p> <strong>54. <\/strong><a rel=\"noreferrer noopener\" href=\"http:\/\/lattes.cnpq.br\/8015623070536170\" target=\"_blank\">ABREU, C. B.<\/a>; MARTINEZ, P. D. (Org.) ; RANGEL, T. L. V. (Org.) . Cadernos de Pesquisa em Direitos Humanos Fundamentais &#8211; Volume 3. 1a. ed. Kindle Edition, 2016. v. 5. 57p .<\/p>\n\n\n\n<p> <strong>55. <\/strong><a rel=\"noreferrer noopener\" href=\"http:\/\/lattes.cnpq.br\/8015623070536170\" target=\"_blank\">ABREU, C. B.<\/a>; GASPARRI, P. P. C. (Org.) ; RANGEL, T. L. V. (Org.) . Cadernos de Pesquisa em Direitos Humanos Fundamentais &#8211; Volume 4. 1a. ed. Kindle Edition, 2016. v. 5. 57p .<\/p>\n\n\n\n<p> <strong>56. <\/strong><a rel=\"noreferrer noopener\" href=\"http:\/\/lattes.cnpq.br\/8015623070536170\" target=\"_blank\">ABREU, C. B.<\/a>; AZEREDO, S. (Org.) ; RANGEL, T. L. V. (Org.) . Cadernos de Pesquisa em Direitos Humanos Fundamentais &#8211; Volume 5. 1a. ed. Kindle Edition, 2016. v. 5. 73p .<\/p>\n\n\n\n<p> <strong>57. <\/strong><a rel=\"noreferrer noopener\" href=\"http:\/\/lattes.cnpq.br\/8015623070536170\" target=\"_blank\">ABREU, C. B.<\/a>; MORAES, G. P. (Org.) ; MADEIRA FILHO, W. (Org.) . Di\u00e1logos sobre Direitos Humanos Fundamentais &#8211; Volume 1. 1a. ed. Lumen Juris, 2016. v. 3. 328p .<\/p>\n\n\n\n<p> <strong>58. <\/strong><a rel=\"noreferrer noopener\" href=\"http:\/\/lattes.cnpq.br\/8015623070536170\" target=\"_blank\">ABREU, C. B.<\/a>; IORIO FILHO, R. M. (Org.) ; MADEIRA FILHO, W. (Org.) . Di\u00e1logos sobre Direitos Humanos Fundamentais &#8211; Volume 2. 1a. ed. Lumen Juris, 2016. v. 3. 360p .<\/p>\n\n\n\n<p> <strong>59. <\/strong><a rel=\"noreferrer noopener\" href=\"http:\/\/lattes.cnpq.br\/8015623070536170\" target=\"_blank\">ABREU, C. B.<\/a>; PEIXINHO, M. M. (Org.) ; MADEIRA FILHO, W. (Org.) . Di\u00e1logos sobre Direitos Humanos Fundamentais &#8211; Volume 3. 1a. ed. Lumen Juris: Rio de Janeiro, 2016. v. 3. 330p .<\/p>\n\n\n\n<p> <strong>60. <\/strong><a rel=\"noreferrer noopener\" href=\"http:\/\/lattes.cnpq.br\/8015623070536170\" target=\"_blank\">ABREU, C. B.<\/a>; PEIXINHO, M. M. (Org.) ; RANGEL, T. L. V. (Org.) . Estudos de Metodologia da Pesquisa Jur\u00eddica Volume 01. 1a. ed. Kindle Edition, 2016. v. 02. 110p .<\/p>\n\n\n\n<p> <strong>61. <\/strong><a rel=\"noreferrer noopener\" href=\"http:\/\/lattes.cnpq.br\/8015623070536170\" target=\"_blank\">ABREU, C. B.<\/a>; PEIXINHO, M. M. (Org.) ; RANGEL, T. L. V. (Org.) . Estudos de Metodologia da Pesquisa Jur\u00eddica Volume 02. 1a. ed. Kindle Edition, 2016. v. O2. 75p .<\/p>\n\n\n\n<p> <strong>62. <\/strong><a rel=\"noreferrer noopener\" href=\"http:\/\/lattes.cnpq.br\/8015623070536170\" target=\"_blank\">ABREU, C. B.<\/a>; PEIXINHO, M. M. (Org.) ; RANGEL, T. L. V. (Org.) . Escritos Menores sobre Direitos Fundamentais &#8211; Volume 1 -. 1a. ed. Niter\u00f3i: PPGSD, 2016. v. 1. 100p .<\/p>\n\n\n\n<p> <strong>63. <\/strong><a rel=\"noreferrer noopener\" href=\"http:\/\/lattes.cnpq.br\/8015623070536170\" target=\"_blank\">ABREU, C. B.<\/a>; PEIXINHO, M. M. (Org.) ; RANGEL, T. L. V. (Org.) . Escritos Menores sobre Direitos Fundamentais &#8211; Volume 2 -. 1a. ed. Niter\u00f3i: PPGSD, 2016. v. 1. 100p .<\/p>\n\n\n\n<p> <strong>64. <\/strong><a rel=\"noreferrer noopener\" href=\"http:\/\/lattes.cnpq.br\/8015623070536170\" target=\"_blank\">ABREU, C. B.<\/a>; PEIXINHO, M. M. (Org.) ; RANGEL, T. L. V. (Org.) . Escritos Menores sobre Direitos Fundamentais &#8211; Volume 3 -. 1a. ed. Niter\u00f3i: PPGSD, 2016. v. 1. 100p .<\/p>\n\n\n\n<p> <strong>65. <\/strong><a rel=\"noreferrer noopener\" href=\"http:\/\/lattes.cnpq.br\/8015623070536170\" target=\"_blank\">ABREU, C. B.<\/a>; PEIXINHO, M. M. (Org.) ; RANGEL, T. L. V. (Org.) . Escritos Menores sobre Direitos Fundamentais &#8211; Volume 4 -. 1a. ed. Niter\u00f3i: PPGSD, 2016. v. 1. 100p .<\/p>\n\n\n\n<p> <strong>66. <\/strong><a rel=\"noreferrer noopener\" href=\"http:\/\/lattes.cnpq.br\/8015623070536170\" target=\"_blank\">ABREU, C. B.<\/a>; PEIXINHO, M. M. (Org.) ; RANGEL, T. L. V. (Org.) . Escritos Menores sobre Direitos Fundamentais &#8211; Volume 5 -. 1a. ed. Niter\u00f3i: PPGSD, 2016. v. 1. 100p .<\/p>\n\n\n\n<p> <strong>67. <\/strong><a rel=\"noreferrer noopener\" href=\"http:\/\/lattes.cnpq.br\/8015623070536170\" target=\"_blank\">ABREU, C. B.<\/a>; PEIXINHO, M. M. (Org.) ; RANGEL, T. L. V. (Org.) . Escritos Menores sobre Direitos Fundamentais &#8211; Volume 6 -. 1a. ed. Niter\u00f3i: PPGSD, 2016. v. 1. 100p .<\/p>\n\n\n\n<p> <strong>68. <\/strong><a rel=\"noreferrer noopener\" href=\"http:\/\/lattes.cnpq.br\/8015623070536170\" target=\"_blank\">ABREU, C. B.<\/a>; LEITE, F. C. (Org.) ; RANGEL, T. L. V. (Org.) . Escritos Menores sobre Direitos Fundamentais &#8211; Volume 7 -. 1a. ed. Niter\u00f3i: PPGSD, 2016. v. 1. 100p .<\/p>\n\n\n\n<p> <strong>69. <\/strong><a rel=\"noreferrer noopener\" href=\"http:\/\/lattes.cnpq.br\/8015623070536170\" target=\"_blank\">ABREU, C. B.<\/a>; LEITE, F. C. (Org.) ; RANGEL, T. L. V. (Org.) . Escritos Menores sobre Direitos Fundamentais &#8211; Volume 8 -. 1a. ed. Niter\u00f3i: PPGSD, 2016. v. 1. 100p .<\/p>\n\n\n\n<p> <strong>70. <\/strong><a rel=\"noreferrer noopener\" href=\"http:\/\/lattes.cnpq.br\/8015623070536170\" target=\"_blank\">ABREU, C. B.<\/a>; LEITE, F. C. (Org.) ; RANGEL, T. L. V. (Org.) . Escritos Menores sobre Direitos Fundamentais &#8211; Volume 9 -. 1a. ed. Niter\u00f3i: PPGSD, 2016. v. 1. 100p .<\/p>\n\n\n\n<p> <strong>71. <\/strong><a rel=\"noreferrer noopener\" href=\"http:\/\/lattes.cnpq.br\/8015623070536170\" target=\"_blank\">ABREU, C. B.<\/a>; LEITE, F. C. (Org.) ; RANGEL, T. L. V. (Org.) . Escritos Menores sobre Direitos Fundamentais &#8211; Volume 10 -. 1a. ed. Niter\u00f3i: PPGSD, 2016. v. 1. 100p .<\/p>\n\n\n\n<p> <strong>72. <\/strong><a rel=\"noreferrer noopener\" href=\"http:\/\/lattes.cnpq.br\/8015623070536170\" target=\"_blank\">ABREU, C. B.<\/a>; LEITE, F. C. (Org.) ; RANGEL, T. L. V. (Org.) . Escritos Menores sobre Direitos Fundamentais &#8211; Volume 11 -. 1a. ed. Niter\u00f3i: PPGSD, 2016. v. 1. 100p .<\/p>\n\n\n\n<p> <strong>73. <\/strong><a rel=\"noreferrer noopener\" href=\"http:\/\/lattes.cnpq.br\/8015623070536170\" target=\"_blank\">ABREU, C. B.<\/a>; LEITE, F. C. (Org.) ; RANGEL, T. L. V. (Org.) . Escritos Menores sobre Direitos Fundamentais &#8211; Volume 12 -. 1a. ed. Niter\u00f3i: PPGSD, 2016. v. 1. 100p .<\/p>\n\n\n\n<p> <strong>74. <\/strong><a rel=\"noreferrer noopener\" href=\"http:\/\/lattes.cnpq.br\/8015623070536170\" target=\"_blank\">ABREU, C. B.<\/a>; GASPARRI, P. P. C. (Org.) ; RANGEL, T. L. V. (Org.) . Anais dos Cinco Grupos de Trabalho do I Semin\u00e1rio Internacional sobre Direitos Humanos Fundamentais. 1. ed. Niter\u00f3i: Editora PPGSD (PROGRAMA DE P\u00d3S-GRADUA\u00c7\u00c3O EM SOCIOLOGIA E DIREITO ? UNIVERSIDADE FEDERAL FLUMINENSE), 2016. v. 5 vol. 920p .<\/p>\n\n\n\n<ul class=\"wp-block-list\"><li><strong>Cap\u00edtulos de livros publicados<\/strong><\/li><\/ul>\n\n\n\n<p><strong>1. <\/strong><a href=\"http:\/\/lattes.cnpq.br\/8015623070536170\" target=\"_blank\" rel=\"noreferrer noopener\"><strong>ABREU, Celia Barbosa<\/strong><\/a>; ORDACGY, F. F. P. B. . AN\u00c1LISE DA\nGEST\u00c3O DO PROGRAMA DE ARRENDAMENTO RESIDENCIAL \u00c0 LUZ DO DIREITO \u00c0 MORADIA.\nIn: C\u00f4rrea, Cl\u00e1udia Franco; Valim, Morgana. (Org.). Direito Privado, Tutela\nEstatal e Constitui\u00e7\u00e3o. 1ed.Rio de Janeiro: UVA, 2021, v. 1, p. 175-194.<\/p>\n\n\n\n<p> <strong>2. <\/strong><a rel=\"noreferrer noopener\" href=\"http:\/\/lattes.cnpq.br\/8015623070536170\" target=\"_blank\">ABREU, C. B.<\/a>; ORDACGY, F. F. P. B. . Reflex\u00f5es sobre o fornecimento de medicamento de alto custo pelo SUS na jurisprud\u00eancia dos Tribunais Superiores. In: ABREU, C\u00e9lia B; LEITE, F\u00e1bio C.; VERDAN, Tau\u00e3 L. R.. (Org.). Direitos Humanos Fundamentais em Pauta &#8211; Vol 2 &#8211; Tomo 1. 1ed.: , 2021, v. 2, p. 76-81.<\/p>\n\n\n\n<p> <strong>3. <\/strong><a rel=\"noreferrer noopener\" href=\"http:\/\/lattes.cnpq.br\/8015623070536170\" target=\"_blank\">ABREU, C. B.<\/a>; COSTA, A. S. . O exerc\u00edcio da autoridade parental no contexto da pandemia da Covid-19. In: ABREU, C\u00e9lia B; LEITE, F\u00e1bio C.; VERDAN, Tau\u00e3 L. R.. (Org.). Direitos Humanos Fundamentais em Pauta &#8211; Vol 2 &#8211; Tomo 1. 1ed.Ourinhos\/SP: Edi\u00e7\u00f5es &amp; Publica\u00e7\u00f5es, 2021, v. 2, p. 63-69.<\/p>\n\n\n\n<p> <strong>4. <\/strong><a rel=\"noreferrer noopener\" href=\"http:\/\/lattes.cnpq.br\/8015623070536170\" target=\"_blank\">ABREU, C. B.<\/a>; COSTA, A. S. . A Covid-19 e o cuidado com a pessoa com defici\u00eancia. In: ABREU, C\u00e9lia B; LEITE, KNOERR, Viviane C. S..; VERDAN, Tau\u00e3 L. R.. (Org.). Direitos Humanos Fundamentais em Pauta &#8211; Vol 3 &#8211; Tomo 1. 1ed.Ourinhos\/SP: Edi\u00e7\u00f5es &amp; Publica\u00e7\u00f5es, 2021, v. 3, p. 15-20.<\/p>\n\n\n\n<p> <strong>5. <\/strong><a rel=\"noreferrer noopener\" href=\"http:\/\/lattes.cnpq.br\/8015623070536170\" target=\"_blank\">ABREU, C. B.<\/a>. A Cidadania Planet\u00e1ria e a Fraternidade no Cen\u00e1rio da Pandemia. In: FERN\u00c1NDEZ \u00c1LVAREZ, Ant\u00f3n Lois; HANSEN, Gilvan Luiz; SU\u00c1REZ BL\u00c1ZQUEZ, Guillermo. (Org.). Ciudadan\u00eda en una Perspectiva Global. 1aed.Madrid: Editorial Dykinson, 2021, v. 1, p. 207-232.<\/p>\n\n\n\n<p> <strong>6. <\/strong><a rel=\"noreferrer noopener\" href=\"http:\/\/lattes.cnpq.br\/8015623070536170\" target=\"_blank\">ABREU, C. B.<\/a>. A DEMOCRACIA E A DISTOR\u00c7\u00c3O COMUNICACIONAL. In: FERNANDES MONICA, Eder; HANSEN, Gilvan Luiz; SU\u00c1REZ BL\u00c1ZQUEZ, Guillermo. (Org.). DEMOCRACIA, TOTALITARISMO Y GESTI\u00d3N INSTITUCIONAL: LECTURAS TRANSVERSALES. 1aed.Madrid: Editorial Dykinson, 2021, v. 1, p. 80-94.<\/p>\n\n\n\n<p> <strong>7. <\/strong><a rel=\"noreferrer noopener\" href=\"http:\/\/lattes.cnpq.br\/8015623070536170\" target=\"_blank\"><strong>ABREU, C\u00c9LIA BARBOSA<\/strong><\/a>; GASPARRI, P. P. . Viver como penso e pensar como vivo. In: Lauand, Jean; Caetano, Jo\u00e3o Relv\u00e3o. (Org.). Pensar, Ensinar e Fazer Justi\u00e7a &#8211; Estudos em homenagem a Paulo Ferreira da Cunha Vol. 2. 1aed.Santo Andr\u00e9: Kapenke, 2020, v. 2, p. 71-76.<\/p>\n\n\n\n<p> <strong>8. <\/strong><a rel=\"noreferrer noopener\" href=\"http:\/\/lattes.cnpq.br\/8015623070536170\" target=\"_blank\"><strong>ABREU, Celia Barbosa<\/strong><\/a>; GASPARRI, P. P. C. . Reflexos da pandemia sobre os contratos de transporte a\u00e9reo internacionais. In: ABREU, C\u00e9lia Barbosa; PEIXINHO, Manoel Messias; RANGEL, Tau\u00e3 Lima Verdan. (Org.). Crise Pand\u00eamica &amp; Direitos Humanos Fundamentais Grupo de Trabalho II: Direitos Sociais, Econ\u00f4micos &amp; Culturais. Tomo I. 1aed.Rio de Janeiro: Gramma Editora, 2020, v. I, p. 88-93.<\/p>\n\n\n\n<p> <strong>9. <\/strong><a rel=\"noreferrer noopener\" href=\"http:\/\/lattes.cnpq.br\/8015623070536170\" target=\"_blank\">ABREU, C. B.<\/a>; SILVA, J. P. S. S. ; COSTA, A. S. . Os desafios da educa\u00e7\u00e3o em tempos de pandemia. In: ABREU, C\u00e9lia Barbosa; PEIXINHO, Manoel Messias; RANGEL, Tau\u00e3 Lima Verdan. (Org.). Crise Pand\u00eamica &amp; Direitos Humanos Fundamentais Grupo de Trabalho II: Direitos Sociais, Econ\u00f4micos &amp; Culturais. Tomo I. 1aed.Rio de Janeiro: Gramma Editora, 2020, v. I, p. 118-123.<\/p>\n\n\n\n<p> <strong>10. <\/strong><a rel=\"noreferrer noopener\" href=\"http:\/\/lattes.cnpq.br\/8015623070536170\" target=\"_blank\">ABREU, C. B.<\/a>; COSTA, A. S. ; SILVA, J. P. S. S. . Breves reflex\u00f5es sobre os efeitos da pandemia nas rela\u00e7\u00f5es contratuais de loca\u00e7\u00e3o. In: ABREU, C\u00e9lia Barbosa; PEIXINHO, Manoel Messias; RANGEL, Tau\u00e3 Lima Verdan. (Org.). Crise Pand\u00eamica &amp; Direitos Humanos Fundamentais Grupo de Trabalho II: Direitos Sociais, Econ\u00f4micos &amp; Culturais. Tomo I. 1aed.Rio de Janeiro: Gramma Editora, 2020, v. I, p. 162-166.<\/p>\n\n\n\n<p> <strong>11. <\/strong>COSTA, A. S. ;&nbsp;<strong>ABREU, Celia Barbosa<\/strong>&nbsp;. Acessibilidade do Consumidor com Defici\u00eancia na Sociedade Brasileira Contempor\u00e2nea. In: CARLI, Ana Alice de; CASTRO, Carla Appollinario de. (Org.). 30 anos do C\u00f3digo de Defesa do Consumidor Brasileiro: conquistas e desafios na atualidade. 1aed.Rio de Janeiro: \u00c1gora 1, 2020, v. , p. 423-446.<\/p>\n\n\n\n<p> <strong>12. <\/strong>COSTA, A. S. ;&nbsp;<strong>ABREU, Celia Barbosa<\/strong>&nbsp;. Acessibilidades das Pessoas com Defici\u00eancia nas Cidades &amp; o Papel do Estado. In: MAGALH\u00c3ES, Alex Ferreira; CORRR\u00caA, Cl\u00e1udia Franco; VALIM, Morgana Paiva; RASGA, Mariana de Freitas.. (Org.). Cidades: dilemas, desafios e perspectivas. 1aed.Rio de Janeiro: UVA, 2020, v. 1, p. 87-110.<\/p>\n\n\n\n<p> <strong>13. <\/strong>LIRA, J. A. ;&nbsp;<strong>ABREU, Celia Barbosa<\/strong>&nbsp;. O contexto brasileiro dos programas de transfer\u00eancia de renda condicionada: uma revis\u00e3o do panorama e do Programa Bolsa Fam\u00edlia. In: FERN\u00c1NDEZ \u00c1LVAREZ, Ant\u00f3n Lois; HANSEN, Gilvan Luiz. (Org.). Instituciones, empresa y desarrollo humano. Madrid:. 1ed.Madrid: Editorial Dykinson,, 2020, v. 1, p. 141-154.<\/p>\n\n\n\n<p> <strong>14. <\/strong><a rel=\"noreferrer noopener\" href=\"http:\/\/lattes.cnpq.br\/8015623070536170\" target=\"_blank\"><strong>BARBOSA ABREU, C\u00c9LIA<\/strong><\/a>; ARAKAKI, F. F. S. ; ANTUNES, R. M. M. E. S. . Superendividamento: entre a pr\u00e1xis e a garantia da dignidade da pessoa humana. In: Pl\u00ednio Lacerda Martins; Edson Alvisi Neves; Andr\u00e9 Hacl Castro; Paula Cristiane Pinto Ramada; Dones Manoel Nunes da Silva.. (Org.). Direito do Consumidor na Modernidade. 1ed.Niter\u00f3i: UFF, 2019, v. 1, p. 49-.<\/p>\n\n\n\n<p> <strong>15. <\/strong>COSTA, A. S. ;&nbsp;<strong>ABREU, Celia Barbosa<\/strong>&nbsp;. A tutela do consumidor superendividado. In: Pl\u00ednio Lacerda Martins; Edson Alvisi Neves; Andr\u00e9 Hacl Castro; Paula Cristiane Pinto Ramada; Dones Manoel Nunes da Silva.. (Org.). Direito do Consumidor na Modernidade. 1ed.Niter\u00f3i: UFF, 2019, v. 1, p. 68-.<\/p>\n\n\n\n<p> <strong>16. <\/strong><a rel=\"noreferrer noopener\" href=\"http:\/\/lattes.cnpq.br\/8015623070536170\" target=\"_blank\"><strong>BARBOSA ABREU, C\u00c9LIA<\/strong><\/a>; LIRA, J. A. . Superendividamento e direitos do consumidor: pensando propostas para pol\u00edticas p\u00fablicas. In: Pl\u00ednio Lacerda Martins; Edson Alvisi Neves; Andr\u00e9 Hacl Castro; Paula Cristiane Pinto Ramada; Dones Manoel Nunes da Silva.. (Org.). Direito do Consumidor na Modernidade. 1ed.Niter\u00f3i: UFF, 2019, v. 1, p. 79-.<\/p>\n\n\n\n<p> <strong>17. <\/strong><a rel=\"noreferrer noopener\" href=\"http:\/\/lattes.cnpq.br\/8015623070536170\" target=\"_blank\">ABREU, C. B.<\/a>; AMARAL, T. ; FIGUEIREDO, T. V. . A interna\u00e7\u00e3o involunt\u00e1ria do morador de rua usu\u00e1rio ou dependente de drogas. In: ABREU, C.B; LEITE, F.C; VERDAN, T. L.. (Org.). Pesquisas em Direitos Humanos Fundamentais e Metodologia da Pesquisa Jur\u00eddica &#8211; Volume 7 &#8211; Tomo I. 1ed.Rio de Janeiro: Kindle Edition, 2019, v. 7, p. 9-14.<\/p>\n\n\n\n<p> <strong>18. <\/strong><a rel=\"noreferrer noopener\" href=\"http:\/\/lattes.cnpq.br\/8015623070536170\" target=\"_blank\">ABREU, C. B.<\/a>; COSTA, A. S. . A autonomia da pessoa com defici\u00eancia mental ou intelectual nas situa\u00e7\u00f5es jur\u00eddicas patrimoniais familiares. In: ABREU, C.B; PEIXINHO, M. M; VERDAN, T. L.. (Org.). Pesquisas em Direitos Humanos Fundamentais e Metodologia da Pesquisa Jur\u00eddica &#8211; Volume 4. 1ed.Rio de Janeiro: Kindle Edition, 2019, v. 4, p. 19-21.<\/p>\n\n\n\n<p> <strong>19. <\/strong><a rel=\"noreferrer noopener\" href=\"http:\/\/lattes.cnpq.br\/8015623070536170\" target=\"_blank\">ABREU, C. B.<\/a>; ARAKAKI, F. F. S. ; ANTUNES, R. M. M. E. S. . A PESSOA COM DEFICI\u00caNCIA QUANDO V\u00cdTIMA DO CRIME DE ESTUPRO DE VULNER\u00c1VEL. In: Gilvan Luiz Hansen; Edson Alvisi Neves; Ant\u00f3n Lois Fern\u00e1ndez \u00c1lvarez.. (Org.). Breves escritos sobre \u00e9tica, justi\u00e7a e institui\u00e7\u00f5es.. 1ed.NITER\u00d3I: Pr\u00f3-Reitoria de Pesquisa, P\u00f3s-Gradua\u00e7\u00e3o e Inova\u00e7\u00e3o, 2019, v. 2, p. 266-268.<\/p>\n\n\n\n<p> <strong>20. <\/strong><a rel=\"noreferrer noopener\" href=\"http:\/\/lattes.cnpq.br\/8015623070536170\" target=\"_blank\">ABREU, C. B.<\/a>; COSTA, A. S. ; LIMA, J. S. . RESPONSABILIDADE CIVIL DO ESTADO DIANTE DA MISTAN\u00c1SIA. In: Gilvan Luiz Hansen; Edson Alvisi Neves; Ant\u00f3n Lois Fern\u00e1ndez \u00c1lvarez. (Org.). Breves Escritos sobre \u00c9tica, Justi\u00e7a e Institui\u00e7\u00f5es. 1ed.Niter\u00f3i: Pr\u00f3-Reitoria de Pesquisa, P\u00f3s-Gradua\u00e7\u00e3o e Inova\u00e7\u00e3o, 2019, v. 2, p. 289-290.<\/p>\n\n\n\n<p> <strong>21. <\/strong>LIRA, J. A. ; ABREU, C. B. . REFLEX\u00d5ES SOBRE A PESSOA SURDA E O TRATAMENTO DIGNO NAS RELA\u00c7\u00d5ES DE CONSUMO: A (IN)EFIC\u00c1CIA DA OFICIALIZA\u00c7\u00c3O DA L\u00cdNGUA BRASILEIRA DE SINAIS.. In: Edson Alvisi Neves; Pl\u00ednio Lacerda Martins; Paula Cristiane Pinto Ramada; Dones Manoel de Freitas Nunes da Silva. (Org.). Anais das Jornadas de Direito do Consumidor. 1ed.: , 2018, v. , p. 79-81.<\/p>\n\n\n\n<p> <strong>22. <\/strong><a rel=\"noreferrer noopener\" href=\"http:\/\/lattes.cnpq.br\/8015623070536170\" target=\"_blank\"><strong>ABREU, Celia Barbosa<\/strong><\/a>; LIRA, J. A. . Digress\u00f5es sobre o Sistema de Prefer\u00eancias no Atendimento Priorit\u00e1rio da Pessoa com Defici\u00eancia. In: ABREU, C\u00e9lia Barbosa; LEITE, F\u00e1bio Carvalho; PEIXINHO, Manoel Messias. (Org.). Temas de Direitos Humanos Volume I. 1aed.Rio de Janeiro: Lumen Juris, 2018, v. 1, p. 127-142.<\/p>\n\n\n\n<p> <strong>23. <\/strong><a rel=\"noreferrer noopener\" href=\"http:\/\/lattes.cnpq.br\/8015623070536170\" target=\"_blank\"><strong>ABREU, C\u00c9LIA BARBOSA<\/strong><\/a>; SOARES, I. D. ; BEMERGUY, I. M. C. . Concretizando os Direitos da Pessoa com Defici\u00eancia a Partir de uma Responsabilidade Solid\u00e1ria e Multifacetada. In: PEIXINHO, Manoel Messias; ABREU, C\u00e9lia Barbosa; CUNHA, Antonio Renato Cardoso da. (Org.). Diretrizes de Metodologia da Pesquisa Jur\u00eddica. 1aed.Rio de Janeiro: Lumen Juris, 2018, v. 1, p. 17-40.<\/p>\n\n\n\n<p> <strong>24. <\/strong><a rel=\"noreferrer noopener\" href=\"http:\/\/lattes.cnpq.br\/8015623070536170\" target=\"_blank\"><strong>ABREU, C\u00c9LIA BARBOSA<\/strong><\/a>; SOARES, I. D. ; BORGES, C. G. B. . OS DIREITOS DA PESSOA COM DEFICI\u00caNCIA NO PODER JUDICI\u00c1RIO: (AINDA) SOBRE DISCRIMINA\u00c7\u00c3O. In: Abreu, C\u00e9lia Barbosa;Leite, F\u00e1bio Carvalho; Rangel, Tau\u00e3 Lima Verdan. (Org.). Relat\u00f3rios de Pesquisa de Direitos Humanos Fundamentais Volume VII: Grupos Vulner\u00e1veis e Inclus\u00e3o Social. 1Aed.: Kindle Edition, 2018, v. VII, p. 9-14.<\/p>\n\n\n\n<p> <strong>25. <\/strong><a rel=\"noreferrer noopener\" href=\"http:\/\/lattes.cnpq.br\/8015623070536170\" target=\"_blank\">ABREU, C. B.<\/a>; BEMERGUY, I. M. C. . A responsabilidade solid\u00e1ria &amp; multifacetada diante das pessoas com defici\u00eancia. In: C\u00e9lia Barbosa Abreu; F\u00e1bio Carvalho Leite; Manoel Messias Peixinho. (Org.). Debates sobre Direitos Humanos Fundamentais &#8211; Vol. I. 1aed.Rio de Janeiro: Editora Gramma, 2017, v. I, p. 77-102.<\/p>\n\n\n\n<p> <strong>26. <\/strong><a rel=\"noreferrer noopener\" href=\"http:\/\/lattes.cnpq.br\/8015623070536170\" target=\"_blank\">ABREU, C. B.<\/a>; LEITE, F. C. ; PEIXINHO, M. M. . Apresenta\u00e7\u00e3o. In: C\u00e9lia Barbosa Abreu; F\u00e1bio Carvalho Leite; Manoel Messias Peixinho. (Org.). Debates sobre Direitos Humanos Fundamentais &#8211; Vol. I. 1aed.Rio de Janeiro: Editora Grammai, 2017, v. I, p. 13-16.<\/p>\n\n\n\n<p> <strong>27. <\/strong><a rel=\"noreferrer noopener\" href=\"http:\/\/lattes.cnpq.br\/8015623070536170\" target=\"_blank\">ABREU, C. B.<\/a>; LEITE, F. C. ; PEIXINHO, M. M. . Apresenta\u00e7\u00e3o. In: C\u00e9lia Barbosa Abreu; Pedro Paulo Carneiro Gasparri; Tatiana Fernandes Dias da Silva. (Org.). Debates sobre Direitos Humanos Fundamentais &#8211; Vol. II. 1aed.Rio de Janeiro: Editora Grammai, 2017, v. I, p. 13-16.<\/p>\n\n\n\n<p> <strong>28. <\/strong><a rel=\"noreferrer noopener\" href=\"http:\/\/lattes.cnpq.br\/8015623070536170\" target=\"_blank\">ABREU, C. B.<\/a>; LEITE, F. C. ; PEIXINHO, M. M. . Apresenta\u00e7\u00e3o. In: C\u00e9lia Barbosa Abreu; Alex Assis de Mendon\u00e7a; Tau\u00e3 Lima Verdan Rangel. (Org.). Debates sobre Direitos Humanos Fundamentais &#8211; Vol. III. 1aed.Rio de Janeiro: Editora Grammai, 2017, v. I, p. 13-16.<\/p>\n\n\n\n<p><strong>29. <\/strong><a rel=\"noreferrer noopener\" href=\"http:\/\/lattes.cnpq.br\/8015623070536170\" target=\"_blank\">ABREU, C. B.<\/a>; PEIXINHO, M. M. ; MADEIRA FILHO, W. . Introdu\u00e7\u00e3o. In: Manoel Messias Peixinho; C\u00e9lia Barbosa Abreu; Wilson Madeira Filho. (Org.). Metodologia da Pesquisa Jur\u00eddica. 1aed.Rio de Janeiro: Editora Gramma, 2017, v. 1, p. 1-3. <\/p>\n\n\n\n<p><strong>30. <\/strong>RANGEL, T. L. V. ; ABREU, C. B. . O emprego da pesquisa como mecanismo emancipat\u00f3rio na forma\u00e7\u00e3o do profissional do Direito. In: Manoel Messias Peixinho; C\u00e9lia Barbosa Abreu; Wilson Madeira Filho. (Org.). Metodologia da Pesquisa Jur\u00eddica. 1aed.Rio de Janeiro: Editora Gramma, 2017, v. 1, p. 45-62.<\/p>\n\n\n\n<p> <strong>31. <\/strong><a rel=\"noreferrer noopener\" href=\"http:\/\/lattes.cnpq.br\/8015623070536170\" target=\"_blank\">ABREU, C. B.<\/a>; OLIVEIRA, M. L. P. . Os desafios da efetiva\u00e7\u00e3o dos direitos das pessoas com defici\u00eancia: meios institucionais no plano internacional para a busca da autonomia e da isonomia. In: Ana Paula Barbosa-Fohrmann. (Org.). Autonomia, reconhecimento e dignidade: sujeitos, interesses e direitos. 1ed.Rio de Janeiro: Gramma, 2017, v. 1, p. 1-38.<\/p>\n\n\n\n<p> <strong>32. <\/strong><a rel=\"noreferrer noopener\" href=\"http:\/\/lattes.cnpq.br\/8015623070536170\" target=\"_blank\">ABREU, C. B.<\/a>. Morte digna: medita\u00e7\u00f5es sobre o direito e a \u00e9tica no fim da vida. In: Joyceane Bezerra Menezes; Francisco Luciano Lima Rodrigues. (Org.). Pessoa e Mercado sob a metodologia do Direito Civil-Constitucional. 1aed.Santa Cruz do Sul: Editora Essere nel Mondo, 2016, v. 01, p. 66-79.<\/p>\n\n\n\n<p> <strong>33. <\/strong><a rel=\"noreferrer noopener\" href=\"http:\/\/lattes.cnpq.br\/8015623070536170\" target=\"_blank\">ABREU, C. B.<\/a>; VAL, Eduardo Manuel . Efetiva\u00e7\u00e3o das Pol\u00edticas P\u00fablicas de Sa\u00fade para Idosos com Alzheimer na Am\u00e9rica Latina. In: ASENSI, Felipe; PINHEIRO, Roseni; MURTIZ, Paula Aur\u00e9valo. (Org.). Sa\u00fade e Direitos Humanos. 1aed.Rio de Janeiro: Multifoco, 2016, v. III, p. 439-455.<\/p>\n\n\n\n<p> <strong>34. <\/strong><a rel=\"noreferrer noopener\" href=\"http:\/\/lattes.cnpq.br\/8015623070536170\" target=\"_blank\">ABREU, C. B.<\/a>; BARBOZA, H. H. . Responsabilidade pela distan\u00e1sia na sa\u00fade privada. In: ABREU, C\u00e9lia Barbosa; GASPARRI, Pedro Paulo Carneiro; RANGEL, Tau\u00e3 Lima Verdan.. (Org.). Cadernos de Pesquisa em Direitos Humanos Fundamentais &#8211; Volume 4. 1aed.Rio de Janeiro: Kindle Edition, 2016, v. 4, p. 54-57.<\/p>\n\n\n\n<p> <strong>35. <\/strong><a rel=\"noreferrer noopener\" href=\"http:\/\/lattes.cnpq.br\/8015623070536170\" target=\"_blank\">ABREU, C. B.<\/a>; CHAVES, V. F. . Cr\u00edtica ao projeto de lei n. 4.330\/2004: impactos da terceiriza\u00e7\u00e3o das atividades fim na precariza\u00e7\u00e3o do trabalho e na vulnera\u00e7\u00e3o do trabalhador. In: ABREU, C\u00e9lia Barbosa; AZEREDO, Sheila Regina Matos de; RANGEL, Tau\u00e3 Lima Verdan.. (Org.). Cadernos de Pesquisa em Direitos Humanos Fundamentais &#8211; Volume 5. 1aed.Rio de Janeiro: Kindle Edition, 2016, v. 5, p. 11-15.<\/p>\n\n\n\n<p> <strong>36. <\/strong><a rel=\"noreferrer noopener\" href=\"http:\/\/lattes.cnpq.br\/8015623070536170\" target=\"_blank\">ABREU, C. B.<\/a>. A curatela sob medida: notas interdisciplinares sobre o Estatuto da Pessoa com Defici\u00eancia e o novo CPC. In: Joyceane Bezerra Menezes. (Org.). Direito das pessoas com defici\u00eancia ps\u00edquica e intelectual nas rela\u00e7\u00f5es privadas ap\u00f3s a Conven\u00e7\u00e3o de Nova York e a Lei Brasileira de Inclus\u00e3o. 1aed.Rio de Janeiro: Editora Processo, 2016, v. 1, p. 529-552.<\/p>\n\n\n\n<p> <strong>37. <\/strong><a rel=\"noreferrer noopener\" href=\"http:\/\/lattes.cnpq.br\/8015623070536170\" target=\"_blank\">ABREU, C. B.<\/a>. Introdu\u00e7\u00e3o. In: C\u00e9lia Barbosa Abreu; Guilherme Pe\u00f1a de Moraes;,Wilson Madeira Filho. (Org.). Di\u00e1logos sobre Direitos Humanos Fundamentais &#8211; Volume 1. 1aed.: , 2016, v. 1, p. 13-16.<\/p>\n\n\n\n<p> <strong>38. <\/strong><a rel=\"noreferrer noopener\" href=\"http:\/\/lattes.cnpq.br\/8015623070536170\" target=\"_blank\">ABREU, C. B.<\/a>; BARBOZA, H. H. . Responsabilidade pela distan\u00e1sia na sa\u00fade privada. In: ABREU, C\u00e9lia Barbosa; MORAES, Guilherme Pe\u00f1a; MADEIRA FILHO, Wilson. (Org.). Di\u00e1logos sobre Direitos Humanos Fundamentais &#8211; Volume 1. 1aed.: , 2016, v. 1, p. 83-106.<\/p>\n\n\n\n<p> <strong>39. <\/strong><a rel=\"noreferrer noopener\" href=\"http:\/\/lattes.cnpq.br\/8015623070536170\" target=\"_blank\">ABREU, C. B.<\/a>; SILVA, M. F. G. ; SILVA, M. P. C. . Produtivismo acad\u00eamico no Magist\u00e9rio Superior: S\u00edndrome de Burnout e naufr\u00e1gio da qualidade da pesquisa cient\u00edfica. In: C\u00e9lia Barbosa Abreu; Manoel Messias Peixinho; Tau\u00e3 Lima Verdan Rangel. (Org.). Estudos de Metodologia da Pesquisa Jur\u00eddica Volume 01. 1aed.: Kindle Edition, 2016, v. 1, p. 21-24.<\/p>\n\n\n\n<p> <strong>40. <\/strong><a rel=\"noreferrer noopener\" href=\"http:\/\/lattes.cnpq.br\/8015623070536170\" target=\"_blank\">ABREU, C. B.<\/a>; RANGEL, T. L. V. . O emprego da pesquisa como mecanismo emancipat\u00f3rio na forma\u00e7\u00e3o do profissional do Direito. In: C\u00e9lia Barbosa Abreu; Manoel Messias Peixinho; Tau\u00e3 Lima Verdan Rangel. (Org.). Estudos de Metodologia da Pesquisa Jur\u00eddica Volume 01. 1aed.: Kindle Edition, 2016, v. 1, p. 31-35.<\/p>\n\n\n\n<p> <strong>41. <\/strong><a rel=\"noreferrer noopener\" href=\"http:\/\/lattes.cnpq.br\/8015623070536170\" target=\"_blank\">ABREU, C. B.<\/a>; PEIXINHO, M. M. ; RANGEL, T. L. V. . Apresenta\u00e7\u00e3o.. In: C\u00e9lia Barbosa Abreu; Manoel Messias Peixinho; Tau\u00e3 Lima Verdan Rangel. (Org.). Estudos de Metodologia da Pesquisa Jur\u00eddica Volume 01. 1aed.: Kindle Edition, 2016, v. 1, p. 13-14.<\/p>\n\n\n\n<p> <strong>42. <\/strong><a rel=\"noreferrer noopener\" href=\"http:\/\/lattes.cnpq.br\/8015623070536170\" target=\"_blank\">ABREU, C. B.<\/a>. Introdu\u00e7\u00e3o. In: C\u00e9lia Barbosa Abreu; Rafael Mario Iorio Filho; Wilson Madeira Filho. (Org.). Di\u00e1logos sobre Direitos Humanos Fundamentais &#8211; Volume 2. 1aed.Rio de Janeiro: Lumen Juris, 2016, v. , p. 14-15.<\/p>\n\n\n\n<p> <strong>43. <\/strong><a rel=\"noreferrer noopener\" href=\"http:\/\/lattes.cnpq.br\/8015623070536170\" target=\"_blank\">ABREU, C. B.<\/a>. Introdu\u00e7\u00e3o. In: C\u00e9lia Barbosa Abreu, Manoel Messias Peixinho, Wilson Madeira Filho.. (Org.). Di\u00e1logos sobre Direitos Humanos Fundamentais &#8211; Volume 3. 1aed.: , 2016, v. III, p. 14-15.<\/p>\n\n\n\n<p> <strong>44. <\/strong><a rel=\"noreferrer noopener\" href=\"http:\/\/lattes.cnpq.br\/8015623070536170\" target=\"_blank\">ABREU, C. B.<\/a>. Apresenta\u00e7\u00e3o.. In: C\u00e9lia Barbosa Abreu; Manoel Messias Peixinho; Tau\u00e3 Lima Verdan Rangel. (Org.). Estudos de Metodologia da Pesquisa Jur\u00eddica Volume 02. 1aed.: Kindle Edition, 2016, v. 2, p. 13-14.<\/p>\n\n\n\n<p> <strong>45. <\/strong><a rel=\"noreferrer noopener\" href=\"http:\/\/lattes.cnpq.br\/8015623070536170\" target=\"_blank\">ABREU, C. B.<\/a>. Apresenta\u00e7\u00e3o. In: Alex Assis de Mendon\u00e7a; C\u00e9lia Barbosa Abreu; Tau\u00e3 Lima Verdan Rangel. (Org.). Cadernos de Pesquisa em Direitos Humanos Fundamentais &#8211; Volume 1. 1aed.: Kindle Edition, 2016, v. 1, p. 5-6.<\/p>\n\n\n\n<p> <strong>46. <\/strong><a rel=\"noreferrer noopener\" href=\"http:\/\/lattes.cnpq.br\/8015623070536170\" target=\"_blank\">ABREU, C. B.<\/a>. Apresenta\u00e7\u00e3o. In: C\u00e9lia Barbosa Abreu; Fabrizia Bittencourt; Tau\u00e3 Lima Verdan Rangel. (Org.). Cadernos de Pesquisa em Direitos Humanos Fundamentais &#8211; Volume 2. 1aed.: , 2016, v. 2, p. 5-6.<\/p>\n\n\n\n<p> <strong>47. <\/strong><a rel=\"noreferrer noopener\" href=\"http:\/\/lattes.cnpq.br\/8015623070536170\" target=\"_blank\">ABREU, C. B.<\/a>. Apresenta\u00e7\u00e3o.. In: Celia Barbosa Abreu; Pablo Mart\u00ednez; Tau\u00e3 Lima Verndan Rangel. (Org.). Cadernos de Pesquisa em Direitos Humanos Fundamentais &#8211; Volume 3. 1aed.: Kindle Edition, 2016, v. 3, p. 5-6.<\/p>\n\n\n\n<p> <strong>48. <\/strong><a rel=\"noreferrer noopener\" href=\"http:\/\/lattes.cnpq.br\/8015623070536170\" target=\"_blank\">ABREU, C. B.<\/a>. Apresenta\u00e7\u00e3o.. In: C\u00e9lia Barbosa Abreu; Pedro Paulo Carneiro Gasparri; Tau\u00e3 Lima Verdan Rangel. (Org.). Cadernos de Pesquisa em Direitos Humanos Fundamentais &#8211; Volume 4. 1aed.: Kindle Edition, 2016, v. IV, p. 5-6.<\/p>\n\n\n\n<p> <strong>49. <\/strong><a rel=\"noreferrer noopener\" href=\"http:\/\/lattes.cnpq.br\/8015623070536170\" target=\"_blank\">ABREU, C. B.<\/a>. Apresenta\u00e7\u00e3o. In: C\u00e9lia Barbosa Abreu, Sheila Azeredo; Tau\u00e3 Lima Verdan Rangel. (Org.). Cadernos de Pesquisa em Direitos Humanos Fundamentais &#8211; Volume 5. 1aed.: Kindle Edition, 2016, v. V, p. 5-6.<\/p>\n\n\n\n<p> <strong>50. <\/strong><a rel=\"noreferrer noopener\" href=\"http:\/\/lattes.cnpq.br\/8015623070536170\" target=\"_blank\">ABREU, C. B.<\/a>; MADEIRA FILHO, W. ; MIRANDA, N. . Pref\u00e1cio. In: C\u00e9lia Barbosa Abreu: Manoel Messias Peixinho; Tau\u00e3 Lima Verdan Rangel. (Org.). Escritos Menores sobre Direitos Fundamentais &#8211; Volume 1 -. 1aed.Niter\u00f3i: PPGSD, 2016, v. 1, p. 15-17.<\/p>\n\n\n\n<p> <strong>51. <\/strong><a rel=\"noreferrer noopener\" href=\"http:\/\/lattes.cnpq.br\/8015623070536170\" target=\"_blank\">ABREU, C. B.<\/a>. Introdu\u00e7\u00e3o. In: C\u00e9lia Barbosa Abreu: Manoel Messias Peixinho; Tau\u00e3 Lima Verdan Rangel. (Org.). Escritos Menores sobre Direitos Fundamentais &#8211; Volume 1 -. 1aed.Niter\u00f3i: PPGSD, 2016, v. 1, p. 18-19.<\/p>\n\n\n\n<p> <strong>52. <\/strong><a rel=\"noreferrer noopener\" href=\"http:\/\/lattes.cnpq.br\/8015623070536170\" target=\"_blank\">ABREU, C. B.<\/a>; MADEIRA FILHO, W. ; MIRANDA, N. . Pref\u00e1cio. In: C\u00e9lia Barbosa Abreu: Manoel Messias Peixinho; Tau\u00e3 Lima Verdan Rangel. (Org.). Escritos Menores sobre Direitos Fundamentais &#8211; Volume 2 -. 1aed.Niter\u00f3i: PPGSD, 2016, v. 2, p. 15-17.<\/p>\n\n\n\n<p> <strong>53. <\/strong><a rel=\"noreferrer noopener\" href=\"http:\/\/lattes.cnpq.br\/8015623070536170\" target=\"_blank\">ABREU, C. B.<\/a>. Introdu\u00e7\u00e3o. In: C\u00e9lia Barbosa Abreu; Manoel Messias Peixinho; Tau\u00e3 Lima Verdan Rangel. (Org.). Escritos Menores sobre Direitos Fundamentais &#8211; Volume 2 -. 1aed.Niter\u00f3i: PPGSD, 2016, v. 2, p. 18-19.<\/p>\n\n\n\n<p> <strong>54. <\/strong><a rel=\"noreferrer noopener\" href=\"http:\/\/lattes.cnpq.br\/8015623070536170\" target=\"_blank\">ABREU, C. B.<\/a>; MIRANDA, L. A. . Notas Introdut\u00f3rias sobre o Burnout no Ambiente Organizacional do Trabalho. In: C\u00e9lia Barbosa Abreu; Manoel Messias Peixinho; Tau\u00e3 Lima Verdan Rangel. (Org.). Escritos Menores sobre Direitos Fundamentais &#8211; Volume 2 -. 1aed.Niter\u00f3i: PPGSD, 2016, v. 2, p. 28-32.<\/p>\n\n\n\n<p> <strong>55. <\/strong><a rel=\"noreferrer noopener\" href=\"http:\/\/lattes.cnpq.br\/8015623070536170\" target=\"_blank\">ABREU, C. B.<\/a>; MADEIRA FILHO, W. ; MIRANDA, N. . Pref\u00e1cio. In: C\u00e9lia Barbosa Abreu; Manoel Messias Peixinho; Tau\u00e3 Lima Verdan Rangel. (Org.). Escritos Menores sobre Direitos Fundamentais &#8211; Volume 3 -. 1aed.Niter\u00f3i: PPGSD, 2016, v. 3, p. 15-17.<\/p>\n\n\n\n<p> <strong>56. <\/strong><a rel=\"noreferrer noopener\" href=\"http:\/\/lattes.cnpq.br\/8015623070536170\" target=\"_blank\">ABREU, C. B.<\/a>. Introdu\u00e7\u00e3o. In: C\u00e9lia Barbosa Abreu; Manoel Messias Peixinho; Tau\u00e3 Lima Verdan Rangel. (Org.). Escritos Menores sobre Direitos Fundamentais &#8211; Volume 3 -. 1aed.Niter\u00f3i: PPGSD, 2016, v. 3, p. 18-19.<\/p>\n\n\n\n<p> <strong>57. <\/strong><a rel=\"noreferrer noopener\" href=\"http:\/\/lattes.cnpq.br\/8015623070536170\" target=\"_blank\">ABREU, C. B.<\/a>; PEIXINHO, M. M. ; MADEIRA FILHO, W. . Pref\u00e1cio. In: C\u00e9lia Barbosa Abreu; Manoel Messias Peixinho; Tau\u00e3 Lima Verdan Rangel. (Org.). Escritos Menores sobre Direitos Fundamentais &#8211; Volume 4 -. 1aed.Niter\u00f3i: PPGSD, 2016, v. 1, p. 15-17.<\/p>\n\n\n\n<p> <strong>58. <\/strong><a rel=\"noreferrer noopener\" href=\"http:\/\/lattes.cnpq.br\/8015623070536170\" target=\"_blank\">ABREU, C. B.<\/a>; SOARES, I. D. . Autonomia Privada e Corpo: Paradigmas e Perspectivas da Doa\u00e7\u00e3o de \u00d3rg\u00e3os em Vida no Ordenamento Jur\u00eddico Brasileiro. In: C\u00e9lia Barbosa Abreu; Manoel Messias Peixinho; Tau\u00e3 Lima Verdan Rangel. (Org.). Escritos Menores sobre Direitos Fundamentais &#8211; Volume 4 -. 1aed.Niter\u00f3i: PPGSD, 2016, v. 4, p. 34-39.<\/p>\n\n\n\n<p> <strong>59. <\/strong><a rel=\"noreferrer noopener\" href=\"http:\/\/lattes.cnpq.br\/8015623070536170\" target=\"_blank\">ABREU, C. B.<\/a>; MADEIRA FILHO, W. ; MIRANDA, N. . Pref\u00e1cio. In: C\u00e9lia Barbosa Abreu; Manoel Messias Peixinho; Tau\u00e3 Lima Verdan Rangel. (Org.). Escritos Menores sobre Direitos Fundamentais &#8211; Volume 5 -. 1aed.Niter\u00f3i: PPGSD, 2016, v. 1, p. 15-17.<\/p>\n\n\n\n<p> <strong>60. <\/strong><a rel=\"noreferrer noopener\" href=\"http:\/\/lattes.cnpq.br\/8015623070536170\" target=\"_blank\">ABREU, C. B.<\/a>. Introdu\u00e7\u00e3o. In: C\u00e9lia Barbosa Abreu; Manoel Messias Peixinho; Tau\u00e3 Lima Verdan Rangel. (Org.). Escritos Menores sobre Direitos Fundamentais &#8211; Volume 5 -. 1aed.Niter\u00f3i: PPGSD, 2016, v. 5, p. 18-19.<\/p>\n\n\n\n<p> <strong>61. <\/strong><a rel=\"noreferrer noopener\" href=\"http:\/\/lattes.cnpq.br\/8015623070536170\" target=\"_blank\">ABREU, C. B.<\/a>; MADEIRA FILHO, W. ; MIRANDA, N. . Pref\u00e1cio. In: C\u00e9lia Barbosa Abreu; Manoel Messias Peixinho; Tau\u00e3 Lima Verdan Rangel. (Org.). Escritos Menores sobre Direitos Fundamentais &#8211; Volume 6 -. 1aed.Niter\u00f3i: PPGSD, 2016, v. 6, p. 15-17.<\/p>\n\n\n\n<p> <strong>62. <\/strong><a rel=\"noreferrer noopener\" href=\"http:\/\/lattes.cnpq.br\/8015623070536170\" target=\"_blank\">ABREU, C. B.<\/a>. Introdu\u00e7\u00e3o. In: C\u00e9lia Barbosa Abreu; Manoel Messias Peixinho; Tau\u00e3 Lima Verdan Rangel. (Org.). Escritos Menores sobre Direitos Fundamentais &#8211; Volume 6 -. 1aed.Niter\u00f3i: PPGSD, 2016, v. 6, p. 18-19.<\/p>\n\n\n\n<p> <strong>63. <\/strong><a rel=\"noreferrer noopener\" href=\"http:\/\/lattes.cnpq.br\/8015623070536170\" target=\"_blank\">ABREU, C. B.<\/a>; MADEIRA FILHO, W. ; MIRANDA, N. . Pref\u00e1cio. In: C\u00e9lia Barbosa Abreu; F\u00e1bio Carvalho Leite; Tau\u00e3 Lima Verdan Rangel. (Org.). Escritos Menores sobre Direitos Fundamentais &#8211; Volume 7 -. 1aed.Niter\u00f3i: PPGSD, 2016, v. 7, p. 15-17.<\/p>\n\n\n\n<p> <strong>64. <\/strong><a rel=\"noreferrer noopener\" href=\"http:\/\/lattes.cnpq.br\/8015623070536170\" target=\"_blank\">ABREU, C. B.<\/a>. Introdu\u00e7\u00e3o. In: C\u00e9lia Barbosa Abreu; F\u00e1bio Carvalho Leite; Tau\u00e3 Lima Verdan Rangel. (Org.). Escritos Menores sobre Direitos Fundamentais &#8211; Volume 7 -. 1aed.Niter\u00f3i: PPGSD, 2016, v. 7, p. 18-19.<\/p>\n\n\n\n<p> <strong>65. <\/strong><a rel=\"noreferrer noopener\" href=\"http:\/\/lattes.cnpq.br\/8015623070536170\" target=\"_blank\">ABREU, C. B.<\/a>; MADEIRA FILHO, W. ; MIRANDA, N. . Pref\u00e1cio. In: C\u00e9lia Barbosa Abreu; F\u00e1bio Carvalho Leite; Tau\u00e3 Lima Verdan Rangel. (Org.). Escritos Menores sobre Direitos Fundamentais &#8211; Volume 8 -. 1aed.Niter\u00f3i: PPGSD, 2016, v. 8, p. 15-17.<\/p>\n\n\n\n<p> <strong>66. <\/strong><a rel=\"noreferrer noopener\" href=\"http:\/\/lattes.cnpq.br\/8015623070536170\" target=\"_blank\">ABREU, C. B.<\/a>. Introdu\u00e7\u00e3o. In: C\u00e9lia Barbosa Abreu; F\u00e1bio Carvalho Leite; Tau\u00e3 Lima Verdan Rangel. (Org.). Escritos Menores sobre Direitos Fundamentais &#8211; Volume 8 -. 1aed.Niter\u00f3i: PPGSD, 2016, v. 9, p. 18-19.<\/p>\n\n\n\n<p> <strong>67. <\/strong><a rel=\"noreferrer noopener\" href=\"http:\/\/lattes.cnpq.br\/8015623070536170\" target=\"_blank\">ABREU, C. B.<\/a>; MADEIRA FILHO, W. ; MIRANDA, N. . Pref\u00e1cio. In: C\u00e9lia Barbosa Abreu; F\u00e1bio Carvalho Leite; Tau\u00e3 Lima Verdan Rangel. (Org.). Escritos Menores sobre Direitos Fundamentais &#8211; Volume 9 -. 1aed.Niter\u00f3i: PPGSD, 2016, v. 9, p. 15-17.<\/p>\n\n\n\n<p> <strong>68. <\/strong><a rel=\"noreferrer noopener\" href=\"http:\/\/lattes.cnpq.br\/8015623070536170\" target=\"_blank\">ABREU, C. B.<\/a>. Introdu\u00e7\u00e3o. In: C\u00e9lia Barbosa Abreu; F\u00e1bio Carvalho Leite; Tau\u00e3 Lima Verdan Rangel. (Org.). Escritos Menores sobre Direitos Fundamentais &#8211; Volume 9 -. 1aed.Niter\u00f3i: PPGSD, 2016, v. 9, p. 18-19.<\/p>\n\n\n\n<p> <strong>69. <\/strong><a rel=\"noreferrer noopener\" href=\"http:\/\/lattes.cnpq.br\/8015623070536170\" target=\"_blank\">ABREU, C. B.<\/a>; BEMERGUY, I. M. C. . A Responsabilidade Solid\u00e1ria em face da Pessoa com Defici\u00eancia no Ordenamento Jur\u00eddico Brasileiro. In: C\u00e9lia Barbosa Abreu; F\u00e1bio Carvalho Leite; Tau\u00e3 Lima Verdan Rangel. (Org.). Escritos Menores sobre Direitos Fundamentais &#8211; Volume 9 -. 1aed.Niter\u00f3i: PPGSD, 2016, v. 9, p. 33-37.<\/p>\n\n\n\n<p> <strong>70. <\/strong><a rel=\"noreferrer noopener\" href=\"http:\/\/lattes.cnpq.br\/8015623070536170\" target=\"_blank\">ABREU, C. B.<\/a>; MADEIRA FILHO, W. ; MIRANDA, N. . Pref\u00e1cio. In: C\u00e9lia Barbosa Abreu; F\u00e1bio Carvalho Leite; Tau\u00e3 Lima Verdan Rangel. (Org.). Escritos Menores sobre Direitos Fundamentais &#8211; Volume 10 -. 1aed.Niter\u00f3i: PPGSD, 2016, v. 10, p. 15-17.<\/p>\n\n\n\n<p> <strong>71. <\/strong><a rel=\"noreferrer noopener\" href=\"http:\/\/lattes.cnpq.br\/8015623070536170\" target=\"_blank\">ABREU, C. B.<\/a>. Introdu\u00e7\u00e3o. In: C\u00e9lia Barbosa Abreu; F\u00e1bio Carvalho Leite; Tau\u00e3 Lima Verdan Rangel. (Org.). Escritos Menores sobre Direitos Fundamentais &#8211; Volume 10 -. 1aed.Niter\u00f3i: PPGSD, 2016, v. 10, p. 18-19.<\/p>\n\n\n\n<p> <strong>72. <\/strong><a rel=\"noreferrer noopener\" href=\"http:\/\/lattes.cnpq.br\/8015623070536170\" target=\"_blank\">ABREU, C. B.<\/a>; MADEIRA FILHO, W. ; MIRANDA, N. . Pref\u00e1cio.. In: C\u00e9lia Barbosa Abreu; F\u00e1bio Carvalho Leite; Tau\u00e3 Lima Verdan Rangel. (Org.). Escritos Menores sobre Direitos Fundamentais &#8211; Volume 11 -. 1aed.Niter\u00f3i: PPGSD, 2016, v. 11, p. 15-17.<\/p>\n\n\n\n<p> <strong>73. <\/strong><a rel=\"noreferrer noopener\" href=\"http:\/\/lattes.cnpq.br\/8015623070536170\" target=\"_blank\">ABREU, C. B.<\/a>. Introdu\u00e7\u00e3o. In: C\u00e9lia Barbosa Abreu; F\u00e1bio Carvalho Leite; Tau\u00e3 Lima Verdan Rangel. (Org.). Escritos Menores sobre Direitos Fundamentais &#8211; Volume 11 -. 1aed.Niter\u00f3i: PPGSD, 2016, v. 11, p. 18-19.<\/p>\n\n\n\n<p> <strong>74. <\/strong><a rel=\"noreferrer noopener\" href=\"http:\/\/lattes.cnpq.br\/8015623070536170\" target=\"_blank\">ABREU, C. B.<\/a>; MADEIRA FILHO, W. ; MIRANDA, N. . Pref\u00e1cio.. In: C\u00e9lia Barbosa Abreu; F\u00e1bio Carvalho Leite; Tau\u00e3 Lima Verdan Rangel. (Org.). Escritos Menores sobre Direitos Fundamentais &#8211; Volume 12 -. 1aed.Niter\u00f3i: PPGSD, 2016, v. 12, p. 15-17.<\/p>\n\n\n\n<p> <strong>75. <\/strong><a rel=\"noreferrer noopener\" href=\"http:\/\/lattes.cnpq.br\/8015623070536170\" target=\"_blank\">ABREU, C. B.<\/a>. Introdu\u00e7\u00e3o. In: C\u00e9lia Barbosa Abreu; F\u00e1bio Carvalho Leite; Tau\u00e3 Lima Verdan Rangel. (Org.). Escritos Menores sobre Direitos Fundamentais &#8211; Volume 12 -. 1aed.Niter\u00f3i: PPGSD, 2016, v. 12, p. 18-19.<\/p>\n\n\n\n<p><strong>76. <\/strong><a rel=\"noreferrer noopener\" href=\"http:\/\/lattes.cnpq.br\/8015623070536170\" target=\"_blank\">ABREU, C. B.<\/a>. Introdu\u00e7\u00e3o. In: C\u00e9lia Barbosa Abreu; Manoel Messias Peixinho; Tau\u00e3 Lima Verdan Rangel. (Org.). Escritos Menores sobre Direitos Fundamentais &#8211; Volume 4 -. 1aed.Niter\u00f3i: PPGSD, 2016, v. 4, p. 18-19. <\/p>\n\n\n\n<hr class=\"wp-block-separator\" \/>\n\n\n\n<p class=\"has-text-color has-medium-font-size has-vivid-red-color\">          <strong>*    Dr\u00aa Clarissa Maria Beatriz Brand\u00e3o de Carvalho Kowarski<\/strong><\/p>\n\n\n\n<ul class=\"wp-block-list\"><li><strong>Artigos completos publicados em peri\u00f3dicos<\/strong><\/li><\/ul>\n\n\n\n<p> <strong>1. <\/strong><a rel=\"noreferrer noopener\" href=\"http:\/\/lattes.cnpq.br\/2967738693234470\" target=\"_blank\"><strong>BRAND\u00c3O, Clarissa<\/strong><\/a>; ALVARENGA, S. . Direito fundamental interdimensional ao afeto. REVISTA QUAESTIO IURIS, v. 13, p. 103-122, 2020.<\/p>\n\n\n\n<p> <strong>2. <\/strong><a rel=\"noreferrer noopener\" href=\"http:\/\/lattes.cnpq.br\/2967738693234470\" target=\"_blank\"><strong>KOWARSKI, Clarissa Brand\u00e3o<\/strong><\/a>; DE SOUZA, MARCELO IGOR LOUREN\u00c7O ; DE SOUZA, RENATO BARCELLOS . Decommissioning in Brazil: legal aspects of a technical analysis. Journal of World Energy Law &amp; Business, v. 1, p. 1-9, 2019.<\/p>\n\n\n\n<p> <strong>3. <\/strong>ROSADO, MARILDA ; ZEITONE, ILANA ;&nbsp;<strong>KOWARSKI, Clarissa Brand\u00e3o<\/strong>&nbsp;. LATIN AMERICA in the decade ahead: moving forward?. Journal of World Energy Law &amp; Business, v. 1, p. 1-3, 2019.<\/p>\n\n\n\n<p> <strong>4. <\/strong><a rel=\"noreferrer noopener\" href=\"http:\/\/lattes.cnpq.br\/2967738693234470\" target=\"_blank\"><strong>KOWARSKI, CLARISSA<\/strong><\/a>. Queering International Law: possibilities, aliances, complicities and risks, de Dianne Otto. REVISTA DA FACULDADE DE DIREITO (UFU), v. 47, p. 395-405, 2019.<\/p>\n\n\n\n<p> <strong>5. <\/strong><a rel=\"noreferrer noopener\" href=\"http:\/\/lattes.cnpq.br\/2967738693234470\" target=\"_blank\"><strong>KOWARSKI, Clarissa Brand\u00e3o<\/strong><\/a>; CORREIA, A. L. M. G. . O ESTADO BRASILEIRO PERANTE AS SENTEN\u00c7AS DA CORTE INTERAMERICANA DE DIREITOS HUMANOS: O CASO VLADIMIR HERZOG. Revista Juris UniToledo, v. 4, p. 67-81, 2019.<\/p>\n\n\n\n<p> <strong>6. <\/strong><a rel=\"noreferrer noopener\" href=\"http:\/\/lattes.cnpq.br\/2967738693234470\" target=\"_blank\"><strong>BRAND\u00c3O, Clarissa<\/strong><\/a>; TIBURCIO, D. R. ; VAL, E. M. . PARTICIPA\u00c7\u00c3O SOCIET\u00c1RIA E RESTRI\u00c7\u00d5ES REGULAT\u00d3RIAS \u00c0 LIVRE ESCOLHA DO OBJETO SOCIAL: O CASO DAS OPERADORAS DE PLANOS DE SA\u00daDE. Revista Jur\u00eddica- Unicuritiba, v. 1, p. 272-296, 2018.<\/p>\n\n\n\n<p> <strong>7. <\/strong>DE MORAES, FELIPE REIS POMPEU ;&nbsp;<strong>DE CARVALHO, Clarissa Maria Beatriz Brand\u00e3o<\/strong>&nbsp;. Erro Manifesto de Aprecia\u00e7\u00e3o: Reflex\u00f5es e Pondera\u00e7\u00f5es. CADERNOS DO PROGRAMA DE P\u00d3S-GRADUA\u00c7\u00c3O EM DIREITO &#8211; PPGDIR.\/UFRGS, v. 12, p. 307-334, 2018.<\/p>\n\n\n\n<p> <strong>8. <\/strong>TIBURCIO, D. ; NOGUEIRA, B. N. ;&nbsp;<strong>KOWARSKI, Clarissa M. B. B. de Carvalho<\/strong>&nbsp;. A AUS\u00caNCIA DE PERSONALIDADE JUR\u00cdDICA DOS FUNDOS DE INVESTIMENTO EM PARTICIPA\u00c7\u00d5ES E O CONCEITO LEGAL DE ACIONISTA CONTROLADOR. RJLB &#8211; REVISTA JUR\u00cdDICA LUSO-BRASILEIRA, v. 1, p. 523-554, 2018.<\/p>\n\n\n\n<p> <strong>9. <\/strong><a rel=\"noreferrer noopener\" href=\"http:\/\/lattes.cnpq.br\/2967738693234470\" target=\"_blank\"><strong>BRAND\u00c3O, Clarissa<\/strong><\/a>; NOGUEIRA, B. N. . DIREITO INTERNACIONAL ANTROPOF\u00c1GICO: CONTRIBUI\u00c7\u00d5ES DE OSWALD DE ANDRADE E BALAKRISHNAN RAJAGOPAL. Col\u00f3quio Internacional de Direito e Literatura (CIDIL), v. 1, p. 309-322, 2017.<\/p>\n\n\n\n<p> <strong>10. <\/strong><a rel=\"noreferrer noopener\" href=\"http:\/\/lattes.cnpq.br\/2967738693234470\" target=\"_blank\"><strong>BRAND\u00c3O, Clarissa<\/strong><\/a>; MOURA, A. . GUN JUMPING IN BRAZILIAN ANTITRUST LAW: A CASE STUDY IN THE OIL INDUSTRY. Panorama of Brazilian Law, v. 2, p. 193-212, 2014.<\/p>\n\n\n\n<p> <strong>11.<\/strong>&nbsp;Brand\u00e3o, Clarissa ; Xavier Junior, Ely Caetano . Desafios globais contempor\u00e2neos: cen\u00e1rio de converg\u00eancias no direito internacional. Revista Direito GV, v. 5, p. 425-442, 2009.<\/p>\n\n\n\n<p> <strong>12. <\/strong><a rel=\"noreferrer noopener\" href=\"http:\/\/lattes.cnpq.br\/2967738693234470\" target=\"_blank\"><strong>KOWARSKI, Clarissa M. B. B. de Carvalho<\/strong><\/a>. As joint ventures e o paradoxo antitruste. Quaestio Iuris, Rio de Janeiro, v. 1, n.4, p. 99-99, 2007.<\/p>\n\n\n\n<p> <strong>13. <\/strong><a rel=\"noreferrer noopener\" href=\"http:\/\/lattes.cnpq.br\/2967738693234470\" target=\"_blank\"><strong>KOWARSKI, Clarissa M. B. B. de Carvalho<\/strong><\/a>; FILDAGO, C. B. . As ag\u00eancias reguladoras independentes e o papel da ANP. RBDP &#8211; Revista Brasileira de Direito do Petr\u00f3leo, Gas e Energia, Rio de Janeiro, v. 01, n.01, p. 209-238, 2006.<\/p>\n\n\n\n<p> <strong>14. <\/strong><a rel=\"noreferrer noopener\" href=\"http:\/\/lattes.cnpq.br\/2967738693234470\" target=\"_blank\"><strong>KOWARSKI, Clarissa M. B. B. de Carvalho<\/strong><\/a>. Direito Internacional da Concorr\u00eancia: uma contribui\u00e7\u00e3o para a regula\u00e7\u00e3o do com\u00e9rcio internacional e o desenvolvimento econ\u00f4mico de pa\u00edses perif\u00e9ricos. Anais XII Encontro Internacional de Direito da Am\u00e9rica do Sul, Florian\u00f3polis, v. 00, n.00, p. XX-XX, 2006.<\/p>\n\n\n\n<p> <strong>15. <\/strong><a rel=\"noreferrer noopener\" href=\"http:\/\/lattes.cnpq.br\/2967738693234470\" target=\"_blank\"><strong>KOWARSKI, Clarissa M. B. B. de Carvalho<\/strong><\/a>. La libre circulaci\u00f3n de servicios y el protocolo de Montevideo. Revista Juridica del Ilustre Colegio de Abogados de Huasc &#8211; Per\u00fa, Huasco, Peru, v. 9, n.99, p. 99-99, 2006.<\/p>\n\n\n\n<p> <strong>16. <\/strong><a rel=\"noreferrer noopener\" href=\"http:\/\/lattes.cnpq.br\/2967738693234470\" target=\"_blank\"><strong>KOWARSKI, Clarissa M. B. B. de Carvalho<\/strong><\/a>. Lex Petrolea. Revista Brasileira de Direito do Petr\u00f3leo, G\u00e1s e Energia, v. 1, p. 239-254, 2006.<\/p>\n\n\n\n<ul class=\"wp-block-list\"><li><strong>Livros publicados\/organizados ou edi\u00e7\u00f5es<\/strong><\/li><\/ul>\n\n\n\n<p><strong>1. <\/strong><a href=\"http:\/\/lattes.cnpq.br\/2967738693234470\" target=\"_blank\" rel=\"noreferrer noopener\"><strong>BRAND\u00c3O, Clarissa<\/strong><\/a>; NEVES, E. A.\n(Org.) ; CORTEZ, L. (Org.) . Direito societ\u00e1rio, compliance e \u00e9tica. 1. ed. S\u00e3o\nPaulo: Tirant Lo Blanch, 2019. v. 1. 230p .<\/p>\n\n\n\n<p> <strong>2. <\/strong><a rel=\"noreferrer noopener\" href=\"http:\/\/lattes.cnpq.br\/2967738693234470\" target=\"_blank\"><strong>BRAND\u00c3O, Clarissa<\/strong><\/a>; CORTEZ, L. (Org.) ; NEVES, E. A. (Org.) . Direito societ\u00e1rio, compliance e \u00e9tica. 1. ed. S\u00e3o Paulo: Tirant Lo Blanch, 2019. v. 1. 230p .<\/p>\n\n\n\n<p> <strong>3. <\/strong><a rel=\"noreferrer noopener\" href=\"http:\/\/lattes.cnpq.br\/2967738693234470\" target=\"_blank\"><strong>BRAND\u00c3O, Clarissa<\/strong><\/a>; CASAMASSO, M. A. (Org.) ; RIBEIRO, M. R. S. (Org.) . Meio Ambiente e perspectivas jur\u00eddicas: do nacional ao global. 1. ed. Belo Horizonte: Arraes Editores, 2018. v. 2. 256p .<\/p>\n\n\n\n<p> <strong>4. <\/strong>SADDY, A. ; XAVIER JR., Ely Caetano ; VAL, E. M. ; ROSADO, M. ; MORENO, L. F. ; CASTIELLA, I. G. ; IBANEZ, P. R. ; RICO, A. P. G. ;&nbsp;<strong>BRAND\u00c3O, Clarissa<\/strong>&nbsp;. Regula\u00e7\u00e3o em Setores Estrat\u00e9gicos: Minera\u00e7\u00e3o e Energia. 01. ed. Rio de Janeiro: Multifoco Editora, 2017. v. 01. 327p .<\/p>\n\n\n\n<p> <strong>5. <\/strong><a rel=\"noreferrer noopener\" href=\"http:\/\/lattes.cnpq.br\/2967738693234470\" target=\"_blank\"><strong>BRAND\u00c3O, Clarissa<\/strong><\/a>; BIANCHI, E. G. ; SQUEFF, T. C. . Direitos humanos, feminismo e decolonialismo na Am\u00e9rica Latina. 1. ed. Rio de Janeiro: Editora Multifoco, 2017. v. 01. 345p .<\/p>\n\n\n\n<p> <strong>6. <\/strong><a rel=\"noreferrer noopener\" href=\"http:\/\/lattes.cnpq.br\/2967738693234470\" target=\"_blank\"><strong>BRAND\u00c3O, Clarissa<\/strong><\/a>; DALCASTEL, M. B. . Outras vozes no direito constitucional. 1. ed. Rio de Janeiro: Multifoco Editora, 2017. v. 01. 324p .<\/p>\n\n\n\n<p> <strong>7. <\/strong><a rel=\"noreferrer noopener\" href=\"http:\/\/lattes.cnpq.br\/2967738693234470\" target=\"_blank\"><strong>BRAND\u00c3O, Clarissa<\/strong><\/a>; BELLO, E. . Direitos Humanos e Cidadania no Constitucionalismo Latino- Americano. 1. ed. Rio de Janeiro: Lumen Juris, 2016. v. 1. 327p .<\/p>\n\n\n\n<p> <strong>8. <\/strong><a rel=\"noreferrer noopener\" href=\"http:\/\/lattes.cnpq.br\/2967738693234470\" target=\"_blank\"><strong>BRAND\u00c3O, Clarissa<\/strong><\/a>; CURVELLO, P. ; SADDY, A. . Constitui\u00e7\u00e3o, Crise H\u00eddrica, Energia e Minera\u00e7\u00e3o na Am\u00e9rica Latina. 1. ed. Rio de Janeiro: Lumen Juris, 2016. v. 1. 396p .<\/p>\n\n\n\n<p> <strong>9. <\/strong><a rel=\"noreferrer noopener\" href=\"http:\/\/lattes.cnpq.br\/2967738693234470\" target=\"_blank\"><strong>BRAND\u00c3O, Clarissa<\/strong><\/a>. DIREITO INTERNACIONAL DA CONCORR\u00caNCIA: aspectos constitucionais e com\u00e9rcio internacional. 1. ed. Rio de Janeiro: Lumen Juris, 2016. v. 1. 301p .<\/p>\n\n\n\n<p> <strong>10. <\/strong><a rel=\"noreferrer noopener\" href=\"http:\/\/lattes.cnpq.br\/2967738693234470\" target=\"_blank\"><strong>BRAND\u00c3O, Clarissa<\/strong><\/a>; ROSADO, M. . Direito Internacional do Petr\u00f3leo. 1. ed. Belo Horizonte: Arraes Editores, 2016. v. 2. 182p.<\/p>\n\n\n\n<ul class=\"wp-block-list\"><li><strong>Cap\u00edtulos de livros publicados<\/strong><\/li><\/ul>\n\n\n\n<p><strong>1. <\/strong><a href=\"http:\/\/lattes.cnpq.br\/2967738693234470\" target=\"_blank\" rel=\"noreferrer noopener\"><strong>KOWARSKI, Clarissa Brand\u00e3o<\/strong><\/a>; VIANNA, R. S. . Mudan\u00e7as na\ncondi\u00e7\u00e3o jur\u00eddica do estrangeiro da Lei 6815\/1980 para a lei 13.445\/2017: o\nasilo pol\u00edtico \u00e0 luz da nova lei de migra\u00e7\u00f5es. In: SQUEFF, Tatiana Cardoso.\n(Org.). Asilo Pol\u00edtico: discuss\u00f5es te\u00f3ricas e casos emblem\u00e1ticos..\n1ed.Curitiba: Editora Thoth, 2021, v. 1, p. 401-411.<\/p>\n\n\n\n<p> <strong>2. <\/strong><a rel=\"noreferrer noopener\" href=\"http:\/\/lattes.cnpq.br\/2967738693234470\" target=\"_blank\"><strong>KOWARSKI, Clarissa Brand\u00e3o<\/strong><\/a>; PARENTE, Ana Tereza M. . REGULA\u00c7\u00c3O DE INSTALA\u00c7\u00d5ES EM ALTO MAR DE PARQUES E\u00d3LICOS: UMA PROPOSTA DE REVIS\u00c3O DA CONVEN\u00c7\u00c3O DAS NA\u00c7\u00d5ES UNIDAS SOBRE O DIREITO DO MAR. In: MENEZES, Wagner. (Org.). Direito do mar e transdisciplinaridade: estudos em homenagem ao prof. Adherbal Meira Mattos:. 1ed.Belo Horizonte: Arraes Editores, 2020, v. 1, p. 213-230.<\/p>\n\n\n\n<p> <strong>3. <\/strong><a rel=\"noreferrer noopener\" href=\"http:\/\/lattes.cnpq.br\/2967738693234470\" target=\"_blank\"><strong>BRAND\u00c3O, Clarissa<\/strong><\/a>; NOGUEIRA, B. N. . O DIREITO SOCIET\u00c1RIO E A PROTE\u00c7\u00c3O AO MEIO AMBIENTE INSERIDOS NOS DISCURSOS DA RESPONSABILIDADE SOCIAL CORPORATIVA. In: Cortez, Luciane; Brand\u00e3o, Clarissa; ALVISI, Edson. (Org.). Direito societ\u00e1rio, compliance e \u00e9tica. 1ed.S\u00e3o Paulo: Tirant Lo Blanch, 2019, v. 1, p. 155-194.<\/p>\n\n\n\n<p> <strong>4. <\/strong><a rel=\"noreferrer noopener\" href=\"http:\/\/lattes.cnpq.br\/2967738693234470\" target=\"_blank\"><strong>BRAND\u00c3O, Clarissa<\/strong><\/a>; SOUZA, R. B. . Brazilian regulation of petroleum downstream. In: COSTA, Jos\u00e9 Augusto Fontoura; RIBEIRO, Marilda Rosado de S\u00e1; Xavier Junior, Ely Caetano. (Org.). Energy Law and Regulation in Brazil. 01ed.Zug: Springer International Publishing AG, 2018, v. 01, p. 01-09.<\/p>\n\n\n\n<p> <strong>5. <\/strong><a rel=\"noreferrer noopener\" href=\"http:\/\/lattes.cnpq.br\/2967738693234470\" target=\"_blank\"><strong>BRAND\u00c3O, Clarissa<\/strong><\/a>; BARCELLOS, R. . Direito \u00e0 moradia, deslocados internos e o caso dos terrenos do INSS. In: RIBEIRO, Daniela Menengoti, SIQUEIRA, Bruno, FLORES, Simone.. (Org.). Dignidade da Pessoa Humana e o Controle Judicial de Convencionalidade. 1ed.Rio de Janeiro: Lumen Iuris, 2018, v. 1, p. 63-91.<\/p>\n\n\n\n<p> <strong>6. <\/strong><a rel=\"noreferrer noopener\" href=\"http:\/\/lattes.cnpq.br\/2967738693234470\" target=\"_blank\"><strong>KOWARSKI, Clarissa M. B. B. de Carvalho<\/strong><\/a>; TIBURCIO, D. R. ; NUNES, B. N. . A aus\u00eancia da personalidade jur\u00eddica dos fundos de investimento em participa\u00e7\u00f5es e o conceito legal de acionista controlador. In: DALCASTEL, M\u00e1rcia; CHAVES, Vin\u00edcius; VAL, Eduardo; QUIRINO, Carina. (Org.). Debates dos Estado Empres\u00e1rio e Regula\u00e7\u00e3o. 1ed.Rio de Janeiro: CRV, 2018, v. 1, p. 177-200.<\/p>\n\n\n\n<p> <strong>7. <\/strong><a rel=\"noreferrer noopener\" href=\"http:\/\/lattes.cnpq.br\/2967738693234470\" target=\"_blank\"><strong>BRAND\u00c3O, Clarissa<\/strong><\/a>; VIANNA, R. S. . A EXPANS\u00c3O DA PROTE\u00c7\u00c3O AMBIENTAL NOS TRIBUNAIS INTERNACIONAIS E O DI\u00c1LOGO COM O DIREITO INTERNO. In: MENEZES, Wagner. (Org.). Tribunais internacionais e a rela\u00e7\u00e3o entre o direito internacional e o direito interno. 1ed.Belo Horizonte: Arraes Editores, 2017, v. 1, p. 175-182.<\/p>\n\n\n\n<p> <strong>8. <\/strong><a rel=\"noreferrer noopener\" href=\"http:\/\/lattes.cnpq.br\/2967738693234470\" target=\"_blank\"><strong>BRAND\u00c3O, Clarissa<\/strong><\/a>; BLACHI, D. . COOPERA\u00c7\u00c3O ENTRE OS TRIBUNAIS INTERNACIONAIS: UMA REFLEX\u00c3O SOBRE A PROLIFERA\u00c7\u00c3O DAS CORTES INTERNACIONAIS. In: MENEZES, Wagner. (Org.). Tribunais Internacionais e a Rela\u00e7\u00e3o entre o Direito Internacional e o Direito Interno. 1ed.Belo Horizonte: Arraes Editores, 2017, v. 1, p. 183-189.<\/p>\n\n\n\n<p> <strong>9. <\/strong><a rel=\"noreferrer noopener\" href=\"http:\/\/lattes.cnpq.br\/2967738693234470\" target=\"_blank\"><strong>BRAND\u00c3O, Clarissa<\/strong><\/a>. Revisitando o debate Habermas-Foucalt. In: GURGEL, Claudia, MELLO, Cleyson, GUERRA, Sonia. (Org.). Dignidade, Direito e Filosofia: estudos em homenagem a Andre R. C. Fontes. 1ed.Juiz de Fora: Editora Editar, 2017, v. 1, p. 131-142.<\/p>\n\n\n\n<p> <strong>10. <\/strong>CASAMASSO, M. A. ;&nbsp;<strong>BRAND\u00c3O, Clarissa<\/strong>&nbsp;. Tornar-se na\u00e7\u00e3o: constitui\u00e7\u00e3o. povo, terra e ecologia em Alberto Torres. In: NUNES, Cl\u00e1udia; MELLO, Cleyson; SILVA, Leonardo. (Org.). Historia, Direito e Filosofia: estudos em homenagem a Arno Wehling. 1ed.Juiz de Fora: Editar Editora Associada, 2017, v. 1, p. 165-178.<\/p>\n\n\n\n<p> <strong>11. <\/strong><a rel=\"noreferrer noopener\" href=\"http:\/\/lattes.cnpq.br\/2967738693234470\" target=\"_blank\"><strong>BRAND\u00c3O, Clarissa<\/strong><\/a>; BLACHI, D. . Tribunal Internacional sobre Direito do Mar: alguns aspectos processuais. In: MENEZES, Wagner. (Org.). Tribunais Internacionais e as Fontes do Direito Internacional. 1ed.Belo Horizonte: Arraes Editores, 2016, v. 1, p. 99-106.<\/p>\n\n\n\n<p> <strong>12. <\/strong><a rel=\"noreferrer noopener\" href=\"http:\/\/lattes.cnpq.br\/2967738693234470\" target=\"_blank\"><strong>BRAND\u00c3O, Clarissa<\/strong><\/a>; VIANNA, R. S. . As viola\u00e7\u00f5es aos direitos humanos e os tribunais internacionais: em dire\u00e7\u00e3o a uma cidadania cosmopolita. In: BRANDAO, Clarissa; BELLO, Enzo.. (Org.). Direitos Humanos e Cidadania no Constitucionalismo Latino-Americano. 1ed.Rio de Janeiro: Lumen Iuris, 2016, v. 1, p. 273-286.<\/p>\n\n\n\n<p> <strong>13. <\/strong><a rel=\"noreferrer noopener\" href=\"http:\/\/lattes.cnpq.br\/2967738693234470\" target=\"_blank\"><strong>BRAND\u00c3O, Clarissa<\/strong><\/a>; GUIMARAES, L. E. C. . A regula\u00e7\u00e3o no setor miner\u00e1rio: algumas atualiza\u00e7\u00f5es necess\u00e1rias. In: AVZARADEL, Pedro; BRANDAO, Clarissa; SADDY, Andr\u00e9. (Org.). Constitui\u00e7\u00e3o, Crise H\u00eddrica, Energia e Minera\u00e7\u00e3o. 1ed.Rio de Janeiro: Lumen Iuris, 2016, v. 1, p. 371-391.<\/p>\n\n\n\n<p> <strong>14. <\/strong><a rel=\"noreferrer noopener\" href=\"http:\/\/lattes.cnpq.br\/2967738693234470\" target=\"_blank\"><strong>BRAND\u00c3O, Clarissa<\/strong><\/a>; VIANNA, R. S. . Apontamentos sobre a viol\u00eancia policial na Am\u00e9rica Latina: um estudo comparado. In: MENEZES, Wagner. (Org.). Direito Internacional em Expans\u00e3o. 1ed.Belo Horizonte: Arraes Editores, 2016, v. VI, p. 334-344.<\/p>\n\n\n\n<p><strong>15. <\/strong><a rel=\"noreferrer noopener\" href=\"http:\/\/lattes.cnpq.br\/2967738693234470\" target=\"_blank\"><strong>BRAND\u00c3O, Clarissa<\/strong><\/a>; BLACHI, D. . Migra\u00e7\u00e3o e seus desafios na atualidade sob uma perspectiva de g\u00eanero. In: MENEZES, W.. (Org.). Direto Internacional em Expans\u00e3o. 1ed.Belo Horizonte: Arraes Editores, 2016, v. VII, p. 610-620. <\/p>\n\n\n\n<hr class=\"wp-block-separator\" \/>\n\n\n\n<p class=\"has-text-color has-medium-font-size has-vivid-red-color\">           *   <strong> Dr  Cl\u00e1udio Brand\u00e3o de Oliveira<\/strong><\/p>\n\n\n\n<ul class=\"wp-block-list\"><li><strong>Livros publicados\/organizados ou edi\u00e7\u00f5es<\/strong><\/li><\/ul>\n\n\n\n<p><strong>1.<\/strong>&nbsp;<strong><a href=\"http:\/\/lattes.cnpq.br\/5569805051607146\" target=\"_blank\" rel=\"noreferrer noopener\">OLIVEIRA, C. B.<\/a><\/strong>.\nAnota\u00e7\u00f5es ao C\u00f3digo de Organiza\u00e7\u00e3o e Divis\u00e3o Judici\u00e1ria do Rio de Janeiro. 15.\ned. Rio de Janeiro: Roma Victor, 2011. v. 1. 304p.<\/p>\n\n\n\n<p><strong>2.<\/strong>&nbsp;<strong><a href=\"http:\/\/lattes.cnpq.br\/5569805051607146\" target=\"_blank\" rel=\"noreferrer noopener\">OLIVEIRA, C. B.<\/a><\/strong>.\nManual de Direito Administrativo. 4. ed. Rio de Janeiro: Forense, 2009. v. 1.\n370p.<\/p>\n\n\n\n<p><strong>3.<\/strong>&nbsp;<strong><a href=\"http:\/\/lattes.cnpq.br\/5569805051607146\" target=\"_blank\" rel=\"noreferrer noopener\">OLIVEIRA, C. B.<\/a><\/strong>.\nAnota\u00e7\u00f5es a Consolida\u00e7\u00e3o Normativa da Corregedoria Geral da Justi\u00e7a do Rio de\nJaneiro. 4. ed. Rio de Janeiro: Roma Victor, 2007. v. 1. 200p.<\/p>\n\n\n\n<p><strong>4. <a href=\"http:\/\/lattes.cnpq.br\/5569805051607146\" target=\"_blank\" rel=\"noreferrer noopener\">OLIVEIRA, C. B.<\/a><\/strong>. Anota\u00e7\u00f5es ao Estatuto dos Funcion\u00e1rios P\u00fablicos do Rio de\nJaneiro. 6. ed. Rio de Janeiro: Roma Victor, 2007. v. 1. 179p .<\/p>\n\n\n\n<ul class=\"wp-block-list\"><li><strong>Cap\u00edtulos de livros publicados<\/strong><\/li><\/ul>\n\n\n\n<p><strong>1.<\/strong>&nbsp;<strong><a rel=\"noreferrer noopener\" href=\"http:\/\/lattes.cnpq.br\/5569805051607146\" target=\"_blank\">OLIVEIRA, C. B.<\/a><\/strong>. O controle das omiss\u00f5es e do sil\u00eancio da administra\u00e7\u00e3o p\u00fablica. Direito Administrativo &#8211; Estudos em Homenagem a Diogo de Figueiredo Moreira Neto. Rio de Janeiro: Lumen Juris, 2006, v. , p. 1-1079.<\/p>\n\n\n\n<p><strong>2. <a rel=\"noreferrer noopener\" href=\"http:\/\/lattes.cnpq.br\/5569805051607146\" target=\"_blank\">OLIVEIRA, C. B.<\/a><\/strong>. A Constitui\u00e7\u00e3o, o Estado e o Direito de propriedade. Temas de Direito. Rio de Janeiro: Lumen Juris, 2001, v., p.<\/p>\n\n\n\n<hr class=\"wp-block-separator\" \/>\n\n\n\n<p class=\"has-text-color has-medium-font-size has-vivid-red-color\">          <strong>*     Dr  Cl\u00e1udio Pereira de Souza Neto<\/strong><\/p>\n\n\n\n<ul class=\"wp-block-list\"><li><strong>Artigos completos publicados em peri\u00f3dicos<\/strong><\/li><\/ul>\n\n\n\n<p> <strong>1. <\/strong><a rel=\"noreferrer noopener\" href=\"http:\/\/lattes.cnpq.br\/4032298536518084\" target=\"_blank\"><strong>SOUZA NETO, Cl\u00e1udio Pereira de<\/strong><\/a>; SENA, B. V. . Responsabilidade objetiva do Estado pelos danos causados aos servidores p\u00fablicos exonerados ilegalmente em 1990 e readmitidos pela anistia prevista na Lei n\u00ba 8.878\/94. REVISTA F\u00d3RUM DE DIREITO SINDICAL, v. 2, p. 229, 2016.<\/p>\n\n\n\n<p><strong>2. <\/strong><a rel=\"noreferrer noopener\" href=\"http:\/\/lattes.cnpq.br\/4032298536518084\" target=\"_blank\"><strong>SOUZA NETO, Cl\u00e1udio Pereira de<\/strong><\/a>; SOUZA FILHO, A. B. . Modula\u00e7\u00e3o de efeitos e senten\u00e7as aditivas na jurisdi\u00e7\u00e3o constitucional brasileira: um estudo de caso a partir do julgamento das A\u00e7\u00f5es Diretas de Inconstitucionalidade n\u00bas 4.357 e 4.425.. F\u00f3rum Administrativo, v. 161, p. 25, 2014.<\/p>\n\n\n\n<p><strong>3. <\/strong><a rel=\"noreferrer noopener\" href=\"http:\/\/lattes.cnpq.br\/4032298536518084\" target=\"_blank\"><strong>SOUZA NETO, Cl\u00e1udio Pereira de<\/strong><\/a>; S. FILHO, A. B. . Demarca\u00e7\u00e3o da terra ind\u00edgena Raposa Serra do Sol.. F\u00d3RUM ADMINISTRATIVO, v. 162, p. 10, 2014.<\/p>\n\n\n\n<p> <strong>4. <\/strong><a rel=\"noreferrer noopener\" href=\"http:\/\/lattes.cnpq.br\/4032298536518084\" target=\"_blank\"><strong>SOUZA NETO, Cl\u00e1udio Pereira de<\/strong><\/a>. O controle judicial do m\u00e9rito de quest\u00f5es de concurso p\u00fablico. Revista da Ordem dos Advogados do Brasil (Bras\u00edlia), v. 1, p. 30-35, 2014.<\/p>\n\n\n\n<p> <strong>5. <\/strong><a rel=\"noreferrer noopener\" href=\"http:\/\/lattes.cnpq.br\/4032298536518084\" target=\"_blank\"><strong>SOUZA NETO, Cl\u00e1udio Pereira de<\/strong><\/a>; SARMENTO, Daniel . Notas Sobre Jurisdi\u00e7\u00e3o Constitucional e Democracia: A Quest\u00e3o Da &#8216;\u00daltima Palavra&#8217; e Alguns Par\u00e2metros de Autoconten\u00e7\u00e3o Judicial.. REVISTA QUAESTIO IURIS, v. 6, p. 119, 2013.<\/p>\n\n\n\n<ul class=\"wp-block-list\"><li><strong>Livros publicados\/organizados ou edi\u00e7\u00f5es<\/strong><\/li><\/ul>\n\n\n\n<p><strong>1. <\/strong><a href=\"http:\/\/lattes.cnpq.br\/4032298536518084\" target=\"_blank\" rel=\"noreferrer noopener\"><strong>SOUZA NETO, Cl\u00e1udio Pereira de<\/strong><\/a>; LAMACHIA, C. P.\nP. (Org.) ; COELHO, M. V. F. (Org.) ; RIBEIRO, C. S. (Org.) ; FERREIRA, A. O.\n(Org.) . O Novo CPC As Conquistas da Advocacia. 1. ed. Bras\u00edlia: OAB Conselho\nFederal, 2015. v. 1. 429p .<\/p>\n\n\n\n<p> <strong>2. <\/strong><a rel=\"noreferrer noopener\" href=\"http:\/\/lattes.cnpq.br\/4032298536518084\" target=\"_blank\"><strong>SOUZA NETO, Cl\u00e1udio Pereira de<\/strong><\/a>; SARMENTO, Daniel . Direito Constitucional: teoria, hist\u00f3ria e m\u00e9todos de trabalho. 2. ed. Belo Horizonte: Editora F\u00f3rum, 2014. v. 1. 624p .<\/p>\n\n\n\n<p> <strong>3. <\/strong><a rel=\"noreferrer noopener\" href=\"http:\/\/lattes.cnpq.br\/4032298536518084\" target=\"_blank\"><strong>SOUZA NETO, Cl\u00e1udio Pereira de<\/strong><\/a>; BRITTO, C. (Org.) ; ARANTES, A. (Org.) ; MACHADO, M. L. (Org.) . A OAB e a Reforma Pol\u00edtica Democr\u00e1tica. 1. ed. Bras\u00edlia\/DF: OAB Conselho Federal, 2014. v. 1. 222p .<\/p>\n\n\n\n<ul class=\"wp-block-list\"><li><strong>Cap\u00edtulos de livros publicados<\/strong><\/li><\/ul>\n\n\n\n<p><strong>1. <\/strong><a href=\"http:\/\/lattes.cnpq.br\/4032298536518084\" target=\"_blank\" rel=\"noreferrer noopener\"><strong>SOUZA NETO, Cl\u00e1udio Pereira de<\/strong><\/a>. O \u00e2mbito material\nda representa\u00e7\u00e3o discursiva pela jurisdi\u00e7\u00e3o constitucional: um di\u00e1logo com Luis\nRoberto Barroso. In: Oscar Vilhena Vieira; Rubens Glezer. (Org.). A raz\u00e3o e o\nvoto. 1aed.S\u00e3o Paulo: FGV, 2017, v. , p. 548-.<\/p>\n\n\n\n<p> <strong>2. <\/strong><a rel=\"noreferrer noopener\" href=\"http:\/\/lattes.cnpq.br\/4032298536518084\" target=\"_blank\"><strong>SOUZA NETO, Cl\u00e1udio Pereira de<\/strong><\/a>. O Novo CPC e a fundamenta\u00e7\u00e3o das decis\u00f5es judiciais. In: Marcus Vinicius Furtado Coelho; Claudio Pacheco Prates Lamachia; Cl\u00e1udio Pereira de Souza Neto; Cl\u00e1udio St\u00e1bile Ribeiro; Antonio Oneildo Ferreira. (Org.). O Novo CPC As Conquistas da Advocacia. 1ed.Bras\u00edlia: OAB Conselho Federal, 2015, v. 1, p. 63-72.<\/p>\n\n\n\n<p> <strong>3. <\/strong><a rel=\"noreferrer noopener\" href=\"http:\/\/lattes.cnpq.br\/4032298536518084\" target=\"_blank\"><strong>SOUZA NETO, Cl\u00e1udio Pereira de<\/strong><\/a>; SARMENTO, Daniel . Controle de constitucionalidade e democracia: algumas teorias e par\u00e2metros de ativismo. In: Daniel Sarmento. (Org.). Jurisdi\u00e7\u00e3o constitucional e pol\u00edtica. 1aed.S\u00e3o Paulo: Gen-Forense, 2015, v. , p. 100-.<\/p>\n\n\n\n<p> <strong>4. <\/strong><a rel=\"noreferrer noopener\" href=\"http:\/\/lattes.cnpq.br\/4032298536518084\" target=\"_blank\"><strong>SOUZA NETO, Cl\u00e1udio Pereira de<\/strong><\/a>. Defender a Constitui\u00e7\u00e3o, a Ordem Jur\u00eddica do Estado Democr\u00e1tico de Direito e os Direitos Humanos: a Lei 8.906\/94 e a atua\u00e7\u00e3o da Ordem dos Advogados do Brasil no Supremo Tribunal Federal. In: Aline Portela Bandeira; Francisca Miguel; Oswaldo P. Ribeiro Junior; Paulo Fernando Torres Guimar\u00e3es; Suzana Dias da Silva; Tarcizo Roberto do Nascimento. (Org.). Estatuto da Advocacia e da OAB e legisla\u00e7\u00e3o complementar. 13ed.Bras\u00edlia: OAB,Conselho Federal, 2014, v. 1, p. 11-15.<\/p>\n\n\n\n<p><strong>5. <\/strong><a rel=\"noreferrer noopener\" href=\"http:\/\/lattes.cnpq.br\/4032298536518084\" target=\"_blank\"><strong>SOUZA NETO, Cl\u00e1udio Pereira de<\/strong><\/a>; SARMENTO, Daniel . Notas sobre Jurisdi\u00e7\u00e3o Constitucional e Democracia: A Quest\u00e3o da \u00daltima Palavra.. In: Andr\u00e9 Fallet; Marcello Novelino. (Org.). Jurisdi\u00e7\u00e3o Constitucional e Democracia. 1ed.Salvador: Ius Podium, 2013, v. 1, p. 125-158. <\/p>\n\n\n\n<hr class=\"wp-block-separator\" \/>\n\n\n\n<p class=\"has-text-color has-medium-font-size has-vivid-red-color\">             <strong> *    Dr  Clodomiro Jos\u00e9 Bannwart J\u00fanior<\/strong><\/p>\n\n\n\n<p><strong>Artigos completos\npublicados em peri\u00f3dicos<\/strong><\/p>\n\n\n\n<p> <strong>1. <\/strong><a rel=\"noreferrer noopener\" href=\"http:\/\/lattes.cnpq.br\/6362687483868182\" target=\"_blank\"><strong>BANNWART J\u00daNIOR, C. J.<\/strong><\/a>. Vida. I\u00e1trico, v. 39, p. 24-25, 2021.<\/p>\n\n\n\n<p> <strong>2. <\/strong>LEBBOS FAVORETO, RICARDO ;&nbsp;<strong>BANNWART J\u00daNIOR, CLODOMIRO JOS\u00c9<\/strong>&nbsp;; FRAN\u00c7A MAZZEI NOGUEIRA, ARNALDO JOS\u00c9 . Problematizando o conceito de responsabilidade social empresarial: implica\u00e7\u00f5es de uma leitura multidisciplinar. SCIENTIA IURIS (ONLINE), v. 24, p. 55-77, 2020.<\/p>\n\n\n\n<p> <strong>3. <\/strong><a rel=\"noreferrer noopener\" href=\"http:\/\/lattes.cnpq.br\/6362687483868182\" target=\"_blank\"><strong>BANNWART J\u00daNIOR, C. J.<\/strong><\/a>; FAVORETTO, R. L. ; NOGUEIRA, A. J. F. M. . Momento de reflex\u00e3o: Pensamento habermasiano e administra\u00e7\u00e3o. Organiza\u00e7\u00f5es e Sustentabilidade, v. 7, p. 1-10, 2019.<\/p>\n\n\n\n<p> <strong>4. <\/strong><a rel=\"noreferrer noopener\" href=\"http:\/\/lattes.cnpq.br\/6362687483868182\" target=\"_blank\"><strong>BANNWART J\u00daNIOR, C. J.<\/strong><\/a>; MARTINS, L. G. C. . Resgate hist\u00f3rico-filos\u00f3fico dos conceitos de liberdade: a constru\u00e7\u00e3o da liberdade comunicativa. REVISTA DO DIREITO P\u00daBLICO (LONDRINA), v. 1, p. 37-49, 2019.<\/p>\n\n\n\n<p> <strong>5. <\/strong><a rel=\"noreferrer noopener\" href=\"http:\/\/lattes.cnpq.br\/6362687483868182\" target=\"_blank\"><strong>BANNWART J\u00daNIOR, C. J.<\/strong><\/a>; LIMA, G. . Educa\u00e7\u00e3o Respons\u00e1vel e Integral como bem comum mundial. Revista Eletr\u00f4nica Espa\u00e7o Acad\u00eamico (Online), v. 17, p. 37-48, 2018.<\/p>\n\n\n\n<p> <strong>6. <\/strong><a rel=\"noreferrer noopener\" href=\"http:\/\/lattes.cnpq.br\/6362687483868182\" target=\"_blank\"><strong>BANNWART J\u00daNIOR, C. J.<\/strong><\/a>; BANNWART, M. C. S. ; CACHICHI, R. C. D. . Forma\u00e7\u00e3o e Aperfei\u00e7oamento de Magistrados em mat\u00e9ria de Direitos Humanos. REVISTA ELETR\u00d4NICA DA FEATI, v. 1, p. 26-42, 2017.<\/p>\n\n\n\n<p> <strong>7. <\/strong><a rel=\"noreferrer noopener\" href=\"http:\/\/lattes.cnpq.br\/6362687483868182\" target=\"_blank\"><strong>BANNWART J\u00daNIOR, C. J.<\/strong><\/a>. Sonhar, projetar e realizar: o legado de Arthur Thomas. Faatual, v. 4, p. 3-5, 2017.<\/p>\n\n\n\n<p> <strong>8. <\/strong><a rel=\"noreferrer noopener\" href=\"http:\/\/lattes.cnpq.br\/6362687483868182\" target=\"_blank\"><strong>BANNWART J\u00daNIOR, C. J.<\/strong><\/a>; MASSI, I. . CONSOLIDA\u00c7\u00c3O DE VALORES \u00c9TICOS NAS EMPRESAS ESTATAIS E O COMBATE \u00c0 CORRUP\u00c7\u00c3O: PR\u00c1TICAS PARA EFETIVA\u00c7\u00c3O DE POL\u00cdTICAS SOCIALMENTE RESPONS\u00c1VEIS. Revista de Direito Administrativo e Gest\u00e3o P\u00fablica, v. 2, p. 41-61, 2017.<\/p>\n\n\n\n<p> <strong>9. <\/strong>PIVATO, MARCILEI GORINI ;&nbsp;<strong>BANNWART J\u00daNIOR, CLODOMIRO JOS\u00c9<\/strong>&nbsp;. A Teoria Cr\u00edtica do Direito e a Constru\u00e7\u00e3o do P\u00f3s-Positivismo. Teorias do Direito e Realismo Jur\u00eddico, v. 2, p. 84-105, 2016.<\/p>\n\n\n\n<ul class=\"wp-block-list\"><li><strong>Livros publicados\/organizados ou edi\u00e7\u00f5es<\/strong><\/li><\/ul>\n\n\n\n<p><strong>1. <\/strong><a href=\"http:\/\/lattes.cnpq.br\/6362687483868182\" target=\"_blank\" rel=\"noreferrer noopener\"><strong>BANNWART J\u00daNIOR, C. J.<\/strong><\/a>; LENZA, P. . OAB Esquematizado. Volume \u00danico. 1a\nfase.. 8. ed. S\u00e3o Paulo: Saraiva, 2021. v. 1. 1204p .<\/p>\n\n\n\n<p> <strong>2. <\/strong><a rel=\"noreferrer noopener\" href=\"http:\/\/lattes.cnpq.br\/6362687483868182\" target=\"_blank\"><strong>BANNWART J\u00daNIOR, C. J.<\/strong><\/a>. Entre a Vida e a Morte: o que colhemos no caminho?. 1. ed. Londrina\/PR: Engenho das Letras, 2021. v. 1. 258p .<\/p>\n\n\n\n<p> <strong>3. <\/strong><a rel=\"noreferrer noopener\" href=\"http:\/\/lattes.cnpq.br\/6362687483868182\" target=\"_blank\"><strong>BANNWART J\u00daNIOR, CLODOMIRO JOS\u00c9<\/strong><\/a>; LIMA, G. ; NICOLAU, A. A. ; SEEHABER, L. C. ; RUDNIK, L. . A Pedagogia da Responsabilidade Integral e Educa\u00e7\u00e3o P\u00f3s-Convencional. 1. ed. Londrina\/PR: Engenho das Letras, 2020. v. 1. 134p .<\/p>\n\n\n\n<p> <strong>4. <\/strong><a rel=\"noreferrer noopener\" href=\"http:\/\/lattes.cnpq.br\/6362687483868182\" target=\"_blank\"><strong>BANNWART J\u00daNIOR, C. J.<\/strong><\/a>; FAVORETTO, R. L. (Org.) . Compliance. Aspectos Jur\u00eddicos e filos\u00f3ficos. 1. ed. Londrina\/PR: Engenho das Letras, 2020. v. 1. 294p .<\/p>\n\n\n\n<p> <strong>5. <\/strong><a rel=\"noreferrer noopener\" href=\"http:\/\/lattes.cnpq.br\/6362687483868182\" target=\"_blank\"><strong>BANNWART J\u00daNIOR, C. J.<\/strong><\/a>; CENCI, Elve Miguel (Org.) ; BELLINETTI, L. F. (Org.) . \u00c9tica nos Neg\u00f3cios Jur\u00eddicos. 1. ed. Londrina\/PR: Engenho das Letras, 2020. v. 1. 341p .<\/p>\n\n\n\n<p> <strong>6. <\/strong><a rel=\"noreferrer noopener\" href=\"http:\/\/lattes.cnpq.br\/6362687483868182\" target=\"_blank\"><strong>BANNWART J\u00daNIOR, C. J.<\/strong><\/a>; LENZA, P. . OAB Esquematizado. Volume \u00danico. 1a fase.. 7. ed. S\u00e3o Paulo: Editora Saraiva, 2020. v. 1. 1146p .<\/p>\n\n\n\n<p><strong>7. <\/strong><a rel=\"noreferrer noopener\" href=\"http:\/\/lattes.cnpq.br\/6362687483868182\" target=\"_blank\"><strong>BANNWART J\u00daNIOR, C. J.<\/strong><\/a>; FUGA, B. A. S. (Org.) . Filosofia do Direito. 3a. ed. Londrina: Thoth, 2019. v. 1. 408p .<\/p>\n\n\n\n<p><strong>8. <\/strong>LENZA, P. ;&nbsp;<strong>BANNWART J\u00daNIOR, C. J.<\/strong>&nbsp;. OAB Esquematizado: Primeira Fase. 5a. ed. S\u00e3o Paulo: Editora Saraiva, 2019. v. 1. 1281p .<\/p>\n\n\n\n<p><strong>9. <\/strong>ROCHA, M. H. ;&nbsp;<strong>BANNWART J\u00daNIOR, C. J.<\/strong>&nbsp;. Completa\u00e7o. Passe em Concursos. CESPE (Cebrasp). 1. ed. S\u00e3o Paulo: Editora Saraiva, 2019. v. 1000. 976p .<\/p>\n\n\n\n<p><strong>10. <\/strong>LENZA, P. ;&nbsp;<strong>BANNWART J\u00daNIOR, C. J.<\/strong>&nbsp;. OAB ESQUEMATIZADO. Volume \u00danico. 6. ed. S\u00e3o Paulo: Editora Saraiva, 2019. v. 1. 1329p .<\/p>\n\n\n\n<p><strong>11. <\/strong><a rel=\"noreferrer noopener\" href=\"http:\/\/lattes.cnpq.br\/6362687483868182\" target=\"_blank\"><strong>BANNWART J\u00daNIOR, C. J.<\/strong><\/a>. Entrelinhas: percursos da Nova Rep\u00fablica. 1. ed. Londrina: Engenho das Letras, 2019. v. 150. 364p .<\/p>\n\n\n\n<p><strong>12. <\/strong><a rel=\"noreferrer noopener\" href=\"http:\/\/lattes.cnpq.br\/6362687483868182\" target=\"_blank\"><strong>BANNWART J\u00daNIOR, C. J.<\/strong><\/a>; LIMA, G. ; NUNES, L. ; SEEHABER, L. C. ; NICOLAU, A. A. . A Pedagogia da Responsabilidade Integral e a BNCC. 1. ed. LOndrina\/PR: Editora Thoth, 2018. v. 130. 78p .<\/p>\n\n\n\n<p><strong>13. <\/strong><a rel=\"noreferrer noopener\" href=\"http:\/\/lattes.cnpq.br\/6362687483868182\" target=\"_blank\"><strong>BANNWART J\u00daNIOR, C. J.<\/strong><\/a>; LENZA, P. . OAB Esquematizado. Primeira Fase. Volume \u00danico. 3a. ed. S\u00e3o Paulo: Editora Saraiva, 2018. v. 15000. 1185p .<\/p>\n\n\n\n<p><strong>14. <\/strong><a rel=\"noreferrer noopener\" href=\"http:\/\/lattes.cnpq.br\/6362687483868182\" target=\"_blank\"><strong>BANNWART J\u00daNIOR, C. J.<\/strong><\/a>; FUGA, B. A. S. (Org.) . Filosofia do Direito. 2a. ed. Londrina\/PR: Editora Thoth, 2018. v. 1. 410p.<\/p>\n\n\n\n<p><strong>15. <\/strong><a rel=\"noreferrer noopener\" href=\"http:\/\/lattes.cnpq.br\/6362687483868182\" target=\"_blank\"><strong>BANNWART J\u00daNIOR, C. J.<\/strong><\/a>; LENZA, P. . OAB Esquematizado. Primeira Fase. Volume \u00danico. 4a. ed. S\u00e3o Paulo: Saraiva, 2018. v. 1. 1185p .<\/p>\n\n\n\n<p><strong>16. <\/strong><a rel=\"noreferrer noopener\" href=\"http:\/\/lattes.cnpq.br\/6362687483868182\" target=\"_blank\"><strong>BANNWART J\u00daNIOR, C. J.<\/strong><\/a>; CATARINO, D. ; LIMA, G. ; NUNES, L. . Responsabilidade Integral. 1. ed. Londrina\/PR: Midiograf, 2017. v. 1. 199p .<\/p>\n\n\n\n<p><strong>17. <\/strong><a rel=\"noreferrer noopener\" href=\"http:\/\/lattes.cnpq.br\/6362687483868182\" target=\"_blank\"><strong>BANNWART J\u00daNIOR, C. J.<\/strong><\/a>; LENZA, P. . OAB Esquematizado. 1. ed. S\u00e3o Paulo: Saraiva, 2017. v. 10000. 1016p .<\/p>\n\n\n\n<p><strong>18. <\/strong><a rel=\"noreferrer noopener\" href=\"http:\/\/lattes.cnpq.br\/6362687483868182\" target=\"_blank\"><strong>BANNWART J\u00daNIOR, C. J.<\/strong><\/a>; FUGA, B. A. S. (Org.) . Filosofia do Direito. 1. ed. Belo Horizonte: Arraes Editores, 2017. v. 1. 236p .<\/p>\n\n\n\n<p><strong>19. <\/strong><a rel=\"noreferrer noopener\" href=\"http:\/\/lattes.cnpq.br\/6362687483868182\" target=\"_blank\"><strong>BANNWART J\u00daNIOR, C. J.<\/strong><\/a>; LENZA, P. . OAB Equematizado &#8211; Primeira Fase. 2a. ed. S\u00e3o Paulo: Editora Saraiva, 2017. v. 1. 1051p.<\/p>\n\n\n\n<ul class=\"wp-block-list\"><li><strong>Cap\u00edtulos de livros publicados<\/strong><\/li><\/ul>\n\n\n\n<p><strong>1. <\/strong><a href=\"http:\/\/lattes.cnpq.br\/6362687483868182\" target=\"_blank\" rel=\"noreferrer noopener\"><strong>BANNWART J\u00daNIOR, C. J.<\/strong><\/a>; SEVILHA, P. G. . O uso de dados\npara verifica\u00e7\u00e3o dos recursos financeiros em campanhas eleitorais: uma busca\npela transpar\u00eancia. In: Tiago Eurico de Lacerda; Andr\u00e9 Martini.. (Org.).\nTecnologia e responsabilidade: reflex\u00f5es \u00e9ticas, jur\u00eddicas e educacionais.\n1ed.Curitiba\/PR: Editora Bagai, 2021, v. 1, p. 155-168.<\/p>\n\n\n\n<p><strong>2. <\/strong><a rel=\"noreferrer noopener\" href=\"http:\/\/lattes.cnpq.br\/6362687483868182\" target=\"_blank\"><strong>BANNWART J\u00daNIOR, C. J.<\/strong><\/a>; DEMICIANO, D. . Corrup\u00e7\u00e3o, Lei Anticorrup\u00e7\u00e3o e Compliance. In: TEIXEIRA, Tarc\u00edsio; LOPES, Alan Moreira; TAKADA, Thalles. (Org.). Manual Jur\u00eddico da Inova\u00e7\u00e3o e das Startups. 3ed.Salvador\/BA: JusPodivm, 2021, v. 1, p. 128-142.<\/p>\n\n\n\n<p><strong>3. <\/strong><a rel=\"noreferrer noopener\" href=\"http:\/\/lattes.cnpq.br\/6362687483868182\" target=\"_blank\"><strong>BANNWART J\u00daNIOR, C. J.<\/strong><\/a>. \u00c9tica Empresarial e Compliance \u00e0 luz do Estado Democr\u00e1tico de Direito. In: BANNWART J\u00daNIOR, Clodomiro Jos\u00e9; FAVORETO, Ricardo Lebbos. (Org.). Compliance. Aspectos Jur\u00eddicos e filos\u00f3ficos. 1ed.Londrina\/PR: Engenho das Letras, 2020, v. 1, p. 17-40.<\/p>\n\n\n\n<p><strong>4. <\/strong><a rel=\"noreferrer noopener\" href=\"http:\/\/lattes.cnpq.br\/6362687483868182\" target=\"_blank\"><strong>BANNWART J\u00daNIOR, C. J.<\/strong><\/a>. Crime de Genoc\u00eddio. In: HAMMERSCHMIDT, Denise. (Org.). Crimes Hediondos e Assemelhados. 1ed.Curitiba\/PR: Juru\u00e1, 2020, v. 1, p. 273-284.<\/p>\n\n\n\n<p><strong>5. <\/strong><a rel=\"noreferrer noopener\" href=\"http:\/\/lattes.cnpq.br\/6362687483868182\" target=\"_blank\"><strong>BANNWART J\u00daNIOR, C. J.<\/strong><\/a>. Crime de Genoc\u00eddio. Genocide crime. In: HAMMERSCHMIDT, Denise. (Org.). Crimes Hediondos e Assemelhados. Heinous Crimes. 1ed.Porto\/Portugal: Juru\u00e1, 2020, v. 1, p. 273-284.<\/p>\n\n\n\n<p><strong>6. <\/strong><a rel=\"noreferrer noopener\" href=\"http:\/\/lattes.cnpq.br\/6362687483868182\" target=\"_blank\"><strong>BANNWART J\u00daNIOR, C. J.<\/strong><\/a>; BANNWART, M. C. S. ; CARDOSO, S. A. P. . Sequestro e C\u00e1rcere Privado. Artigo 148 do C\u00f3digo Penal.. In: HAMMERSCHMIDT, Denise. (Org.). Tratado dos Direitos das Mulheres. Treatise of Womem Rights. 1ed.Curitiba\/PR: Juru\u00e1, 2020, v. 1, p. 165-178.<\/p>\n\n\n\n<p><strong>7. <\/strong><a rel=\"noreferrer noopener\" href=\"http:\/\/lattes.cnpq.br\/6362687483868182\" target=\"_blank\"><strong>BANNWART J\u00daNIOR, C. J.<\/strong><\/a>; BANNWART, M. C. S. ; CARDOSO, S. A. P. . Sequestro e C\u00e1rcere Privado. Kidnapping and Private Jail. Artigo 148 do C\u00f3digo Penal.. In: HAMMERSCHMIDT, Denise. (Org.). Tratado dos Direitos das Mulheres. Treatise of Womem Rights. 1ed.Porto\/Portugal: Juru\u00e1, 2020, v. 1, p. 165-178.<\/p>\n\n\n\n<p><strong>8. <\/strong><a rel=\"noreferrer noopener\" href=\"http:\/\/lattes.cnpq.br\/6362687483868182\" target=\"_blank\"><strong>BANNWART J\u00daNIOR, C. J.<\/strong><\/a>; BANNWART, M. C. S. ; CARDOSO, S. A. P. ; GIACOIA, G. . Do Habeas Corpus. Artigos 647 a 667 do CPP. In: HAMMERSCHMIDT, Denise. (Org.). C\u00f3digo de processo Penal Comentado. 1ed.Curitiba\/PR: Juru\u00e1, 2020, v. 1, p. 1081-1098.<\/p>\n\n\n\n<p><strong>9. <\/strong><a rel=\"noreferrer noopener\" href=\"http:\/\/lattes.cnpq.br\/6362687483868182\" target=\"_blank\"><strong>BANNWART J\u00daNIOR, C. J.<\/strong><\/a>; DEMICIANO, D. . Corrup\u00e7\u00e3o, Lei Anticorrup\u00e7\u00e3o e Compliance. In: TEIXEIRA, Tarc\u00edsio; LOPES, Alan Moreira; TAKADA, Thalles. (Org.). Manual Jur\u00eddico da Inova\u00e7\u00e3o e das Startups. 2ed.Salvador\/BA: JusPodivm, 2020, v. 1, p. 241-260.<\/p>\n\n\n\n<p><strong>10. <\/strong><a rel=\"noreferrer noopener\" href=\"http:\/\/lattes.cnpq.br\/6362687483868182\" target=\"_blank\"><strong>BANNWART J\u00daNIOR, C. J.<\/strong><\/a>; FAVORETTO, R. L. . Lei Anticorrup\u00e7\u00e3o e Compliance como instrumentos de combate \u00e0 corrup\u00e7\u00e3o. In: BANNWART J\u00daNIOR, Clodomiro Jos\u00e9; CENCI, Elve; BELLINETTI, Luiz Fernado. (Org.). \u00c9tica nos Neg\u00f3cios Jur\u00eddicos. 1ed.Londrina\/PR: Engenho das Letras, 2020, v. 1, p. 103-134.<\/p>\n\n\n\n<p><strong>11. <\/strong><a rel=\"noreferrer noopener\" href=\"http:\/\/lattes.cnpq.br\/6362687483868182\" target=\"_blank\"><strong>BANNWART J\u00daNIOR, C. J.<\/strong><\/a>; MARTINS, L. G. C. . Fundamentos filos\u00f3ficos do Compliance \u00e0 luz do pensamento de J\u00fcrgen Habermas. Direito Negocial e Corrup\u00e7\u00e3o no Estado Democr\u00e1tico de Direito. 1ed.Belo Horizonte: Arraes, 2019, v. 1, p. 2-23.<\/p>\n\n\n\n<p><strong>12. <\/strong><a rel=\"noreferrer noopener\" href=\"http:\/\/lattes.cnpq.br\/6362687483868182\" target=\"_blank\"><strong>BANNWART J\u00daNIOR, C. J.<\/strong><\/a>; MESSA, A. F. . Biotecnologias e implica\u00e7\u00f5es morais. O futuro da natureza humana.. In: Maria Miguel Carvalho. (Org.). E.TEC Yearbook. Health Law and Technology. 1ed.Minho\/Portugal: School of Law od the University of Minho, 2019, v. 1, p. 87-110.<\/p>\n\n\n\n<p><strong>13. <\/strong><a rel=\"noreferrer noopener\" href=\"http:\/\/lattes.cnpq.br\/6362687483868182\" target=\"_blank\"><strong>BANNWART J\u00daNIOR, C. J.<\/strong><\/a>. \u00c9tica Empresarial e Compliance \u00e0 luz do Estado Democr\u00e1tico de Direito. In: HANSEN, Gilvan Luiz; FERNANDES MONICA, Eder; FERNANDES ALVAREZ, Anton Lois. (Org.). \u00c9tica Empresarial e Compliance \u00e0 luz do Estado Democr\u00e1tico de Direito. 1ed.Madrid\/Espanha: Librer\u00eda Dykinson, 2019, v. 1, p. 457-473.<\/p>\n\n\n\n<p><strong>14. <\/strong><a rel=\"noreferrer noopener\" href=\"http:\/\/lattes.cnpq.br\/6362687483868182\" target=\"_blank\"><strong>BANNWART J\u00daNIOR, C. J.<\/strong><\/a>; DEMICIANO, D. . Corrup\u00e7\u00e3o, Lei Anticorrup\u00e7\u00e3o e Compliance. Manual Jur\u00eddico da Inova\u00e7\u00e3o e das Startups. 1ed.Salvador\/BA: JusPodivm, 2019, v. 1, p. 231-246.<\/p>\n\n\n\n<p><strong>15. <\/strong><a rel=\"noreferrer noopener\" href=\"http:\/\/lattes.cnpq.br\/6362687483868182\" target=\"_blank\"><strong>BANNWART J\u00daNIOR, C. J.<\/strong><\/a>. Teoria do Conhecimento e Linguagem em Santo Agostinho. In: Andr\u00e9 Borges; Jos\u00e9 Joaquim Pereira Melo. (Org.). Agostinho em Di\u00e1logo. Filosofia, Teologia, Hist\u00f3ria e Educa\u00e7\u00e3o. 1ed.S\u00e3o Paulo: Fonte Editorial, 2019, v. 1, p. 199-219.<\/p>\n\n\n\n<p><strong>16. <\/strong><a rel=\"noreferrer noopener\" href=\"http:\/\/lattes.cnpq.br\/6362687483868182\" target=\"_blank\"><strong>BANNWART J\u00daNIOR, C. J.<\/strong><\/a>; FUGA, B. A. S. . A filosofia do direito como doadora de inteligibilidade aos arqu\u00e9tipos jur\u00eddicos. In: Clodomiro Jos\u00e9 Bannwart J\u00fanior; Bruno Augusto Sampaio Fuga. (Org.). Filosofia do Direito. 2aed.Londrina\/PR: Editora Thoth, 2018, v. 1, p. 25-28.<\/p>\n\n\n\n<p><strong>17. <\/strong><a rel=\"noreferrer noopener\" href=\"http:\/\/lattes.cnpq.br\/6362687483868182\" target=\"_blank\"><strong>BANNWART J\u00daNIOR, C. J.<\/strong><\/a>. Aspectos Jur\u00eddicos na Filosofia Transcendental de Kant. In: Clodomiro Jos\u00e9 Bannwart J\u00fanior; Bruno Augusto Sampaio Fuga. (Org.). Filosofia do Direito. 2aed.Londrina\/PR: Editora Thoth, 2018, v. 1, p. 191-203.<\/p>\n\n\n\n<p><strong>18. <\/strong><a rel=\"noreferrer noopener\" href=\"http:\/\/lattes.cnpq.br\/6362687483868182\" target=\"_blank\"><strong>BANNWART J\u00daNIOR, C. J.<\/strong><\/a>; BANNWART, M. C. S. . Democracia e Direitos Pol\u00edticos: a Propaganda Pol\u00edtica como Direito Fundamental. In: Fl\u00e1vio Pierobon; Val\u00e9ria Martins Oliveira. (Org.). 30 anos da Constitui\u00e7\u00e3o Cidad\u00e3: Desafios e Perspectivas. 1ed.Londrina\/PR: Thoth, 2018, v. 1, p. 91-110.<\/p>\n\n\n\n<p><strong>19. <\/strong><a rel=\"noreferrer noopener\" href=\"http:\/\/lattes.cnpq.br\/6362687483868182\" target=\"_blank\"><strong>BANNWART J\u00daNIOR, C. J.<\/strong><\/a>. A dimens\u00e3o jur\u00eddica na teoria cr\u00edtica de Habermas. In: Alan Ibn Chahrur; Caio Henrique Lopes Ramiro. (Org.). Labirintos da Filosofia do Direito. Estudos em homenagem a Oswaldo Giacoia Junior. 1ed.S\u00e3o Paulo: LiberArs, 2018, v. 1, p. 238-252.<\/p>\n\n\n\n<p><strong>20. <\/strong><a rel=\"noreferrer noopener\" href=\"http:\/\/lattes.cnpq.br\/6362687483868182\" target=\"_blank\"><strong>BANNWART J\u00daNIOR, C. J.<\/strong><\/a>. Aspectos Jur\u00eddicos na Filosofia Transcendental de Kant. In: Clodomiro Jos\u00e9 Bannwart J\u00fanior; Bruno Augusto Sampaio Fuga. (Org.). Filosofia do Direito. 1ed.Belo Horizonte: Arraes Editores, 2017, v. 1, p. 120-129.<\/p>\n\n\n\n<p><strong>21. <\/strong><a rel=\"noreferrer noopener\" href=\"http:\/\/lattes.cnpq.br\/6362687483868182\" target=\"_blank\"><strong>BANNWART J\u00daNIOR, C. J.<\/strong><\/a>; FUGA, B. A. S. . A Filosofia do Direto como doadora de inteligibilidade aos arqu\u00e9tipos jur\u00eddicos. Filosofia do Direito. 1ed.Belo Horizonte: Arraes Editores, 2017, v. 1, p. 1-3.<\/p>\n\n\n\n<p><strong>22. <\/strong><a rel=\"noreferrer noopener\" href=\"http:\/\/lattes.cnpq.br\/6362687483868182\" target=\"_blank\"><strong>BANNWART J\u00daNIOR, C. J.<\/strong><\/a>. Introdu\u00e7\u00e3o. A Pedagogia da Responsabilidade Integral e a BNCC. 1ed.Londrina\/PR: Editora Thoth, 2017, v. 1, p. 21-25.<\/p>\n\n\n\n<p><strong>23. <\/strong><a rel=\"noreferrer noopener\" href=\"http:\/\/lattes.cnpq.br\/6362687483868182\" target=\"_blank\"><strong>BANNWART J\u00daNIOR, C. J.<\/strong><\/a>; PIVATO, M. G. . A teoria cr\u00edtica do direito e a constru\u00e7\u00e3o do p\u00f3s-positivismo. In: FREITAS, Lorena de Melo; LEITE, Maria Oderl\u00e2nia Torquato. (Org.). Teoria do Direito e Realismo Jur\u00eddico. 1ed.Florian\u00f3polis: Conpedi, 2016, v. 1, p. 1-18.<\/p>\n\n\n\n<p><strong>24. <\/strong><a rel=\"noreferrer noopener\" href=\"http:\/\/lattes.cnpq.br\/6362687483868182\" target=\"_blank\"><strong>BANNWART J\u00daNIOR, C. J.<\/strong><\/a>. Jurisdi\u00e7\u00e3o Constitucional e Democracia em Habermas. Estudos em Direito Negocial e Democracia. 1ed.Birigui\/SP: Boreal, 2016, v. 1, p. 1-18.<\/p>\n\n\n\n<p><strong>25. <\/strong><a rel=\"noreferrer noopener\" href=\"http:\/\/lattes.cnpq.br\/6362687483868182\" target=\"_blank\"><strong>BANNWART J\u00daNIOR, C. J.<\/strong><\/a>; MASSI, I. . OS MODELOS NORMATIVOS DE DEMOCRACIA E O PAPEL DO ESTADO QUANTO A IMPLEMENTA\u00c7\u00c3O DE POL\u00cdTICAS SOCIALMENTE RESPONS\u00c1VEIS. In: ENOQUE FEITOSA SOBREIRA FILHO; JOS\u00c9 FILOMENO DE MORAES FILHO. (Org.). TEORIAS DA DEMOCRACIA E DIREITOS POL\u00cdTICOS I. 1ed.Florian\u00f3polis: Conpedi, 2016, v. 1, p. 95-112.<\/p>\n\n\n\n<p><strong>26. <\/strong><a rel=\"noreferrer noopener\" href=\"http:\/\/lattes.cnpq.br\/6362687483868182\" target=\"_blank\"><strong>BANNWART J\u00daNIOR, C. J.<\/strong><\/a>; DEMICIANO, D. . Crises no Capitalismo e Responsabilidade Social da Empresa. In: MARIA DOS REM\u00c9DIOS FONTES SILVA; MARALUCE MARIA CUST\u00d3DIO. (Org.). SUSTENTABILIDADE ECON\u00d4MICA E SOCIAL EM FACE \u00c0 \u00c9TICA E AO DIREITO. 1ed.Florian\u00f3polis: Conpedi, 2016, v. 1, p. 154-171. <\/p>\n\n\n\n<hr class=\"wp-block-separator\" \/>\n\n\n\n<p class=\"has-text-color has-medium-font-size has-vivid-red-color\">         <strong>   *    Dr  \u00c9der Fernandes M\u00f4nica<\/strong><\/p>\n\n\n\n<ul class=\"wp-block-list\"><li><strong>Artigos completos publicados em peri\u00f3dicos<\/strong><\/li><\/ul>\n\n\n\n<p> <strong>1. <\/strong><a rel=\"noreferrer noopener\" href=\"http:\/\/lattes.cnpq.br\/3547672971050734\" target=\"_blank\"><strong>MONICA, Eder Fernandes<\/strong><\/a>. EL PROBLEMA DE LA HETEROFORMACI\u00d3N DE LA IDENTIDAD DIGITAL: FUNDAMENTOS DEL PRINCIPIO DE AUTODETERMINACI\u00d3N INFORMATIVA. CONFLU\u00caNCIAS (NITER\u00d3I), v. 23, p. 118-143, 2021.<\/p>\n\n\n\n<p> <strong>2. <\/strong>DE SALES COLEN, KAREN ;&nbsp;<strong>FERNANDES MONICA, EDER<\/strong>&nbsp;; SOARES DE OLIVEIRA, NAT\u00c1LIA CAROLINE . Representa\u00e7\u00e3o de mulheres na esfera p\u00fablica pol\u00edtica brasileira. REVISTA BRASILEIRA DE SOCIOLOGIA DO DIREITO, v. 8, p. 237-256, 2021.<\/p>\n\n\n\n<p> <strong>3. <\/strong><a rel=\"noreferrer noopener\" href=\"http:\/\/lattes.cnpq.br\/3547672971050734\" target=\"_blank\"><strong>MONICA, E. F.<\/strong><\/a>; Costa, Ramon . PRIVACIDADE, LIBERDADE SEXUAL E SIGILO: SENTIDOS DE LIBERDADE NO APLICATIVO GRINDR. INTERFACES CIENT\u00cdFICAS &#8211; EDUCA\u00c7\u00c3O, v. 8, p. 99-116, 2020.<\/p>\n\n\n\n<p> <strong>4. <\/strong><a rel=\"noreferrer noopener\" href=\"http:\/\/lattes.cnpq.br\/3547672971050734\" target=\"_blank\"><strong>MONICA, E. F.<\/strong><\/a>. A hegemonia do discurso liberal sobre direitos homossexuais no STF. REVISTA DIREITO E PR\u00c1XIS, v. 11, p. 1358-1391, 2020.<\/p>\n\n\n\n<p> <strong>5. <\/strong><a rel=\"noreferrer noopener\" href=\"http:\/\/lattes.cnpq.br\/3547672971050734\" target=\"_blank\"><strong>MONICA, Eder Fernandes<\/strong><\/a>. Resenha: LAS ESFERAS JUR\u00cdDICAS DE DOS MUNDOS: BINOMIO POSESI\u00d3N-DOMINIO. REVISTA DO DIREITO P\u00daBLICO (LONDRINA), v. 15, p. 222-224, 2020.<\/p>\n\n\n\n<p> <strong>6. <\/strong>COLEN, K. ;&nbsp;<strong>MONICA, Eder Fernandes<\/strong>&nbsp;. ESFERA P\u00daBLICA E DEMOCRACIA DELIBERATIVA: Interpreta\u00e7\u00f5es Feministas Para Se Pensar Uma Teoria De G\u00eanero Para O Direito Brasileiro. Revista do Instituto de Direito Constitucional e Cidadania, v. 5, p. 92-110, 2020.<\/p>\n\n\n\n<p> <strong>7. <\/strong><a rel=\"noreferrer noopener\" href=\"http:\/\/lattes.cnpq.br\/3547672971050734\" target=\"_blank\"><strong>MONICA, Eder Fernandes<\/strong><\/a>;&nbsp;<a rel=\"noreferrer noopener\" href=\"http:\/\/lattes.cnpq.br\/2892025453850573\" target=\"_blank\">MARTINS, Ana Paula<\/a>&nbsp;;&nbsp;<a rel=\"noreferrer noopener\" href=\"http:\/\/lattes.cnpq.br\/2302413486255120\" target=\"_blank\">ROCHA, M.<\/a>&nbsp;. Representa\u00e7\u00f5es de mulheres estudantes de direito sobre direitos reprodutivos: entre saberes e valores. Educa\u00e7\u00e3o e Pesquisa (USP. Impresso), v. 45, p. 1-19, 2019.<\/p>\n\n\n\n<p> <strong>8. <\/strong><a rel=\"noreferrer noopener\" href=\"http:\/\/lattes.cnpq.br\/3547672971050734\" target=\"_blank\"><strong>MONICA, Eder Fernandes<\/strong><\/a>; Costa, Ramon . ECONOMIAS SEXUAIS E NORMATIVIDADE DE G\u00caNERO: O TRATAMENTO SOCIOJUR\u00cdDICO DA PROSTITUI\u00c7\u00c3O MASCULINA NO BRASIL. REVISTA INTERFACES CIENTIFICAS, v. 7, p. 39-52, 2019.<\/p>\n\n\n\n<p> <strong>9. <\/strong><a rel=\"noreferrer noopener\" href=\"http:\/\/lattes.cnpq.br\/3547672971050734\" target=\"_blank\"><strong>MONICA, Eder Fernandes<\/strong><\/a>; COLEN, K. ;&nbsp;<a rel=\"noreferrer noopener\" href=\"http:\/\/lattes.cnpq.br\/3456079557219315\" target=\"_blank\">OLIVEIRA, Nat\u00e1lia Caroline S.<\/a>&nbsp;. UNIVERSIDADE COMO ESPA\u00c7O DE DISCUSS\u00c3O CR\u00cdTICA SOBRE O ENSINO JUR\u00cdDICO: um olhar a partir das teorias feministas do Direito. Revista Controversia, v. 1, p. 1-19, 2019.<\/p>\n\n\n\n<p> <strong>10. <\/strong><a rel=\"noreferrer noopener\" href=\"http:\/\/lattes.cnpq.br\/3547672971050734\" target=\"_blank\"><strong>MONICA, Eder Fernandes<\/strong><\/a>; Costa, Ramon . PROSTITUI\u00c7\u00c3O MASCULINA NO GRINDR: perspectivas sobre privacidade, consentimento e princ\u00edpio da n\u00e3o discrimina\u00e7\u00e3o na Lei 13.709\/18. Revista Controversia, v. 1, p. 1-22, 2019.<\/p>\n\n\n\n<p> <strong>11. <\/strong><a rel=\"noreferrer noopener\" href=\"http:\/\/lattes.cnpq.br\/3547672971050734\" target=\"_blank\"><strong>MONICA, Eder Fernandes<\/strong><\/a>;&nbsp;<a rel=\"noreferrer noopener\" href=\"http:\/\/lattes.cnpq.br\/8017914345627043\" target=\"_blank\">AKUSTU, Beatriz H. S.<\/a>&nbsp;;&nbsp;<a rel=\"noreferrer noopener\" href=\"http:\/\/lattes.cnpq.br\/0533913654165779\" target=\"_blank\">MARTIRE, G.<\/a>&nbsp;. DOS QUASE BRANCOS AO PERIGO AMARELO: representa\u00e7\u00f5es sociais sobre os nikkeis, a partir do processo de imigra\u00e7\u00e3o no Brasil. Revista Controversia, v. 1, p. 1-14, 2019.<\/p>\n\n\n\n<p> <strong>12. <\/strong><a rel=\"noreferrer noopener\" href=\"http:\/\/lattes.cnpq.br\/3547672971050734\" target=\"_blank\"><strong>MONICA, Eder Fernandes<\/strong><\/a>; SOUSA, Monica Teresa Costa . LITIGIO ESTRAT\u00c9GICO EN EL SISTEMA INTERAMERICANO DE DERECHOS HUMANOS COMO ACCI\u00d3N PARA LA GARANT\u00cdA DE DERECHOS A GRUPOS VULNERABLES. Revista Controversia, v. 1, p. 1-18, 2019.<\/p>\n\n\n\n<p> <strong>13. <\/strong><a rel=\"noreferrer noopener\" href=\"http:\/\/lattes.cnpq.br\/3547672971050734\" target=\"_blank\"><strong>MONICA, Eder Fernandes<\/strong><\/a>;&nbsp;<a rel=\"noreferrer noopener\" href=\"http:\/\/lattes.cnpq.br\/0533913654165779\" target=\"_blank\">MARTIRE, G.<\/a>&nbsp;; Costa, Ramon . Movimento LGTBI no Brasil e reconhecimento de direitos: perspectivas sobre judicializa\u00e7\u00e3o e ativismo judicial a partir de alguns casos do STF. Revista Controversia, v. 1, p. 1-18, 2019.<\/p>\n\n\n\n<p> <strong>14. <\/strong>SGANZERLA, ROGERIO BARROS ;&nbsp;<strong>MONICA, Eder Fernandes<\/strong>&nbsp;. O CAR\u00c1TER REPRESSIVO NA LEGISLA\u00c7\u00c3O SOBRE ABORTO NO BRASIL. Revista de Direito Brasileira, v. 20, p. 215-228, 2018.<\/p>\n\n\n\n<p> <strong>15. <\/strong><a rel=\"noreferrer noopener\" href=\"http:\/\/lattes.cnpq.br\/3547672971050734\" target=\"_blank\"><strong>MONICA, E. F.<\/strong><\/a>. Sentidos de contrassexualidade e tecnologias corporais nos di\u00e1logos de &#8216;Bombadeira&#8217; e &#8216;Protagonismo Trans&#8217;. Revista Gragoat\u00e1 (UFF), v. 23, p. 822, 2018.<\/p>\n\n\n\n<p> <strong>16. <\/strong><a rel=\"noreferrer noopener\" href=\"http:\/\/lattes.cnpq.br\/3547672971050734\" target=\"_blank\"><strong>MONICA, Eder Fernandes<\/strong><\/a>; PIRES, C. C. ; LUZ, L. F. ; GONCALVES, M. B. L. . ARTICULANDO G\u00caNERO E POL\u00cdTICA: a proposta do coletivo de mulheres negras Anast\u00e1cia Bantu. INSURG\u00caNCIA: REVISTA DE DIREITOS E MOVIMENTOS SOCIAIS, v. 3, p. 36-45, 2017.<\/p>\n\n\n\n<ul class=\"wp-block-list\"><li><strong>Livros publicados\/organizados ou edi\u00e7\u00f5es<\/strong><\/li><\/ul>\n\n\n\n<p><strong>1. <\/strong><a href=\"http:\/\/lattes.cnpq.br\/3547672971050734\" target=\"_blank\" rel=\"noreferrer noopener\"><strong>MONICA, Eder Fernandes<\/strong><\/a>;&nbsp;<a href=\"http:\/\/lattes.cnpq.br\/9382635353783283\" target=\"_blank\" rel=\"noreferrer noopener\">HANSEN, G. L.<\/a>&nbsp;(Org.) ;\nBl\u00e1zqu\u00e9z, S, G. (Org.) . DEMOCRACIA, TOTALITARISMO Y GESTI\u00d3N INSTITUCIONAL:\nLECTURAS TRANSVERSALES. 1. ed. Madrid: Editorial Dykinson, 2021. v. 1. 335p .<\/p>\n\n\n\n<p><strong>2. <\/strong><a rel=\"noreferrer noopener\" href=\"http:\/\/lattes.cnpq.br\/3547672971050734\" target=\"_blank\"><strong>MONICA, E. F.<\/strong><\/a>;&nbsp;<a rel=\"noreferrer noopener\" href=\"http:\/\/lattes.cnpq.br\/9382635353783283\" target=\"_blank\">HANSEN, G. L.<\/a>&nbsp;(Org.) ; Bl\u00e1zqu\u00e9z, S, G. (Org.) . CONFERENCIAS MAGISTRALES: Derecho y Sostenibilidad en escenarios de crisis institucionales. 1. ed. Ourense: Universidade do Vigo, 2019. v. 1. 122p .<\/p>\n\n\n\n<p><strong>3. <\/strong><a rel=\"noreferrer noopener\" href=\"http:\/\/lattes.cnpq.br\/3547672971050734\" target=\"_blank\"><strong>MONICA, Eder Fernandes<\/strong><\/a>;&nbsp;<a rel=\"noreferrer noopener\" href=\"http:\/\/lattes.cnpq.br\/9382635353783283\" target=\"_blank\">HANSEN, G. L.<\/a>&nbsp;(Org.) ; ALVAREZ, (Org.) . Instituciones pol\u00edtico-jur\u00eddicas y desarrollo sostenible. 2. ed. Madrid: Dykinson, 2019. v. 1. 851p .<\/p>\n\n\n\n<p><strong>4. <\/strong><a rel=\"noreferrer noopener\" href=\"http:\/\/lattes.cnpq.br\/3547672971050734\" target=\"_blank\"><strong>MONICA, Eder F.<\/strong><\/a>;&nbsp;<a rel=\"noreferrer noopener\" href=\"http:\/\/lattes.cnpq.br\/2892025453850573\" target=\"_blank\">MARTINS, Ana Paula<\/a>&nbsp;(Org.) . Qual o Futuro da Sexualidade no Direito?. 1. ed. Rio de Janeiro: Bonecker\/PPGSD-UFF, 2017. v. 1. 394p .<\/p>\n\n\n\n<p><strong>5. <\/strong><a rel=\"noreferrer noopener\" href=\"http:\/\/lattes.cnpq.br\/3547672971050734\" target=\"_blank\"><strong>MONICA, Eder Fernandes<\/strong><\/a>. ENTRE DIREITOS FUNDAMENTAIS E DEMOCRACIA: superando a dicotomia no direito brasileiro. 1. ed. Niter\u00f3i: EDUFF, 2016. v. 1. 239p .<\/p>\n\n\n\n<ul class=\"wp-block-list\"><li><strong>Cap\u00edtulos de livros publicados<\/strong><\/li><\/ul>\n\n\n\n<p><strong>1. <\/strong><a href=\"http:\/\/lattes.cnpq.br\/3547672971050734\" target=\"_blank\" rel=\"noreferrer noopener\"><strong>MONICA, Eder Fernandes<\/strong><\/a>. Pensando a Sexualidade em Tempos de\nPandemia. In: Christiane Costa Assis; Cristiano Tolentino Pires; La\u00eds Godoi Lopes;\nMa\u00edra Neiva Gomes; Pedro Henrique Nascimento Zanon. (Org.). DIREITO E\nEMERG\u00caNCIA(S): reflex\u00f5es jur\u00eddicas na pandemia da Covid-19. 1ed.Belo Horizonte:\nDial\u00e9tica, 2021, v. 1, p. 65-72.<\/p>\n\n\n\n<p><strong>2. <\/strong><a rel=\"noreferrer noopener\" href=\"http:\/\/lattes.cnpq.br\/3547672971050734\" target=\"_blank\"><strong>MONICA, Eder Fernandes<\/strong><\/a>;&nbsp;<a rel=\"noreferrer noopener\" href=\"http:\/\/lattes.cnpq.br\/3246015081706438\" target=\"_blank\">BOMFIM, A.<\/a>&nbsp;;&nbsp;<a rel=\"noreferrer noopener\" href=\"http:\/\/lattes.cnpq.br\/6372997159660239\" target=\"_blank\">SENA, B.<\/a>&nbsp;. ENSINO JUR\u00cdDICO E SEXUALIDADE: uma experi\u00eancia na gradua\u00e7\u00e3o em Direito da UFF. In: FARIAS FILHO, J. R.; VIRG\u00cdNIO, C. P.; QUELHAS, O. L.; VIEIRA NETO, J,. (Org.). ENGAJAMENTO SOCIAL: contribui\u00e7\u00f5es para o ensino de gradua\u00e7\u00e3o. 1ed.Niter\u00f3i: Editora da Universidade Federal Fluminense, 2021, v. 1, p. 795-812.<\/p>\n\n\n\n<p><strong>3. <\/strong><a rel=\"noreferrer noopener\" href=\"http:\/\/lattes.cnpq.br\/3547672971050734\" target=\"_blank\"><strong>MONICA, Eder Fernandes<\/strong><\/a>. ENSAIO PARA SE PENSAR A PROTE\u00c7\u00c3O DO SUJEITO DE DIREITO DIGITAL NO BRASIL. In: Maria Alice Nunes Costa. (Org.). QUAL O CAMINHO DO BRASIL? Institui\u00e7\u00f5es, Cultura e Pol\u00edtica no S\u00e9culo XXI. 1ed.Curitiba: Appris, 2021, v. 1, p. 279-298.<\/p>\n\n\n\n<p><strong>4. <\/strong><a rel=\"noreferrer noopener\" href=\"http:\/\/lattes.cnpq.br\/3547672971050734\" target=\"_blank\"><strong>MONICA, Eder Fernandes<\/strong><\/a>. EL TECNOTALITARISMO DE LA SOCIEDAD DIGITAL Y LOS RIESGOS PARA LA DEMOCRACIA Y PARA LOS SUJETOS. In: MONICA, E. F.; HANSEN, G. L.; BL\u00c1ZQU\u00c9Z, G. S.. (Org.). DEMOCRACIA, TOTALITARISMO Y GESTI\u00d3N INSTITUCIONAL: LECTURAS TRANSVERSALES. 1ed.Madrid: Editorial Dykinson, 2021, v. 1, p. 284-309.<\/p>\n\n\n\n<p><strong>5. <\/strong><a rel=\"noreferrer noopener\" href=\"http:\/\/lattes.cnpq.br\/3547672971050734\" target=\"_blank\"><strong>MONICA, Eder Fernandes<\/strong><\/a>. CIDADANIA NA ESFERA VIRTUAL: PERSPECTIVAS DISCURSIVAS A PARTIR DA TEORIA DO DIREITO MODERNO. In: \u00c1LVAREZ, A. L. F.; HANSEN, G. L; BL\u00c1ZQU\u00c9Z, G. S.. (Org.). CIUDADAN\u00cdA EN UNA PERSPECTIVA GLOBAL. 1ed.Madrid: Editorial Dykinson, 2021, v. 1, p. 9-29.<\/p>\n\n\n\n<p><strong>6. <\/strong><a rel=\"noreferrer noopener\" href=\"http:\/\/lattes.cnpq.br\/3547672971050734\" target=\"_blank\"><strong>MONICA, Eder Fernandes<\/strong><\/a>;&nbsp;<a rel=\"noreferrer noopener\" href=\"http:\/\/lattes.cnpq.br\/8017914345627043\" target=\"_blank\">AKUSTU, Beatriz H. S.<\/a>&nbsp;. A VIOL\u00caNCIA CONTRA A MULHER E AS REPRESENTA\u00c7\u00d5ES HEGEM\u00d4NICAS DE G\u00caNERO: PENSANDO A PARTIR DA DIN\u00c2MICA DAS RELA\u00c7\u00d5ES. In: MIGUENS, Marcela; RIBEIRO, Ra\u00edsa; BARBOSA, Renata. (Org.). Direito e g\u00eanero 2: viol\u00eancias e vulnerabilidades. 1ed.Rio de Janeiro: Multifoco, 2020, v. 2, p. 19-40.<\/p>\n\n\n\n<p><strong>7. <\/strong><a rel=\"noreferrer noopener\" href=\"http:\/\/lattes.cnpq.br\/3547672971050734\" target=\"_blank\"><strong>MONICA, Eder Fernandes<\/strong><\/a>. O CAPITALISMO ROSA E A CIDADANIA CONSUMERISTA LGBT. In: CARLI, Ana Alice de; CASTRO, Carla Appollin\u00e1rio de. (Org.). 30 ANOS DO C\u00d3DIGO DE DEFESA DO CONSUMIDOR BRASILEIRO: CONQUISTAS E DESAFIOS NA ATUALIDADE. 1ed.Rio de Janeiro: Multifoco, 2020, v. 1, p. 379-399.<\/p>\n\n\n\n<p><strong>8. <\/strong><a rel=\"noreferrer noopener\" href=\"http:\/\/lattes.cnpq.br\/3547672971050734\" target=\"_blank\"><strong>MONICA, Eder Fernandes<\/strong><\/a>; COLEN, K. ;&nbsp;<a rel=\"noreferrer noopener\" href=\"http:\/\/lattes.cnpq.br\/3456079557219315\" target=\"_blank\">OLIVEIRA, Nat\u00e1lia Caroline S.<\/a>&nbsp;. ASPECTOS TE\u00d3RICOS PARA DISCUTIR A REPRESENTA\u00c7\u00c3O DE MULHERES NA ESFERA P\u00daBLICA POL\u00cdTICA. In: Ant\u00f3n Lois Fern\u00e1ndez \u00c1lvarez; Gilvan Luiz Hansen. (Org.). Instituciones, empresa y desarrollo humano. 1ed.Madrid: Editorial Dykinson, 2020, v. 1, p. 233-240.<\/p>\n\n\n\n<p><strong>9. <\/strong><a rel=\"noreferrer noopener\" href=\"http:\/\/lattes.cnpq.br\/3547672971050734\" target=\"_blank\"><strong>MONICA, Eder Fernandes<\/strong><\/a>;&nbsp;<a rel=\"noreferrer noopener\" href=\"http:\/\/lattes.cnpq.br\/7211498381632409\" target=\"_blank\">SOUZA, D. E.<\/a>&nbsp;. Os Estudos de Masculinidades e sua rela\u00e7\u00e3o com o debate sobre G\u00eanero, Sexualidade e Direito. In: Rafael Carrano Lelis; Marcos Felipe Lopes de Almeira. (Org.). Di\u00e1logos LGBTI+: avan\u00e7ando lutas e conjugando campos. 1ed.S\u00e3o Paulo: Devires, 2019, v. 1, p. 46-68.<\/p>\n\n\n\n<p><strong>10. <\/strong><a rel=\"noreferrer noopener\" href=\"http:\/\/lattes.cnpq.br\/3547672971050734\" target=\"_blank\"><strong>MONICA, E. F.<\/strong><\/a>. A SEXUALIDADE NEGOCIADA EM MOMENTOS DE CRISES INSTITUCIONAIS: modernidade e desenvolvimento nas sociedades ocidentais. In: MONICA, Eder Fernandes; HANSEN, Gilvan Luiz; Guillermo Su\u00e1rez Bl\u00e1zquez. (Org.). CONFERENCIAS MAGISTRALES: I Seminario Internacional sobre Democracia, Cidadania y Estado de Derecho. 1ed.Ourense: Universidade do Vigo, 2019, v. 1, p. 19-28.<\/p>\n\n\n\n<p><strong>11. <\/strong><a rel=\"noreferrer noopener\" href=\"http:\/\/lattes.cnpq.br\/3547672971050734\" target=\"_blank\"><strong>MONICA, Eder Fernandes<\/strong><\/a>. O Direito e o combate \u00e0s discrimina\u00e7\u00f5es sexuais. In: Nivia Valen\u00e7a Barros, Rita de C\u00e1ssia Santos Freitas, Luciana Bittencourt. (Org.). G\u00eanero, diversidade sexual e direitos sociais: debates preliminares. 1ed.Niter\u00f3i: EDUFF, 2018, v. 1, p. 28-36.<\/p>\n\n\n\n<p><strong>12. <\/strong><a rel=\"noreferrer noopener\" href=\"http:\/\/lattes.cnpq.br\/3547672971050734\" target=\"_blank\"><strong>MONICA, E. F.<\/strong><\/a>;&nbsp;<a rel=\"noreferrer noopener\" href=\"http:\/\/lattes.cnpq.br\/2892025453850573\" target=\"_blank\">MARTINS, Ana Paula<\/a>&nbsp;. Conceitos para pensar sobre pol\u00edtica sexual no Direito brasileiro. In: MONICA, E. F.; MARTINS, A. P. A.. (Org.). Qual o futuro da sexualidade no Direito?. 1ed.Rio de Janeiro: Bonecker\/PPGSD-UFF, 2017, v. 1, p. 19-46.<\/p>\n\n\n\n<p><strong>13. <\/strong><a rel=\"noreferrer noopener\" href=\"http:\/\/lattes.cnpq.br\/3547672971050734\" target=\"_blank\"><strong>MONICA, E. F.<\/strong><\/a>;&nbsp;<a rel=\"noreferrer noopener\" href=\"http:\/\/lattes.cnpq.br\/3666357154549659\" target=\"_blank\">CASTRO, Carla Appollin\u00e1rio de<\/a>&nbsp;. SEXUALIDADES, SA\u00daDE E DIREITO: um olhar para a inclus\u00e3o social. In: LIMA, C. L; REIS, A.; DEM\u00c9TRIO, F.. (Org.). SEXUALIDADES E SA\u00daDE: perspectivas para um cuidado ampliado. 1ed.Rio de Janeiro: Bonecker, 2017, v. 1, p. 79-104.<\/p>\n\n\n\n<p><strong>14. <\/strong><a rel=\"noreferrer noopener\" href=\"http:\/\/lattes.cnpq.br\/3547672971050734\" target=\"_blank\"><strong>MONICA, Eder F.<\/strong><\/a>;&nbsp;<a rel=\"noreferrer noopener\" href=\"http:\/\/lattes.cnpq.br\/9694706129546974\" target=\"_blank\">SGANZERLA, R. B.<\/a>&nbsp;. TRANSEXUALIDADE E AUTONOMIA: a no\u00e7\u00e3o de sujeito e a possibilidade de autodetermina\u00e7\u00e3o de si na jurisprud\u00eancia do STJ e STF. In: VIEIRA, Jos\u00e9 Ribas; CAMARGO, Margarida Maria Lacombe; SGANZERLA, Rogerio Barros. (Org.). Direitos fundamentais e jurisdi\u00e7\u00e3o constitucional. 1ed.Belo Horizonte: Forum, 2016, v. 1, p. 118-141.<\/p>\n\n\n\n<hr class=\"wp-block-separator\" \/>\n\n\n\n<p class=\"has-text-color has-medium-font-size has-vivid-red-color\">           <strong> *    Dr Edson Alvisi Neves<\/strong> (Coordenador PPGDIN)<\/p>\n\n\n\n<ul class=\"wp-block-list\"><li><strong>Artigos completos publicados em peri\u00f3dicos<\/strong><\/li><\/ul>\n\n\n\n<p><strong>1. <\/strong>FIGUEIREDO, L. V. ;&nbsp;<strong>ALVISI, E.<\/strong>&nbsp;; PAUSEIRO, S. G. M. . An\u00e1lise cr\u00edtica da jurisprud\u00eancia do Supremo Tribunal Federal \u00e0 luz do pensamento de BAumAn e Sandel. REVISTA DA AGU, v. 18, p. 1-26, 2019.<\/p>\n\n\n\n<p><strong>2. <\/strong><a rel=\"noreferrer noopener\" href=\"http:\/\/lattes.cnpq.br\/4365336507069113\" target=\"_blank\"><strong>NEVES, E. A.<\/strong><\/a>; Martins, Pl\u00ednio Lacerda ; BINICHESKI, P. R. . Responsabilidade Civil &#8211; Acidente de tr\u00e2nsito em estacionamento aberto de sistema rotativo&#8230; REVISTA DE DIREITO DO CONSUMIDOR, v. 116, p. 507-5016, 2018.<\/p>\n\n\n\n<p><strong>3. <\/strong>Martins, Pl\u00ednio Lacerda ; MARTINS, P. L. ; BINICHESKI, P. R. ;&nbsp;<a rel=\"noreferrer noopener\" href=\"http:\/\/lattes.cnpq.br\/4365336507069113\" target=\"_blank\"><strong>ALVISI, E.<\/strong><\/a>&nbsp;. Responsabilidade civil do poder p\u00fablico e das prestadoras pelos danos aos veiculo dos consumidores estacionados em via p\u00fablica. REVISTA DE DIREITO DO CONSUMIDOR, v. 116, p. 507-513, 2018.<\/p>\n\n\n\n<p><strong>4. <\/strong>ALVARES, A. L. F. ;&nbsp;<strong>ALVISI, E.<\/strong>&nbsp;. A banca em Roma. REVISTA DE DIREITO CIVIL CONTEMPOR\u00c2NEO, v. 17, p. 57-72, 2018.<\/p>\n\n\n\n<p><strong>5. <\/strong><a href=\"http:\/\/lattes.cnpq.br\/4365336507069113\" target=\"_blank\" rel=\"noreferrer noopener\"><strong>ALVISI, E.<\/strong><\/a>; Martins, Pl\u00ednio\nLacerda ; MARTINS, Plinio Lacerda ; RAMADA, P. C. P. ; MARTINS, P. L. .\nRESPONSABILIDADE CIVIL DO TRANSPORTADOR DECORRENTE DO MOVIMENTO SOCIAL DOS\nTRABALHADORES DO TRANSPORTE COLETIVO. Cadernos de Resumos, v. 1, p. 75-87,\n2017.<\/p>\n\n\n\n<ul class=\"wp-block-list\"><li><strong>Livros publicados\/organizados ou edi\u00e7\u00f5es<\/strong><\/li><\/ul>\n\n\n\n<p><strong>1. <\/strong><a href=\"http:\/\/lattes.cnpq.br\/4365336507069113\" target=\"_blank\" rel=\"noreferrer noopener\"><strong>ALVISI, E.<\/strong><\/a>; Martins, Pl\u00ednio Lacerda (Org.) ; RAMADA, P. C. P.\n(Org.) . Reflex\u00f5es da tutela coletiva na sociedade contempor\u00e2nea. 1. ed. Rio de\nJaneiro: Bonecker, 2019. v. 1. 244p.<\/p>\n\n\n\n<p><strong>2. <\/strong>CORTEZ, L. C. (Org.) ; KOWARSKI, C. B. (Org.) ;&nbsp;<strong>ALVISI, E.<\/strong>&nbsp;(Org.) . DIREITO SOCIET\u00c1RIO, COMPLIANCE E \u00c9TICA. 1. ed. S\u00e3o Paulo: Tirant lo Blanch, 2019. v. 1. 117p.<\/p>\n\n\n\n<p><strong>3. <\/strong><a rel=\"noreferrer noopener\" href=\"http:\/\/lattes.cnpq.br\/4365336507069113\" target=\"_blank\"><strong>ALVISI, E.<\/strong><\/a>; SANTOS, F. R. O. ; SEPULVEDA, F. M.. Direito \u00e0 moradia: O papel da jurisdi\u00e7\u00e3o na redistribui\u00e7\u00e3o do solo urbano. 1. ed. Rio de Janeiro: Lumem juris, 2017. v. 1. 219p.<\/p>\n\n\n\n<p><strong>4. <\/strong><a rel=\"noreferrer noopener\" href=\"http:\/\/lattes.cnpq.br\/4365336507069113\" target=\"_blank\"><strong>ALVISI, E.<\/strong><\/a>. A interven\u00e7\u00e3o judicial na empresa. 1. ed. Rio de Janeiro: Lumen Juris, 2017. v. 1. 160p.<\/p>\n\n\n\n<ul class=\"wp-block-list\"><li><strong>Cap\u00edtulos de livros publicados<\/strong><\/li><\/ul>\n\n\n\n<p><strong>1. <\/strong><a href=\"http:\/\/lattes.cnpq.br\/4365336507069113\" target=\"_blank\" rel=\"noreferrer noopener\"><strong>ALVISI, E.<\/strong><\/a>. prefacio. In:\nRenan Aguiar. (Org.). A institui\u00e7\u00e3o hist\u00f3rica do limite jur\u00eddico-pol\u00edtico do\nSupremo Tribunal Federal. 1ed.Rio de Janeiro: Instituto de pesquisa Direito,\nEmpres e Sociedade, 2021, v. 1, p. 07-09.<\/p>\n\n\n\n<p><strong>2. <\/strong><a rel=\"noreferrer noopener\" href=\"http:\/\/lattes.cnpq.br\/0094941908335032\" target=\"_blank\">TOSTES, E. C. M.<\/a>&nbsp;; TELES, C. A. C. ;&nbsp;<strong>ALVISI, E.<\/strong>&nbsp;. A \u00e1gua como express\u00e3o de direito \u00e0 sa\u00fade p\u00fablica: uma cr\u00edtica \u00e0 vis\u00e3o puramente mercadoria deste bem vital &#8211; Reflex\u00f5es a partir da pandemia do covid-19. In: F\u00e1bio Luiz Gomes. (Org.). Saneamento b\u00e1sico. 1ed.S\u00e2o Paulo: Almedina, 2021, v. 1, p. 103-116.<\/p>\n\n\n\n<p><strong>3. <\/strong>AYOUB, L. R. ;&nbsp;<strong>ALVISI, E.<\/strong>&nbsp;. Encerramento da recupera\u00e7\u00e3o judicial: tempo e processo &#8211; an\u00e1lise econ\u00f4mica do direito recuperacional. In: SALOM\u00c3O, Luis Felipe; TARTUCE, Fl\u00e1vio; CARNIO, Daniel.. (Org.). Recuper\u00e7\u00e3o de empresas e fal\u00eancia: di\u00e1logos entre a doutrina e a jurisprud\u00eancia. 1ed.S\u00e3o Paulo: Atlas, 2021, v. 1, p. 581-608.<\/p>\n\n\n\n<p><strong>4. <\/strong>PAIVA, M. C. M. ; OLIVEIRA, N. A. C. ;&nbsp;<strong>ALVISI, E.<\/strong>&nbsp;. Modernidade ou p\u00f3s-modernidade: uma reflex\u00e3o a partir de J\u00fcrgen Habermas e Antony Giddens. In: Pl\u00ednio Lacerda Martins; Marcos Cesar de Souza Lima; Guilherme Magalh\u00e3es Martins. (Org.). A rela\u00e7\u00e3o de consumo na sociedade contempor\u00e2nea. 1ed.Rio de Janeiro: Lumen Juris, 2020, v. 1, p. 203-228.<\/p>\n\n\n\n<p><strong>5. <\/strong><a rel=\"noreferrer noopener\" href=\"http:\/\/lattes.cnpq.br\/0094941908335032\" target=\"_blank\">TOSTES, E. C. M.<\/a>&nbsp;;&nbsp;<strong>ALVISI, E.<\/strong>&nbsp;; Martins, Pl\u00ednio Lacerda . Sa\u00fade suplementar &#8211; considera\u00e7\u00f5es e cr\u00edticas sobre a regula\u00e7\u00e3oda ANS e a tutela coletiva dos direitos. In: K\u00e1tia Junqueira. (Org.). Repensando a regula\u00e7\u00e3o no Brasil novas vis\u00f5es e propostas. 1ed.Rio de Janeiro: Synergia Editora, 2019, v. 1, p. 193-317.<\/p>\n\n\n\n<p><strong>6. <\/strong><a rel=\"noreferrer noopener\" href=\"http:\/\/lattes.cnpq.br\/4365336507069113\" target=\"_blank\"><strong>ALVISI, E.<\/strong><\/a>; FORTES, P. R. ;&nbsp;<a rel=\"noreferrer noopener\" href=\"http:\/\/lattes.cnpq.br\/0094941908335032\" target=\"_blank\">TOSTES, E. C. M.<\/a>&nbsp;. Captura no setor de sa\u00fade suplementar brasileiro: uma perspectiva poliss\u00eamica e emp\u00edrica. In: \u00c1LVAREZ, ANTON L. F.; HANSEN, GILVAN L. (Org.). Instituciones pol\u00edtico-jur\u00eddicas y dessarollo sustenible. 1ed.Madri: Editorial Dykson, 2019, v. 1, p. 360-372. <\/p>\n\n\n\n<hr class=\"wp-block-separator\" \/>\n\n\n\n<p class=\"has-text-color has-medium-font-size has-vivid-red-color\">           <strong>   *    Dr\u00aa  Fernanda Pontes Pimentel<\/strong><\/p>\n\n\n\n<ul class=\"wp-block-list\"><li><strong>Artigos completos publicados em peri\u00f3dicos<\/strong><\/li><\/ul>\n\n\n\n<p> <strong>1. <\/strong>ALVISI, E. ;&nbsp;<a rel=\"noreferrer noopener\" href=\"http:\/\/lattes.cnpq.br\/2249611793323903\" target=\"_blank\"><strong>PIMENTEL, F. P.<\/strong><\/a>&nbsp;. A Lei 13.058\/2014 e seus reflexos sobre a fixa\u00e7\u00e3o da guarda compartilhada no Brasil. Scientia Iuridica, v. 338, p. 163, 2015.<\/p>\n\n\n\n<p><strong>2. <\/strong><a rel=\"noreferrer noopener\" href=\"http:\/\/lattes.cnpq.br\/2249611793323903\" target=\"_blank\"><strong>PIMENTEL, F. P.<\/strong><\/a>; ALVISI, E. . A ATUA\u00c7\u00c3O DAS AG\u00caNCIAS REGULADORAS DIANTE DOS CONFLITOS DECORRENTES DO CONTRATO DE TRANSPORTE E A IDENTIFICA\u00c7\u00c3O DO CONSUMIDOR PASSAGEIRO. I Semin\u00e1rio interdisciplinar em Sociologia e Direito, v. 15, p. 64, 2014.<\/p>\n\n\n\n<p><strong>3. <\/strong><a rel=\"noreferrer noopener\" href=\"http:\/\/lattes.cnpq.br\/2249611793323903\" target=\"_blank\"><strong>PIMENTEL, F. P.<\/strong><\/a>. CASAMENTO E ESTADO DE CONJUGALIDADE: REDIMENSIONAMENTO A PARTIR DO ?RELACIONAMENTO PURO?.. I Semin\u00e1rio interdisciplinar em Sociologia e Direito, v. 14, p. 78, 2014.<\/p>\n\n\n\n<p><strong>4. <\/strong><a rel=\"noreferrer noopener\" href=\"http:\/\/lattes.cnpq.br\/2249611793323903\" target=\"_blank\"><strong>PIMENTEL, F. P.<\/strong><\/a>; MARQUES, G. P. Y. ; TORRES, J.B. . A transforma\u00e7\u00e3o da intimidade e o redimensionamento das rela\u00e7\u00f5es e conflitos familiares. V ANAIS ABRASD, v. 1, p. 1527-1543, 2014.<\/p>\n\n\n\n<ul class=\"wp-block-list\"><li><strong>Livros publicados\/organizados ou edi\u00e7\u00f5es<\/strong><\/li><\/ul>\n\n\n\n<p><strong>1. <\/strong>ALMEIDA FILHO, J. C. A. (Org.)\n;&nbsp;<a href=\"http:\/\/lattes.cnpq.br\/5083083833733404\" target=\"_blank\" rel=\"noreferrer noopener\">MEIRELLES, Delton Ricardo Soares<\/a>&nbsp;(Org.) ;&nbsp;<a href=\"http:\/\/lattes.cnpq.br\/2249611793323903\" target=\"_blank\" rel=\"noreferrer noopener\"><strong>PIMENTEL, F. P.<\/strong><\/a>&nbsp;(Org.) . Processo e Conex\u00f5es\nHumanas. 01. ed. Petr\u00f3polis: Petr\u00f3polis, 2014. v. 01. 288p.<\/p>\n\n\n\n<p><strong>2.<\/strong>&nbsp;<a rel=\"noreferrer noopener\" href=\"http:\/\/lattes.cnpq.br\/2249611793323903\" target=\"_blank\"><strong>PIMENTEL, F. P.<\/strong><\/a>. CONTRATOS. 1. ed. NITER\u00d3I: IMPETUS, 2003. v. 01. 168p.<\/p>\n\n\n\n<ul class=\"wp-block-list\"><li><strong>Cap\u00edtulos de livros publicados<\/strong><\/li><\/ul>\n\n\n\n<p><strong>1. <\/strong><a rel=\"noreferrer noopener\" href=\"http:\/\/lattes.cnpq.br\/2249611793323903\" target=\"_blank\"><strong>PIMENTEL, F. P.<\/strong><\/a>. O casamento e a fam\u00edlia contempor\u00e2nea: tradi\u00e7\u00e3o ou fetiche?. In: CONPEDI UFSC. (Org.). O CASAMENTO E A FAM\u00cdLIA CONTEMPOR\u00c2NEA: TRADI\u00c7\u00c3O OU FETICHE?. D59ed.FLORIAN\u00d3POLIS: UFSC, 2014, v. 01, p. 316-346.<\/p>\n\n\n\n<p><strong>2. <\/strong><a rel=\"noreferrer noopener\" href=\"http:\/\/lattes.cnpq.br\/2249611793323903\" target=\"_blank\"><strong>PIMENTEL, F. P.<\/strong><\/a>. Mutabilidade dos regimes de bens e a autonomia da vontade: Um caso de colis\u00e3o do princ\u00edpio da n\u00e3o-interven\u00e7\u00e3o nas entidades familiares e a interfer\u00eancia do Poder Judici\u00e1rio. Mutabilidade dos regimes de bens e a autonomia da vontade: Um caso de colis\u00e3o do princ\u00edpio da n\u00e3o-interven\u00e7\u00e3o nas entidades familiares e a interfer\u00eancia do Poder Judici\u00e1rio. D59 ed.florian\u00f3polis: FUNJAB, 2013, v. 1, p. 231-247 <\/p>\n\n\n\n<hr class=\"wp-block-separator\" \/>\n\n\n\n<p class=\"has-text-color has-medium-font-size has-vivid-red-color\">         <strong>   *    Dr  Fernando Gama De Miranda Netto<\/strong><\/p>\n\n\n\n<ul class=\"wp-block-list\"><li><strong>Artigos completos publicados em peri\u00f3dicos<\/strong><\/li><\/ul>\n\n\n\n<p> <strong>1. <\/strong><a rel=\"noreferrer noopener\" href=\"http:\/\/lattes.cnpq.br\/0832019587284612\" target=\"_blank\"><strong>MIRANDA NETTO, Fernando Gama de<\/strong><\/a>. Faixa Laranja. CADERNOS DE RESUMOS, v. 9, p. 1636-1637, 2021.<\/p>\n\n\n\n<p> <strong>2. <\/strong>SEIFERT, Priscila L. ;&nbsp;<a rel=\"noreferrer noopener\" href=\"http:\/\/lattes.cnpq.br\/0832019587284612\" target=\"_blank\"><strong>MIRANDA NETTO, Fernando Gama de<\/strong><\/a>&nbsp;. Supremo Tribunal Federal ou Supremo Tribunal Virtual? Algumas reflex\u00f5es sobre o uso da tecnologia pela justi\u00e7a. CADERNOS DE RESUMOS, v. 9, p. 678-697, 2021.<\/p>\n\n\n\n<p> <strong>3. <\/strong><a rel=\"noreferrer noopener\" href=\"http:\/\/lattes.cnpq.br\/0832019587284612\" target=\"_blank\"><strong>MIRANDA NETTO, Fernando Gama de<\/strong><\/a>. As v\u00e1rias faces da produ\u00e7\u00e3o antecipada de provas. EMPORIO DO DIREITO, v. 131, p. 1, 2020.<\/p>\n\n\n\n<p><strong>4. <\/strong>BRAGAN\u00c7A, F. ;&nbsp;<a rel=\"noreferrer noopener\" href=\"http:\/\/lattes.cnpq.br\/0832019587284612\" target=\"_blank\"><strong>MIRANDA NETTO, Fernando Gama de<\/strong><\/a>&nbsp;. O protocolo familiar e a media\u00e7\u00e3o: instrumentos de preven\u00e7\u00e3o de conflitos nas empresas familiares. Revista Brasileira de Alternative Dispute Resolution, v. 1, p. 217-230, 2020.<\/p>\n\n\n\n<p><strong>5. <\/strong><a rel=\"noreferrer noopener\" href=\"http:\/\/lattes.cnpq.br\/0832019587284612\" target=\"_blank\"><strong>MIRANDA NETTO, Fernando Gama de<\/strong><\/a>; PELAJO, Samantha . O futuro da Justi\u00e7a Multiportas: media\u00e7\u00e3o em risco?. Revista Brasileira de Alternative Dispute Resolution, v. 2, p. 121-138, 2019.<\/p>\n\n\n\n<p><strong>6. <\/strong><a rel=\"noreferrer noopener\" href=\"http:\/\/lattes.cnpq.br\/0832019587284612\" target=\"_blank\"><strong>MIRANDA NETTO, Fernando Gama de<\/strong><\/a>; LEITE, Sylvia Q. ; ABREU, T. S. N. Fortes de . Lei de Media\u00e7\u00e3o Austr\u00edaca. Revista Brasileira de Alternative Dispute Resolution, v. 2, p. 241-261, 2019.<\/p>\n\n\n\n<p><strong>7. <\/strong>ROCHA, Felippe Borring ;&nbsp;<a rel=\"noreferrer noopener\" href=\"http:\/\/lattes.cnpq.br\/0832019587284612\" target=\"_blank\"><strong>MIRANDA NETTO, Fernando Gama de<\/strong><\/a>&nbsp;. A recorribilidade das decis\u00f5es interlocut\u00f3rias sobre direito probat\u00f3rio. REVISTA BRASILEIRA DE DIREITO PROCESSUAL (IMPRESSO), v. 101, p. 99-123, 2018.<\/p>\n\n\n\n<p><strong>8. <\/strong><a rel=\"noreferrer noopener\" href=\"http:\/\/lattes.cnpq.br\/0832019587284612\" target=\"_blank\"><strong>MIRANDA NETTO, Fernando Gama de<\/strong><\/a>; LEITE, Sylvia Q. . Lei de Media\u00e7\u00e3o Alem\u00e3. REVISTA BRASILEIRA DE DIREITO PROCESSUAL (IMPRESSO), v. 101, p. 361-368, 2018.<\/p>\n\n\n\n<p><strong>9. <\/strong>ZAMARIAN, L. P. ;&nbsp;<a rel=\"noreferrer noopener\" href=\"http:\/\/lattes.cnpq.br\/0832019587284612\" target=\"_blank\"><strong>MIRANDA NETTO, Fernando Gama de<\/strong><\/a>&nbsp;. Reclama\u00e7\u00e3o e juizados especiais c\u00edveis Da consolida\u00e7\u00e3o normativa \u00e0 altera\u00e7\u00e3o de compet\u00eancia pela Resolu\u00e7\u00e3o n o 3\/2016 do STJ. REVISTA DE INFORMA\u00c7\u00c3O LEGISLATIVA, v. 55, p. 75-102, 2018.<\/p>\n\n\n\n<p><strong>10. <\/strong><a rel=\"noreferrer noopener\" href=\"http:\/\/lattes.cnpq.br\/0832019587284612\" target=\"_blank\"><strong>MIRANDA NETTO, Fernando Gama de<\/strong><\/a>. Calend\u00e1rio Processual: a grande chance de se controlar o tempo do processo judicial. EMPORIO DO DIREITO, v. 23, p. 1, 2018.<\/p>\n\n\n\n<p><strong>11. <\/strong><a rel=\"noreferrer noopener\" href=\"http:\/\/lattes.cnpq.br\/0832019587284612\" target=\"_blank\"><strong>MIRANDA NETTO, Fernando Gama de<\/strong><\/a>. Justi\u00e7a do Trabalho no Brasil: compreender o passado, transformar o presente e projetar o futuro. Revista do Tribunal Regional do Trabalho da 1a. Regi\u00e3o, v. 27, p. 159-184, 2016.<\/p>\n\n\n\n<p><strong>12. <\/strong><a rel=\"noreferrer noopener\" href=\"http:\/\/lattes.cnpq.br\/0832019587284612\" target=\"_blank\"><strong>MIRANDA NETTO, Fernando Gama de<\/strong><\/a>; SOARES, Irineu C. O. ; DORSI, Thamires da S. . Aplica\u00e7\u00e3o de Metodologias Diferenciadas na Pesquisa Jur\u00eddica Processual. Revista Ci\u00eancia Atual, v. 8, p. 2-7, 2016.<\/p>\n\n\n\n<ul class=\"wp-block-list\"><li><strong>Livros publicados\/organizados ou edi\u00e7\u00f5es<\/strong><\/li><\/ul>\n\n\n\n<p><strong>1. <\/strong>ALVES, Cleber F. (Org.) ; ALVIM, J.\nLeonel R. (Org.) ; CASTRO, Carla Apolin\u00e1rio (Org.) ; FRAGALE FILHO, Roberto\n(Org.) ; ALMEIDA, Marcelo Pereira de (Org.) ;&nbsp;<a href=\"http:\/\/lattes.cnpq.br\/0832019587284612\" target=\"_blank\" rel=\"noreferrer noopener\"><strong>MIRANDA NETTO, Fernando Gama de<\/strong><\/a>&nbsp;(Org.) ;\nPADUA, Jo\u00e3o Pedro C. V. (Org.). Institui\u00e7\u00f5es da Justi\u00e7a e do Trabalho: campos\nde pesquisa. 1. ed. Rio de Janeiro: Autografia, 2020. 150p.<\/p>\n\n\n\n<p><strong>2. <\/strong>BRAGAN\u00c7A, F. (Org.) ;&nbsp;<a rel=\"noreferrer noopener\" href=\"http:\/\/lattes.cnpq.br\/0832019587284612\" target=\"_blank\"><strong>MIRANDA NETTO, Fernando Gama de<\/strong><\/a>&nbsp;(Org.) . Panorama Legal da Media\u00e7\u00e3o na Am\u00e9rica Latina. 1. ed. Niter\u00f3i: PPGSD-UFF, 2020. 566p.<\/p>\n\n\n\n<p><strong>3. <\/strong>ALVES, Cleber F. (Org.) ; ALVIM, J. Leonel R. (Org.) ; CASTRO, Carla Apolin\u00e1rio (Org.) ; FRAGALE FILHO, Roberto (Org.) ; MELLO, Marcelo P. (Org.) ;&nbsp;<a rel=\"noreferrer noopener\" href=\"http:\/\/lattes.cnpq.br\/0832019587284612\" target=\"_blank\"><strong>MIRANDA NETTO, Fernando Gama de<\/strong><\/a>&nbsp;(Org.) ; PADUA, Jo\u00e3o Pedro C. V. (Org.) . Institui\u00e7\u00f5es da Justi\u00e7a e do Trabalho: di\u00e1logos sobre a constitui\u00e7\u00e3o de um campo de pesquisa. 1. ed. Rio de Janeiro: Autografia, 2020. 150p.<\/p>\n\n\n\n<p><strong>4. <\/strong>PELAJO, Samantha (Org.) ; FIGUEIREDO, Marcela R. S. (Org.) ;&nbsp;<a rel=\"noreferrer noopener\" href=\"http:\/\/lattes.cnpq.br\/0832019587284612\" target=\"_blank\"><strong>MIRANDA NETTO, Fernando Gama de<\/strong><\/a>&nbsp;(Org.) ; LIMA, Evandro Souza e (Org.) . Coment\u00e1rios \u00e0 Lei de Media\u00e7\u00e3o: Estudos em homenagem aos 10 anos da Comiss\u00e3o de Media\u00e7\u00e3o de Conflitos da OAB-RJ. 1. ed. Rio de Janeiro: Editora Processo, 2019. 470p.<\/p>\n\n\n\n<ul class=\"wp-block-list\"><li><strong>Cap\u00edtulos de livros publicados<\/strong><\/li><\/ul>\n\n\n\n<p><strong>1. <\/strong>BRAGANCA, Fernanda ;&nbsp;<a href=\"http:\/\/lattes.cnpq.br\/0832019587284612\" target=\"_blank\" rel=\"noreferrer noopener\"><strong>MIRANDA NETTO, Fernando Gama de<\/strong><\/a>&nbsp;. The acceleration of the national policy of digital\nconsensuality in the brazilian judiciary due to the pandemic. Perspectivas de\nefetiva\u00e7\u00e3o de direitos humanos e fundamentais. In: Adriano Moura da Fonseca\nPinto; Marcelo Pereira de Almeida; Marcelo Pinto Chaves; V\u00e2nia Marques Marinho.\n(Org.). Perspectivas de efetiva\u00e7\u00e3o de direitos humanos e fundamentais. 1ed.Rio\nde Janeiro: Pembroke Collins, 2021, v. , p. 534-546.<\/p>\n\n\n\n<p><strong>2. <\/strong>ALMEIDA, Marcelo Pereira de ;&nbsp;<a rel=\"noreferrer noopener\" href=\"http:\/\/lattes.cnpq.br\/0832019587284612\" target=\"_blank\"><strong>MIRANDA NETTO, Fernando Gama de<\/strong><\/a>&nbsp;. A ?instrumentalidade do processo? no pensamento de Calmon de Passos. In: Antonio Carvalho Filho; Eduardo Jos\u00e9 da Fonseca Costa. (Org.). Direito, Processo e Garantia: estudos em homenagem a J.J. Calmon de Passos,. 1ed.Londrina: Editora Thoth, 2021, v. , p. 223-242.<\/p>\n\n\n\n<p><strong>3. <\/strong><a rel=\"noreferrer noopener\" href=\"http:\/\/lattes.cnpq.br\/0832019587284612\" target=\"_blank\"><strong>MIRANDA NETTO, Fernando Gama de<\/strong><\/a>; PELAJO, Samantha . O futuro da Justi\u00e7a Multiportas: media\u00e7\u00e3o em risco?. In: M\u00e1rcia Calainho. (Org.). Medo e Esperan\u00e7a. 1ed.Porto: Editora Cravo, 2020, v. , p. 120-144.<\/p>\n\n\n\n<p><strong>4. <\/strong><a rel=\"noreferrer noopener\" href=\"http:\/\/lattes.cnpq.br\/0832019587284612\" target=\"_blank\"><strong>MIRANDA NETTO, Fernando Gama de<\/strong><\/a>. Ensaio sobre a prescri\u00e7\u00e3o no C\u00f3digo Civil de 2002 e no C\u00f3digo de Processo Civil de 2015. In: Mirna Cianci. (Org.). Prescri\u00e7\u00e3o no C\u00f3digo Civil &#8211; uma an\u00e1lise interdisciplinar. 4ed.S\u00e3o Paulo: Editora D&#8217; Pl\u00e1cido, 2020, v. , p. 185-221.<\/p>\n\n\n\n<p><strong>5. <\/strong><a rel=\"noreferrer noopener\" href=\"http:\/\/lattes.cnpq.br\/0832019587284612\" target=\"_blank\"><strong>MIRANDA NETTO, Fernando Gama de<\/strong><\/a>;&nbsp;<a rel=\"noreferrer noopener\" href=\"http:\/\/lattes.cnpq.br\/3833475931253541\" target=\"_blank\">LEAL, Stela Tannure<\/a>&nbsp;; SOARES, Irineu C. O. . Profissionaliza\u00e7\u00e3o e remunera\u00e7\u00e3o do mediador judicial: ?nunca vi, nem recebi, eu s\u00f3 ou\u00e7o falar. In: Aluisio Gon\u00e7alves de Castro Mendes; Francisco Javier Gorj\u00f3n G\u00f3mez; Larissa Clare Pochmann da Silva; Marcelo Pereira de Almeida. (Org.). Estudos sobre media\u00e7\u00e3o: no Brasil e no exterior. 1ed.Santa Cruz do Sul: Essere nel Mondo, 2020, v. II, p. 165-183.<\/p>\n\n\n\n<p><strong>6. <\/strong><a rel=\"noreferrer noopener\" href=\"http:\/\/lattes.cnpq.br\/0832019587284612\" target=\"_blank\"><strong>MIRANDA NETTO, Fernando Gama de<\/strong><\/a>. Marginal e desviante: minha contribui\u00e7\u00e3o em uma d\u00e9cada para a linha de Acesso \u00e0 Justi\u00e7a do PPGSD. In: ALVES, Cleber Francisco ; ALVIM, J. L. R. ; CASTRO, C. A. ; FRAGALE FILHO, Roberto; MELLO, Marcelo; MIRANDA NETTO, Fernando Gama de; P\u00c1DUA, Jo\u00e3o Pedro Chaves. (Org.). Institui\u00e7\u00f5es da Justi\u00e7a e do Trabalho: di\u00e1logos sobre a constitui\u00e7\u00e3o de um campo de pesquis. 1ed.Rio de Janeiro: Autografia, 2020, v. 1, p. 60-82.<\/p>\n\n\n\n<p><strong>7. <\/strong><a rel=\"noreferrer noopener\" href=\"http:\/\/lattes.cnpq.br\/0832019587284612\" target=\"_blank\"><strong>MIRANDA NETTO, Fernando Gama de<\/strong><\/a>; PELAJO, Samantha ;&nbsp;<a rel=\"noreferrer noopener\" href=\"http:\/\/lattes.cnpq.br\/3833475931253541\" target=\"_blank\">LEAL, Stela Tannure<\/a>&nbsp;. Dos Conciliadores e Mediadores judiciais (Coment\u00e1rios aos arts. 165 a 173). In: Luis Ant\u00f4nio Giampaulo Sarro; Luiz Henrique Volpe Camargo; Paulo Henrique dos Santos Lucon. (Org.). C\u00f3digo de Processo Civil Anotado e Comentado. 1ed.S\u00e3o Paulo: Rideel, 2020, v. , p. 130-149.<\/p>\n\n\n\n<p><strong>8. <\/strong><a rel=\"noreferrer noopener\" href=\"http:\/\/lattes.cnpq.br\/0832019587284612\" target=\"_blank\"><strong>MIRANDA NETTO, Fernando Gama de<\/strong><\/a>; FACCI, L\u00facio P. . Dos Conciliadores e Mediadores judiciais (Coment\u00e1rios aos arts. 174 a 175). In: Luis Ant\u00f4nio Giampaulo Sarro; Luiz Henrique Volpe Camargo; Paulo Henrique dos Santos Lucon. (Org.). C\u00f3digo de Processo Civil Anotado e Comentado. 1ed.S\u00e3o Paulo: Rideel, 2020, v. , p. 149-153.<\/p>\n\n\n\n<p><strong>9. <\/strong><a rel=\"noreferrer noopener\" href=\"http:\/\/lattes.cnpq.br\/0832019587284612\" target=\"_blank\"><strong>MIRANDA NETTO, Fernando Gama de<\/strong><\/a>; ALMEIDA, Marcelo Pereira de . Tutela Provis\u00f3ria (Coment\u00e1rios aos arts. 294 a 302). C\u00f3digo de Processo Civil Anotado e Comentado. 1ed.S\u00e3o Paulo: Rideel, 2020, v. , p. 204-217.<\/p>\n\n\n\n<p><strong>10. <\/strong><a rel=\"noreferrer noopener\" href=\"http:\/\/lattes.cnpq.br\/0832019587284612\" target=\"_blank\"><strong>MIRANDA NETTO, Fernando Gama de<\/strong><\/a>. Produ\u00e7\u00e3o antecipada da prova: natureza, cabimento e garantias constitucionais do processo. In: Produ\u00e7\u00e3o antecipada da prova: natureza, cabimento e garantias constitucionais do proFUGA, Bruno Augusto Sampaio; RODRIGUES, Daniel Conalgo; ANTUNES, Thiago Caversan. (Org.). Produ\u00e7\u00e3o antecipada da prova ? quest\u00f5es relevantes e aspectos pol\u00eamicos. 3ed.Londrina: Thoth Editora, 2020, v. , p. 451-479.<\/p>\n\n\n\n<p><strong>11. <\/strong>BRAGANCA, Fernanda ;&nbsp;<a rel=\"noreferrer noopener\" href=\"http:\/\/lattes.cnpq.br\/0832019587284612\" target=\"_blank\"><strong>MIRANDA NETTO, Fernando Gama de<\/strong><\/a>&nbsp;. Introdu\u00e7\u00e3o. In: BRAGAN\u00c7A, Fernanda; MIRANDA NETTO, Fernando Gama de.. (Org.). Panorama Legal da Media\u00e7\u00e3o na Am\u00e9rica Latina. 1ed.Niter\u00f3i: PPGSD-UFF, 2020, v. , p. 7-17.<\/p>\n\n\n\n<p><strong>12. <\/strong><a rel=\"noreferrer noopener\" href=\"http:\/\/lattes.cnpq.br\/0832019587284612\" target=\"_blank\"><strong>MIRANDA NETTO, Fernando Gama de<\/strong><\/a>. T\u00e9cnica da pondera\u00e7\u00e3o e irreversibilidade das tutelas de urg\u00eancia no C\u00f3digo de Processo Civil de 2015. In: : Eduardo Jos\u00e9 da Fonseca Costa, Mateus Costa Pereira, Roberto Campos Gouveia Filho. (Org.). T\u00e9cnica da pondera\u00e7\u00e3o e irreversibilidade das tutelas de urg\u00eancia no C\u00f3digo de Processo Civil de 2015. 2ed.Salvador: Juspodivm, 2019, v. 6, p. 195-231.<\/p>\n\n\n\n<p><strong>13. <\/strong>ZAMARIAN, L. P. ;&nbsp;<a rel=\"noreferrer noopener\" href=\"http:\/\/lattes.cnpq.br\/0832019587284612\" target=\"_blank\"><strong>MIRANDA NETTO, Fernando Gama de<\/strong><\/a>&nbsp;. Do acesso \u00e0 Justi\u00e7a (coment\u00e1rios ao arts. 79 a 83). In: Guilherme Magalh\u00e3es Martins; L\u00edvia Pitelli Zamarian Hoauiss. (Org.). Estatuto da pessoa com defici\u00eancia: coment\u00e1rios \u00e0 Lei 13.146\/2015. 1ed.Indaiatuba: Foco, 2019, v. , p. 236-250.<\/p>\n\n\n\n<p><strong>14. <\/strong><a rel=\"noreferrer noopener\" href=\"http:\/\/lattes.cnpq.br\/0832019587284612\" target=\"_blank\"><strong>MIRANDA NETTO, Fernando Gama de<\/strong><\/a>; SOARES, Irineu C. O. ; PESSANHA, Quissila R. de C. . A Lei n. 13.140 de 2015 e os mediadores extrajudiciais. In: PELAJO, Samantha; FIGUEIREDO, Marcela Rodrigues Souza; MIRANDA NETTO. Fernando Gama de; LIMA, Evandro Souza e. (Org.). Coment\u00e1rios \u00e0 Lei de Media\u00e7\u00e3o: Estudos em homenagem aos 10 anos da Comiss\u00e3o de Media\u00e7\u00e3o de Conflitos da OAB-RJ. 1ed.Rio de Janeiro: Editora Processo, 2019, v. , p. 81-99.<\/p>\n\n\n\n<p><strong>15. <\/strong><a rel=\"noreferrer noopener\" href=\"http:\/\/lattes.cnpq.br\/0832019587284612\" target=\"_blank\"><strong>MIRANDA NETTO, Fernando Gama de<\/strong><\/a>;&nbsp;<a rel=\"noreferrer noopener\" href=\"http:\/\/lattes.cnpq.br\/3833475931253541\" target=\"_blank\">LEAL, Stela Tannure<\/a>&nbsp;. An\u00e1lise cr\u00edtica do discurso do secret\u00e1rio da reforma do Poder Judici\u00e1rio: sobre a necessidade de forma\u00e7\u00e3o de um ex\u00e9rcito de mediadores. In: PELAJO, Samantha; FIGUEIREDO, Marcela Rodrigues Souza; MIRANDA NETTO. Fernando Gama de; LIMA, Evandro Souza e. (Org.). Coment\u00e1rios \u00e0 Lei de Media\u00e7\u00e3o: Estudos em homenagem aos 10 anos da Comiss\u00e3o de Media\u00e7\u00e3o de Conflitos da OAB-RJ. 1ed.Rio de Janeiro: Editora Processo, 2019, v. , p. 417-442.<\/p>\n\n\n\n<p><strong>16. <\/strong><a rel=\"noreferrer noopener\" href=\"http:\/\/lattes.cnpq.br\/0832019587284612\" target=\"_blank\"><strong>MIRANDA NETTO, Fernando Gama de<\/strong><\/a>;&nbsp;<a rel=\"noreferrer noopener\" href=\"http:\/\/lattes.cnpq.br\/3833475931253541\" target=\"_blank\">LEAL, Stela Tannure<\/a>&nbsp;. An\u00e1lise cr\u00edtica do discurso do secret\u00e1rio da reforma do Poder Judici\u00e1rio: sobre a necessidade de forma\u00e7\u00e3o de um ex\u00e9rcito de mediadores. In: Hermes Zaneti Jr.; Tr\u00edcia Navarro Xavier Cabral. (Org.). Justi\u00e7a Multiportas. 2ed.Salvador: Juspodivm, 2018, v. 9, p. 873-892.<\/p>\n\n\n\n<p><strong>17. <\/strong><a rel=\"noreferrer noopener\" href=\"http:\/\/lattes.cnpq.br\/0832019587284612\" target=\"_blank\"><strong>MIRANDA NETTO, Fernando Gama de<\/strong><\/a>; ALMEIDA, Marcelo Pereira de . Da prova documental. In: Sergio Luiz de Almeida Ribeiro; Roberto P. Campos Gouveia Filho; Izabel Cristina Pinheiro Cardoso Pantale\u00e3o; Lucio Grassi de Gouveia. (Org.). Novo C\u00f3digo de Processo Civil Comentado. 1ed.S\u00e3o Paulo: Lualri, 2017, v. II, p. 154-174.<\/p>\n\n\n\n<p><strong>18. <\/strong>SOUZA, M. C. X. ;&nbsp;<a rel=\"noreferrer noopener\" href=\"http:\/\/lattes.cnpq.br\/0832019587284612\" target=\"_blank\"><strong>MIRANDA NETTO, Fernando Gama de<\/strong><\/a>&nbsp;. Impactos do novo C\u00f3digo de Processo Civil no Sistema dos Juizados Especiais. In: Mirna Cianci; L\u00facio Delfino; Bruno Dantas; Fredie Didier Jr.; Leonardo Cunha; Luiz Volpe Camargo; Bruno Garcia Redondo. (Org.). Novo C\u00f3digo de Processo Civil: Impactos na Legisla\u00e7\u00e3o Extravagante e Interdisciplinar. 1ed.S\u00e3o Paulo: Saraiva, 2016, v. 1, p. 375-396.<\/p>\n\n\n\n<p><strong>19. <\/strong><a rel=\"noreferrer noopener\" href=\"http:\/\/lattes.cnpq.br\/1977412146655677\" target=\"_blank\">PEREIRA, Daniel Nunes<\/a>&nbsp;;&nbsp;<a rel=\"noreferrer noopener\" href=\"http:\/\/lattes.cnpq.br\/0832019587284612\" target=\"_blank\"><strong>MIRANDA NETTO, Fernando Gama de<\/strong><\/a>&nbsp;. O pesadelo de Kelsen e o Espanto de Schmitt: legalidade, legitimidade e cren\u00e7a jur\u00eddica. In: Cl\u00e1udia Ribeiro Pereira Nunes; Cleyson de Moraes Mello; Vanderlei Martins. (Org.). Direito e Justi\u00e7a: Estudos em Homenagem aos 25 anos do Ministro Marcos Aur\u00e9lio no STF. 1ed.Juiz de Fora: Editar, 2016, v. , p. 127-142.<\/p>\n\n\n\n<p><strong>20. <\/strong><a rel=\"noreferrer noopener\" href=\"http:\/\/lattes.cnpq.br\/0832019587284612\" target=\"_blank\"><strong>MIRANDA NETTO, Fernando Gama de<\/strong><\/a>; ZAMARIAN, L\u00edvia P. . Informa\u00e7\u00e3o, contradit\u00f3rio e imparcialidade na jurisdi\u00e7\u00e3o constitucional: sobre a proibi\u00e7\u00e3o de o magistrado revelar o que pensa antes de decidir no Brasil. In: Lu\u00edsa Neto e Fernando Ribeiro. (Org.). Direito e Informa\u00e7\u00e3o na Sociedade em Rede: atas [IV Col\u00f3quio Luso-brasileiro Direito e Informa\u00e7\u00e3o]. 1ed.Porto: Faculdade de Direito e Faculdade de Letras da Universidade do Porto, 2016, v. , p. 196-204.<\/p>\n\n\n\n<p><strong>21. <\/strong><a rel=\"noreferrer noopener\" href=\"http:\/\/lattes.cnpq.br\/0832019587284612\" target=\"_blank\"><strong>MIRANDA NETTO, Fernando Gama de<\/strong><\/a>. Sobre o requisito da irreversibilidade das tutelas de urg\u00eancia no C\u00f3digo de Processo Civil de 2015 (art. 300,\u00a73\u00ba). In: Carlos Roberto Jatahy; Diogo Rezende de Almeida; Luiz Roberto Ayoub. (Org.). Reflex\u00f5es sobre o Novo C\u00f3digo de Processo Civil. 1ed.Rio de Janeiro: FGV, 2016, v. , p. 191-224.<\/p>\n\n\n\n<p><strong>22. <\/strong><a rel=\"noreferrer noopener\" href=\"http:\/\/lattes.cnpq.br\/0832019587284612\" target=\"_blank\"><strong>MIRANDA NETTO, Fernando Gama de<\/strong><\/a>; SOARES, Irineu C. O. . Princ\u00edpios Procedimentais da Media\u00e7\u00e3o no novo C\u00f3digo de Processo Civil. In: Diogo Rezende de Almeida; Fernanda Pantoja; Samantha Pelajo. (Org.). A media\u00e7\u00e3o no novo C\u00f3digo de Processo Civil. 2ed.Rio de Janeiro: Forense, 2016, v. , p. 109-119.<\/p>\n\n\n\n<p><strong>23. <\/strong><a rel=\"noreferrer noopener\" href=\"http:\/\/lattes.cnpq.br\/0832019587284612\" target=\"_blank\"><strong>MIRANDA NETTO, Fernando Gama de<\/strong><\/a>; SOARES, Irineu C. O. ; DORSI, Thamires da S. . Aplica\u00e7\u00e3o de Metodologias Diferenciadas na Pesquisa Jur\u00eddica Processual. In: C\u00e9lia Abreu; Manoel Messias Peixinho; Tau\u00e3 Rangel. (Org.). Estudos da Pesquisa da Metodologia Jur\u00eddica. 1ed.Rio de Janeiro: Kindle, 2016, v. 1, p. 36-41.<\/p>\n\n\n\n<p><strong>24. <\/strong>ZAMARIAN, L\u00edvia P. ;&nbsp;<a rel=\"noreferrer noopener\" href=\"http:\/\/lattes.cnpq.br\/0832019587284612\" target=\"_blank\"><strong>MIRANDA NETTO, Fernando Gama de<\/strong><\/a>&nbsp;. A publicidade dos votos individuais na Suprema Corte brasileira. In: Lu\u00edsa Neto; Fernando Ribeiro. (Org.). Direito e Informa\u00e7\u00e3o na Sociedade em Rede: atas [IV Col\u00f3quio Luso-brasileiro Direito e Informa\u00e7\u00e3o]. 1ed.Porto: Faculdade de Direito e Faculdade de Letras da Universidade do Porto, 2016, v. , p. 432-453.<\/p>\n\n\n\n<hr class=\"wp-block-separator\" \/>\n\n\n\n<p class=\"has-text-color has-medium-font-size has-vivid-red-color\">          <strong> *    Dr Gilvan Luiz Hansen<\/strong><\/p>\n\n\n\n<ul class=\"wp-block-list\"><li><strong>Artigos completos publicados em peri\u00f3dicos<\/strong><\/li><\/ul>\n\n\n\n<p><strong>1. <\/strong>DE PAIVA, MARCELLA DA COSTA\nMOREIRA ;&nbsp;<strong>HANSEN, GILVAN LUIZ<\/strong>&nbsp;; DE\nMATTOS, SIMONE BRILHANTE . Democracia e poder judici\u00e1rio: estudo sobre\nlegitimidade e institucionaliza\u00e7\u00e3o da opini\u00e3o e da vontade. SCIENTIA IURIS\n(ONLINE), v. 24, p. 50-72, 2020.<\/p>\n\n\n\n<p><strong>2. <a href=\"http:\/\/lattes.cnpq.br\/9382635353783283\" target=\"_blank\" rel=\"noreferrer noopener\">HANSEN,\nGilvan Luiz<\/a><\/strong>. Rese\u00f1a de SU\u00c1REZ\nBL\u00c1ZQUEZ, Guillermo. LAS ESFERAS JUR\u00cdDICAS DE DOS MUNDOS. Binomio\nPosesi\u00f3n-Dominio. Val\u00eancia\/Espanha: Tirant Lo Blanch, 2019. 258 p.. Revista\nGeneral de Derecho Romano<sup><\/sup>, v. 1, p. 1-4, 2019.<\/p>\n\n\n\n<p><strong>3. <a href=\"http:\/\/lattes.cnpq.br\/9382635353783283\" target=\"_blank\" rel=\"noreferrer noopener\">HANSEN, Gilvan Luiz<\/a><\/strong>. Rese\u00f1a da obra: SU\u00c1REZ BL\u00c1ZQUEZ, Guillermo. Los pilares\necon\u00f3micos y jur\u00eddicos romanos del capitalismo global. Val\u00eancia: Tirant Lo\nBlanch, 2018. 253p.. Revista General de Derecho Romano<sup><\/sup>, v. 1, p. 1-4, 2019.<\/p>\n\n\n\n<p><strong>4. <\/strong>MACHADO, LUIS ;&nbsp;<strong>HANSEN, GILVAN LUIZ<\/strong>&nbsp;. Opini\u00e3o p\u00fablica sobre\nenergia nuclear enquanto sistema perito nas sociedades de risco da modernidade.\nBRAZILIAN JOURNAL OF RADIATION SCIENCES, v. 6, p. 1-24, 2018.<\/p>\n\n\n\n<ul class=\"wp-block-list\"><li><strong>Livros publicados\/organizados ou edi\u00e7\u00f5es<\/strong><\/li><\/ul>\n\n\n\n<p><strong>1. <\/strong>MONICA, Eder F. (Org.) ;&nbsp;<strong>HANSEN, Gilvan Luiz<\/strong>&nbsp;(Org.) ; SU\u00c1REZ BL\u00c1ZQUEZ,\nGuillermo (Org.) . ACTAS: II Seminario Internacional sobre Democracia,\nCidadania y Estado de Derecho (2659-9171). 2. ed. Ourense: Editora Universidade\nde Vigo, 2020. v. 1. 210p.<\/p>\n\n\n\n<p><strong>2. <\/strong>MONICA, Eder F. (Org.) ;&nbsp;<strong>HANSEN, Gilvan Luiz<\/strong>&nbsp;(Org.)\n; D\u00cdAZ LAFUENTE, Jos\u00e9 (Org.) ; GUINEA LLORENTE, Mercedes (Org.) . Cuaderno de\nRes\u00famenes del IV Congreso Internacional sobre Globalizaci\u00f3n, \u00c9tica y Derecho\n(2695-8600). 2. ed. Madrid \/ Niter\u00f3i: Universidad Complutense de Madrid \/\nUniversidad Federal Fluminense, 2020. v. 1. 225p .<\/p>\n\n\n\n<p><strong>3. <a href=\"http:\/\/lattes.cnpq.br\/9382635353783283\" target=\"_blank\" rel=\"noreferrer noopener\">HANSEN, Gilvan Luiz<\/a><\/strong>. Modernidade, utopia e trabalho (ISBN 978-65-86457-00-1). 2.\ned. Londrina: Engenho das Letras, 2020. v. 1. 218p .<\/p>\n\n\n\n<p><strong>4. <a href=\"http:\/\/lattes.cnpq.br\/9382635353783283\" target=\"_blank\" rel=\"noreferrer noopener\">HANSEN,\nGilvan Luiz<\/a><\/strong>; FERNANDES, Cristiane de\nSouza Stevans (Org.) ; SOUZA, Felipe Stevans Fernandes de (Org.) . Breves\nEscritos sobre \u00c9tica, Justi\u00e7a e Gest\u00e3o Institucional v. 1 (ISBN\n978-85-94029-32-4). 1. ed. Niter\u00f3i: PROPPI-EDUFF, 2019. v. 1. 255p .<\/p>\n\n\n\n<p><strong>5. <a href=\"http:\/\/lattes.cnpq.br\/9382635353783283\" target=\"_blank\" rel=\"noreferrer noopener\">HANSEN,\nGilvan Luiz<\/a><\/strong>; FERNANDES, Cristiane de\nSouza Stevans (Org.) ; SOUZA, Felipe Stevans Fernandes de (Org.) . Breves\nEscritos sobre \u00c9tica, Justi\u00e7a e Institui\u00e7\u00f5es ? v. 2 (ISBN 978-85-94029-31-7).\n1. ed. Niter\u00f3i: PROPPI-EDUFF, 2019. v. 1. 302p .<\/p>\n\n\n\n<p><strong>6. <a href=\"http:\/\/lattes.cnpq.br\/9382635353783283\" target=\"_blank\" rel=\"noreferrer noopener\">HANSEN,\nGilvan Luiz<\/a><\/strong>; FERNANDES, Cristiane de\nSouza Stevans (Org.) ; SOUZA, Felipe Stevans Fernandes de (Org.) . Jornadas\nsobre \u00c9tica, Justi\u00e7a e Gest\u00e3o Institucional &#8211; v. 04 (ISBN 978-85-94029-35-5).\n1. ed. Niter\u00f3i: PROPPI &#8211; EDUFF, 2019. v. 1. 614p .<\/p>\n\n\n\n<p><strong>7. <a href=\"http:\/\/lattes.cnpq.br\/9382635353783283\" target=\"_blank\" rel=\"noreferrer noopener\">HANSEN,\nGilvan Luiz<\/a><\/strong>; FERNANDES, Cristiane de\nSouza Stevans (Org.) ; SOUZA, Felipe Stevans Fernandes de (Org.) . Jornadas\nsobre \u00c9tica, Justi\u00e7a e Gest\u00e3o Institucional v. 05 (ISBN 978-85-94029-36-2). 1.\ned. Niter\u00f3i: PROPPI-EDUFF, 2019. v. 1. 943p .<\/p>\n\n\n\n<p><strong>8. <a href=\"http:\/\/lattes.cnpq.br\/9382635353783283\" target=\"_blank\" rel=\"noreferrer noopener\">HANSEN,\nGilvan Luiz<\/a><\/strong>; MONICA, Eder F. (Org.)\n; SU\u00c1REZ BL\u00c1ZQUEZ, Guillermo (Org.) . LIBRO DE ART\u00cdCULOS: I Seminario\nInternacional sobre Democracia, Ciudadania y Estado de Derecho. (ISSN\n2695-5784). 1. ed. Ourense: Editora Universidade de Vigo, 2019. v. 1. 616p .<\/p>\n\n\n\n<p><strong>9. <a href=\"http:\/\/lattes.cnpq.br\/9382635353783283\" target=\"_blank\" rel=\"noreferrer noopener\">HANSEN,\nGilvan Luiz<\/a><\/strong>; MONICA, Eder F. (Org.)\n. Conferencias Magistrales: I Seminario Internacional sobre Democracia,\nCidadania y Estado de Derecho (ISBN 978-84-09-16819-4). 1. ed. Ourense: Editora\nUniversidade de Vigo, 2019. v. 1. 122p .<\/p>\n\n\n\n<p><strong>10. <a href=\"http:\/\/lattes.cnpq.br\/9382635353783283\" target=\"_blank\" rel=\"noreferrer noopener\">HANSEN, Gilvan Luiz<\/a><\/strong>; MONICA, Eder F. (Org.) . ACTAS: III Congreso Internacional\nGlobalizaci\u00f3n, \u00c9tica y Derecho (ISSN 2695-8597). 1. ed. Ourense: Editora\nUniversidade de Vigo, 2019. v. 1. 1186p .<\/p>\n\n\n\n<p><strong>11. <a rel=\"noreferrer noopener\" href=\"http:\/\/lattes.cnpq.br\/9382635353783283\" target=\"_blank\">HANSEN, Gilvan Luiz<\/a><\/strong>; MONICA, Eder F. (Org.) ; SU\u00c1REZ BL\u00c1ZQUEZ, Guillermo (Org.) . Actas I Seminario Internacional sobre Democracia, Ciudadan\u00eda y Estado de Derecho (ISSN 2659-9171). 1. ed. Ourense: Editora Universidade de Vigo, 2019. v. 1. 301p.<\/p>\n\n\n\n<p><strong>12. <a href=\"http:\/\/lattes.cnpq.br\/9382635353783283\" target=\"_blank\" rel=\"noreferrer noopener\">HANSEN, Gilvan Luiz<\/a><\/strong>; MONICA, Eder F. (Org.) . CUADERNO DE RES\u00daMENES: III Congreso\nInternacional Globalizaci\u00f3n, \u00c9tica y Derecho. (ISSN 2695-8600). 1. ed. Ourense:\nEditora Universidade de Vigo, 2019. v. 1. 337p .<\/p>\n\n\n\n<p><strong>13. <a href=\"http:\/\/lattes.cnpq.br\/9382635353783283\" target=\"_blank\" rel=\"noreferrer noopener\">HANSEN, Gilvan Luiz<\/a><\/strong>; MONICA, Eder F. (Org.) . ACTAS: II Congreso Internacional\nGlobalizaci\u00f3n, \u00c9tica y Derecho (ISSN 2695-8597). 1. ed. Ourense: Editora\nUniversidade de Vigo, 2018. v. 1. 771p .<\/p>\n\n\n\n<p><strong>14. <a href=\"http:\/\/lattes.cnpq.br\/9382635353783283\" target=\"_blank\" rel=\"noreferrer noopener\">HANSEN, Gilvan Luiz<\/a><\/strong>; MONICA, Eder F. (Org.) . CUADERNO DE RES\u00daMENES: II Congreso\nInternacional Globalizaci\u00f3n, \u00c9tica y Derecho. (ISSN 2695-8600). 1. ed. Ourense:\nEditora Universidade de Vigo, 2018. v. 1. 49p .<\/p>\n\n\n\n<p><strong>15. <\/strong>FERN\u00c1NDEZ \u00c1LVAREZ, Ant\u00f3n Lois\n(Org.) ;&nbsp;<strong>HANSEN, Gilvan Luiz<\/strong>&nbsp;(Org.) . Derecho y Pol\u00edtica en\nperspectiva Euroamericana (ISBN: 978-84-9148-493-6). 1. ed. Madrid: Editorial\nDykinson, 2018. v. 1. 1160p .<\/p>\n\n\n\n<p><strong>16. <\/strong>FERN\u00c1NDEZ \u00c1LVAREZ, Ant\u00f3n Lois\n(Org.) ;&nbsp;<strong>HANSEN, Gilvan Luiz<\/strong>&nbsp;(Org.) ; MONICA, Eder F.\n(Org.) . Instituciones pol\u00edtico-jur\u00eddicas y desarrollo sostenible (ISBN:\n978-84-1324-143-2). 1. ed. Madrid: Editorial Dykinson, 2018. v. 1. 859p .<\/p>\n\n\n\n<p><strong>17. <a href=\"http:\/\/lattes.cnpq.br\/9382635353783283\" target=\"_blank\" rel=\"noreferrer noopener\">HANSEN, Gilvan Luiz<\/a><\/strong>; MONICA, Eder F. (Org.) . ACTAS: I Congreso Internacional\nGlobalizaci\u00f3n, \u00c9tica y Derecho (ISSN 2695-8597). 1. ed. Ourense: Editora\nUniversidade de Vigo, 2017. v. 1. 333p .<\/p>\n\n\n\n<p><strong>18. <a href=\"http:\/\/lattes.cnpq.br\/9382635353783283\" target=\"_blank\" rel=\"noreferrer noopener\">HANSEN, Gilvan Luiz<\/a><\/strong>; MONICA, Eder F. (Org.) . CUADERNO DE RES\u00daMENES: I Congreso\nInternacional sobre Globalizaci\u00f3n, \u00c9tica y Derecho (ISSN 2695-8600). 1. ed.\nOurense: Editora Universidade de Vigo, 2017. v. 1. 26p .<\/p>\n\n\n\n<ul class=\"wp-block-list\"><li><strong>Cap\u00edtulos de livros publicados<\/strong><\/li><\/ul>\n\n\n\n<p><strong>1. <a href=\"http:\/\/lattes.cnpq.br\/9382635353783283\" target=\"_blank\" rel=\"noreferrer noopener\">HANSEN, Gilvan Luiz<\/a><\/strong>. Direitos humanos, natureza e pol\u00edtica: um enfoque discursivo\n(978-65-86457-08-7). In: BANNWART J\u00daNIOR, Clodomiro J.; BELLINETTI, Luiz\nFernando; CENCI, Elve Miguel. (Org.). \u00c9tica nos Neg\u00f3cios Jur\u00eddicos.\n1ed.Londrina: Engenho das Letras, 2020, v. 1, p. 201-234.<\/p>\n\n\n\n<p><strong>2. <\/strong>PORTO, Paola de Andrade ;\nLOPES FILHO, O. C. ;&nbsp;<strong>HANSEN, Gilvan Luiz<\/strong>&nbsp;.\nFatos, informa\u00e7\u00e3o e m\u00eddia: apontamentos de uma sociedade em desenvolvimento\n(ISBN 978-85-68478-12-7). In: MONTENEGRO DE LIMA, Cl\u00f3vis Ricardo.. (Org.).\nAnais do 15\u00ba Col\u00f3quio Habermas. 1ed.Rio de Janeiro: Salute, 2019, v. 1, p.\n228-245.<\/p>\n\n\n\n<p><strong>3. <a href=\"http:\/\/lattes.cnpq.br\/9382635353783283\" target=\"_blank\" rel=\"noreferrer noopener\">HANSEN,\nGilvan Luiz<\/a><\/strong>. Democracia e cidadania\ncomo condi\u00e7\u00e3o de possibilidade para o Estado de Direito. In: HANSEN, Gilvan\nLuiz; MONICA, Eder Fernandes; SU\u00c1REZ BL\u00c1ZQUEZ, Guillermo.. (Org.). Conferencias\nMagistrales: I Seminario Internacional sobre Democracia, Cidadania y Estado de\nDerecho. 1ed.Ourense: Editora Universidade de Vigo, 2019, v. 1, p. 29-39.<\/p>\n\n\n\n<p><strong>4. <a href=\"http:\/\/lattes.cnpq.br\/9382635353783283\" target=\"_blank\" rel=\"noreferrer noopener\">HANSEN,\nGilvan Luiz<\/a><\/strong>. Direito e Pol\u00edtica:\nporque confiar neles hoje? (ISBN 978-84-9148-493-6). In: FERN\u00c1NDEZ \u00c1LVAREZ,\nAnt\u00f3n Lois; HANSEN, Gilvan Luiz.. (Org.). Derecho y Pol\u00edtica en perspectiva\nEuroamericana. 1ed.Madrid: Editorial Dykinson, 2018, v. 1, p. 44-61.<\/p>\n\n\n\n<p><strong>5. <a href=\"http:\/\/lattes.cnpq.br\/9382635353783283\" target=\"_blank\" rel=\"noreferrer noopener\">HANSEN, Gilvan Luiz<\/a><\/strong>; HAMEL, M. R. ; PAUSEIRO, S\u00e9rgio G.M. . Imigra\u00e7\u00f5es e\nreconhecimento: reflex\u00f5es sob a \u00f3tica de A inclus\u00e3o do outro (ISBN\n978-84-9148-493-6). In: FERN\u00c1NDEZ \u00c1LVAREZ, Ant\u00f3n Lois; HANSEN, Gilvan Luiz..\n(Org.). Derecho y Pol\u00edtica en perspectiva Euroamericana (ISBN:\n978-84-9148-493-6). 1ed.Madrid: Editorial Dykinson, 2018, v. 1, p. 628-648.<\/p>\n\n\n\n<p><strong>6. <a href=\"http:\/\/lattes.cnpq.br\/9382635353783283\" target=\"_blank\" rel=\"noreferrer noopener\">HANSEN, Gilvan Luiz<\/a><\/strong>; LOPES, Lia M. A. . A ressocializa\u00e7\u00e3o no Sistema Prisional\nbrasileiro: um panorama da ressocializa\u00e7\u00e3o em Porto Velho\/RO (ISBN\n978-84-9148-493-6). In: FERN\u00c1NDEZ \u00c1LVAREZ, Ant\u00f3n Lois; HANSEN, Gilvan Luiz..\n(Org.). Derecho y Pol\u00edtica en perspectiva Euroamericana. 1ed.Madrid: Editorial\nDykinson, 2018, v. 1, p. 929-959.<\/p>\n\n\n\n<p><strong>7. <a href=\"http:\/\/lattes.cnpq.br\/9382635353783283\" target=\"_blank\" rel=\"noreferrer noopener\">HANSEN,\nGilvan Luiz<\/a><\/strong>. As institui\u00e7\u00f5es\npol\u00edtico-jur\u00eddicas ante as exig\u00eancias do desenvolvimento sustent\u00e1vel (ISBN:\n978-84-1324-143-2). In: FERNANDES MONICA, Eder; FERN\u00c1NDEZ \u00c1LVAREZ, Ant\u00f3n Lois;\nHANSEN, Gilvan Luiz.. (Org.). Instituciones pol\u00edtico-jur\u00eddicas y desarrollo\nsostenible. 1ed.Madrid: Editorial Dykinson, 2018, v. 1, p. 63-69.<\/p>\n\n\n\n<p><strong>8. <a rel=\"noreferrer noopener\" href=\"http:\/\/lattes.cnpq.br\/9382635353783283\" target=\"_blank\">HANSEN, Gilvan Luiz<\/a><\/strong>; VIEIRA, S. T. S. . Democracia, estado de direito e Administra\u00e7\u00e3o P\u00fablica: o desafio brasileiro (ISBN: 978-84-1324-143-2). In: FERNANDES MONICA, Eder; FERN\u00c1NDEZ \u00c1LVAREZ, Ant\u00f3n Lois; HANSEN, Gilvan Luiz.. (Org.). Instituciones pol\u00edtico-jur\u00eddicas y desarrollo sostenible. 1ed.Madrid: Editorial Dykinson, 2018, v. 1, p. 326-343.<\/p>\n\n\n\n<p><strong>9. <a href=\"http:\/\/lattes.cnpq.br\/9382635353783283\" target=\"_blank\" rel=\"noreferrer noopener\">HANSEN,\nGilvan Luiz<\/a><\/strong>; SANTILLI, Jo\u00e3o Victor ;\nFONSECA, Maria Alice Marques da . O direito ao esquecimento na modernidade:\nmatizes e controv\u00e9rsias (ISBN: 978-84-1324-143-2). In: FERNANDES MONICA, Eder;\nFERN\u00c1NDEZ \u00c1LVAREZ, Ant\u00f3n Lois; HANSEN, Gilvan Luiz.. (Org.). Instituciones\npol\u00edtico-jur\u00eddicas y desarrollo sostenible. 1ed.Madrid: Editorial Dykinson,\n2018, v. 1, p. 438-446.<\/p>\n\n\n\n<p><strong>10. <a rel=\"noreferrer noopener\" href=\"http:\/\/lattes.cnpq.br\/9382635353783283\" target=\"_blank\">HANSEN, Gilvan Luiz<\/a><\/strong>; HANSEN J\u00daNIOR, G. L. . Pol\u00edtica, utopia e fundamentalismo: desafios ao Multiculturalismo (ISBN 978-85-7515-997-2). In: HAMEL, M\u00e1rcio Renan et alii.. (Org.). Reconhecimento e toler\u00e2ncia em sociedades multiculturais. 1ed.Passo Fundo: Editora UPF, 2017, v. 1, p. 43-56.<\/p>\n\n\n\n<p><strong>11. <a rel=\"noreferrer noopener\" href=\"http:\/\/lattes.cnpq.br\/9382635353783283\" target=\"_blank\">HANSEN, Gilvan Luiz<\/a><\/strong>; FERN\u00c1NDEZ \u00c1LVAREZ, Ant\u00f3n Lois . Considera\u00e7\u00f5es propedeuticas para uma epistemologia do Direito em bases discursivas (ISBN 978-85-8440-775-0). In: CUNHA, Jos\u00e9 Ricardo. (Org.). Epistemologias cr\u00edticas do Direito. 1ed.Rio de Janeiro: Lumen Juris, 2016, v. 1, p. 155-170.<\/p>\n\n\n\n<hr class=\"wp-block-separator\" \/>\n\n\n\n<p class=\"has-text-color has-medium-font-size has-vivid-red-color\">             <strong> *    Dr  Guilherme Magalh\u00e3es Martins<\/strong><\/p>\n\n\n\n<ul class=\"wp-block-list\"><li><strong>Artigos completos publicados em peri\u00f3dicos<\/strong><\/li><\/ul>\n\n\n\n<p><strong>1. <a href=\"http:\/\/lattes.cnpq.br\/6071905480000840\" target=\"_blank\" rel=\"noreferrer noopener\">MARTINS,\nG. M.<\/a><\/strong>. O direito ao esquecimento\ncomo direito fundamental. REVISTA DE DIREITO DO CONSUMIDOR, v. 133, p. 19-73,\n2021.<\/p>\n\n\n\n<p><strong>2. <\/strong>BORGES, G. O. A. ; LONGHI, Jo\u00e3o Victor Rozatti ;&nbsp;<strong><a rel=\"noreferrer noopener\" href=\"http:\/\/lattes.cnpq.br\/6071905480000840\" target=\"_blank\">MARTINS, G. M.<\/a><\/strong>&nbsp;. Coment\u00e1rios acerca de alguns pontos do projeto de lei das fake news sob a \u00f3tica da responsabilidade civil. Revista IBERC, v. 4, p. 35-51, 2021.<\/p>\n\n\n\n<p><strong>3. <\/strong>RUBIM, P. ;&nbsp;<strong><a href=\"http:\/\/lattes.cnpq.br\/6071905480000840\" target=\"_blank\" rel=\"noreferrer noopener\">MARTINS,\nG. M.<\/a><\/strong>&nbsp;; OLIVEIRA, P. F. . Digital Discrimination: How Algorithms\nMay Discriminate Based on Consumers\u00b4Geographical Location. Droit et Societ\u00e9, v. 107, p. 145-166, 2021.<\/p>\n\n\n\n<p><strong>4. <a href=\"http:\/\/lattes.cnpq.br\/6071905480000840\" target=\"_blank\" rel=\"noreferrer noopener\">MARTINS,\nG. M.<\/a><\/strong>; MARTINS, P. L. ; CHOW, E. .\nProte\u00e7\u00e3o dos dados pessoais no Brasil: a necessidade de especializa\u00e7\u00e3o dos\n\u00f3rg\u00e3os independentes de defesa do consumidor para uma atua\u00e7\u00e3o eficiente.\nREVISTA DE DIREITO DO CONSUMIDOR, v. 134, p. 137-173, 2021.<\/p>\n\n\n\n<p><strong>5. <a href=\"http:\/\/lattes.cnpq.br\/6071905480000840\" target=\"_blank\" rel=\"noreferrer noopener\">MARTINS,\nG. M.<\/a><\/strong>; TELES, C. A. C. . A\ntelemedicina na sa\u00fade suplementar e a responsabilidade civil do m\u00e9dico no\ntratamento de dados \u00e0 luz da LGPD. REVISTA ESTUDOS INSTITUCIONAIS<sup><\/sup>, v. 7, p. 182-197, 2021.<\/p>\n\n\n\n<p><strong>6. <a href=\"http:\/\/lattes.cnpq.br\/6071905480000840\" target=\"_blank\" rel=\"noreferrer noopener\">MARTINS,\nG. M.<\/a><\/strong>; FALEIROS JUNIOR, J. .\nProte\u00e7\u00e3o de dados e anonimiza\u00e7\u00e3o: perspectivas \u00e0 luz da Lei 13.709\/2018.\nREVISTA ESTUDOS INSTITUCIONAIS<sup><\/sup>, v. 7, p. 376-397, 2021.<\/p>\n\n\n\n<p><strong>7. <a href=\"http:\/\/lattes.cnpq.br\/6071905480000840\" target=\"_blank\" rel=\"noreferrer noopener\">MARTINS,\nG. M.<\/a><\/strong>. A Lei Geral de Prote\u00e7\u00e3o de\nDados Pessoais(Lei 13.709\/2018) e a sua principiologia. REVISTA DOS TRIBUNAIS\n(S\u00c3O PAULO. IMPRESSO), v. 1027, p. 203-243, 2021.<\/p>\n\n\n\n<p><strong>8. <a href=\"http:\/\/lattes.cnpq.br\/6071905480000840\" target=\"_blank\" rel=\"noreferrer noopener\">MARTINS,\nG. M.<\/a><\/strong>. El derecho al olvido en\nInternet y la protecci\u00f3n de los consumidores. Revista Critica de Derecho\nPrivado, v. 18, p. 577-612, 2021.<\/p>\n\n\n\n<p><strong>9. <a href=\"http:\/\/lattes.cnpq.br\/6071905480000840\" target=\"_blank\" rel=\"noreferrer noopener\">MARTINS,\nG. M.<\/a><\/strong>; FALEIROS J\u00daNIOR, J. L. M. .\nPortabilidade de dados pessoais e recrudescimento do controle do titular de\ndados nas rela\u00e7\u00f5es de consumo. REVISTA DE DIREITO DO CONSUMIDOR, v. 135, p.\n203-227, 2021.<\/p>\n\n\n\n<p><strong>10. <a href=\"http:\/\/lattes.cnpq.br\/6071905480000840\" target=\"_blank\" rel=\"noreferrer noopener\">MARTINS, G. M.<\/a><\/strong>; FALEIROS JUNIOR, J. ; BASAN, Arthur . O direito fundamental \u00e0\nprote\u00e7\u00e3o de dados pessoais e a pandemia do COVID-19. REVISTA ELETR\u00d4NICA DE\nDIREITO DO CENTRO UNIVERSIT\u00c1RIO NEWTON PAIVA, v. 43, p. 232-255, 2021.<\/p>\n\n\n\n<p><strong>11. <a rel=\"noreferrer noopener\" href=\"http:\/\/lattes.cnpq.br\/6071905480000840\" target=\"_blank\">MARTINS, G. M.<\/a><\/strong>; ALVISI, E. ; CHOW, E. . Educa\u00e7\u00e3o superior em tempos de pandemia: uma perspectiva te\u00f3rica da an\u00e1lise de caso relevante em uma situa\u00e7a\u00f5 de estado de calamidade p\u00fablica de sa\u00fade no Brasil &#8211; o equi\u00edbrio na rela\u00e7\u00e3o entre institui\u00e7\u00e3o de ensino e seus alunos: o pre\u00e7o da mensalidade. REVISTA DE DIREITO DO CONSUMIDOR, v. 136, p. 279-298, 2021.<\/p>\n\n\n\n<p><strong>12. <a href=\"http:\/\/lattes.cnpq.br\/6071905480000840\" target=\"_blank\" rel=\"noreferrer noopener\">MARTINS, G. M.<\/a><\/strong>. Vulnerabilidade e responsabilidade civil na Internet: a\ninconstitucionalidade do Artigo 19 do Marco Civil. REVISTA DE DIREITO DO\nCONSUMIDOR, v. 137, p. 33-59, 2021.<\/p>\n\n\n\n<p><strong>13. <a href=\"http:\/\/lattes.cnpq.br\/6071905480000840\" target=\"_blank\" rel=\"noreferrer noopener\">MARTINS, G. M.<\/a><\/strong>; BASAN, Arthur . An\u00e1lise da minuta de novo decreto que regula o\nServi\u00e7o de Atendimento ao Consumidor(SAC) da necess\u00e1ria atualiza\u00e7\u00e3o ao\nretrocesso normativo. REVISTA DE DIREITO DO CONSUMIDOR, v. 135, p. 475-482,\n2021.<\/p>\n\n\n\n<p><strong>14. <a href=\"http:\/\/lattes.cnpq.br\/6071905480000840\" target=\"_blank\" rel=\"noreferrer noopener\">MARTINS, G. M.<\/a><\/strong>; CHOW, E. ; RUBIM, P. . A regula\u00e7\u00e3o coletiva do\nsuperendividamento: um estudo de caso do mercado de empr\u00e9stimos consignados e\nde bem-sucedida media\u00e7\u00e3o coletiva de consumo. REVISTA DE DIREITO DO CONSUMIDOR,\nv. 127, p. 19-43, 2020.<\/p>\n\n\n\n<p><strong>15. <a href=\"http:\/\/lattes.cnpq.br\/6071905480000840\" target=\"_blank\" rel=\"noreferrer noopener\">MARTINS, G. M.<\/a><\/strong>; BASAN, Arthur ; FALEIROS JUNIOR, J. . A responsabilidade civil\npela perturba\u00e7\u00e3o do sossego na Internet. REVISTA DE DIREITO DO CONSUMIDOR, v.\n128, p. 239-265, 2020.<\/p>\n\n\n\n<p><strong>16. <\/strong>SOARES, F. R. ;&nbsp;<strong><a href=\"http:\/\/lattes.cnpq.br\/6071905480000840\" target=\"_blank\" rel=\"noreferrer noopener\">MARTINS,\nG. M.<\/a><\/strong>&nbsp;. Prote\u00e7\u00e3o de dados pessoais em e-sa\u00fade: seu\nconfronto com a utilidade do fornecimento e uso de dados, em aplcativos para\ndispositivos m\u00f3vies. REVISTA DE DIREITO DO CONSUMIDOR, v. 130, p. 1-28, 2020.<\/p>\n\n\n\n<p><strong>17. <a href=\"http:\/\/lattes.cnpq.br\/6071905480000840\" target=\"_blank\" rel=\"noreferrer noopener\">MARTINS, G. M.<\/a><\/strong>. Direito ao esquecimento na era da mem\u00f3ria e da tecnologia.\nREVISTA DOS TRIBUNAIS (S\u00c3O PAULO. IMPRESSO), v. 1019, p. 1-38, 2020.<\/p>\n\n\n\n<p><strong>18. <a href=\"http:\/\/lattes.cnpq.br\/6071905480000840\" target=\"_blank\" rel=\"noreferrer noopener\">MARTINS, G. M.<\/a><\/strong>; MODENESI, Pedro . A prote\u00e7\u00e3o do adimplente diante da abusiva\npretens\u00e3o de cobran\u00e7a de institui\u00e7\u00f5es financeiras e a jurisprud\u00eancia do\nSuperior Tribunal de Justi\u00e7a. REVISTA DE DIREITO DO CONSUMIDOR, v. 130, p.\n479-487, 2020.<\/p>\n\n\n\n<p><strong>19. <a rel=\"noreferrer noopener\" href=\"http:\/\/lattes.cnpq.br\/6071905480000840\" target=\"_blank\">MARTINS, G. M.<\/a><\/strong>. O Estatuto da Pessoa com Defici\u00eancia, o modelo social dos direitos humanos e a (in)capacidade. Revista F\u00f3rum de Direito Civil, v. 24, p. 11-25, 2020.<\/p>\n\n\n\n<p><strong>20. <a href=\"http:\/\/lattes.cnpq.br\/6071905480000840\" target=\"_blank\" rel=\"noreferrer noopener\">MARTINS, G. M.<\/a><\/strong>; FALEIROS J\u00daNIOR, J. L. M. ; LONGHI, Jo\u00e3o Victor Rozatti . A\nconsolida\u00e7\u00e3o normativa da prote\u00e7\u00e3o de dados pessoais no Brasil: coment\u00e1rios \u00e0s\naltera\u00e7\u00f5es da Lei n o. 13.853\/2019 \u00e0 LGPD. REVISTA DO MINIST\u00c9RIO P\u00daBLICO (RIO\nDE JANEIRO), v. 76, p. 105-117, 2020.<\/p>\n\n\n\n<p><strong>21. <a href=\"http:\/\/lattes.cnpq.br\/6071905480000840\" target=\"_blank\" rel=\"noreferrer noopener\">MARTINS, G. M.<\/a><\/strong>. A revis\u00e3o dos contratos civis e de consumo em tempos de\nCOVID-19. REVISTA DE DIREITO DO CONSUMIDOR, v. 132, p. 31-56, 2020.<\/p>\n\n\n\n<p><strong>22. <\/strong>MASSENO, M. D. ;&nbsp;<strong><a href=\"http:\/\/lattes.cnpq.br\/6071905480000840\" target=\"_blank\" rel=\"noreferrer noopener\">MARTINS,\nG. M.<\/a><\/strong>&nbsp;; FALEIROS J\u00daNIOR, J. L. M. . A seguran\u00e7a na\nprote\u00e7\u00e3o de dados: entre o RGPD europeu e a LGPD brasileira. REVISTA DO\nCEJUR\/TJSC, v. 8, p. 1-28, 2020.<\/p>\n\n\n\n<p><strong>23. <a href=\"http:\/\/lattes.cnpq.br\/6071905480000840\" target=\"_blank\" rel=\"noreferrer noopener\">MARTINS, G. M.<\/a><\/strong>; FALEIROS JUNIOR, J. . Seguran\u00e7a da informa\u00e7\u00e3o e governan\u00e7a\ncomo par\u00e2metros para a efetiva prote\u00e7\u00e3o dos dados pessoais. REVISTA DO\nMINIST\u00c9RIO P\u00daBLICO (RIO DE JANEIRO), v. 78, p. 157-164, 2020.<\/p>\n\n\n\n<p><strong>24. <a href=\"http:\/\/lattes.cnpq.br\/6071905480000840\" target=\"_blank\" rel=\"noreferrer noopener\">MARTINS, G. M.<\/a><\/strong>. Novas tend\u00eancias da responsabilidade civil do segurador.\nRevista IBERC, v. 1, p. 01-36, 2019.<\/p>\n\n\n\n<p><strong>25. <a href=\"http:\/\/lattes.cnpq.br\/6071905480000840\" target=\"_blank\" rel=\"noreferrer noopener\">MARTINS, G. M.<\/a><\/strong>. MPRJ vs Decolar.com. REVISTA DE DIREITO DO CONSUMIDOR, v. 121,\np. 579-592, 2019.<\/p>\n\n\n\n<p><strong>26. <a href=\"http:\/\/lattes.cnpq.br\/6071905480000840\" target=\"_blank\" rel=\"noreferrer noopener\">MARTINS, G. M.<\/a><\/strong>; OLIVEIRA, P. F. ; RUBIM, P. . O consumidor contempor\u00e2neo no\nshow de Truman: a geodiscrimina\u00e7\u00e3o digital como pr\u00e1tica il\u00edcita no direito\nbrasileiro. REVISTA DE DIREITO DO CONSUMIDOR, v. 124, p. 235-260, 2019.<\/p>\n\n\n\n<p><strong>27. <a href=\"http:\/\/lattes.cnpq.br\/6071905480000840\" target=\"_blank\" rel=\"noreferrer noopener\">MARTINS, G. M.<\/a><\/strong>; ARAUJO, S. ; MIGUEL, L. N. . O protagonismo judicial e o\nsuperendividamento dos consumidores no Brasil. Revista de Direito do\nConsumidor, v. 109, p. 113-139, 2017.<\/p>\n\n\n\n<p><strong>28. <a href=\"http:\/\/lattes.cnpq.br\/6071905480000840\" target=\"_blank\" rel=\"noreferrer noopener\">MARTINS, G. M.<\/a><\/strong>. O direito ao esquecimento na Internet e a prote\u00e7\u00e3o dos\nconsumidores. Revista Luso-Brasileira de Direito do Consumo, v. 25, p. 61-100,\n2017.<\/p>\n\n\n\n<p><strong>29. <\/strong>CUNHA, B. C. A. ;&nbsp;<strong><a rel=\"noreferrer noopener\" href=\"http:\/\/lattes.cnpq.br\/6071905480000840\" target=\"_blank\">MARTINS, G. M.<\/a><\/strong>&nbsp;. O dever de mitigar o pr\u00f3prio preju\u00edzo (&#8216;duty to mitigate loss&#8217;): uma vis\u00e3o cr\u00edtica da sua aplica\u00e7\u00e3o pelo Poder Judici\u00e1rio. Revista F\u00f3rum de Direito Civil &#8211; RFDC, v. 14, p. 33-76, 2017.<\/p>\n\n\n\n<p><strong>30. <a href=\"http:\/\/lattes.cnpq.br\/6071905480000840\" target=\"_blank\" rel=\"noreferrer noopener\">MARTINS, G. M.<\/a><\/strong>. A media\u00e7\u00e3o e os confitos de consumo. REVISTA DO MINIST\u00c9RIO\nP\u00daBLICO (RIO DE JANEIRO), v. 63, p. 71-83, 2017.<\/p>\n\n\n\n<p><strong>31. <\/strong>CUNHA, B. C. A. ;&nbsp;<strong><a href=\"http:\/\/lattes.cnpq.br\/6071905480000840\" target=\"_blank\" rel=\"noreferrer noopener\">MARTINS,\nG. M.<\/a><\/strong>&nbsp;. O &#8216;duty to mitigate the loss&#8217;: uma vis\u00e3o\ncr\u00edtica da sua aplica\u00e7\u00e3o pelo Poder Judici\u00e1rio. REVISTA DOS TRIBUNAIS (S\u00c3O\nPAULO. IMPRESSO), v. 983, p. 99-152, 2017.<\/p>\n\n\n\n<p><strong>32. <a href=\"http:\/\/lattes.cnpq.br\/6071905480000840\" target=\"_blank\" rel=\"noreferrer noopener\">MARTINS, G. M.<\/a><\/strong>; KASSUGA, E. . Coment\u00e1rios sobre a abusividade da\ncl\u00e1usula-mandato nos contratos de cart\u00e3o de cr\u00e9dito e a jurisprud\u00eancia do\nSuperior Tribunal de Justi\u00e7a. Revista de Direito do Consumidor, v. 103, p.\n380-395, 2016.<\/p>\n\n\n\n<p><strong>33. <a href=\"http:\/\/lattes.cnpq.br\/6071905480000840\" target=\"_blank\" rel=\"noreferrer noopener\">MARTINS, G. M.<\/a><\/strong>. A media\u00e7\u00e3o e os conflitos de consumo. Revista Luso-Brasileira\nde Direito do Consumo, v. 24, p. 197-216, 2016.<\/p>\n\n\n\n<ul class=\"wp-block-list\"><li><strong>Livros publicados\/organizados ou edi\u00e7\u00f5es<\/strong><\/li><\/ul>\n\n\n\n<p><strong>1. <a href=\"http:\/\/lattes.cnpq.br\/6071905480000840\" target=\"_blank\" rel=\"noreferrer noopener\">MARTINS,\nG. M.<\/a><\/strong>; LONGHI, Jo\u00e3o Victor Rozatti\n(Org.) . Direito Digital: Direito Privado e Internet. 4. ed. Indaiatuba: Foco,\n2021. 848p.<\/p>\n\n\n\n<p><strong>2. <\/strong>MARTINS, P. L. (Org.) ;&nbsp;<strong><a href=\"http:\/\/lattes.cnpq.br\/6071905480000840\" target=\"_blank\" rel=\"noreferrer noopener\">MARTINS,\nG. M.<\/a><\/strong>&nbsp;(Org.) ; LIMA, M. C. S. (Org.) . O direito do\nconsumidor no mercado de consumo. 1. ed. Niter\u00f3i: IDPP-PPGDIN\/UFF, 2021. 314p.<\/p>\n\n\n\n<p><strong>3. <a href=\"http:\/\/lattes.cnpq.br\/6071905480000840\" target=\"_blank\" rel=\"noreferrer noopener\">MARTINS,\nG. M.<\/a><\/strong>; LONGHI, Jo\u00e3o Victor Rozatti\n(Org.) . Direito digital: direito privado e Internet. 3. ed. Indaiatuba: Foco,\n2020. 736p.<\/p>\n\n\n\n<p><strong>4. <a rel=\"noreferrer noopener\" href=\"http:\/\/lattes.cnpq.br\/6071905480000840\" target=\"_blank\">MARTINS, G. M.<\/a><\/strong>; MARTINS, P. L. (Org.) ; LIMA, M. C. S. (Org.) . Hermeneutica jur\u00eddica:a rela\u00e7\u00e3o de consumo na sociedade. 1. ed. Niter\u00f3i: UFF\/PPGDIN, 2020. 141p.<\/p>\n\n\n\n<p><strong>5. <a href=\"http:\/\/lattes.cnpq.br\/6071905480000840\" target=\"_blank\" rel=\"noreferrer noopener\">MARTINS,\nG. M.<\/a><\/strong>. Responsabilidade civil por\nacidente de consumo na Internet. 3. ed. S\u00e3o Paulo: Revista dos Tribunais, 2020.\n524p.<\/p>\n\n\n\n<p><strong>6. <a href=\"http:\/\/lattes.cnpq.br\/6071905480000840\" target=\"_blank\" rel=\"noreferrer noopener\">MARTINS,\nG. M.<\/a><\/strong>; ROSENVALD, N. (Org.) .\nResponsabilidade civil e novas tecnologias. 1. ed. Indaiatuba: Foco, 2020. 472p.<\/p>\n\n\n\n<p><strong>7. <\/strong>BARBOSA-FOHRMANN, A. P. (Org.)\n;&nbsp;<strong><a href=\"http:\/\/lattes.cnpq.br\/6071905480000840\" target=\"_blank\" rel=\"noreferrer noopener\">MARTINS,\nG. M.<\/a><\/strong>&nbsp;(Org.) . Pessoa com defici\u00eancia: estudos\ninterdisciplinares. 1. ed. Indaiatuba: Foco, 2020. 200p.<\/p>\n\n\n\n<p><strong>8. <a href=\"http:\/\/lattes.cnpq.br\/6071905480000840\" target=\"_blank\" rel=\"noreferrer noopener\">MARTINS,\nG. M.<\/a><\/strong>; MARTINS, P. L. (Org.) ;\nLIMA, M. C. S. (Org.) . A rela\u00e7\u00e3o de consumo na sociedade contempor\u00e2nea. 1. ed.\nRio de Janeiro: Lumen Juris, 2020. 228p.<\/p>\n\n\n\n<p><strong>9. <a href=\"http:\/\/lattes.cnpq.br\/6071905480000840\" target=\"_blank\" rel=\"noreferrer noopener\">MARTINS,\nG. M.<\/a><\/strong>; LONGHI, Jo\u00e3o Victor Rozatti\n(Org.) . Direito Digital : Direito Privado e Internet. 2. ed. Indaiatuba: Foco,\n2019. 696p.<\/p>\n\n\n\n<p><strong>10. <a href=\"http:\/\/lattes.cnpq.br\/6071905480000840\" target=\"_blank\" rel=\"noreferrer noopener\">MARTINS, G. M.<\/a><\/strong>; HOUAISS, L. P. Z. (Org.) . Estatuto da Pessoa com Defici\u00eancia;\nComent\u00e1rios \u00e0 Lei 13.146\/2015. 1. ed. Indaiatuba: Foco, 2019. 408p.<\/p>\n\n\n\n<p><strong>11. <\/strong>BARBOZA, Helo\u00edsa Helena ;\nALMEIDA JUNIOR, V. ;&nbsp;<strong><a href=\"http:\/\/lattes.cnpq.br\/6071905480000840\" target=\"_blank\" rel=\"noreferrer noopener\">MARTINS,\nG. M.<\/a><\/strong>&nbsp;. Coment\u00e1rios ao Estatuto da Pessoa com\nDefici\u00eancia \u00e0 luz da Constitui\u00e7\u00e3o da Rep\u00fablica. 1. ed. Belo Horizonte: F\u00f3rum,\n2018. 459p.<\/p>\n\n\n\n<p><strong>12. <a href=\"http:\/\/lattes.cnpq.br\/6071905480000840\" target=\"_blank\" rel=\"noreferrer noopener\">MARTINS, G. M.<\/a><\/strong>. Contratos eletr\u00f4nicos de consumo. 3. ed. S\u00e3o Paulo: Atlas,\n2016. 304p.<\/p>\n\n\n\n<ul class=\"wp-block-list\"><li><strong>Cap\u00edtulos de livros publicados<\/strong><\/li><\/ul>\n\n\n\n<p><strong>1. <a href=\"http:\/\/lattes.cnpq.br\/6071905480000840\" target=\"_blank\" rel=\"noreferrer noopener\">MARTINS, G. M.<\/a><\/strong>. Responsabilidade civil, acidente e consumo e a prote\u00e7\u00e3o do\ntitular de dados na Internet. In: Jos\u00e9 Faleiros J\u00fanior; Jo\u00e3o Victor Rozatti\nLonghi; Rodrigo Gugliara. (Org.). Prote\u00e7\u00e3o de dados pessoais na sociedade da\ninforma\u00e7\u00e3o: entre dados e danos. 1ed.Indaiatuba: Foco, 2021, v. , p. 77-89.<\/p>\n\n\n\n<p><strong>2. <a href=\"http:\/\/lattes.cnpq.br\/6071905480000840\" target=\"_blank\" rel=\"noreferrer noopener\">MARTINS, G. M.<\/a><\/strong>; FALEIROS JUNIOR, J. . A contrata\u00e7\u00e3o on-line dos seguros e o\npapel dos algoritmos. In: Ilan Goldberg; Thiago Junqueira. (Org.). Temas atuais\ndo Direito dos Seguros Tomo I. 1ed.S\u00e3o Paulo: Revista dos Tribunais, 2021, v.\nI, p. 126-151.<\/p>\n\n\n\n<p><strong>3. <\/strong><strong><a href=\"http:\/\/lattes.cnpq.br\/6071905480000840\" target=\"_blank\" rel=\"noreferrer noopener\">MARTINS, G. M.<\/a><\/strong>; BASAN, Arthur . O marketing algoritmico e o direito ao sossego na Internet:\nperspectivas para o aprimoramento da regula\u00e7\u00e3o pubiicit\u00e1ria. In: Mafalda\nMiranda Barbosa; Felipe Braga Netto; Michael C\u00e9sar Silva; Jos\u00e9 Luiz de Moura\nFaleiros J\u00fanuor. (Org.). Direito Digital e Intelig\u00eancia Artificial.\n1ed.Indaiatuba: Foco, 2021, v. , p. 339-362.<\/p>\n\n\n\n<p><strong>4. <a href=\"http:\/\/lattes.cnpq.br\/6071905480000840\" target=\"_blank\" rel=\"noreferrer noopener\">MARTINS,\nG. M.<\/a><\/strong>. O direito ao esquecimento na\nInternet. In: Guilherme Magalh\u00e3es Martins; Jo\u00e3o Victor Rozatti Longhi. (Org.).\nDireito Digital: Direito Privado e Internet. 4ed.Indaiatuba: Foco, 2021, v. ,\np. 65-96.<\/p>\n\n\n\n<p><strong>5. <a href=\"http:\/\/lattes.cnpq.br\/6071905480000840\" target=\"_blank\" rel=\"noreferrer noopener\">MARTINS,\nG. M.<\/a><\/strong>; LONGHI, Jo\u00e3o Victor Rozatti\n. Nota dos coordenadores. In: Guilherme Magalh\u00e3es Martins; Jo\u00e3o Victor Rozatti\nLonghi. (Org.). Direito Digital: Direito Privado e Internet. 4ed.Indaiatuba:\nFoco, 2021, v. , p. 21-42.<\/p>\n\n\n\n<p><strong>6. <a href=\"http:\/\/lattes.cnpq.br\/6071905480000840\" target=\"_blank\" rel=\"noreferrer noopener\">MARTINS,\nG. M.<\/a><\/strong>; FALEIROS J\u00daNIOR, J. L. M. .\nRela\u00e7\u00f5es de consumo e portabilidade de dados pessoais: uma an\u00e1lise a partir do\ndi\u00e1logo das fontes. In: Claudia Franco Correa; Morgana Lima Valim. (Org.).\nDireito Privado, Tutela Estatal e Constitui\u00e7\u00e3o. 1ed.Rio de Janeiro:\nUniversidade Veiga de Almeida, 2021, v. , p. 19-42.<\/p>\n\n\n\n<p><strong>7. <a href=\"http:\/\/lattes.cnpq.br\/6071905480000840\" target=\"_blank\" rel=\"noreferrer noopener\">MARTINS,\nG. M.<\/a><\/strong>. A responsabilidade civil do\nsegurador e o direito do consumidor. In: Pl\u00ednio Lacerda Martins; Guilherme\nMagalh\u00e3es Martins; Marcos C\u00e9sar de Souza LIma. (Org.). O direito do consumidor\nno mercado de consumo. 1ed.Niter\u00f3i: IDPP-PPGDIN\/UFF, 2021, v. , p. 310-348.<\/p>\n\n\n\n<p><strong>8. <a rel=\"noreferrer noopener\" href=\"http:\/\/lattes.cnpq.br\/6071905480000840\" target=\"_blank\">MARTINS, G. M.<\/a><\/strong>. Delineamentos da fun\u00e7\u00e3o social da propriedade. In: Marcos Catalan; Mari\u00e2ngela Guerreiro Milhoranza da Rocha; Gustavo de Lima Pereira. (Org.). O caos no discurso jur\u00eddico; uma homenagem a Ricardo Aronne. 1ed.Londrina: Thoth, 2021, v. , p. 127-142.<\/p>\n\n\n\n<p><strong>9. <\/strong>MARTINS, Fernando Rodrigues\n;&nbsp;<strong><a href=\"http:\/\/lattes.cnpq.br\/6071905480000840\" target=\"_blank\" rel=\"noreferrer noopener\">MARTINS,\nG. M.<\/a><\/strong>&nbsp;. Acr\u00e9scimos pol\u00eamicos na Lei de Introdu\u00e7\u00e3o \u00e0s\nNormas do Direito brasileiro: da sistematiza\u00e7\u00e3o \u00e1 setoriza\u00e7\u00e3o. In: Joseane\nSuzart Lopes da Silva. (Org.). Eduardo Esp\u00ednola e o Direito Civil\nContempor\u00e2neo. 1ed.Salvador: Paginae, 2021, v. , p. 229-249.<\/p>\n\n\n\n<p><strong>10. <a href=\"http:\/\/lattes.cnpq.br\/6071905480000840\" target=\"_blank\" rel=\"noreferrer noopener\">MARTINS, G. M.<\/a><\/strong>; FALEIROS JUNIOR, J. . Seguran\u00e7a, boas pr\u00e1ticas, governan\u00e7a e\ncompliance. In: Cintia Rosa de Lima. (Org.). Coment\u00e1rios \u00e0 Lei Geral de\nProte\u00e7\u00e3o de Dados. 1ed.S\u00e3o Paulo: Almedina, 2020, v. , p. 349-371.<\/p>\n\n\n\n<p><strong>11. <a href=\"http:\/\/lattes.cnpq.br\/6071905480000840\" target=\"_blank\" rel=\"noreferrer noopener\">MARTINS, G. M.<\/a><\/strong>. O direito ao esquecimento na Internet. In: Guilherme Magalh\u00e3es\nMartins; Jo\u00e3o Victor Rozatti Longhi. (Org.). Direito Digital: Direito Privado e\nInternet. 3ed.Indaiatuba: Foco, 2020, v. , p. 65-89.<\/p>\n\n\n\n<p><strong>12. <a href=\"http:\/\/lattes.cnpq.br\/6071905480000840\" target=\"_blank\" rel=\"noreferrer noopener\">MARTINS, G. M.<\/a><\/strong>; LONGHI, Jo\u00e3o Victor Rozatti . Nota dos coordenadores. In:\nGuilherme Magalh\u00e3es Martins; Jo\u00e3o Victor Rozatti Longhi. (Org.). Direito\nDigital: Direito Privado e Internet. 3ed.Indaiatuba: Foco, 2020, v. , p. 15-41.<\/p>\n\n\n\n<p><strong>13. <a href=\"http:\/\/lattes.cnpq.br\/6071905480000840\" target=\"_blank\" rel=\"noreferrer noopener\">MARTINS, G. M.<\/a><\/strong>; FALEIROS JUNIOR, J. . Compliance digital e responsabilidade\ncivil na Lei Geral de Prote\u00e7\u00e3o de Dados. In: Guilherme Magalh\u00e3es Martins;\nNelson Rosenvald. (Org.). Responsabilidade civil e novas tecnologias.\n1ed.Indaiatuba: Foco, 2020, v. , p. 263-297.<\/p>\n\n\n\n<p><strong>14. <a href=\"http:\/\/lattes.cnpq.br\/6071905480000840\" target=\"_blank\" rel=\"noreferrer noopener\">MARTINS, G. M.<\/a><\/strong>; ROSENVALD, N. . Apresenta\u00e7\u00e3o. In: Guilherme Magalh\u00e3es Martins;\nNelson Rosenvald. (Org.). Responsabilidade civil e novas tecnologias.\n1ed.Indaiatuba: Foco, 2020, v. , p. 03-10.<\/p>\n\n\n\n<p><strong>15. <a href=\"http:\/\/lattes.cnpq.br\/6071905480000840\" target=\"_blank\" rel=\"noreferrer noopener\">MARTINS, G. M.<\/a><\/strong>; FALEIROS J\u00daNIOR, J. L. M. . O direito \u00e0 portabilidade de dados\npessoais e sua fun\u00e7\u00e3o na efetiva prote\u00e7\u00e3o \u00e0s rela\u00e7\u00f5es concorrenciais e de\nconsumo. In: Claudio Joel Lossio; Luciano Nascimento; Rosangela Tremel. (Org.).\nCibern\u00e9tica Jur\u00eddica; estudos sobre Direito Digital. 1ed.Jo\u00e3o Pessoa: EDUPB &#8211;\nEditora da Universidade Estadual da Para\u00edba, 2020, v. , p. 213-228.<\/p>\n\n\n\n<p><strong>16. <a href=\"http:\/\/lattes.cnpq.br\/6071905480000840\" target=\"_blank\" rel=\"noreferrer noopener\">MARTINS, G. M.<\/a><\/strong>. O estatuto da pessoa com defici\u00eancia, o modelo social dos\ndireitos humanos e a (in)capacidade. In: Ana Paula Barbosa-Fohrmann; Guilherme\nMagalh\u00e3es Martins. (Org.). Pessoa com defici\u00eancia: estudos interdisciplinares.\n1ed.Indaiatuba: Foco, 2020, v. , p. 97-108.<\/p>\n\n\n\n<p><strong>17. <a href=\"http:\/\/lattes.cnpq.br\/6071905480000840\" target=\"_blank\" rel=\"noreferrer noopener\">MARTINS, G. M.<\/a><\/strong>; FALEIROS JUNIOR, J. . Reflex\u00f5es sobre os contratos\ninteligentes(smart contracts) e seus principais reflexos jur\u00eddicos. In: Marcos\nCatalan; Marcos Ehrardt; Pablo Malheiros da Cunha Frota. (Org.). Direito Civil\ne Tecnologia. 1ed.Belo Horizonte: F\u00f3rum, 2020, v. , p. 189-208.<\/p>\n\n\n\n<p><strong>18. <a href=\"http:\/\/lattes.cnpq.br\/6071905480000840\" target=\"_blank\" rel=\"noreferrer noopener\">MARTINS, G. M.<\/a><\/strong>; CHOW, E. ; MARTINS, P. L. . Prote\u00e7\u00e3o dos dados pessoais no\nBrasil: a necessidade de especializa\u00e7\u00e3o dos \u00f3rg\u00e3os independentes de defesa do\nconsumidor para a adequada tutela dos dados das pessoas. In: Guilherme\nMagalh\u00e3es Martins; Pl\u00ednio Lacerda Martins; Marcos C\u00e9sar de Souza Lima. (Org.).\nA rela\u00e7\u00e3o de consumo na sociedade contempor\u00e2nea. 1ed.Rio de Janeiro: Lumen\nJuris, 2020, v. , p. 01-29.<\/p>\n\n\n\n<p><strong>19. <a href=\"http:\/\/lattes.cnpq.br\/6071905480000840\" target=\"_blank\" rel=\"noreferrer noopener\">MARTINS, G. M.<\/a><\/strong>. A Lei Geral de Prote\u00e7\u00e3o de Dados Pessoais(Lei 13.709\/2018) e a\nprote\u00e7\u00e3o dos consumidores. In: Bruno Miragem; Claudia Lima Marques; Lucia\nAncona Lopes de Magalh\u00e3es. (Org.). Direito do consumidor: 30 anos do CDC. Da\nconsolida\u00e7\u00e3o como direito fundamental aos atuais desafios da sociedade. 1ed.Rio\nde Janeiro: Forense, 2020, v. , p. 417-454.<\/p>\n\n\n\n<p><strong>20. <a href=\"http:\/\/lattes.cnpq.br\/6071905480000840\" target=\"_blank\" rel=\"noreferrer noopener\">MARTINS, G. M.<\/a><\/strong>. O Direito Privado e o Direito do Consumidor em tempos de\nCOVID-19. In: Antonio Herman Benjamin, Claudia Lima Marques, Bruno Miragem.\n(Org.). O Direito do Consumidor no mundo em transforma\u00e7\u00e3o: em comemora\u00e7\u00e3o aos\n30 anos do C\u00f3digo de Defesa do Consumidor. 1ed.S\u00e3o Paulo: Revista dos\nTribunais, 2020, v. , p. 317-337.<\/p>\n\n\n\n<p><strong>21. <\/strong>MASSENO, M. D. ;&nbsp;<strong><a href=\"http:\/\/lattes.cnpq.br\/6071905480000840\" target=\"_blank\" rel=\"noreferrer noopener\">MARTINS,\nG. M.<\/a><\/strong>&nbsp;; FALEIROS JUNIOR, J. . A seguran\u00e7a na\nprote\u00e7\u00e3o de dados: entre o RGPD europeu e a LGPD brasileira. In: Teresa da\nCunha Lopes; Maria Luisa S\u00e1enz Gallegos. (Org.). Ensayos sobre Derecho y\nSociedad en la Era Tecnologica\/ Essays of Law and Society in Technology Era.\n1ed.San Nicol\u00e1s de Hidalgo: Amazon Books, 2020, v. , p. 121-165.<\/p>\n\n\n\n<p><strong>22. <a rel=\"noreferrer noopener\" href=\"http:\/\/lattes.cnpq.br\/6071905480000840\" target=\"_blank\">MARTINS, G. M.<\/a><\/strong>. O geopricing e geoblocking e seus efeitos nas rela\u00e7\u00f5es de consumo. In: Ana Fraz\u00e3o e Caitlin Mulholland. (Org.). Intelig\u00eancia artificial e direito, 2. ed.. 2ed.S\u00e3o Paulo: Revista dos Tribunais, 2020, v. , p. 651-668.<\/p>\n\n\n\n<p><strong>23. <\/strong>HANSEN, Gilvan Luiz ;&nbsp;<strong><a href=\"http:\/\/lattes.cnpq.br\/6071905480000840\" target=\"_blank\" rel=\"noreferrer noopener\">MARTINS,\nG. M.<\/a><\/strong>&nbsp;; CHOW, E. . O fen\u00f4meno do superendividamento\ndo consumidor no Rio de Janeiro: desafios para a justi\u00e7a social. In: Ant\u00f3n Luis\nFern\u00e1ndez \u00c1lvarez; Gilvan Luiz Hansen; Guillermo Su\u00e1rez Bl\u00e1squez; Edson Alvisi\nNeves. (Org.). Instituciones, empresa y desarrollo humano. 1ed.Madrid:\nDykinson, 2020, v. , p. 120-129.<\/p>\n\n\n\n<p><strong>24. <a href=\"http:\/\/lattes.cnpq.br\/6071905480000840\" target=\"_blank\" rel=\"noreferrer noopener\">MARTINS, G. M.<\/a><\/strong>. O geopricing e geoblocking e seus efeitos nas rela\u00e7\u00f5es de\nconsumo. In: Ana Fraz\u00e3o; Caitlin Mulholland. (Org.). Intelig\u00eancia artificial e\ndireito. 1ed.S\u00e3o Paulo: Revista dos Tribunais, 2019, v. , p. 633-650.<\/p>\n\n\n\n<p><strong>25. <a href=\"http:\/\/lattes.cnpq.br\/6071905480000840\" target=\"_blank\" rel=\"noreferrer noopener\">MARTINS, G. M.<\/a><\/strong>; FALEIROS JUNIOR, J. . O planejamento sucess\u00f3rio da heran\u00e7a\ndigital. In: Daniele Chaves Teixeira. (Org.). Arquitetura do planejamento\nsucess\u00f3rio. 2ed.Belo Horizonte: F\u00f3rum, 2019, v. , p. 465-484.<\/p>\n\n\n\n<p><strong>26. <a href=\"http:\/\/lattes.cnpq.br\/6071905480000840\" target=\"_blank\" rel=\"noreferrer noopener\">MARTINS, G. M.<\/a><\/strong>; FALEIROS JUNIOR, J. . A anonimiza\u00e7\u00e3o de dados pessoais:\nconsequ\u00eancias jur\u00eddicas no processo de revers\u00e3o, a import\u00e2ncia da entropia e sua\ntutela \u00e0 luz da Lei Geral de Prote\u00e7\u00e3o de Dados. In: Newton de Lucca, Adalberto\nSim\u00e3o Filho, C\u00edntia Rosa Pereira de Lima, Renata Mota Maciel. (Org.). Direito\n&amp; Internet IV ; Sistema de Prote\u00e7\u00e3o de Dados Pessoais. 1ed.S\u00e3o Paulo:\nQuertier Latin, 2019, v. , p. 21-80.<\/p>\n\n\n\n<p><strong>27. <a href=\"http:\/\/lattes.cnpq.br\/6071905480000840\" target=\"_blank\" rel=\"noreferrer noopener\">MARTINS, G. M.<\/a><\/strong>. O direito ao esquecimento na Internet. In: Guilherme Magalh\u00e3es\nMartins; Jo\u00e3o Victor Rozatti Longhi. (Org.). Direito Digital: Direito Privado e\nInternet. 2ed.Indaiatuba: Foco, 2019, v. , p. 67-93.<\/p>\n\n\n\n<p><strong>28. <a href=\"http:\/\/lattes.cnpq.br\/6071905480000840\" target=\"_blank\" rel=\"noreferrer noopener\">MARTINS, G. M.<\/a><\/strong>; LONGHI, Jo\u00e3o Victor Rozatti . Nota dos coordenadores. In:\nGuilherme Magalh\u00e3es Martins; Jo\u00e3o Victor Rozatti Longhi. (Org.). Direito\nDigital: Direito Privado e Internet. 2ed.Indaiatuba: Foco, 2019, v. , p. 15-31.<\/p>\n\n\n\n<p><strong>29. <a href=\"http:\/\/lattes.cnpq.br\/6071905480000840\" target=\"_blank\" rel=\"noreferrer noopener\">MARTINS, G. M.<\/a><\/strong>. O Estatuto da Pessoa com Defici\u00eancia e o regime das\nincapacidades. In: Ana Paula Barbosa-Fohrmann. (Org.). Autonomia,\nReconhecimento e Dignidade: Sujeitos, Interesses e Direitos. 1ed.Rio de\nJaneiro: Gramma, 2018, v. , p. 73-86.<\/p>\n\n\n\n<p><strong>30. <a rel=\"noreferrer noopener\" href=\"http:\/\/lattes.cnpq.br\/6071905480000840\" target=\"_blank\">MARTINS, G. M.<\/a><\/strong>; LONGHI, Jo\u00e3o Victor Rozatti . Responsabilidade civil do provedor Internet pelos danos \u00e0 pessoa humana nos sites de redes sociais. In: Nelson Rosenvald e Marcelo Milagres. (Org.). Responsabilidade civil; novas tend\u00eancias. 2ed.S\u00e3o Paulo: Foco, 2018, v. 1, p. 353-380.<\/p>\n\n\n\n<p><strong>31. <a href=\"http:\/\/lattes.cnpq.br\/6071905480000840\" target=\"_blank\" rel=\"noreferrer noopener\">MARTINS, G. M.<\/a><\/strong>. A media\u00e7\u00e3o e os conflitos de consumo. In: Hermes Zaneti Jr. e\nTr\u00edcia Navarro Xavier Cabral. (Org.). Justi\u00e7a Multiportas;Media\u00e7\u00e3o,\nConcilia\u00e7\u00e3o, Arbitragem e outros meios adequados de solu\u00e7\u00e3o de conflitos.\n2ed.Salvador: Juspodium, 2018, v. , p. 665-678.<\/p>\n\n\n\n<p><strong>32. <a href=\"http:\/\/lattes.cnpq.br\/6071905480000840\" target=\"_blank\" rel=\"noreferrer noopener\">MARTINS, G. M.<\/a><\/strong>. A travessia do individual ao social: dano moral coletivo nas\nrela\u00e7\u00f5es de consumo. In: Nelson Rosenvald e Felipe Teixeira Neto. (Org.). Dano\nmoral coletivo. 1ed.: , 2018, v. 1, p. 189-209.<\/p>\n\n\n\n<p><strong>33. <a href=\"http:\/\/lattes.cnpq.br\/6071905480000840\" target=\"_blank\" rel=\"noreferrer noopener\">MARTINS, G. M.<\/a><\/strong>. O Estatuto da Pessoa com Defici\u00eancia e o Regime das Incapacidades.\nIn: C\u00e9lia Barbosa Abreu; F\u00e1bio Carvalho Leite; Manoel Messias Peixinho. (Org.).\nTemas de Direitos Humanos &#8211; volume I. 1ed.Rio de Janeiro: Lumen Juris, 2018, v.\n1, p. 313-324.<\/p>\n\n\n\n<p><strong>34. <a href=\"http:\/\/lattes.cnpq.br\/6071905480000840\" target=\"_blank\" rel=\"noreferrer noopener\">MARTINS, G. M.<\/a><\/strong>. A media\u00e7\u00e3o e os conflitos de consumo. In: Hermes Zaneti Jr.;\nTr\u00edcia Navarro Xavier Cabral. (Org.). Justi\u00e7a multiportas; media\u00e7\u00e3o,\nconcilia\u00e7\u00e3o, arbitragem e outros meios de solu\u00e7\u00e3o adequada de conflitos.. 1ed.Salvador:\nJuspodium, 2017, v. , p. 649-662.<\/p>\n\n\n\n<p><strong>35. <a href=\"http:\/\/lattes.cnpq.br\/6071905480000840\" target=\"_blank\" rel=\"noreferrer noopener\">MARTINS, G. M.<\/a><\/strong>; ARAUJO, S. ; MIGUEL, L. N. . O protagonismo judicial e o\nsuperendividamento dos consumidores no Brasl. In: Werson R\u00eago. (Org.).\nSeguran\u00e7a jur\u00eddica e protagonismo judicial; desafios em tempos de incerteza.\nEstudos em homenagem ao Ministro Carlos M\u00e1rio da Silva Velloso.. 1ed.Rio de\nJaneiro: GZ, 2017, v. , p. 285-316.<\/p>\n\n\n\n<p><strong>36. <a rel=\"noreferrer noopener\" href=\"http:\/\/lattes.cnpq.br\/6071905480000840\" target=\"_blank\">MARTINS, G. M.<\/a><\/strong>; LONGHI, Jo\u00e3o Victor Rozatti . Responsabilidade civil do provedor Internet pelos danos \u00e0 pessoa humana nos sites de redes sociais. In: Nelson Rosenvald e Marcelo Milagres. (Org.). Responsabiliidade civil : novas tend\u00eancias. 1ed.Indaiatuba: Foco, 2017, v. , p. 337-364.<\/p>\n\n\n\n<p><strong>37. <a rel=\"noreferrer noopener\" href=\"http:\/\/lattes.cnpq.br\/6071905480000840\" target=\"_blank\">MARTINS, G. M.<\/a><\/strong>. A regulamenta\u00e7\u00e3o da publicidade infantil no Brasil. A prote\u00e7\u00e3o do consumidor e da inf\u00e2ncia.. In: Bruno Miragem; Claudia Lima Marques; Amanda Fl\u00e1vio de Oliveira. (Org.). 25 anos do C\u00f3digo de Defesa do Consumidor: trajet\u00f3ria e perspectivas. 1ed.S\u00e3o Paulo: Revista dos Tribunais, 2016, v. , p. 683-705.<\/p>\n\n\n\n<hr class=\"wp-block-separator\" \/>\n\n\n\n<p class=\"has-text-color has-medium-font-size has-vivid-red-color\">              <strong>*    Dr  Joaquim Leonel De Rezende Alvim<\/strong><\/p>\n\n\n\n<ul class=\"wp-block-list\"><li><strong>Artigos completos publicados em peri\u00f3dicos<\/strong><\/li><\/ul>\n\n\n\n<p><strong>1. <\/strong>ECONOMIDES, Kim ;&nbsp;<strong>DE REZENDE ALVIM, JOAQUIM\nLEONEL<\/strong>&nbsp;. Bar exams, legal ethics and the fight against corruption: lessons from\nBrazil. Legal Ethics, v. 23, p. 31-47, 2020.<\/p>\n\n\n\n<p><strong>2. <a href=\"http:\/\/lattes.cnpq.br\/5393518300996319\" target=\"_blank\" rel=\"noreferrer noopener\">ALVIM,\nJ. L. R.<\/a><\/strong>; AMAYA, A.C.L. . Produzir\n?justi\u00e7a de g\u00eanero? para transitar \u00e0 paz: rearranjos na interlocu\u00e7\u00e3o entre o\nSistema de Justi\u00e7a e grupos organizados de mulheres v\u00edtimas na Col\u00f4mbia. Enadir\nAntropologia do Direito, v. V, p. 1-16, 2017.<\/p>\n\n\n\n<p><strong>3. <a href=\"http:\/\/lattes.cnpq.br\/5393518300996319\" target=\"_blank\" rel=\"noreferrer noopener\">ALVIM,\nJ. L. R.<\/a><\/strong>; NUNES, T. G. . O jeitinho\nbrasileiro, o homem cordial e a impessoalidade administrativa: encontros e\ndesencontros na navega\u00e7\u00e3o da m\u00e1quina p\u00fablica brasileira. Revista de Direito\nP\u00fablico Contempor\u00e2neo, v. 1, p. 120-141, 2017.<\/p>\n\n\n\n<p><strong>4. <\/strong>VIEIRA, Jos\u00e9 Ribas ;&nbsp;<strong><a href=\"http:\/\/lattes.cnpq.br\/5393518300996319\" target=\"_blank\" rel=\"noreferrer noopener\">ALVIM,\nJ. L. R.<\/a><\/strong>&nbsp;; FRAGALE FILHO, Roberto . A recep\u00e7\u00e3o do\npensamento de Andr\u00e9-Jean Arnaud no Brasil: um olhar do campo acad\u00eamico\nbrasileiro a partir da percep\u00e7\u00e3o de seu v\u00ednculo com o movimento cr\u00edtico do\ndireito. DIREITOS CULTURAIS (ONLINE), v. 11, p. 155-164, 2016.<\/p>\n\n\n\n<p><strong>5. <\/strong>VIEIRA, Jos\u00e9 Ribas ;&nbsp;<strong><a rel=\"noreferrer noopener\" href=\"http:\/\/lattes.cnpq.br\/5393518300996319\" target=\"_blank\">ALVIM, J. L. R.<\/a><\/strong>&nbsp;;&nbsp;<a rel=\"noreferrer noopener\" href=\"http:\/\/lattes.cnpq.br\/5181655086414402\" target=\"_blank\">FRAGALE FILHO, Roberto<\/a>&nbsp;. A RECEP\u00c7\u00c3O DO PENSAMENTO DE ANDR\u00c9-JEAN ARNAUD NO BRASIL: UM OLHAR DO CAMPO ACAD\u00caMICO BRASILEIRO A PARTIR DA PERCEP\u00c7\u00c3O DE SEU V\u00cdNCULO COM O MOVIMENTO CR\u00cdTICO DO DIREITO. Revista Direito Culturais &#8211; URI Santo Angelo, v. 11, p. 155-164, 2016.<\/p>\n\n\n\n<ul class=\"wp-block-list\"><li><strong>Livros publicados\/organizados ou edi\u00e7\u00f5es<\/strong><\/li><\/ul>\n\n\n\n<p><strong>1. <a href=\"http:\/\/lattes.cnpq.br\/5393518300996319\" target=\"_blank\" rel=\"noreferrer noopener\">ALVIM,\nJ. L. R.<\/a><\/strong>; AMAYA, A.C.L. (Org.) ;\nGRISALES, S. P. A. (Org.) ; COIMBRA, J. C. (Org.) ; NOCE, U. A. (Org.) ;\nHERNANDEZ, C. A. T. (Org.) ; BORGES, A. B. A. (Org.) ; MORENO, O. I. S. (Org.)\n; SILVA, D. T. (Org.) ; SA, M. T. (Org.) ; ROSSI, M. (Org.) ; ANDRADE, L. M.\n(Org.) ; PARDO, C. R. (Org.) ; PINHEIRO, J. S. (Org.) ; BENAVIDES, J. C. (Org.)\n. Di\u00e1logos sobre Justi\u00e7a de Transi\u00e7\u00e3o Brasil &amp; Col\u00f4mbia Volume 2:\nabordagens de mecanismos de continuidade da viol\u00eancia institucional do Estado.\n1. ed. Londrina: Engenho das Letras, 2021. v. 1. 226p.<\/p>\n\n\n\n<p><strong>2. <a href=\"http:\/\/lattes.cnpq.br\/5393518300996319\" target=\"_blank\" rel=\"noreferrer noopener\">ALVIM,\nJ. L. R.<\/a><\/strong>; AMAYA, A.C.L. (Org.) ;\nAGUDELO, C. A. C. (Org.) ; TORRES, D. M. R. (Org.) ; RODRIGUES, L. B. F. (Org.)\n; BORGES, N. M. (Org.) ; RIVILLAS, G. L. (Org.) ; MALANQUINI, L. (Org.) ;\nCHICUNQUE, M. R. (Org.) ; TUPARI, M. (Org.) ; BAUTISTA, A. J. (Org.) ; MOREIRA,\nF. (Org.) ; BORRAS, N. L. A. (Org.) ; LOPES, R. A. L. (Org.) ; ANDRADE, L. M.\n(Org.) . Di\u00e1logos sobre Justi\u00e7a de Transi\u00e7\u00e3o Brasil &amp; Col\u00f4mbia Volume 1:\natores institucionais, lideran\u00e7as sociais e defensores dos direitos humanos. 1.\ned. Londrina: Engenho das Letras, 2021. 121p .<\/p>\n\n\n\n<p><strong>3. <\/strong>ALVES, Cleber Francisco (Org.)\n;&nbsp;<strong>ALVIM, J. L. R.<\/strong>&nbsp;(Org.) ; CASTRO, C. A. (Org.) ;\nFRAGALE FILHO, Roberto (Org.) ; MELLO, Marcelo (Org.) ; GAMA, Fernando (Org.) ;\nP\u00c1DUA, Jo\u00e3o Pedro Chaves (Org.) . Institui\u00e7\u00f5es da Justi\u00e7a e do Trabalho Volume\n1: di\u00e1logos sobre a constitui\u00e7\u00e3o de um campo de pesquisa. 1. ed. Rio de\nJaneiro: Autografia, 2020.<\/p>\n\n\n\n<p><strong>4. <\/strong>ALVES, Cleber Francisco (Org.)\n;&nbsp;<strong>ALVIM, J. L. R.<\/strong>&nbsp;(Org.) ; CASTRO, C. A. (Org.) ;\nFRAGALE FILHO, Roberto (Org.) ; GAMA, Fernando (Org.) ; MELLO, Marcelo (Org.) ;\nP\u00c1DUA, Jo\u00e3o Pedro Chaves (Org.) . Institui\u00e7\u00f5es da Justi\u00e7a e do Trabalho Volume\n2: campos de pesquisa.. 1. ed. Rio de Janeiro: Autografia, 2020.<\/p>\n\n\n\n<ul class=\"wp-block-list\"><li><strong>Cap\u00edtulos de livros publicados<\/strong><\/li><\/ul>\n\n\n\n<p><strong>1. <a href=\"http:\/\/lattes.cnpq.br\/5393518300996319\" target=\"_blank\" rel=\"noreferrer noopener\">ALVIM,\nJ. L. R.<\/a><\/strong>. Justi\u00e7a de Transi\u00e7\u00e3o e a\nComiss\u00e3o Especial de Mortos e Desparecidos Pol\u00edticos (CEMDP): embates entre\nrefer\u00eancias de verdade (mem\u00f3rias) e p\u00f3s-verdade (narrativas). In: ALVIM,\nJoaquim Leonel de Rezende ; AMAYA, Andrea Catalina Le\u00f3n. (Org.). Di\u00e1logos sobre\nJusti\u00e7a de Transi\u00e7\u00e3o Brasil &amp; Col\u00f4mbia Volume 2: abordagens de mecanismos\nde continuidade da viol\u00eancia institucional do Estado. 1ed.Londrina: Engenho das\nLetras, 2021, v. 1, p. 11-21.<\/p>\n\n\n\n<p><strong>2. <a href=\"http:\/\/lattes.cnpq.br\/5393518300996319\" target=\"_blank\" rel=\"noreferrer noopener\">ALVIM,\nJ. L. R.<\/a><\/strong>; AMAYA, A.C.L. . Trajet\u00f3ria\nde constitui\u00e7\u00e3o dos Di\u00e1logos sobre Justi\u00e7a de Transi\u00e7\u00e3o Brasil &amp; Col\u00f4mbia\nVolume 2 ? Abordagens de Mecanismos de Continuidade da Viol\u00eancia Institucional\ndo Estado. In: ALVIM, Joaquim Leonel de Rezende ; AMAYA, Andrea Catalina Le\u00f3n.\n(Org.). Di\u00e1logos Sobre Justi\u00e7a de Transi\u00e7\u00e3o Brasil &amp; Col\u00f4mbia Volume 2:\nAbordagens de Mecanismos de Continuidade da Viol\u00eancia Institucional do Estado.\n1ed.Londrina: Engenho das Letras, 2021, v. 1, p. 6-11.<\/p>\n\n\n\n<p><strong>3. <a href=\"http:\/\/lattes.cnpq.br\/5393518300996319\" target=\"_blank\" rel=\"noreferrer noopener\">ALVIM,\nJ. L. R.<\/a><\/strong>; AMAYA, A.C.L. . Trajet\u00f3ria\nde constitui\u00e7\u00e3o dos Di\u00e1logos sobre Justi\u00e7a de Transi\u00e7\u00e3o Brasil &amp; Col\u00f4mbia\nVolume 1 ? atores institucionais, lideran\u00e7as sociais e defensores dos direitos\nhumanos. In: ALVIM, Joaquim Leonel de Rezende ; AMAYA, Andrea Catalina Le\u00f3n.\n(Org.). Di\u00e1logos sobre justi\u00e7a de transi\u00e7\u00e3o Brasil &amp; Col\u00f4mbia Volume 1:\natores institucionais, lideran\u00e7as sociais e defensores dos direitos humanos.\n1ed.Londrina: Engenho das Letras, 2021, v. , p. 4-10.<\/p>\n\n\n\n<p><strong>4. <a href=\"http:\/\/lattes.cnpq.br\/5393518300996319\" target=\"_blank\" rel=\"noreferrer noopener\">ALVIM,\nJ. L. R.<\/a><\/strong>; OLIVEIRA FILHO, A. C. . O\nfechamento das fronteiras do Brasil para conten\u00e7\u00e3o do COVID 19 e o tratamento\ndiscriminat\u00f3rio da Portaria Interministerial N\u00ba 204, de 29 de abril de 2020 aos\nimigrantes venezuelanos. In: C\u00e9lia Barbosa Abreu; Manoel Messias Peixinho; Tau\u00e3\nLima Verdan Rangel; Fernanda Pontes Pimentel; Giselle Picorelli Yacoub Marques.\n(Org.). Crise Pand\u00eamica &amp; Direitos Humanos Fundamentais Volume I Direitos\nCivis e Pol\u00edticos Tomo I. 1ed.Rio de Janeiro: GRAMMA EDITORA, 2020, v. I, p.\n25-29.<\/p>\n\n\n\n<p><strong>5. <a href=\"http:\/\/lattes.cnpq.br\/5393518300996319\" target=\"_blank\" rel=\"noreferrer noopener\">ALVIM,\nJ. L. R.<\/a><\/strong>; BORGES, A. B. A. . O direito\nfundamental \u00e0 liberdade de consci\u00eancia e o papel do Estado para sua efetiva\u00e7\u00e3o.\nIn: C\u00e9lia Barbosa Abreu; Manoel Messias Peixinho; Tau\u00e3 Lima Verdan Rangel; Fernanda\nPontes Pimentel; Giselle Picorelli Yacoub Marques. (Org.). Crise Pand\u00eamica\n&amp; Direitos Humanos Fundamentais Volume I Direitos Civis e Pol\u00edticos Tomo I.\nIed.Rio de Janeiro: GRAMMA EDITORA, 2020, v. I, p. 30-33.<\/p>\n\n\n\n<p><strong>6. <a href=\"http:\/\/lattes.cnpq.br\/5393518300996319\" target=\"_blank\" rel=\"noreferrer noopener\">ALVIM,\nJ. L. R.<\/a><\/strong>; FREITAS, C. V. C. .\nFinanceiriza\u00e7\u00e3o mundial, organiza\u00e7\u00e3o do trabalho, ind\u00fastria 4.0: reflexos na\nsa\u00fade mental do trabalhador, a CID 11 e sua an\u00e1lise no Munic\u00edpio de Campos dos\nGoytacazes\/RJ.. In: ALVES, C. ; ALVIM, J. ; CASTRO, C. ; FRAGALE FILHO, R ;\nMELLO, M. ; MIRANDA NETO, F. ; PADUA, J.. (Org.). Institui\u00e7\u00f5es da Justi\u00e7a e do\nTrabalho Volume 2: campos de pesquisa. 1ed.Rio de Janeiro: Autografia, 2020, v.\n, p. 31-60.<\/p>\n\n\n\n<p><strong>7. <a href=\"http:\/\/lattes.cnpq.br\/5393518300996319\" target=\"_blank\" rel=\"noreferrer noopener\">ALVIM,\nJ. L. R.<\/a><\/strong>; SILVA, D. T. ; DINON, J. C.\nM. . Formas jur\u00eddicas de aprisionar corpos: um estudo sobre dispositivos legais\nutilizados em institui\u00e7\u00f5es de priva\u00e7\u00e3o de liberdade. In: ALVES, C. ; ALVIM, J.\n; CASTRO, C. ; FRAGALE FILHO, R ; MELLO, M. ; MIRANDA NETO, F. ; PADUA, J..\n(Org.). Institui\u00e7\u00f5es da Justi\u00e7a e do Trabalho Volume 2: campos de pesquisa..\n1ed.Rio de Janeiro: Autografia, 2020, v. , p. 61-75.<\/p>\n\n\n\n<p><strong>8. <a href=\"http:\/\/lattes.cnpq.br\/5393518300996319\" target=\"_blank\" rel=\"noreferrer noopener\">ALVIM,\nJ. L. R.<\/a><\/strong>. Idas e Vindas: um olhar para\ntrajet\u00f3rias pessoais e institucionais de pesquisa. In: ALVES, C. ; ALVIM, J. ;\nCASTRO, C. ; FRAGALE FILHO, R ; MELLO, M. ; MIRANDA NETO, F. ; PADUA, J..\n(Org.). Institui\u00e7\u00f5es da Justi\u00e7a e do Trabalho Volume 1: di\u00e1logos sobre a\nconstitui\u00e7\u00e3o de um campo de pesquisa. 1ed.Rio de Janeiro: Autografia, 2020, v.\n, p. 27-42.<\/p>\n\n\n\n<p><strong>9. <a href=\"http:\/\/lattes.cnpq.br\/5393518300996319\" target=\"_blank\" rel=\"noreferrer noopener\">ALVIM,\nJ. L. R.<\/a><\/strong>; BASTOS, S. P. . A\njudicializa\u00e7\u00e3o da sa\u00fade e a pandemia da covid-19 no plant\u00e3o judici\u00e1rio noturno\ndo Tribunal de Justi\u00e7a do Estado do Rio de Janeiro: as posi\u00e7\u00f5es no campo\nprofissional da magistratura num cen\u00e1rio de incertezas de pol\u00edticas p\u00fablicas.\nIn: LOPES, Caetano Levi; BOCAYUVA, Marcela Carvalho; e RAMIDOFF, M\u00e1rio Luiz.\n(Org.). Revista da Escola Nacional da Magistratura &#8211; N\u00famero 09 &#8211; Pol\u00edticas\nP\u00fablicas, Democracia e Justi\u00e7a. 1ed.Curitiba: Juru\u00e1, 2020, v. 9, p. 55-86.<\/p>\n\n\n\n<p><strong>10. <a href=\"http:\/\/lattes.cnpq.br\/5393518300996319\" target=\"_blank\" rel=\"noreferrer noopener\">ALVIM, J. L. R.<\/a><\/strong>; BORZINO, Tha\u00eds . FORMA\u00c7\u00c3O E CAPACITA\u00c7\u00c3O DOS MEDIADORES JUDICIAIS\nNO ESTADO DO RIO DE JANEIRO: REGULAMENTA\u00c7\u00c3O LEGAL E PERSPECTIVAS EMP\u00cdRICAS A\nPARTIR DO CAMPO DAS PROFISS\u00d5ES JUR\u00cdDICAS. In: Renata Luciane Polsaque Young\nBlood. (Org.). Ci\u00eancias Socias e Direito 3. 1ed.Ponta Grossa: Atena Editora,\n2019, v. , p. 45-62.<\/p>\n\n\n\n<p><strong>11. <a href=\"http:\/\/lattes.cnpq.br\/5393518300996319\" target=\"_blank\" rel=\"noreferrer noopener\">ALVIM, J. L. R.<\/a><\/strong>;&nbsp;<a href=\"http:\/\/lattes.cnpq.br\/5181655086414402\" target=\"_blank\" rel=\"noreferrer noopener\">FRAGALE FILHO, Roberto<\/a>&nbsp;; VIEIRA, Jos\u00e9 Ribas . La\nr\u00e9ception de la pens\u00e9e d\u00b4Andr\u00e9-Jean Arnaud au Br\u00e9sil: un regard du champ\nacad\u00e9mique br\u00e9silien \u00e0 partir de la perception de son lien avec le mouvement\ncritique du droit. In:\nWanda Capeller, Jacques Commaille, Laure Ortiz. (Org.). Repenser le droit\nHommage \u00e0 Andr\u00e9-Jean Arnaud. 1ed.Paris: LGDJ Librairie G\u00e9n\u00e9rale de Droit et\nJurisprudence \/ LEXTENSO &#8211; Collection Droit et Soci\u00e9t\u00e9, 2019, v. 59, p. 93-100.<\/p>\n\n\n\n<p><strong>12. <a href=\"http:\/\/lattes.cnpq.br\/5393518300996319\" target=\"_blank\" rel=\"noreferrer noopener\">ALVIM, J. L. R.<\/a><\/strong>; MADEIRA, Wilson ; MOTTA, Ana ; COSTA, Rodolfo B. M. L. ;\nRODRIGUES, Wagner O. ; THIBES, Carolina ; CONTI, Marcelino . ?Camel\u00f4s? da\nreforma agr\u00e1ria: conflito de terras em Oriximin\u00e1 (PA). T\u00f3picos em Ci\u00eancias\nSociais Volume 1. 1ed.Belo Horizonte: Poisson, 2019, v. 1, p. 6-18.<\/p>\n\n\n\n<p><strong>13. <a href=\"http:\/\/lattes.cnpq.br\/5393518300996319\" target=\"_blank\" rel=\"noreferrer noopener\">ALVIM, J. L. R.<\/a><\/strong>; LUPETTI BAPTISTA, Barbara Gomes . A media\u00e7\u00e3o pelo olhar da\nsociologia das profiss\u00f5es e pelos sentidos constru\u00eddos no campo do\nfuncionamento do direito. In: Pelajo, S.; Figueiredo, M.R.S.; Gama de Miranda\nNeto, F.; Souza e Lima, E.. (Org.). Coment\u00e1rios \u00e0 Lei de Media\u00e7\u00e3o: Estudos em\nHomenagem aos 10 anos da Comiss\u00e3o de Conflitos da OAB-RJ. 1ed.Rio de Janeiro:\nProcesso, 2019, v. , p. 443-460.<\/p>\n\n\n\n<p><strong>14. <a href=\"http:\/\/lattes.cnpq.br\/5393518300996319\" target=\"_blank\" rel=\"noreferrer noopener\">ALVIM, J. L. R.<\/a><\/strong>. Teoria Cr\u00edtica, Constitucionalismo Democr\u00e1tico e Aspectos\npol\u00edtico jur\u00eddicos do processo de impeachment um di\u00e1logo com a trajet\u00f3ria\nacad\u00eamica?institucional de Jos\u00e9 Ribas Vieira. In: Lilian Balmant Emerique,\nMargarida Lacombe Camargo. (Org.). Direitos humanos, democracia e desenhos\ninstitucionais em tempos de crise. 1ed.Rio de Janeiro: Freitas Bastos, 2019, v.\n1, p. 9-24.<\/p>\n\n\n\n<p><strong>15. <a rel=\"noreferrer noopener\" href=\"http:\/\/lattes.cnpq.br\/5393518300996319\" target=\"_blank\">ALVIM, J. L. R.<\/a><\/strong>;&nbsp;<a rel=\"noreferrer noopener\" href=\"http:\/\/lattes.cnpq.br\/5181655086414402\" target=\"_blank\">FRAGALE FILHO, Roberto<\/a>&nbsp;; KIRA, Beatriz . RESPONSABILIDADE CIVIL INDIVIDUAL NA REDE EM FACE DOS GIGANTES DA INTERNET. In: VERONESE, Alexandre ; B\u00c9HAR-TOUCHAIS, Martine ; CL\u00c9MENT-FONTAINE, M\u00e9lanie ; MARTIAL-BRAZ, Nathalie. (Org.). A efetividade do direito em face do poder dos gigantes da internet: di\u00e1logos acad\u00eamicos entre o Brasil e a Fran\u00e7a. 1ed.Belo Horizonte: Editora Forum, 2018, v. , p. 1-.<\/p>\n\n\n\n<p><strong>16. <a rel=\"noreferrer noopener\" href=\"http:\/\/lattes.cnpq.br\/5393518300996319\" target=\"_blank\">ALVIM, J. L. R.<\/a><\/strong>; BORZINO, Tha\u00eds . A REMUNERA\u00c7\u00c3O DO MEDIADOR JUDICIAL NO ESTADO DO RIO DE JANEIRO: DESAFIOS E PERSPECTIVAS A PARTIR DO PANORAMA LEGAL E DA PESQUISA EMP\u00cdRICA. In: M\u00c1RCIO GALV\u00c3O; KLEVER FILPO; B\u00c1RBARA LUPETTI; NATHANE DA SILVA; ALISSON MARTINS. (Org.). Solu\u00e7\u00e3o de conflitos e processos judiciais. 1ed.Rio de Janeiro: Editora Multifoco, 2017, v. , p. 139-160.<\/p>\n\n\n\n<hr class=\"wp-block-separator\" \/>\n\n\n\n<p class=\"has-text-color has-medium-font-size has-vivid-red-color\">        <strong>  *    Dr  Marcelo Gon\u00e7alves Do Amaral<\/strong><\/p>\n\n\n\n<ul class=\"wp-block-list\"><li><strong>Artigos completos publicados em peri\u00f3dicos<\/strong><\/li><\/ul>\n\n\n\n<p><strong>1. <\/strong>TRINTINI, A. M. M. ;&nbsp;<strong>AMARAL, M. G.<\/strong>&nbsp;; MOTTA, G. S. ; SOUZA, M. C. M. ;\nROSA, J. A. A. . Twenty\nyears performance of Volkswagen Truck and Bus modular consortium. GEST\u00c3O &amp; PRODU\u00c7\u00c3O, v. 28, p. 1-21, 2021.<\/p>\n\n\n\n<p><strong>2. <\/strong>RUFFONI, J. ; FISCHER, B. B.\n;&nbsp;<strong>AMARAL, M. G.<\/strong>&nbsp;. A Contribui\u00e7\u00e3o da Economia\nIndustrial e da Tecnologia Para as Tem\u00e1ticas de Administra\u00e7\u00e3o, Sociedade e\nInova\u00e7\u00e3o. REVISTA DE ADMINISTRA\u00c7\u00c3O, SOCIEDADE E INOVA\u00c7\u00c3O, v. 7, p. 1-6, 2021.<\/p>\n\n\n\n<p><strong>3. <\/strong>OLIVEIRA, VIRG\u00cdLIO C\u00c9SAR SILVA\n;&nbsp;<strong>AMARAL, M. G.<\/strong>&nbsp;; CARRARO, EDILANE . A necessidade\ncontempor\u00e2nea de se defender o \u00f3bvio: a reuni\u00e3o anual da Sociedade Brasileira\npara o Progresso da Ci\u00eancia e o fato de que todas as ci\u00eancias s\u00e3o humanas.\nREVISTA DE ADMINISTRA\u00c7\u00c3O, SOCIEDADE E INOVA\u00c7\u00c3O, v. 7, p. 1-6, 2021.<\/p>\n\n\n\n<p><strong>4. <\/strong>CAI, Y. ;&nbsp;<strong>AMARAL, M. G.<\/strong>&nbsp;. Milestones of Triple Helix in a year of\nhardships. TRIPLE HELIX, v. 7, p. 123-127, 2021.<\/p>\n\n\n\n<p><strong>5. <a href=\"http:\/\/lattes.cnpq.br\/5516755786380532\" target=\"_blank\" rel=\"noreferrer noopener\">AMARAL,\nM. G.<\/a><\/strong>; FARIA, A. F. ; SCHOCAIR, M.\nM. . ASSESSING\nTHE INNOVATION ENVIRONMENT OF THE RESEARCH TRIANGLE REGION. REVISTA DE ADMINISTRA\u00c7\u00c3O, SOCIEDADE E INOVA\u00c7\u00c3O, v. 5, p. 90-111,\n2020.<\/p>\n\n\n\n<p><strong>6. <a href=\"http:\/\/lattes.cnpq.br\/5516755786380532\" target=\"_blank\" rel=\"noreferrer noopener\">AMARAL,\nM. G.<\/a><\/strong>; FISCHER, B. B. ; OLIVEIRA,\nV. C. S. E. ; CARVALHO, R. S. . Para que serve o editorial? Para desejar Feliz\n2020?. RASI &#8211; Revista de Administra\u00e7\u00e3o, Sociedade e Inova\u00e7\u00e3o, v. 6, p. 1-4,\n2020.<\/p>\n\n\n\n<p><strong>7. <a href=\"http:\/\/lattes.cnpq.br\/5516755786380532\" target=\"_blank\" rel=\"noreferrer noopener\">Amaral,\nMarcelo<\/a><\/strong>; HORA, A. L. F. ; MESSIAS, N.\nR. ; CUNHA, L. ; MAIA, J. S. . A Divergent Research Agenda: Academic and Professional Publications on\nScience, Technology and Innovation Parks. TRIPLE HELIX,\nv. 7, p. 1-37, 2020.<\/p>\n\n\n\n<p><strong>8. <\/strong>RAMIREZ, C. P. ; VILLEGAS, Y.\nS. D. ; VALLEJOS, L. F. R. ; SILVA, S. S. ;&nbsp;<strong>AMARAL, M. G.<\/strong>&nbsp;.\nModelo de Integraci\u00f3n de Grandes Empresas y Startups Mediante Corporate\nVenturing. Future\nStudies Research Journal &#8211; Future, v. 12, p. 1, 2020.<\/p>\n\n\n\n<p><strong>9. <\/strong><strong><a href=\"http:\/\/lattes.cnpq.br\/5516755786380532\" target=\"_blank\" rel=\"noreferrer noopener\">AMARAL, M. G.<\/a><\/strong>; MESSIAS, N. R. . A evolu\u00e7\u00e3o do movimento da triple helix: uma an\u00e1lise das\ncomunica\u00e7\u00f5es cient\u00edficas por meio de t\u00e9cnica bibliom\u00e9trica. INTERNATIONAL\nJOURNAL OF INNOVATION<sup><\/sup>, v. 8, p. 250-275, 2020.<\/p>\n\n\n\n<p><strong>10. <a href=\"http:\/\/lattes.cnpq.br\/5516755786380532\" target=\"_blank\" rel=\"noreferrer noopener\">AMARAL, M. G.<\/a><\/strong>; FISCHER, B. B. ; CARVALHO, R. S. ; OLIVEIRA, V. C. S. E. ;\nSILVA, S. S. ; CARRARO, E. . A Crise e a Oportunidade da Pandemia. REVISTA DE\nADMINISTRA\u00c7\u00c3O, SOCIEDADE E INOVA\u00c7\u00c3O, v. 6, p. 1-6, 2020.<\/p>\n\n\n\n<p><strong>11. <\/strong>HERMANN, R. R. ; BOSSLE, M. B. ;&nbsp;<strong>AMARAL, M. G.<\/strong>&nbsp;. Lenses on the post-oil economy:\nIntegrating entrepreneurship into sustainability education through\nproblem-based learning. Educational Action Research<sup><\/sup>, v. 29, p. 1-20, 2020.<\/p>\n\n\n\n<p><strong>12. <\/strong>HORA, A. L. F. ; MAIA, J. S.\n;&nbsp;<strong>AMARAL, M. G.<\/strong>&nbsp;; ALMEIDA, G. L. ; LEAL, R. H. .\nAvalia\u00e7\u00e3o da Gest\u00e3o de Ambientes de Inova\u00e7\u00e3o: Os Parques Tecnol\u00f3gicos em\nImplanta\u00e7\u00e3o e Opera\u00e7\u00e3o no Estado do Rio de Janeiro.. Revista CIENTEC Solutions\n&amp; Innovation, v. 1, p. 2, 2020.<\/p>\n\n\n\n<p><strong>13. <a href=\"http:\/\/lattes.cnpq.br\/5516755786380532\" target=\"_blank\" rel=\"noreferrer noopener\">GONCALVES DO AMARAL, MARCELO<\/a><\/strong>; FISCHER, BRUNO BRAND\u00c3O ; CARVALHO, RODRIGO SILVA ; OLIVEIRA,\nVIRG\u00cdLIO C\u00c9SAR SILVA ; CARRARO, EDILANE . Cinco Anos da RASI. REVISTA DE\nADMINISTRA\u00c7\u00c3O, SOCIEDADE E INOVA\u00c7\u00c3O, v. 6, p. 1-5, 2020.<\/p>\n\n\n\n<p><strong>14. <\/strong>FARIA, A. F. ; RIBEIRO, J. A.\n;&nbsp;<strong>Amaral, Marcelo<\/strong>&nbsp;; SEDYAMA, J. A. S. . Success Factors and Boundary Conditions\nfor Technology Parks in the Light of The Triple Helix Model.. JOURNAL OF\nBUSINESS AND ECONOMICS, v. 10, p. 50-67, 2019.<\/p>\n\n\n\n<p><strong>15. <\/strong><strong><a href=\"http:\/\/lattes.cnpq.br\/5516755786380532\" target=\"_blank\" rel=\"noreferrer noopener\">AMARAL, MARCELO GON\u00c7ALVES DO<\/a><\/strong>; RENAULT, THIAGO BORGES . A H\u00e9lice Qu\u00edntupla das Rela\u00e7\u00f5es\nUniversidade-Empresa-Governo-Sociedade-Ambiente. Revista de Administra\u00e7\u00e3o,\nSociedade e Inova\u00e7\u00e3o, v. 5, p. 110-114, 2019.<\/p>\n\n\n\n<p><strong>16. <\/strong>RAMIREZ, C. P. ; MORA, B. A.\nA. ; SERAFIM, S. S. ;&nbsp;<strong>AMARAL, M. G.<\/strong>&nbsp;.\nINCUBADORAS DE NEGOCIOS EN RED: CAPITAL INTELECTUAL DE INCUBADORAS DE NEGOCIOS\nDE LATINOAM\u00c9RICA Y LA RELACI\u00d3N CON SU \u00c9XITO. READ. REVISTA ELETR\u00d4NICA DE\nADMINISTRA\u00c7\u00c3O (PORTO ALEGRE. ONLINE), v. 25, p. 96-118, 2019.<\/p>\n\n\n\n<p><strong>17. <a rel=\"noreferrer noopener\" href=\"http:\/\/lattes.cnpq.br\/5516755786380532\" target=\"_blank\">AMARAL, M. G.<\/a><\/strong>; FISCHER, B. B. ; CARVALHO, R. S. ; OLIVEIRA, V. C. S. E. . Pensar o Brasil: novos tempos para ci\u00eancia, tecnologia e inova\u00e7\u00e3o. REVISTA DE ADMINISTRA\u00c7\u00c3O, SOCIEDADE E INOVA\u00c7\u00c3O, v. 5, p. 1-4, 2019.<\/p>\n\n\n\n<p><strong>18. <\/strong>HORA, A. L. F. ;&nbsp;<strong>AMARAL, M. G.<\/strong>&nbsp;. Uma An\u00e1lise da Pesquisa Acad\u00eamica\nSobre Parques Cient\u00edficos, Tecnol\u00f3gicos e de Inova\u00e7\u00e3o. Brazilian Journal of Development, v. 5,\np. 23818-23833, 2019.<\/p>\n\n\n\n<p><strong>19. <\/strong>ALMEIDA, F. ;&nbsp;<strong>AMARAL, M. G.<\/strong>&nbsp;. Conceptual Framework for\nAssessment Entrepreneurial Education. International Journal of Knowledge,\nInnovation and Entrepreneurship, v. 7, p. 2-15, 2019.<\/p>\n\n\n\n<p><strong>20. <\/strong><strong><a href=\"http:\/\/lattes.cnpq.br\/5516755786380532\" target=\"_blank\" rel=\"noreferrer noopener\">Amaral, Marcelo<\/a><\/strong>; TOLEDO HERNANDEZ, CEC\u00cdLIA ; RODRIGUES\nBASTOS, MARCELLUS HENRIQUE . The entrepreneurial profile of Brazilian business\nadministration students. INTERNATIONAL JOURNAL OF\nINNOVATION SCIENCE<sup><\/sup>, v. 10, p. 160-177, 2018.<\/p>\n\n\n\n<p><strong>21. <\/strong>LIRA, DAVI TAVARES DE ;&nbsp;<strong>AMARAL, MARCELO GON\u00c7ALVES DO<\/strong>&nbsp;; MAIA, J\u00c9SSICA SOUZA\n. AN\u00c1LISE DO CLIMA ORGANIZACIONAL EM UNIDADE ACAD\u00caMICA DE UMA UNIVERSIDADE\nP\u00daBLICA. Revista de Administra\u00e7\u00e3o de Roraima &#8211; RARR, v. 8, p. 302-325, 2018.<\/p>\n\n\n\n<p><strong>22. <a href=\"http:\/\/lattes.cnpq.br\/5516755786380532\" target=\"_blank\" rel=\"noreferrer noopener\">AMARAL, M. G.<\/a><\/strong>; LIMA, R. J. C. ; MOTTA, G. S. ; FAGUNDES, M. C. ; SCHOCAIR, M.\nM. . An\nanalysis of industrial districts and Triple Helix of innovation &#8211; a regional\ndevelopment experience in the south of the state of Rio de Janeiro. RAI : REVISTA DE ADMINISTRA\u00c7\u00c3O E INOVA\u00c7\u00c3O, v. 1, p. 1-10, 2017.<\/p>\n\n\n\n<ul class=\"wp-block-list\"><li><strong>Livros publicados\/organizados ou edi\u00e7\u00f5es<\/strong><\/li><\/ul>\n\n\n\n<p><strong>1. <a href=\"http:\/\/lattes.cnpq.br\/5516755786380532\" target=\"_blank\" rel=\"noreferrer noopener\">AMARAL,\nM. G.<\/a><\/strong>. A Gest\u00e3o na Universidade\nP\u00fablica &#8211; Ensaios Sobre a Universidade Federal Fluminense. 1. ed. Rio de\nJaneiro: Multifico (Lumin\u00e1ria Academia), 2017. 244p.<\/p>\n\n\n\n<p><strong>2. <\/strong>SACRAMENTO, J. A. S. ;&nbsp;<strong>AMARAL, M. G.<\/strong>&nbsp;;&nbsp;<a rel=\"noreferrer noopener\" href=\"http:\/\/lattes.cnpq.br\/9098047398813476\" target=\"_blank\">RANGEL, L. A. D.<\/a>&nbsp;. Desconcentra\u00e7\u00e3o da gest\u00e3o em institui\u00e7\u00f5es p\u00fablicas federais de ensino &#8211; O caso da Universidade Federal Fluminense. 1. ed. Rio de Janeiro: Novas Edi\u00e7\u00f5es Acad\u00eamicas, 2017. v. 1.<\/p>\n\n\n\n<ul class=\"wp-block-list\"><li><strong>Cap\u00edtulos de livros publicados<\/strong><\/li><\/ul>\n\n\n\n<p><strong>1. <\/strong>OLIVEIRA, J. G. ;&nbsp;<strong>AMARAL, M. G.<\/strong>&nbsp;. O modelo Oliveira-Amaral de\nmaturidade das intera\u00e7\u00f5es da academia com os demais atores da h\u00e9lice qu\u00e1drupla.\nIn: Oliveira, M. A.; Abdalla, M. M.. (Org.). Gest\u00e3o nos Institutos Federais de\nEduca\u00e7\u00e3o: experi\u00eancias e aplica\u00e7\u00f5es.. 1ed.Volta Redonda: PPGA\/UFF, 2020, v. 1,\np. 252-278.<\/p>\n\n\n\n<p><strong>2. <a href=\"http:\/\/lattes.cnpq.br\/5516755786380532\" target=\"_blank\" rel=\"noreferrer noopener\">AMARAL, M. G.<\/a><\/strong>; FREITAS, A. O. ; FRAGA, A. N. ; MOYSES, F. ; SOUZA, M. C. M. .\nAn Analysis of\nBrazilian Bank Revenues and Profits (1996?2014).. In: Floriani Neto, A. B.;\nCaceres Nieto, E.; Chiodi, G.; Petroccia, S.. (Org.). Governing Turbulence,\nRisk and Opportunities in the Complexity Age. 1ed.Newcastle Upon Tyne:\nCambridge Scholar Publishing, 2018, v. 1, p. 65-92.<\/p>\n\n\n\n<p><strong>3. <a href=\"http:\/\/lattes.cnpq.br\/5516755786380532\" target=\"_blank\" rel=\"noreferrer noopener\">AMARAL,\nM. G.<\/a><\/strong>; FREITAS, A. O. ; FRAGA, A.\nN. ; SOUZA, M. C. M. . Corporate Governance In A Brazilian State-Owned Bank. In: Floriani Neto,\nA. B.; Caceres Nieto, E.; Chiodi, G.; Petroccia, S.. (Org.). Governing\nTurbulence, Risk and Opportunities in the Complexity Age. 1ed.Newcastle Upon\nTyne: Cambridge Scholar Publishing, 2018, v. 1, p. 110-133.<\/p>\n\n\n\n<p><strong>4. <a href=\"http:\/\/lattes.cnpq.br\/5516755786380532\" target=\"_blank\" rel=\"noreferrer noopener\">AMARAL,\nM. G.<\/a><\/strong>; MAIA, J. S. ; SOUZA, M. C.\nM. . The\nMetallurgy and Metalworking Cluster in the mid-Para\u00edba Do Sul Valley Region in\nthe State of Rio de Janeiro. In: Floriani Neto, A. B.;\nCaceres Nieto, E.; Chiodi, G.; Petroccia, S.. (Org.). Governing Turbulence, Risk and\nOpportunities in the Complexity Age. 1ed.Newcastle Upon Tyne: Cambridge Scholar\nPublishing, 2018, v. 1, p. 183-207.<\/p>\n\n\n\n<p><strong>5. <\/strong>BARBOZA, J. C. S. F. ;&nbsp;<strong>AMARAL, M. G.<\/strong>&nbsp;; SILVA, S. S. . AN\u00c1LISE DA\nCONTRIBUI\u00c7\u00c3O DA CAPACITA\u00c7\u00c3O DO FISCAL DE CONTRATO NA ADMINISTRA\u00c7\u00c3O P\u00daBLICA. In:\nLuiz Cl\u00e1udio de Lima. (Org.). T\u00f3picos em Gest\u00e3o de Pessoas. 1ed.Belo Horizonte:\nPoisson, 2018, v. 3, p. 154-181.<\/p>\n\n\n\n<p><strong>6. <\/strong>ESPINOZA, L. M. A. ;&nbsp;<strong>AMARAL, M. G.<\/strong>&nbsp;; SILVA, S. S. . Gest\u00e3o do Conhecimento para Fiscais de Contratos na Administra\u00e7\u00e3o P\u00fablica. In: Leopoldo Mendon\u00e7a. (Org.). Gest\u00e3o do Conhecimento e Inova\u00e7\u00e3o. 1ed.Belo Horizonte: Poisson, 2018, v. 7, p. 164-174.<\/p>\n\n\n\n<p><strong>7. <\/strong>SACRAMENTO, J. A. S. ;&nbsp;<a href=\"http:\/\/lattes.cnpq.br\/9098047398813476\" target=\"_blank\" rel=\"noreferrer noopener\">RANGEL,\nL. A. D.<\/a>&nbsp;;&nbsp;<strong>AMARAL, M. G.<\/strong>&nbsp;.\nA Desconcentra\u00e7\u00e3o da Gest\u00e3o em Institui\u00e7\u00f5es P\u00fablicas Federais de Ensino\nSuperior. In: Marcelo Amaral. (Org.). A Gest\u00e3o na Universidade P\u00fablica &#8211;\nEnsaios Sobre a Universidade Federal Fluminense. 1ed.Rio de Janeiro: Multifico\n(Lumin\u00e1ria Academia), 2017, v. , p. 87-114.<\/p>\n\n\n\n<p><strong>8. <\/strong>LIRA, D. T. ;&nbsp;<strong>AMARAL, M. G.<\/strong>&nbsp;. An\u00e1lise do Clima Organizacional dos Servidores T\u00e9cnico-Administrativos do Instituto do Noroeste Fluminense de Educa\u00e7\u00e3o Superior (Santo Ant\u00f4nio de P\u00e1dua &#8211; RJ). In: Marcelo Amaral. (Org.). A Gest\u00e3o na Universidade P\u00fablica &#8211; Ensaios Sobre a Universidade Federal Fluminense. 1ed.Rio de Janeiro: Multifico (Lumin\u00e1ria Academia), 2017, v. 1, p. 115-152.<\/p>\n\n\n\n<p><strong>9. <\/strong>LOPES, N. S. ;&nbsp;<strong>AMARAL, M. G.<\/strong>&nbsp;. Avalia\u00e7\u00e3o da Usabilidade de Website de um Curso de Gradua\u00e7\u00e3o. In: Marcelo Amaral. (Org.). A Gest\u00e3o na Universidade P\u00fablica &#8211; Ensaios Sobre a Universidade Federal Fluminense. 1ed.Rio de Janeiro: Multifoco (Lumin\u00e1ria Academia), 2017, v. 1, p. 177-196. <\/p>\n\n\n\n<hr class=\"wp-block-separator\" \/>\n\n\n\n<p class=\"has-text-color has-medium-font-size has-vivid-red-color\">           <strong>  *    Dr\u00aa M\u00e1rcia Michele Garcia Duarte<\/strong><\/p>\n\n\n\n<ul class=\"wp-block-list\"><li><strong>Artigos completos publicados em peri\u00f3dicos<\/strong><\/li><\/ul>\n\n\n\n<p><strong>1. <a rel=\"noreferrer noopener\" href=\"http:\/\/lattes.cnpq.br\/5572639727515411\" target=\"_blank\">DUARTE, M\u00e1rcia Michele Garcia<\/a><\/strong>. A SAN\u00c7\u00c3O PEDAG\u00d3GICA E OS ASPECTOS \u00c9TICOS E MORAIS DA CONSENSUALIDADE: EM BUSCA DA EFETIVIDADE DO MODELO MULTIPORTAS. Revista eletr\u00f4nica de direito processual, v. 22, p. 684, 2021.<\/p>\n\n\n\n<p><strong>2. <a rel=\"noreferrer noopener\" href=\"http:\/\/lattes.cnpq.br\/5572639727515411\" target=\"_blank\">DUARTE, M\u00e1rcia Michele Garcia<\/a><\/strong>; PINHO, Humberto Dalla Bernardina de . INTERDISCIPLINARIDADE, COMPLEXIDADE E P\u00d3S-MODERNIDADE: PREMISSAS FUNDAMENTAIS PARA A COMPREENS\u00c3O DO PROCESSO CIVIL CONTEMPOR\u00c2NEO. RJLB &#8211; REVISTA JUR\u00cdDICA LUSO-BRASILEIRA, v. 4, p. 955-999, 2018.<\/p>\n\n\n\n<p><strong>3. <a rel=\"noreferrer noopener\" href=\"http:\/\/lattes.cnpq.br\/5572639727515411\" target=\"_blank\">DUARTE, M\u00e1rcia Michele Garcia<\/a><\/strong>; FERNANDES, David Augusto . Desjudicializa\u00e7\u00e3o: hip\u00f3teses poss\u00edveis e a busca por fundamentos para sua amplia\u00e7\u00e3o. REVISTA BRASILEIRA DE DIREITO PROCESSUAL (IMPRESSO), v. 1, p. 29-48, 2018.<\/p>\n\n\n\n<p><strong>4. <a rel=\"noreferrer noopener\" href=\"http:\/\/lattes.cnpq.br\/5572639727515411\" target=\"_blank\">DUARTE, M\u00e1rcia Michele Garcia<\/a><\/strong>; MENDON\u00c7A, Saulo Bichara . ACESSO \u00c0 JUSTI\u00c7A: INSTRUMENTALIZA\u00c7\u00c3O EM RECONHECIMENTO \u00c0S ESPECIFICIDADES DAS MICROEMPRESAS E EMPRESAS DE PEQUENO PORTE. REVISTA JUR\u00cdDICA CESUMAR: MESTRADO (ONLINE), v. 17, p. 81-106, 2017.<\/p>\n\n\n\n<p><strong>5. <a rel=\"noreferrer noopener\" href=\"http:\/\/lattes.cnpq.br\/5572639727515411\" target=\"_blank\">DUARTE, M\u00e1rcia Michele Garcia<\/a><\/strong>. DANO AMBIENTAL: CARACTERIZA\u00c7\u00c3O E EFETIVIDADE DAS MEDIDAS ADEQUADAS E DESJUDICIALIZADORAS DE SOLU\u00c7\u00c3O DE CONFLITOS. Revista Cient\u00edfica Eletr\u00f4nica Amazon&#8217;s Research and Environmental Law, v. 04, p. 26-47, 2016. <\/p>\n\n\n\n<ul class=\"wp-block-list\"><li><strong>Livros publicados\/organizados ou edi\u00e7\u00f5es<\/strong><\/li><\/ul>\n\n\n\n<p><strong>1. <a rel=\"noreferrer noopener\" href=\"http:\/\/lattes.cnpq.br\/5572639727515411\" target=\"_blank\">DUARTE, M\u00e1rcia Michele Garcia<\/a><\/strong>. Tirania no Pr\u00f3prio Ninho: viol\u00eancia dom\u00e9stica e Direitos Humanos da Mulher. 2. ed. Santa Cruz do Sul: Essere nel Mondo, 2021. v. 1. 307p.<\/p>\n\n\n\n<p><strong>2.<a rel=\"noreferrer noopener\" href=\"http:\/\/lattes.cnpq.br\/5572639727515411\" target=\"_blank\">DUARTE, M\u00e1rcia Michele Garcia<\/a><\/strong>; PINHO, Humberto Dalla Bernardina de (Org.) ; PINTO, Adriano Moura da Fonseca Pinto (Org.) ; MARTIN, Nuria Belloso (Org.) . Estudos sobre media\u00e7\u00e3o: no Brasil e no exterior. 1. ed. Santa Cruz do Sul: Essere nel Mondo, 2020. v. 1. 260p.<\/p>\n\n\n\n<p><strong>3.<\/strong> <strong><a rel=\"noreferrer noopener\" href=\"http:\/\/lattes.cnpq.br\/5572639727515411\" target=\"_blank\">DUARTE, M\u00e1rcia Michele Garcia<\/a><\/strong>. ARGUMENTA\u00c7\u00c3O PARTICIPATIVA: o encontro com a virtuosidade humana Motivos para o \u00eaxito da Justi\u00e7a Restaurativa no combate e preven\u00e7\u00e3o da Viol\u00eancia Dom\u00e9stica. 1. ed. Curitiba: Editora CRV, 2016. v. 1. 88p.<\/p>\n\n\n\n<p><strong>4.<\/strong> <strong><a rel=\"noreferrer noopener\" href=\"http:\/\/lattes.cnpq.br\/5572639727515411\" target=\"_blank\">DUARTE, M\u00e1rcia Michele Garcia<\/a><\/strong>. Tirania no Pr\u00f3prio Ninho: viol\u00eancia dom\u00e9stica e Direitos Humanos da Mulher. 1. ed. Santa Cruz do Sul\/RS: Essere nel Mondo, 2016. v. 1. 300p . <\/p>\n\n\n\n<ul class=\"wp-block-list\"><li><strong>Cap\u00edtulos de livros publicados<\/strong><\/li><\/ul>\n\n\n\n<p><strong>1. <a rel=\"noreferrer noopener\" href=\"http:\/\/lattes.cnpq.br\/5572639727515411\" target=\"_blank\">DUARTE, M\u00e1rcia Michele Garcia<\/a><\/strong>. O PAPEL SOCIAL DO ADVOGADO NO PRIMADO DA MEDIA\u00c7\u00c3O E A ARGUMENTA\u00c7\u00c3O PARTICIPATIVA. In: Adriano Moura da Fonseca Pinto, Humberto Dalla Bernardina de Pinho, M\u00c1RCIA MICHELE GARCIA DUARTE, Nuria Belloso Mart\u00edn. (Org.). Estudos sobre media\u00e7\u00e3o: no Brasil e no exterior. 1ed.Santa Cruz do Sul: Essere nel Mondo, 2020, v. 1, p. 194-211.<br><\/p>\n\n\n\n<p><strong>2. <a rel=\"noreferrer noopener\" href=\"http:\/\/lattes.cnpq.br\/5572639727515411\" target=\"_blank\">DUARTE, M\u00e1rcia Michele Garcia<\/a><\/strong>. Processo. In: Humberto Dalla Bernardina de Pinho; Ant\u00f4nio Pereira Gaio J\u00fanior. (Org.). TEORIA GERAL DO PROCESSO CIVIL: NOVOS PARADIGMAS FRENTE AO CPC\/2015-2018-BRASIL. 1ed.Rio de Janeiro: LMJ Mundo Jur\u00eddico &#8211; GZ Editora, 2018, v. 1, p. 79-102.<br><\/p>\n\n\n\n<p><strong>3. <a rel=\"noreferrer noopener\" href=\"http:\/\/lattes.cnpq.br\/5572639727515411\" target=\"_blank\">DUARTE, M\u00e1rcia Michele Garcia<\/a><\/strong>. A Coisa Julgada H\u00edbrida na Decis\u00e3o Parcial de M\u00e9rito e a Teoria Geral dos Recursos: reflex\u00f5es sob a exegese da moderna concep\u00e7\u00e3o de processo justo.. In: Aluisio Gon\u00e7alves de Castro Mendes; Jos\u00e9 Roberto dos Santos Bedaque; Paulo C\u00e9zar Pinheiro Carneiro. (Org.). O NOVO PROCESSO CIVIL BRASILEIRO: Temas Relevantes &#8211; Estudos em homenagem ao Professor, Jurista e Ministro LUIZ FUX. 1ed.Rio de Janeiro: LMJ Mundo Jur\u00eddico &#8211; GZ Editora, 2018, v. 2, p. 167-187.<br><\/p>\n\n\n\n<p><strong>4. <a rel=\"noreferrer noopener\" href=\"http:\/\/lattes.cnpq.br\/5572639727515411\" target=\"_blank\">DUARTE, M\u00e1rcia Michele Garcia<\/a><\/strong>. IMPROCED\u00caNCIA LIMINAR DO PEDIDO E CONTRADIT\u00d3RIO COLABORATIVO TELEOL\u00d3GICO: REFLEX\u00d5ES A PARTIR CONCEP\u00c7\u00c3O DO ACESSO EFETIVO \u00c0 JUSTI\u00c7A. In: Jos\u00e9 Roberto Sotero de Mello Porto; Roberto de Arag\u00e3o Ribeiro Rodrigues. (Org.). DIREITO PROCESSUAL CONTEMPOR\u00c2NEO &#8211; ESTUDOS EM HOMENAGEM A HUMBERTO DALLA BERNARDINA DE PINHO. 1ed.Rio de Janeiro: LMJ Mundo Jur\u00eddico &#8211; GZ Editora, 2018, v. 1, p. 349-362.<br><\/p>\n\n\n\n<p><strong>5. <a rel=\"noreferrer noopener\" href=\"http:\/\/lattes.cnpq.br\/5572639727515411\" target=\"_blank\">DUARTE, M\u00e1rcia Michele Garcia<\/a><\/strong>; PINHO, Humberto Dalla Bernardina de ; JARCZUN, Juliana ; MUNOZ, Helena Soleto ; MORGADO, Helena Zani ; QUEIROZ, Pedro Gomes de . A INFLU\u00caNCIA DO NOVO C\u00d3DIGO DE PROCESSO CIVIL E DA LEI DE MEDIA\u00c7\u00c3O NOS JUIZADOS ESPECIAIS CRIMINAIS: A JUSTI\u00c7A RESTAURATIVA, A MEDIA\u00c7\u00c3O PENAL E A RESOLU\u00c7\u00c3O N\u00b0 225, DE 31 DE MAIO DE 2016, DO CONSELHO NACIONAL DE JUSTI\u00c7A. In: Humberto Dalla Bernardina de Pinho; Julliana Jarczun. (Org.). O PROTAGONISMO DAS PARTES NA SOLU\u00c7\u00c3O DOS CONFLITOS A PARTIR DO C\u00d3DIGO DE PROCESSO CIVIL DE 2015 E OS IMPACTOS DA NOVA SISTEM\u00c1TICA NA LEI DOS JUIZADOS ESPECIAIS C\u00cdVEIS E CRIMINAIS. 1ed.Santa Cruz do Sul: Essere nel Mondo, 2016, v. 1, p. 122-149. <\/p>\n\n\n\n<hr class=\"wp-block-separator\" \/>\n\n\n\n<p class=\"has-text-color has-medium-font-size has-vivid-red-color\">           <strong> *    Dr Marco Aur\u00e9lio Lagreca Casamasso<\/strong><\/p>\n\n\n\n<ul class=\"wp-block-list\"><li><strong>Artigos completos publicados em peri\u00f3dicos<\/strong><\/li><\/ul>\n\n\n\n<p> <strong>1. <a rel=\"noreferrer noopener\" href=\"http:\/\/lattes.cnpq.br\/0912676774902046\" target=\"_blank\">CASAMASSO, M. A. L.<\/a><\/strong>. Constitui\u00e7\u00e3o versus cidadania: ambiguidades e antagonismos no constitucionalismo norte-americano. REVISTA CULTURAS JUR\u00cdDICAS, v. 6, p. 191-219, 2019.<\/p>\n\n\n\n<ul class=\"wp-block-list\"><li><strong>Livros publicados\/organizados ou edi\u00e7\u00f5es<\/strong><\/li><\/ul>\n\n\n\n<p><strong>1. <\/strong>AVILA, M. L. ;&nbsp;<strong><a href=\"http:\/\/lattes.cnpq.br\/0912676774902046\" target=\"_blank\" rel=\"noreferrer noopener\">CASAMASSO,\nM. A. L.<\/a><\/strong>&nbsp;. Direito Constitucional Tribut\u00e1rio na\nAm\u00e9rica Latina. 1. ed. Rio de Janeiro: Processo, 2020. v. 1. 186p.<\/p>\n\n\n\n<p><strong>2. <a href=\"http:\/\/lattes.cnpq.br\/0912676774902046\" target=\"_blank\" rel=\"noreferrer noopener\">CASAMASSO,\nM. A. L.<\/a><\/strong>. Estado laico &#8211; Fundamentos e\ndimens\u00f5es no horizonte democr\u00e1tico. 201. ed. Rio de Janeiro: Editora Processo,\n2018. v. 1. 197p.<\/p>\n\n\n\n<p><strong>3. <a href=\"http:\/\/lattes.cnpq.br\/0912676774902046\" target=\"_blank\" rel=\"noreferrer noopener\">CASAMASSO,\nM. A. L.<\/a><\/strong>. Maquiavel e raz\u00e3o de Estado:\nelementos da supremacia pol\u00edtica. 1. ed. Curitiba: CRV, 2016. 134p.<\/p>\n\n\n\n<ul class=\"wp-block-list\"><li><strong>Cap\u00edtulos de livros publicados<\/strong><\/li><\/ul>\n\n\n\n<p><strong>1. <a href=\"http:\/\/lattes.cnpq.br\/0912676774902046\" target=\"_blank\" rel=\"noreferrer noopener\">CASAMASSO, M. A. L.<\/a><\/strong>. Locke e Montesquieu: o poder executivo entre limita\u00e7\u00e3o e\ngovernabilidade. In: Luro Joppert Swensson Jr.; Leonardo Schmitt de Bem;\nRicardo Guilherme Corr\u00eaa Silva. (Org.). Estudos de Diretito p\u00fablico: aspectos\nconstitucionais contempor\u00e2neos. 1\u00aaed.Belo Horizonte: D&#8217;Pl\u00e1cido, 2018, v. II, p.\n37-40.<\/p>\n\n\n\n<p><strong>2. <a href=\"http:\/\/lattes.cnpq.br\/0912676774902046\" target=\"_blank\" rel=\"noreferrer noopener\">CASAMASSO,\nM. A. L.<\/a><\/strong>. A Declara\u00e7\u00e3o dos Direitos do\nHomem e do Cidad\u00e3o de 1789: tr\u00eas mensagens univerrsais. Estudos de direito\nP\u00fablico: aspectos constitucionais contempor\u00e2neos. 1\u00aaed.Belo Horizonte: D&#8217;Pl\u00e1cido,\n2018, v. II, p. 157-161.<\/p>\n\n\n\n<p><strong>3. <a href=\"http:\/\/lattes.cnpq.br\/0912676774902046\" target=\"_blank\" rel=\"noreferrer noopener\">CASAMASSO,\nM. A. L.<\/a><\/strong>; ALVES, C. M. B. B. C. C. .\nTornar-se na\u00e7\u00e3o: Constitui\u00e7\u00e3o, povo, terra e ecologia em Alberto Torres. Meio\nAmbiente perspectivas jur\u00eddicas: do nacional ao global. 1\u00aaed.Belo Horizonte:\nArraes Editore, 2018, v. II, p. 72-84.<\/p>\n\n\n\n<p><strong>4. <\/strong>ROSA, Waleska Marcy ;&nbsp;<strong><a rel=\"noreferrer noopener\" href=\"http:\/\/lattes.cnpq.br\/0912676774902046\" target=\"_blank\">CASAMASSO, M. A. L.<\/a><\/strong>&nbsp;; REIS, L. F. . Expans\u00e3o do direito \u00e0 sa\u00fade: determina\u00e7\u00e3o judicial de entrega de materiais destinados \u00e0 higiene. In: VIEIRA, J. R.; CAMARGO, M. M. L.,; SGANZERLA, R. B. (Org.). Direitos fundamentais e jurisdi\u00e7\u00e3o constitucional. 1ed.Belo Horizonte: F\u00f3rum, 2017, v. , p. 209-226.<\/p>\n\n\n\n<p><strong>5. <\/strong>ALVES, C. M. B. B. C. C. ;&nbsp;<strong><a rel=\"noreferrer noopener\" href=\"http:\/\/lattes.cnpq.br\/0912676774902046\" target=\"_blank\">CASAMASSO, M. A. L.<\/a><\/strong>&nbsp;. Tornar-se Na\u00e7\u00e3o: Constitui\u00e7\u00e3o, Povo, Terra e Ecologia em Alberto Torres. In: MELLO, Cleyson; NUNES, Claudia Ribeiro Pereira; SILVA, Leonardo Rabelo de Mattos. (Org.). Arno Wehling Hist\u00f3ria, Direito e Filosofia. 1ed.Juiz de Fora: Editar Editora Associada, 2017, v. , p. 165-178.<\/p>\n\n\n\n<p><strong>6. <a rel=\"noreferrer noopener\" href=\"http:\/\/lattes.cnpq.br\/0912676774902046\" target=\"_blank\">CASAMASSO, M. A. L.<\/a><\/strong>. Limita\u00e7\u00e3o e governabilidade: breves considera\u00e7\u00f5es acerca da ambival\u00eancia do poder executivo. In: VAL, Eduardo et al.. (Org.). Atualidade do Direito P\u00fablico. 1ed.Rio de Janeiro: Multifoco, 2017, v. , p. 263-287.<\/p>\n\n\n\n<hr class=\"wp-block-separator\" \/>\n\n\n\n<p class=\"has-text-color has-medium-font-size has-vivid-red-color\">       <strong>   *    Dr Nilton Cesar Da Silva Flores<\/strong><\/p>\n\n\n\n<ul class=\"wp-block-list\"><li><strong>Artigos completos publicados em peri\u00f3dicos<\/strong><\/li><\/ul>\n\n\n\n<p><strong>1. <a href=\"http:\/\/lattes.cnpq.br\/3117109270183205\" target=\"_blank\" rel=\"noreferrer noopener\">FLORES, NILTON\nCESAR DA SILVA<\/a><\/strong>; SANTOS, RAPHAEL DE\nSOUZA ALMEIDA . DIREITO E INTELIG\u00caNCIA ARTIFICIAL. DIREITO E JUSTI\u00c7A: REFLEX\u00d5ES\nSOCIOJUR\u00cdDICAS, v. 21, p. 99-113, 2021.<\/p>\n\n\n\n<p><strong>2.\n<a href=\"http:\/\/lattes.cnpq.br\/3117109270183205\" target=\"_blank\" rel=\"noreferrer noopener\">FLORES, N. C. S.<\/a><\/strong>; CHAVES, V. F. . Uso excesivo de los acuerdos extrajudiciales\npor parte de la Comisi\u00f3n de Bolsa y Valores de Brasil.\nhttps:\/\/doi.org\/10.22395\/ojum.v18n37a12, v. 18, p. 285-305, 2019.<\/p>\n\n\n\n<p><strong>3.\n<a href=\"http:\/\/lattes.cnpq.br\/3117109270183205\" target=\"_blank\" rel=\"noreferrer noopener\">FLORES, N. C. S.<\/a><\/strong>; MARTINEZ, T. . A Cultura das m\u00eddias sociais e os limites\nmorais do mercado. REVISTA BRASILEIRA DE DIREITO IMED, v. 15, p. 212-231, 2019.<\/p>\n\n\n\n<p><strong>4.\n<\/strong>MELO, IN\u00caS DA TRINDADE CHAVES DE ;&nbsp;<strong>FLORES, NILTON CESAR DA SILVA<\/strong>&nbsp;. A EXTRADI\u00c7\u00c3O \u00c0 LUZ\nDOS PRINC\u00cdPIOS DE COOPERA\u00c7\u00c3O JUR\u00cdDICA INTERNACIONAL PREVISTOS NO NOVO CPC.\nREVISTA INTERNACIONAL CONSINTER DE DIREITO, v. 9, p. 711-726, 2019.<\/p>\n\n\n\n<p><strong>5.\n<\/strong>CHAVES, VINICIUS FIGUEIREDO ;&nbsp;<strong>FLORES, NILTON C\u00c9SAR DA SILVA<\/strong>&nbsp;; SANTOS, ROBERTA\nMARIA COSTA . Relate ou Explique: o Papel Indutor da Sustentabilidade\nEmpresarial pela Institui\u00e7\u00e3o Administradora do Mercado de Valores Mobili\u00e1rios\nBrasileiro. REVISTA INTERNACIONAL CONSINTER DE DIREITO, v. 7, p. 439-454, 2018.<\/p>\n\n\n\n<p><strong>6.\n<\/strong>FIGUEIREDO CHAVES, VINICIUS ;&nbsp;<strong>FLORES, NILTON CESAR DA SILVA<\/strong>&nbsp;. Possibilidades e\nlimites no aproveitamento dos crit\u00e9rios econ\u00f4micos na aprecia\u00e7\u00e3o e justifica\u00e7\u00e3o\nde escolhas normativas. REVISTA BRASILEIRA DE DIREITO IMED, v. 14, p. 131,\n2018.<\/p>\n\n\n\n<p><strong>7. <a href=\"http:\/\/lattes.cnpq.br\/3117109270183205\" target=\"_blank\" rel=\"noreferrer noopener\">FLORES, NILTON C\u00c9SAR DA SILVA<\/a><\/strong>; DRUMOND, S. L. G. ; MORAIS, F. S. . A EQUIPARA\u00c7\u00c3O DA PESSOA\nCOM DOEN\u00c7A CR\u00d4NICA \u00c0 PESSOA COM DEFICI\u00caNCIA. ARGUMENTA (FUNDINOPI), v. 28, p.\n183-216, 2018.<\/p>\n\n\n\n<p><strong>8.\n<a href=\"http:\/\/lattes.cnpq.br\/3117109270183205\" target=\"_blank\" rel=\"noreferrer noopener\">FLORES, N. C. S.<\/a><\/strong>; CORREA, A. B. G. . as investiga\u00e7\u00f5es em biotecnologia e suas\nimplica\u00e7\u00f5es para o direito. REVISTA BRASILEIRA DE DIREITO IMED, v. 13, p. 1,\n2017.<\/p>\n\n\n\n<p><strong>9.<\/strong> &nbsp;CHAVES, V. F. ;&nbsp;<strong>FLORES, N. C. S.<\/strong>&nbsp;. SUSTENTABILIDADE EMPRESARIAL\n:AN\u00c1LISE COMPARATIVA DA DISCIPLINA JUR\u00cdDICA DOS INFORMES N\u00c3O FINANCEIROS\n(BRASIL E UNI\u00c3O EUROP\u00c9IA). Revista Opini\u00e3o Jur\u00eddica (Fortaleza), v. 18, p.\n267-288, 2016.<\/p>\n\n\n\n<p><strong>10.\n<a href=\"http:\/\/lattes.cnpq.br\/3117109270183205\" target=\"_blank\" rel=\"noreferrer noopener\">Flores, Nilton Cesar<\/a><\/strong>; TERRIBILE, DANIELE REGINA . Meio ambiente de trabalho\nsustent\u00c3\u00a1vel na constru\u00c3\u00a7\u00c3\u00a3o civil: a interface risco e direito a s\u00c3\u00a1ude.\nRevista do Direito P\u00fablico (Londrina), v. 11, p. 41-60, 2016.<\/p>\n\n\n\n<p><strong>11.\n<a href=\"http:\/\/lattes.cnpq.br\/3117109270183205\" target=\"_blank\" rel=\"noreferrer noopener\">Flores, Nilton Cesar<\/a><\/strong>; TERRIBILE, DANIELE REGINA . MEIO AMBIENTE E TRABALHO: POR UMA\n\u00c9TICA OCUPACIONAL SUSTENT\u00c1VEL. Novos Estudos Jur\u00eddicos (UNIVALI), v. 21, p.\n691-717, 2016.<\/p>\n\n\n\n<p><strong>12.\n<a href=\"http:\/\/lattes.cnpq.br\/3117109270183205\" target=\"_blank\" rel=\"noreferrer noopener\">Nilton cesar Flores<\/a><\/strong>; COPATTI, L. C. . Sociedade em Rede e democracia:reflex\u00f5es\nacerca das mobiliza\u00e7\u00f5es sociais ocorridas no Brasil em 2013. Revista da\nFaculdade de Direito da UERJ, v. 30, p. 196-217, 2016.<\/p>\n\n\n\n<ul class=\"wp-block-list\"><li><strong>Livros publicados\/organizados ou edi\u00e7\u00f5es<\/strong><\/li><\/ul>\n\n\n\n<p><strong>1. <\/strong><strong><a href=\"http:\/\/lattes.cnpq.br\/3117109270183205\" target=\"_blank\" rel=\"noreferrer noopener\">FLORES, N. C. S.<\/a><\/strong>; DRUMOND, S. L. G. (Org.) . Efetividade do Direito de Igualdade do Deficiente: assimetrias\nnas pol\u00edticas publicas. 2. ed. Curitiba: Jurua Internacional, 2016. v. II. 20p\n.<\/p>\n\n\n\n<ul class=\"wp-block-list\"><li><strong>Cap\u00edtulos de livros publicados<\/strong><\/li><\/ul>\n\n\n\n<p><strong>1. <\/strong>DRUMOND, S. L. G. ;&nbsp;<strong>FLORES, N. C. S.<\/strong>&nbsp;.\nA Teoria da Justi\u00e7a de John Rawls e sua aplicabilidade ao deficiente. In:\nVicente Barreto; expidi\u00f3 Paiva Luz Segundo. (Org.). Teoria da Justi\u00e7a. 1ed.: ,\n2017, v. 1, p. 379-411.<\/p>\n\n\n\n<p><strong>2. <a rel=\"noreferrer noopener\" href=\"http:\/\/lattes.cnpq.br\/3117109270183205\" target=\"_blank\">FLORES, N. C. S.<\/a><\/strong>; SANTOS, A. R. . Neoconstitucionalismo e o meio ambiente no Brasil. In: Carlos Eduardo Adriano Japiassu; Fabio Correa Souza de Oliveira. (Org.). Direito Publico e Evolu\u00e7\u00e3o Social Reflexoes a partir do mestrado interdisciplinar FG\/UNESA. 1ed.Rio de Janeiro: Lumen Juris, 2016, v. 1, p. 233-248.<\/p>\n\n\n\n<p><strong>3. <\/strong>DRUMOND, S. L. G. ;&nbsp;<strong>FLORES, N. C. S.<\/strong>&nbsp;. Efetividade do Direito de Igualdade do Deficiente Fisico: assimetrias nas pol\u00edticas publicas. In: Wagner balera. (Org.). Efetividade do Direito de Igualdade do Deficiente Fisico: assimetrias nas pol\u00edticas publicas. 2ed.Curitiba: Jurua Internacional, 2016, v. 2, p. 20-35. <\/p>\n\n\n\n<hr class=\"wp-block-separator\" \/>\n\n\n\n<p class=\"has-text-color has-medium-font-size has-vivid-red-color\">       <strong>   *    Dr  Pl\u00ednio Lacerda Martins<\/strong><\/p>\n\n\n\n<ul class=\"wp-block-list\"><li><strong>Artigos completos publicados em peri\u00f3dicos<\/strong><\/li><\/ul>\n\n\n\n<p><strong>1. <a rel=\"noreferrer noopener\" href=\"http:\/\/lattes.cnpq.br\/1643533929253579\" target=\"_blank\">MARTINS, Pl\u00ednio Lacerda<\/a><\/strong>; MADEIRA, J. P. ;\u00a0<a rel=\"noreferrer noopener\" href=\"http:\/\/lattes.cnpq.br\/8390536693070083\" target=\"_blank\">RAMADA, P. C. P.<\/a>\u00a0. A INTERRUP\u00c7\u00c3O DOS SERVI\u00c7OS ESSENCIAIS POR INADIMPLEMENTO DURANTE A PANDEMIA NA LEGISLA\u00c7\u00c3O DA ALEMANHA E DO C\u00d3DIGO DEFESA DO CONSUMIDOR. REVISTA DE DIREITO DO CONSUMIDOR, v. 125, p. 258-262, 2022.<\/p>\n\n\n\n<p><strong>2. <a rel=\"noreferrer noopener\" href=\"http:\/\/lattes.cnpq.br\/1643533929253579\" target=\"_blank\">MARTINS, Pl\u00ednio Lacerda<\/a><\/strong>; MONACO, R. O. . QUEM COM CREDITO FERE, NO CREDITO SER\u00c1 FERIDO: POR UMA ANALISE JUR\u00cdDICA E ECON\u00d3MICA DO SUPERENDIVIDAMENTO. REVISTA DE DIREITO DO CONSUMIDOR, v. 141, p. 41-71, 2022.<\/p>\n\n\n\n<p><strong>3. <a rel=\"noreferrer noopener\" href=\"http:\/\/lattes.cnpq.br\/1643533929253579\" target=\"_blank\">MARTINS, Pl\u00ednio Lacerda<\/a><\/strong>; MONACO, R. O. . QUEM COM CREDITO FERE, NO CREDITO SER\u00c1 FERIDO: POR UMA ANALISE JUR\u00cdDICA E ECON\u00d3MICA DO SUPERENDIVIDAMENTO. REVISTA DE DIREITO DO CONSUMIDOR, v. 141, p. 41-71, 2022. <\/p>\n\n\n\n<p><strong>4. <a rel=\"noreferrer noopener\" href=\"http:\/\/lattes.cnpq.br\/1643533929253579\" target=\"_blank\">MARTINS, Pl\u00ednio Lacerda<\/a><\/strong>; MARTINS, Guilherme Magalhaes ;\u00a0<a rel=\"noreferrer noopener\" href=\"http:\/\/lattes.cnpq.br\/0094941908335032\" target=\"_blank\">TOSTES, Eduardo Chow Martins.<\/a>\u00a0. PROTE\u00c7\u00c3O DOS DADOS PESSOAIS NO BRASIL: A NECESSIDADE DE ESPECIALIZA\u00c7\u00c3O DOS \u00d3RG\u00c3OS INDEPENDENTES DE DEFESA DO CONSUMIDOR PARA UMA ATUA\u00c7\u00c3O EFICIENTE. REVISTA DE DIREITO DO CONSUMIDOR, v. 134\/2021, p. 137-173, 2021.<\/p>\n\n\n\n<p><strong>5. <a rel=\"noreferrer noopener\" href=\"http:\/\/lattes.cnpq.br\/1643533929253579\" target=\"_blank\">MARTINS, Pl\u00ednio Lacerda<\/a><\/strong>;\u00a0<a rel=\"noreferrer noopener\" href=\"http:\/\/lattes.cnpq.br\/2154830176193725\" target=\"_blank\">SANTIAGO, ALEX FERNANDES<\/a>\u00a0. APONTAMENTOS SOBRE HIPERCONSUMO E LAVAGEM VERDE NA PUBLICIDADDE EMPRESARIAL. REVISTA DO MINIST\u00c9RIO P\u00daBLICO (RIO GRANDE DO SUL), v. 89, p. 71-91, 2021.<\/p>\n\n\n\n<p><strong>6. <a rel=\"noreferrer noopener\" href=\"http:\/\/lattes.cnpq.br\/1643533929253579\" target=\"_blank\">MARTINS, Pl\u00ednio Lacerda<\/a><\/strong>;\u00a0<a rel=\"noreferrer noopener\" href=\"http:\/\/lattes.cnpq.br\/2154830176193725\" target=\"_blank\">SANTIAGO, ALEX FERNANDES<\/a>\u00a0; SANTIAGO, A. F. . TEORIA DOS SISTEMAS: A DUPLA CONTIGENCIA COMO FUNDAMENTO DA RESPONSABILIDADE PENAL EMPRESARIAL AMBIENTAL. REVISTA DE DIREITO AMBIENTAL, v. 103, p. 47-88, 2021.<\/p>\n\n\n\n<p><strong>7. <a rel=\"noreferrer noopener\" href=\"http:\/\/lattes.cnpq.br\/1643533929253579\" target=\"_blank\">MARTINS, Pl\u00ednio Lacerda<\/a><\/strong>;\u00a0<a rel=\"noreferrer noopener\" href=\"http:\/\/lattes.cnpq.br\/1343248487307338\" target=\"_blank\">MORAIS, P. H. P.<\/a>\u00a0. Os efeitos do coronav\u00edrus (covid-19) nos contratos. CONFLU\u00caNCIAS (NITER\u00d3I), v. 22, p. 260-278, 2020.<\/p>\n\n\n\n<p><strong>8. <\/strong>NASCIMENTO, J. R. T. ;\u00a0<strong><a rel=\"noreferrer noopener\" href=\"http:\/\/lattes.cnpq.br\/1643533929253579\" target=\"_blank\">MARTINS, Pl\u00ednio Lacerda<\/a><\/strong>\u00a0. Transportes Aut\u00f4nomos como Paradigma da Economia Circular. REVISTA DA EMERJ, v. 22, p. 249-317, 2020.<\/p>\n\n\n\n<p><strong>9. <\/strong>NASCIMENTO, J. R. T. ;\u00a0<strong><a rel=\"noreferrer noopener\" href=\"http:\/\/lattes.cnpq.br\/1643533929253579\" target=\"_blank\">MARTINS, Pl\u00ednio Lacerda<\/a><\/strong>\u00a0. Transportes Aut\u00f4nomos como Paradigma da Economia Circular. REVISTA DA EMERJ, v. 22, p. 249-317, 2020.<\/p>\n\n\n\n<p><strong>10. <\/strong>Martins, Pl\u00ednio Lacerda ;\u00a0<strong><a rel=\"noreferrer noopener\" href=\"http:\/\/lattes.cnpq.br\/1643533929253579\" target=\"_blank\">MARTINS, Pl\u00ednio Lacerda<\/a><\/strong>\u00a0;\u00a0<a rel=\"noreferrer noopener\" href=\"http:\/\/lattes.cnpq.br\/5383616048235936\" target=\"_blank\">BINICHESKI, P. R.<\/a>\u00a0;\u00a0<a rel=\"noreferrer noopener\" href=\"http:\/\/lattes.cnpq.br\/4365336507069113\" target=\"_blank\">NEVES, E. A.<\/a>\u00a0. Responsabilidade civil do poder p\u00fablico e das prestadoras pelos danos aos veiculo dos consumidores estacionados em via p\u00fablica. REVISTA DE DIREITO DO CONSUMIDOR, v. 116, p. 507-513, 2018.<\/p>\n\n\n\n<p><strong>11. <\/strong>Martins, Pl\u00ednio Lacerda ;\u00a0<a rel=\"noreferrer noopener\" href=\"http:\/\/lattes.cnpq.br\/1643533929253579\" target=\"_blank\">MARTINS, Plinio Lacerda<\/a>\u00a0; MORAIS, Pedro Henrique de Paula ;\u00a0<a rel=\"noreferrer noopener\" href=\"http:\/\/lattes.cnpq.br\/8390536693070083\" target=\"_blank\">RAMADA, P. C. P.<\/a>\u00a0;\u00a0<strong><a rel=\"noreferrer noopener\" href=\"http:\/\/lattes.cnpq.br\/1643533929253579\" target=\"_blank\">MARTINS, Pl\u00ednio Lacerda<\/a><\/strong>\u00a0. O DECAIMENTO DAS ARRAS NO CONTRATO DE COMPRA E VENDA PELO CONSUMIDOR. \u00c2mbito Jur\u00eddico, v. 155, p. 1-5, 2017.<\/p>\n\n\n\n<p><strong>12. <\/strong>Martins, Pl\u00ednio Lacerda ;\u00a0<a rel=\"noreferrer noopener\" href=\"http:\/\/lattes.cnpq.br\/1643533929253579\" target=\"_blank\">MARTINS, Plinio Lacerda<\/a>\u00a0;\u00a0<strong><a rel=\"noreferrer noopener\" href=\"http:\/\/lattes.cnpq.br\/1643533929253579\" target=\"_blank\">MARTINS, Pl\u00ednio Lacerda<\/a><\/strong>\u00a0; ALMEIDA, Luiz Eduardo de . Cidadania ativa na outorga de concess\u00e3o de servi\u00e7o p\u00fablico. Revista da Faculdade de Direito da Universidade Federal do Rio Grande do Sul, v. 35, p. 85-98, 2017.<\/p>\n\n\n\n<p><strong>13. <\/strong><a rel=\"noreferrer noopener\" href=\"http:\/\/lattes.cnpq.br\/4365336507069113\" target=\"_blank\">NEVES, E. A.<\/a>\u00a0; Martins, Pl\u00ednio Lacerda ;\u00a0<a rel=\"noreferrer noopener\" href=\"http:\/\/lattes.cnpq.br\/1643533929253579\" target=\"_blank\">MARTINS, Plinio Lacerda<\/a>\u00a0;\u00a0<a rel=\"noreferrer noopener\" href=\"http:\/\/lattes.cnpq.br\/8390536693070083\" target=\"_blank\">RAMADA, P. C. P.<\/a>\u00a0;\u00a0<strong><a rel=\"noreferrer noopener\" href=\"http:\/\/lattes.cnpq.br\/1643533929253579\" target=\"_blank\">MARTINS, Pl\u00ednio Lacerda<\/a><\/strong>\u00a0. RESPONSABILIDADE CIVIL DO TRANSPORTADOR DECORRENTE DO MOVIMENTO SOCIAL DOS TRABALHADORES DO TRANSPORTE COLETIVO. Cadernos de Resumos, v. 1, p. 75-87, 2017.<\/p>\n\n\n\n<p><strong>14. <\/strong>LIMA, M. C. S. ;\u00a0<a rel=\"noreferrer noopener\" href=\"http:\/\/lattes.cnpq.br\/1643533929253579\" target=\"_blank\">MARTINS, Plinio Lacerda<\/a>\u00a0;\u00a0<strong><a rel=\"noreferrer noopener\" href=\"http:\/\/lattes.cnpq.br\/1643533929253579\" target=\"_blank\">MARTINS, Pl\u00ednio Lacerda<\/a><\/strong>\u00a0;\u00a0<a rel=\"noreferrer noopener\" href=\"http:\/\/lattes.cnpq.br\/1343248487307338\" target=\"_blank\">MORAIS, P. H. P.<\/a>\u00a0. O DANO MORAL CONTRATUAL E O DANO SOCIAL. Cadernos de Resumos, v. 1, p. 118-139, 2017.<\/p>\n\n\n\n<p><strong>15. <\/strong>Martins, Pl\u00ednio Lacerda ;\u00a0<strong><a rel=\"noreferrer noopener\" href=\"http:\/\/lattes.cnpq.br\/1643533929253579\" target=\"_blank\">MARTINS, Pl\u00ednio Lacerda<\/a><\/strong>\u00a0;\u00a0<a rel=\"noreferrer noopener\" href=\"http:\/\/lattes.cnpq.br\/8390536693070083\" target=\"_blank\">RAMADA, P. C. P.<\/a>\u00a0; MORAIS, Pedro Henrique de Paula . A abusividade na suspens\u00e3o do servi\u00e7o de internet m\u00f3vel ap\u00f3s o atingimento da franquia a luz do C\u00f3digo de Defesa do Consumidor na Sociedade de Informa\u00e7\u00e3o. \u00c2mbito Jur\u00eddico, v. n\u00ba 145, p. 1-8, 2016.<\/p>\n\n\n\n<p><strong>16. <\/strong><a rel=\"noreferrer noopener\" href=\"http:\/\/lattes.cnpq.br\/1643533929253579\" target=\"_blank\">MARTINS, Plinio Lacerda<\/a>\u00a0;\u00a0<strong><a rel=\"noreferrer noopener\" href=\"http:\/\/lattes.cnpq.br\/1643533929253579\" target=\"_blank\">MARTINS, Pl\u00ednio Lacerda<\/a><\/strong>\u00a0; Martins, Pl\u00ednio Lacerda ;\u00a0<a rel=\"noreferrer noopener\" href=\"http:\/\/lattes.cnpq.br\/0577067505730211\" target=\"_blank\">MARTINS, Felipe Lacerda Moura<\/a>\u00a0. O \u00f4nus do fornecedor quanto ao encaminhamento do produto com v\u00edcio para conserto na modernidade reflexiva. Revista de Direito do Consumidor, v. 102, p. 387-410, 2016.<\/p>\n\n\n\n<ul class=\"wp-block-list\"><li><strong>Livros publicados\/organizados ou edi\u00e7\u00f5es<\/strong><\/li><\/ul>\n\n\n\n<p><strong>1. <a rel=\"noreferrer noopener\" href=\"http:\/\/lattes.cnpq.br\/1643533929253579\" target=\"_blank\">MARTINS, Pl\u00ednio Lacerda<\/a><\/strong>;\u00a0<a rel=\"noreferrer noopener\" href=\"http:\/\/lattes.cnpq.br\/5917601881107862\" target=\"_blank\">PAUSEIRO, S. G.<\/a>\u00a0(Org.) . o I Seminario Nacional de Pesquisa sobre tratamento automatizado de dados pela inteligencia artificial,. 1. ed. Rio de Janeiro: IDPP DO BRASIL, 2022. v. 1. 1p .<\/p>\n\n\n\n<p><strong>2. <a rel=\"noreferrer noopener\" href=\"http:\/\/lattes.cnpq.br\/1643533929253579\" target=\"_blank\">MARTINS, Pl\u00ednio Lacerda<\/a><\/strong>; LIMA, M. C. S. ; FILARDI, M. R. M. G. . DIREITO, PESQUISA E SOCIEDADE. 2. ed. RIO DE JANEIRO: LUMEN JURIS, 2022. v. 1. 532p.<\/p>\n\n\n\n<p><strong>3. <a rel=\"noreferrer noopener\" href=\"http:\/\/lattes.cnpq.br\/1643533929253579\" target=\"_blank\">MARTINS, Pl\u00ednio Lacerda<\/a><\/strong>;\u00a0<a rel=\"noreferrer noopener\" href=\"http:\/\/lattes.cnpq.br\/5917601881107862\" target=\"_blank\">PAUSEIRO, S. G.<\/a>\u00a0. DADOS PESSOAIS E INTELIGENCIA ARTIFICIAL. 1. ed. RIO DE JANEIRO: IDPP, 2022. v. 1. 218p.<\/p>\n\n\n\n<p><strong>4. <a rel=\"noreferrer noopener\" href=\"http:\/\/lattes.cnpq.br\/1643533929253579\" target=\"_blank\">MARTINS, Pl\u00ednio Lacerda<\/a><\/strong>; MONACO, R. O. . Direito do consumidor na sociedade da informa\u00e7\u00e3o. 1. ed. SAO PAULO: EDITORA FOCO, 2022. v. 1. 227p <\/p>\n\n\n\n<p><strong>5. <\/strong><a rel=\"noreferrer noopener\" href=\"http:\/\/lattes.cnpq.br\/0158080791909948\" target=\"_blank\">PIES, T.<\/a>\u00a0;\u00a0<a rel=\"noreferrer noopener\" href=\"http:\/\/lattes.cnpq.br\/0397361735400972\" target=\"_blank\">PAIVA, M. C. M.<\/a>\u00a0;\u00a0<strong><a rel=\"noreferrer noopener\" href=\"http:\/\/lattes.cnpq.br\/1643533929253579\" target=\"_blank\">MARTINS, Pl\u00ednio Lacerda<\/a><\/strong>\u00a0;\u00a0<a rel=\"noreferrer noopener\" href=\"http:\/\/lattes.cnpq.br\/8390536693070083\" target=\"_blank\">RAMADA, P. C. P.<\/a>\u00a0; OLIVEIRA, B. P. ; DAHER, L. E. S. L. T. ; DUQUE, R. G. ; AGUIAR, C. A. P. ; TORRES, I. M. ; LIMA, M. C. S. ;\u00a0<a rel=\"noreferrer noopener\" href=\"http:\/\/lattes.cnpq.br\/1343248487307338\" target=\"_blank\">MORAIS, P. H. P.<\/a>\u00a0;\u00a0<a rel=\"noreferrer noopener\" href=\"http:\/\/lattes.cnpq.br\/3050291575620786\" target=\"_blank\">CORREA, R. S. F.<\/a>\u00a0; SOUZA, S. O. ; REIS, W. S. . PROTE\u00c7\u00c3O DE DADOS ? Estudos do Grupo de Prote\u00e7\u00e3o de Dados Pessoais ? CNPq ? IDPP\/UFF. 1. ed. RIO DE JANEIRO: IDPP DO BRASIL, 2021. v. 1. 165p.<\/p>\n\n\n\n<p><strong>6. <a rel=\"noreferrer noopener\" href=\"http:\/\/lattes.cnpq.br\/1643533929253579\" target=\"_blank\">MARTINS, Pl\u00ednio Lacerda<\/a><\/strong>;\u00a0<a rel=\"noreferrer noopener\" href=\"http:\/\/lattes.cnpq.br\/8868222716115744\" target=\"_blank\">MARTINS, L. L. M.<\/a>\u00a0(Org.) . LEIS ESTADUAIS DE DEFESA DO CONSUMIDOR. 1. ed. RIO DE JANEIRO: IDPP DO BRASIL, 2021. v. 1. 36p.<\/p>\n\n\n\n<p><strong>7. <\/strong><a rel=\"noreferrer noopener\" href=\"http:\/\/lattes.cnpq.br\/8868222716115744\" target=\"_blank\">MARTINS, L. L. M.<\/a>\u00a0;\u00a0<strong><a rel=\"noreferrer noopener\" href=\"http:\/\/lattes.cnpq.br\/1643533929253579\" target=\"_blank\">MARTINS, Pl\u00ednio Lacerda<\/a><\/strong>\u00a0; DUQUE, R. G. ; DAHER, L. E. S. L. T. ; SOUZA, A. M. S. ; MACEDO, A. S. ; PEREIRA, M. S. ; GOMES, D. F. ; BARROS, M. B. A. ; NASCIMENTO, G. M. ; ALMEIDA, M. A. ; CAMELO, D. R. ; KIUCHI, G. C. ; INACIO, L. A. B. ; REIS, J. S. . Comentando a Lei Geral de Prote\u00e7\u00e3o de Dados Pessoais.. 1. ed. RIO DE JANEIRO: IDPP DO BRASIL, 2021. v. 1. 125p.<\/p>\n\n\n\n<p><strong>8. <a rel=\"noreferrer noopener\" href=\"http:\/\/lattes.cnpq.br\/1643533929253579\" target=\"_blank\">MARTINS, Pl\u00ednio Lacerda<\/a><\/strong>; LIMA, M. C. S. ;\u00a0<a rel=\"noreferrer noopener\" href=\"http:\/\/lattes.cnpq.br\/6071905480000840\" target=\"_blank\">MARTINS, G. M.<\/a>\u00a0. HERMENEUTICA JURIDICA: A RELA\u00c7\u00c3O JUR\u00cdDICA DE CONSUMO NA SOCIEDADE. 1. ed. NITEROI: UFF, 2020. v. 1. 141p .<\/p>\n\n\n\n<p><strong>9. <a rel=\"noreferrer noopener\" href=\"http:\/\/lattes.cnpq.br\/1643533929253579\" target=\"_blank\">MARTINS, Pl\u00ednio Lacerda<\/a><\/strong>;\u00a0<a rel=\"noreferrer noopener\" href=\"http:\/\/lattes.cnpq.br\/8390536693070083\" target=\"_blank\">RAMADA, P. C. P.<\/a>\u00a0;\u00a0<a rel=\"noreferrer noopener\" href=\"http:\/\/lattes.cnpq.br\/4365336507069113\" target=\"_blank\">ALVISI, E.<\/a>\u00a0. O DIREITO DO CONSUMIDOR NA MODERNIDADE. 1. ed. NITEROI: UFF, 2020. v. 1. 411p .<\/p>\n\n\n\n<p><strong>10. <a rel=\"noreferrer noopener\" href=\"http:\/\/lattes.cnpq.br\/1643533929253579\" target=\"_blank\">MARTINS, Pl\u00ednio Lacerda<\/a><\/strong>;\u00a0<a rel=\"noreferrer noopener\" href=\"http:\/\/lattes.cnpq.br\/5917601881107862\" target=\"_blank\">PAUSEIRO, S. G.<\/a>\u00a0(Org.) . HERMENEUTICA JURIDICA. 1. ed. LONDRINA: ENGENHO DAS PEDRAS, 2020. v. 1. 3347p .<\/p>\n\n\n\n<p><strong>11. <a rel=\"noreferrer noopener\" href=\"http:\/\/lattes.cnpq.br\/1643533929253579\" target=\"_blank\">MARTINS, Pl\u00ednio Lacerda<\/a><\/strong>;\u00a0<a rel=\"noreferrer noopener\" href=\"http:\/\/lattes.cnpq.br\/6071905480000840\" target=\"_blank\">MARTINS, G. M.<\/a>\u00a0; LIMA, M. C. S. . A RELACAO DE CONSUMO NA SOCIEDADE CONTEMPORANEA. 1. ed. RIO DE JANEIRO: LUMEN JURIS, 2020. v. 1. 228p .<\/p>\n\n\n\n<p><strong>12. <a rel=\"noreferrer noopener\" href=\"http:\/\/lattes.cnpq.br\/1643533929253579\" target=\"_blank\">MARTINS, Pl\u00ednio Lacerda<\/a><\/strong>; SILVA, Dones Manuel de Freitas Nunes (Org.) ;\u00a0<a rel=\"noreferrer noopener\" href=\"http:\/\/lattes.cnpq.br\/4365336507069113\" target=\"_blank\">NEVES, E. A.<\/a>\u00a0(Org.) ;\u00a0<a rel=\"noreferrer noopener\" href=\"http:\/\/lattes.cnpq.br\/8390536693070083\" target=\"_blank\">RAMADA, P. C. P.<\/a>\u00a0(Org.) . DIREITO DO CONSUMIDOR NA MODERNIDADE. 1. ed. NITEROI: UFF, 2019. v. 1. 1p .<\/p>\n\n\n\n<p><strong>13. <a rel=\"noreferrer noopener\" href=\"http:\/\/lattes.cnpq.br\/1643533929253579\" target=\"_blank\">MARTINS, Pl\u00ednio Lacerda<\/a><\/strong>;\u00a0<a rel=\"noreferrer noopener\" href=\"http:\/\/lattes.cnpq.br\/4365336507069113\" target=\"_blank\">NEVES, E. A.<\/a>\u00a0(Org.) ; SILVA, Dones Manuel de Freitas Nunes (Org.) ;\u00a0<a rel=\"noreferrer noopener\" href=\"http:\/\/lattes.cnpq.br\/8390536693070083\" target=\"_blank\">RAMADA, P. C. P.<\/a>\u00a0(Org.) . REFLEX\u00d5ES DA TUTELA COLETIVA NA SOCIEDADE CONTEMPOR\u00c2NEA. 01. ed. RIO DE JANEIRO: EDITORA BONECKER, 2019. v. 1. 244p .<\/p>\n\n\n\n<p><strong>14. <a rel=\"noreferrer noopener\" href=\"http:\/\/lattes.cnpq.br\/1643533929253579\" target=\"_blank\">MARTINS, Pl\u00ednio Lacerda<\/a><\/strong>;\u00a0<a rel=\"noreferrer noopener\" href=\"http:\/\/lattes.cnpq.br\/1643533929253579\" target=\"_blank\">MARTINS, Plinio Lacerda<\/a>\u00a0(Org.) ;\u00a0<a rel=\"noreferrer noopener\" href=\"http:\/\/lattes.cnpq.br\/4365336507069113\" target=\"_blank\">NEVES, E. A.<\/a>\u00a0(Org.) ; SILVA, Dones Manuel de Freitas Nunes (Org.) . A\u00c7\u00c3O COLETIVA:ASPECTOS PROCESSUAIS. 1. ed. NITEROI: UFF, 2018. v. 1. 186p .<\/p>\n\n\n\n<p><strong>15. <a rel=\"noreferrer noopener\" href=\"http:\/\/lattes.cnpq.br\/1643533929253579\" target=\"_blank\">MARTINS, Pl\u00ednio Lacerda<\/a><\/strong>;\u00a0<a rel=\"noreferrer noopener\" href=\"http:\/\/lattes.cnpq.br\/1643533929253579\" target=\"_blank\">MARTINS, Plinio Lacerda<\/a>\u00a0;\u00a0<a rel=\"noreferrer noopener\" href=\"http:\/\/lattes.cnpq.br\/0577067505730211\" target=\"_blank\">MARTINS, Felipe Lacerda M.<\/a>\u00a0; MIRAGEM, B. ;\u00a0<a rel=\"noreferrer noopener\" href=\"http:\/\/lattes.cnpq.br\/0349592695004228\" target=\"_blank\">MARQUES, C. L.<\/a>\u00a0. 25 ANOS DO C\u00d3DIGO DE DEFESA DO CONSUMIDOR; Trajet\u00f3rias e perpactivas. 1. ed. S\u00e3o Paulo: Revista dos Tribunais &#8211; RT, 2016. v. 1. 799p .<\/p>\n\n\n\n<p><strong>16. <\/strong>Martins, Pl\u00ednio Lacerda ;\u00a0<a rel=\"noreferrer noopener\" href=\"http:\/\/lattes.cnpq.br\/1643533929253579\" target=\"_blank\">MARTINS, Plinio Lacerda<\/a>\u00a0;\u00a0<strong><a rel=\"noreferrer noopener\" href=\"http:\/\/lattes.cnpq.br\/1643533929253579\" target=\"_blank\">MARTINS, Pl\u00ednio Lacerda<\/a><\/strong>\u00a0; MORAES, P. V. D. P. . SEGURAN\u00c7A JURIDICA E PROTAGONISMO JUDICIAL:DESAFIOS EM TEMPOS DE INCERTEZAS &#8211; ES. 1. ed. RIO DE JANEIRO: LMJ MUNDO JURIDICO, 2016. v. 1. 1132p .<\/p>\n\n\n\n<ul class=\"wp-block-list\"><li><strong>Cap\u00edtulos de livros publicados<\/strong><\/li><\/ul>\n\n\n\n<p><strong>1. <a rel=\"noreferrer noopener\" href=\"http:\/\/lattes.cnpq.br\/1643533929253579\" target=\"_blank\">MARTINS, Pl\u00ednio Lacerda<\/a><\/strong>; BITENCOURT, A. M. C. L. ; FRESE, S. G. . COMO A LGPD PODE RESGUARDAR OS DADOS SENS\u00cdVEIS TRATADOS POR INTELIG\u00caNCIA ARTIFICIAL: UM ESTUDO SOBRE A A\u00c7\u00c3O DOS PROGRAMAS DE PROCESSAMENTO DE DADOS EM MASSA (BIG DATA). In: Plinio Lacerda Martins, Sergio Gustado de Mattos Pauseiro. (Org.). COMO A LGPD PODE RESGUARDAR OS DADOS SENS\u00cdVEIS TRATADOS POR INTELIG\u00caNCIA ARTIFICIAL: UM ESTUDO SOBRE A A\u00c7\u00c3O DOS PROGRAMAS DE PROCESSAMENTO DE DADOS EM MASSA (BIG DATA). 1ed. Rio de Janeiro: IDPP, 2022, v. 1, p. 12-30.<\/p>\n\n\n\n<p><strong>2. <a rel=\"noreferrer noopener\" href=\"http:\/\/lattes.cnpq.br\/1643533929253579\" target=\"_blank\">MARTINS, Pl\u00ednio Lacerda<\/a><\/strong>;\u00a0<a rel=\"noreferrer noopener\" href=\"http:\/\/lattes.cnpq.br\/5383616048235936\" target=\"_blank\">BINICHESKI, P. R.<\/a>\u00a0; SILVA, S. F. A. . O DILEMA ENTRE PRIVACIDADE E ACESSO A TECNOLOGIAS DIGITAIS NA SOCIEDADE DA INFORMA\u00c7\u00c3O. In: Plinio Lacerda Martins, Sergio Gustado de Mattos Pauseiro. (Org.). O DILEMA ENTRE PRIVACIDADE E ACESSO A TECNOLOGIAS DIGITAIS NA SOCIEDADE DA INFORMA\u00c7\u00c3O. 1ed.  Rio de Janeiro : IDPP, 2022, v. 1, p. 122-144.<\/p>\n\n\n\n<p><strong>3. <a rel=\"noreferrer noopener\" href=\"http:\/\/lattes.cnpq.br\/1643533929253579\" target=\"_blank\">MARTINS, Pl\u00ednio Lacerda<\/a><\/strong>; LIMA, M. C. S. . DANO MORAL CONTRATUAL E O DANO SOCIAL. In: FABIO LOPES SOARES. (Org.). DIREITO EMPRESARIAL E DO CONSUMIDOR. 3ed. Rio de Janeiro: LUMEN JURIS, 2022, v. 1, p. 31-51.<\/p>\n\n\n\n<p><strong>4. <a rel=\"noreferrer noopener\" href=\"http:\/\/lattes.cnpq.br\/1643533929253579\" target=\"_blank\">MARTINS, Pl\u00ednio Lacerda<\/a><\/strong>; MONACO, R. O. . OS DIREITOS DO CONSUMIDOR PERANTE AS PLATAFORMAS DIGITAIS: UM ESTUDO \u00c0 LUZ DA ECONOMIA DE COLABORATIVA. NOVO PARADIGMA DA P\u00d3S-MODERNIDADE?. In: Guilherme Magalh\u00e3es Martins, Fernando Rodrigues Martins, Lindojon Geronimo Bezerra Dos Santos. (Org.). Direito do consumidor na sociedade da informa\u00e7\u00e3o \/. 1ed. S\u00e3o Paulo: FOCO, 2022, v. 1, p. 227-244.<\/p>\n\n\n\n<p><strong>5.<\/strong>\u00a0<strong><a rel=\"noreferrer noopener\" href=\"http:\/\/lattes.cnpq.br\/1643533929253579\" target=\"_blank\">MARTINS, Pl\u00ednio Lacerda<\/a><\/strong>; SANTIAGO, Alex Fernandes. . INDIVIDUALIZA\u00c7\u00c3O E APLICA\u00c7\u00c3O DA PENA NOS DELITOS AMBIENTAIS. In: Cristina Seixas Gra\u00e7as. (Org.). INDIVIDUALIZA\u00c7\u00c3O E APLICA\u00c7\u00c3O DA PENA NOS DELITOS AMBIENTAIS. 1ed. Belo Horizonte: ABRAMPA, 2022, v. 1, p. 124-153.<\/p>\n\n\n\n<p><strong>6. <a rel=\"noreferrer noopener\" href=\"http:\/\/lattes.cnpq.br\/1643533929253579\" target=\"_blank\">MARTINS, Pl\u00ednio Lacerda<\/a><\/strong>; PICAN\u00c7O, L. . SOCIEDADE DE HIPERCONSUMO E GERA\u00c7\u00c3O DE RES\u00cdDUOS: IMPACTOS SOCIOAMBIENTAIS DO CONSUMO IMODERADO. In: Plinio Lacerda Martins, Sergio Gustado de Mattos Pauseiro. (Org.). SOCIEDADE DE HIPERCONSUMO E GERA\u00c7\u00c3O DE RES\u00cdDUOS: IMPACTOS SOCIOAMBIENTAIS DO CONSUMO IMODERADO. 1ed. Rio de Janeiro: IDPP, 2022, v. 1, p. 71-97.<\/p>\n\n\n\n<p><strong>7. <a rel=\"noreferrer noopener\" href=\"http:\/\/lattes.cnpq.br\/1643533929253579\" target=\"_blank\">MARTINS, Pl\u00ednio Lacerda<\/a><\/strong>; AGUIAR, C. A. ; CORR\u00caA, Roney Sandro Freire . A (Im)possibilidade da extin\u00e7\u00e3o das obriga\u00e7\u00f5es tribut\u00e1rias por meio das criptomoedas. In: MARTINS, Plinio Lacerda, SOUZA LIMA, Marcos Cesar de.. (Org.). PROTE\u00c7\u00c3O DE DADOS ? Estudos do Grupo de Prote\u00e7\u00e3o de Dados Pessoais ? CNPq ? IDPP\/UFF. 1ed. Rio de Janeiro: IDPP DO BRASIL, 2021, v. 1, p. 148-161. <\/p>\n\n\n\n<p><strong>8. <a rel=\"noreferrer noopener\" href=\"http:\/\/lattes.cnpq.br\/1643533929253579\" target=\"_blank\">MARTINS, Pl\u00ednio Lacerda<\/a><\/strong>;\u00a0<a rel=\"noreferrer noopener\" href=\"http:\/\/lattes.cnpq.br\/8390536693070083\" target=\"_blank\">RAMADA, P. C. P.<\/a>\u00a0; KOWARSKY, C. M. B. B. C. . ASPECTOS PR\u00c1TICOS DO DIREITO FUNDAMENTAL \u00c0 PROTE\u00c7\u00c3O DE DADOS PESSOAIS NO SISTEMA JURIDICO BRASILEIRO. In: Adaylson Wagner Sousa de Vasconcelos. (Org.). Direito: ramifica\u00e7\u00f5es, interpreta\u00e7\u00f5es e ambiguidades. `1ed.Ponta Grossa: ATENA, 2021, v. 1, p. 90-99.<\/p>\n\n\n\n<p><strong>9. <a rel=\"noreferrer noopener\" href=\"http:\/\/lattes.cnpq.br\/1643533929253579\" target=\"_blank\">MARTINS, Pl\u00ednio Lacerda<\/a><\/strong>; FONTES, A. R. C. . DUAS PERSPECTIVAS DA OBRA DE FRANCISCO AMARAL. In: ANDRE R.C. FONTES, CLAUDIA FRANCO CORREA, CLAYSON DE MORAES MELLO, FLAVIO ALVES MARTINS. (Org.). OS FUNDAMENTOS DO DIREITO &#8211; ESTUDOS EM HOMENAGEM AO PROFESSOR FRANCISCO DOS SANTOS AMARAM NETO. 1ed.RIO DE JANEIRO: PROCESSO, 2021, v. 1, p. 85-97.<\/p>\n\n\n\n<p><strong>10. <a rel=\"noreferrer noopener\" href=\"http:\/\/lattes.cnpq.br\/1643533929253579\" target=\"_blank\">MARTINS, Pl\u00ednio Lacerda<\/a><\/strong>; AGUIAR, C. A. ; CORR\u00caA, Roney Sandro Freire . A (Im)possibilidade da extin\u00e7\u00e3o das obriga\u00e7\u00f5es tribut\u00e1rias por meio das criptomoedas. In: MARTINS, Plinio Lacerda, SOUZA LIMA, Marcos Cesar de.. (Org.). PROTE\u00c7\u00c3O DE DADOS ? Estudos do Grupo de Prote\u00e7\u00e3o de Dados Pessoais ? CNPq ? IDPP\/UFF. 1ed.RIO DE JANEIRO: IDPP DO BRASIL, 2021, v. 1, p. 148-161.<\/p>\n\n\n\n<p><strong>11. <a rel=\"noreferrer noopener\" href=\"http:\/\/lattes.cnpq.br\/1643533929253579\" target=\"_blank\">MARTINS, Pl\u00ednio Lacerda<\/a><\/strong>; KHAUAJA, P. O. ;\u00a0<a rel=\"noreferrer noopener\" href=\"http:\/\/lattes.cnpq.br\/0577067505730211\" target=\"_blank\">MARTINS, Felipe Lacerda Moura<\/a>\u00a0. A PROTE\u00c7\u00c3O DOS DADOS PESSOAIS DO CONSUMIDOR ENQUANTO LEG\u00cdTIMO INTERESSE. In: RAMADA, Paula Cristiane Pinto: MARTINS, Plinio Lacerda: NEVES, Edson Alvisi. (Org.). O DIREITO DO CONSUMIDOR NA MODERNIDADE. 1ed.NITEROI: UFF, 2020, v. 1, p. 23-38.<\/p>\n\n\n\n<p><strong>12. <a rel=\"noreferrer noopener\" href=\"http:\/\/lattes.cnpq.br\/1643533929253579\" target=\"_blank\">MARTINS, Pl\u00ednio Lacerda<\/a><\/strong>; MARQUES, B. F. R. ;\u00a0<a rel=\"noreferrer noopener\" href=\"http:\/\/lattes.cnpq.br\/8390536693070083\" target=\"_blank\">RAMADA, P. C. P.<\/a>\u00a0. PERSPECTIVAS MERCADOL\u00d3GICAS DA CIRCULA\u00c7\u00c3O DE DADOS PESSOAIS. In: RAMADA, Paula Cristiane Pinto: MARTINS, Plinio Lacerda: NEVES, Edson Alvisi. (Org.). O DIREITO DO CONSUMIDOR NA MODERNIDADE. 1ed.NITEROI: UFF, 2020, v. 1, p. 304-324.<\/p>\n\n\n\n<p><strong>13. <a rel=\"noreferrer noopener\" href=\"http:\/\/lattes.cnpq.br\/1643533929253579\" target=\"_blank\">MARTINS, Pl\u00ednio Lacerda<\/a><\/strong>;\u00a0<a rel=\"noreferrer noopener\" href=\"http:\/\/lattes.cnpq.br\/4365336507069113\" target=\"_blank\">ALVISI, E.<\/a>\u00a0;\u00a0<a rel=\"noreferrer noopener\" href=\"http:\/\/lattes.cnpq.br\/0094941908335032\" target=\"_blank\">TOSTES, Eduardo Chow Martins.<\/a>\u00a0; JUNQUEIRA, K. . SA\u00daDE SUPLEMENTAR CONSIDERA\u00c7\u00d5ES E CRITICAS SOBRE A REGULA\u00c7\u00c3O DA ANS E A TUTELA COLETIVA DOS DIREITOS. In: K\u00c1TIA JUNQUEIRA. (Org.). REPENSANDO A REGULA\u00c7\u00c3O NO BRASIL: NOVAS VIS\u00d5ES E PROPOSTAS. 1ed.RIO DE JANEIRO: LIVRARIA SYNERGIA, 2019, v. 1, p. 293-317.<\/p>\n\n\n\n<p><strong>14. <\/strong>Martins, Pl\u00ednio Lacerda ;\u00a0<strong><a rel=\"noreferrer noopener\" href=\"http:\/\/lattes.cnpq.br\/1643533929253579\" target=\"_blank\">MARTINS, Pl\u00ednio Lacerda<\/a><\/strong>\u00a0;\u00a0<a rel=\"noreferrer noopener\" href=\"http:\/\/lattes.cnpq.br\/8390536693070083\" target=\"_blank\">RAMADA, P. C. P.<\/a>\u00a0; GUIMARAES, M. C. F. . ESBO\u00c7O DE UMA REFLEX\u00c3O SOBRE O DIREITO \u00c0 IGUALDADE EM CONSON\u00c2NCIA COM O CONCEITO DE BIOPODER E O PODER DE USO DA VOZ. In: HANSEN, Gilvan Luiz; FERNANDES, Cristiane de Souza Stevans; STEVANS, Felipe Fernandes de Souza. (Org.). BREVES ESCRITOS SOBRE \u00c9TICA, JUSTI\u00c7A E INSTITUI\u00c7\u00d5ES. 1ed.NITEROI: UFF, 2019, v. 1, p. 43-46.<\/p>\n\n\n\n<p><strong>15. <\/strong>MARQUES, B. F. R. ;\u00a0<a rel=\"noreferrer noopener\" href=\"http:\/\/lattes.cnpq.br\/1389412860782995\" target=\"_blank\">ELPIDIO, T. M.<\/a>\u00a0;\u00a0<strong><a rel=\"noreferrer noopener\" href=\"http:\/\/lattes.cnpq.br\/1643533929253579\" target=\"_blank\">MARTINS, Pl\u00ednio Lacerda<\/a><\/strong>\u00a0. A CONTRIBUI\u00c7\u00c3O DO MARKETING COMPORTAMENTAL PARA O SUPERENDIVIDAMENTO DE CONSUMIDORES. In: HANSEN, Gilvan Luiz; FERNANDES, Cristiane de Souza Stevans; STEVANS, Felipe Fernandes de Souza. (Org.). BREVES ESCRITOS SOBRE \u00c9TICA, JUSTI\u00c7A E INSTITUI\u00c7\u00d5ES. 1ed.NITEROI: UFF, 2019, v. 1, p. 127-130.<\/p>\n\n\n\n<p><strong>16. <\/strong>LIMA, M. C. S. ;\u00a0<strong><a rel=\"noreferrer noopener\" href=\"http:\/\/lattes.cnpq.br\/1643533929253579\" target=\"_blank\">MARTINS, Pl\u00ednio Lacerda<\/a><\/strong>\u00a0. A RESPONSABILIDADE CIVIL CONTRATUAL E O DANO MORAL. In: Fabio Lopes Soares. (Org.). DIREITO EMPRESARIAL E DO CONSUMIDOR. 1ed.RIO DE JANEIRO: LUMEM JURIS, 2019, v. 1, p. 56-76.<\/p>\n\n\n\n<p><strong>17. <\/strong><a rel=\"noreferrer noopener\" href=\"http:\/\/lattes.cnpq.br\/4365336507069113\" target=\"_blank\">ALVISI, E.<\/a>\u00a0;\u00a0<a rel=\"noreferrer noopener\" href=\"http:\/\/lattes.cnpq.br\/8003506119760321\" target=\"_blank\">SCHWARTZ, F. S.<\/a>\u00a0;\u00a0<a rel=\"noreferrer noopener\" href=\"http:\/\/lattes.cnpq.br\/1643533929253579\" target=\"_blank\">MARTINS, Plinio Lacerda<\/a>\u00a0;\u00a0<strong><a rel=\"noreferrer noopener\" href=\"http:\/\/lattes.cnpq.br\/1643533929253579\" target=\"_blank\">MARTINS, Pl\u00ednio Lacerda<\/a><\/strong>\u00a0. A JURISPRUD\u00caNCIA DOS PRINC\u00cdPIOS E O DIREITO DO CONSUMIDOR. In: HANSEN, Gilvan Luiz; FERNANDES, Cristiane de Souza Stevans; STEVANS, Felipe Fernandes de Souz. (Org.). BREVES ESCRITOS SOBRE \u00c9TICA, JUSTI\u00c7A E INSTITUI\u00c7\u00d5ES. 1ed.NITEROI: UFF, 2019, v. 1, p. 130-133.<\/p>\n\n\n\n<p><strong>18. <a rel=\"noreferrer noopener\" href=\"http:\/\/lattes.cnpq.br\/1643533929253579\" target=\"_blank\">MARTINS, Pl\u00ednio Lacerda<\/a><\/strong>; PESSANHA, D. R. ; SENNA, M. . A VULNERABILIDADE DO CONSUMIDOR DIANTE DO PROCESSO DE TRATAMENTO DE DADOS PESSOAIS E A RESPONSABILIDADE CIVIL DAS OPERADORAS. In: HANSEN, Gilvan Luiz; FERNANDES, Cristiane de Souza Stevans; STEVANS, Felipe Fernandes de Souz. (Org.). BREVES ESCRITOS SOBRE \u00c9TICA, JUSTI\u00c7A E INSTITUI\u00c7\u00d5ES. 1ed.NITEROI: UFF, 2019, v. 1, p. 139-142.<\/p>\n\n\n\n<p><strong>19. <a rel=\"noreferrer noopener\" href=\"http:\/\/lattes.cnpq.br\/1643533929253579\" target=\"_blank\">MARTINS, Pl\u00ednio Lacerda<\/a><\/strong>; RODRIGUES JUNIOR, A. C. ; SILVA, M. M. . ASPECTOS PR\u00c1TICOS DO DIREITO FUNDAMENTAL \u00c0 PROTE\u00c7\u00c3O DE DADOS PESSOAIS NO ORDENAMENTO JUR\u00cdDICO BRASILEIRO. In: HANSEN, Gilvan Luiz; FERNANDES, Cristiane de Souza Stevans; STEVANS, Felipe Fernandes de Souz. (Org.). BREVES ESCRITOS SOBRE \u00c9TICA, JUSTI\u00c7A E INSTITUI\u00c7\u00d5ES. 1ed.NITEROI: UFF, 2019, v. 1, p. 142-145.<\/p>\n\n\n\n<p><strong>20. <a rel=\"noreferrer noopener\" href=\"http:\/\/lattes.cnpq.br\/1643533929253579\" target=\"_blank\">MARTINS, Pl\u00ednio Lacerda<\/a><\/strong>; MONTEIRO, A. D. R. . CAPITALISMO, GLOBALIZA\u00c7\u00c3O, PERSONALIDADE E DIREITO: um estudo sobre os novos desafios trazidos pela tecnologia no s\u00e9culo XXI. In: HANSEN, Gilvan Luiz; FERNANDES, Cristiane de Souza Stevans; STEVANS, Felipe Fernandes de Souz. (Org.). BREVES ESCRITOS SOBRE \u00c9TICA, JUSTI\u00c7A E INSTITUI\u00c7\u00d5ES. 1ed.NITEROI: UFF, 2019, v. 1, p. 145-147.<\/p>\n\n\n\n<p><strong>21. <a rel=\"noreferrer noopener\" href=\"http:\/\/lattes.cnpq.br\/1643533929253579\" target=\"_blank\">MARTINS, Pl\u00ednio Lacerda<\/a><\/strong>; PERLINGEIRO, A. ; KHAUAJA, P. O. . O DIREITO E OS INFLUENCIADORES DIGITAIS: COMO CONCILIAR O C\u00d3DIGO DE DEFESA DO CONSUMIDOR E AS NOVAS FORMAS DE PUBLICIDADE. In: HANSEN, Gilvan Luiz; FERNANDES, Cristiane de Souza Stevans; STEVANS, Felipe Fernandes de Souz. (Org.). BREVES ESCRITOS SOBRE \u00c9TICA, JUSTI\u00c7A E INSTITUI\u00c7\u00d5ES. 1ed.NITEROI: UFF, 2019, v. 1, p. 150-153.<\/p>\n\n\n\n<p><strong>22. <a rel=\"noreferrer noopener\" href=\"http:\/\/lattes.cnpq.br\/1643533929253579\" target=\"_blank\">MARTINS, Pl\u00ednio Lacerda<\/a><\/strong>;\u00a0<a rel=\"noreferrer noopener\" href=\"http:\/\/lattes.cnpq.br\/4365336507069113\" target=\"_blank\">NEVES, E. A.<\/a>\u00a0; AGUIAR, C. A. . O REAJUSTE DOS PLANOS DE SAUDE INDIVIDUAIS PELA AGENCIA DE SAUDE SUPLEMENTAR-ANS. In: HANSEN, Gilvan Luiz; FERNANDES, Cristiane de Souza Stevans; STEVANS, Felipe Fernandes de Souz. (Org.). BREVES ESCRITOS SOBRE \u00c9TICA, JUSTI\u00c7A E INSTITUI\u00c7\u00d5ES. 1ed.NITEROI: UFF, 2019, v. 1, p. 156-159.<\/p>\n\n\n\n<p><strong>23. <a rel=\"noreferrer noopener\" href=\"http:\/\/lattes.cnpq.br\/1643533929253579\" target=\"_blank\">MARTINS, Pl\u00ednio Lacerda<\/a><\/strong>; ROCHA, A. L. P. ; NAKAYAMA, I. R. . O SUPERENDIVIDAMENTO E OS CONTRATOS BANC\u00c1RIOS: CAUSAS E EFEITOS NO CONSUMIDOR. In: HANSEN, Gilvan Luiz; FERNANDES, Cristiane de Souza Stevans; STEVANS, Felipe Fernandes de Souz. (Org.). BREVES ESCRITOS SOBRE \u00c9TICA, JUSTI\u00c7A E INSTITUI\u00c7\u00d5ES. 1ed.NITEROI: UFF, 2019, v. 1, p. 159-161.<\/p>\n\n\n\n<p><strong>24. <\/strong>KHAUAJA, P. O. ;\u00a0<strong><a rel=\"noreferrer noopener\" href=\"http:\/\/lattes.cnpq.br\/1643533929253579\" target=\"_blank\">MARTINS, Pl\u00ednio Lacerda<\/a><\/strong>\u00a0;\u00a0<a rel=\"noreferrer noopener\" href=\"http:\/\/lattes.cnpq.br\/1389412860782995\" target=\"_blank\">ELPIDIO, T. M.<\/a>\u00a0. A SOCIEDADE DA TRANSPAR\u00caNCIA E A PROTE\u00c7\u00c3O AOS DADOS PESSOAIS. In: HANSEN, Gilvan Luiz; FERNANDES, Cristiane de Souza Stevans; STEVANS, Felipe Fernandes de Souz. (Org.). BREVES ESCRITOS SOBRE \u00c9TICA, JUSTI\u00c7A E INSTITUI\u00c7\u00d5ES. 1ed.NITEROI: UFF, 2019, v. 1, p. 136-139.<\/p>\n\n\n\n<p><strong>25. <\/strong><a rel=\"noreferrer noopener\" href=\"http:\/\/lattes.cnpq.br\/4365336507069113\" target=\"_blank\">ALVISI, E.<\/a>\u00a0;\u00a0<strong><a rel=\"noreferrer noopener\" href=\"http:\/\/lattes.cnpq.br\/1643533929253579\" target=\"_blank\">MARTINS, Pl\u00ednio Lacerda<\/a><\/strong>\u00a0;\u00a0<a rel=\"noreferrer noopener\" href=\"http:\/\/lattes.cnpq.br\/8390536693070083\" target=\"_blank\">RAMADA, P. C. P.<\/a>\u00a0; FRANCO, P. F. M. ; KOWARSKI, C. B. . DO DEVER DE INFORMA\u00c7\u00c3O NO CDC AO LIVRE CONSENTIMENTO NA LEI GERAL DE PROTE\u00c7\u00c3O DE DADOS PESSOAIS: ESTABELECENDO UM NECESS\u00c1RIO DI\u00c1LOGO NORMATIVO. In: LUCIANE DE CASTRO CORTEZ ; CLARISSA BRANDAO KOWARSKI ; EDSON ALVISI NEVES. (Org.). DIREITO SOCIETARIO COMPLIANCE E ETICA. 1ed.FLORIANOPOLIS: EDITORA TIRANT, 2019, v. 1, p. 195-228.<\/p>\n\n\n\n<p><strong>26. <\/strong>AGUIAR, C. A. ;\u00a0<strong><a rel=\"noreferrer noopener\" href=\"http:\/\/lattes.cnpq.br\/1643533929253579\" target=\"_blank\">MARTINS, Pl\u00ednio Lacerda<\/a><\/strong>\u00a0. MARCO REGULAT\u00d3RIO DA ATIVIDADE DISCRICION\u00c1RIA: Lei n\u00ba 13655 de 26\/ 04 \/ 2018 &#8211; instrumento de controle da atividade administrativa. In: HANSEN, Gilvan Luiz; FERNANDES, Cristiane de Souza Stevans; STEVANS, Felipe Fernandes de Souza. (Org.). Breves escritos sobre \u00e9tica, justi\u00e7a e institui\u00e7\u00f5es. vol. 2. 1ed.NITEROI: PROPI &#8211; UFF, 2019, v. 1, p. 191-194.<\/p>\n\n\n\n<p><strong>27. <a rel=\"noreferrer noopener\" href=\"http:\/\/lattes.cnpq.br\/1643533929253579\" target=\"_blank\">MARTINS, Pl\u00ednio Lacerda<\/a><\/strong>; BAHE, I. C. ; SOUZA, M. V. C. A. . AGROTOXICO, DIREITO A ALIMANTACAO E REGULACAO ESTATAL:AUSENCIA DE INFORMACAO DA PRESENCA DE RESIDUOS NOS ALIMENTOS, OU O NAO SABER O QUE SE COME. In: MARIA GORETTI DAL BOSCO, GONCALO C, S, MELO BANDEIRA. (Org.). DIREITO HUMANO A ALIMENTACAO ADEQUADA. 1ed.GOIANIA: EDITORA ESPACO ACADEMICO, 2019, v. 1, p. 67-91.<\/p>\n\n\n\n<p><strong>28. <\/strong><a rel=\"noreferrer noopener\" href=\"http:\/\/lattes.cnpq.br\/1643533929253579\" target=\"_blank\">MARTINS, Plinio Lacerda<\/a>\u00a0;\u00a0<a rel=\"noreferrer noopener\" href=\"http:\/\/lattes.cnpq.br\/8390536693070083\" target=\"_blank\">RAMADA, P. C. P.<\/a>\u00a0;\u00a0<strong><a rel=\"noreferrer noopener\" href=\"http:\/\/lattes.cnpq.br\/1643533929253579\" target=\"_blank\">MARTINS, Pl\u00ednio Lacerda<\/a><\/strong>\u00a0. A DELIMITA\u00c7\u00c3O ENTRE A VIDA PRIVADA E A VIDA PROFISSIONAL COMO FORMA DE PRESERVA\u00c7\u00c3O DO DIREITO DE PROPRIEDADE DO EMPREGADOR E O DIREITO DA DIGNIDADE DO EMPREGADO. In: Robson Paiva Ribeiro de S\u00e1; Luciana Alves Dominato; Jonhy Marcelo Hara; Fabio de Oliveira Vargas; Ana Paula Felippe Backx. (Org.). UNIVERSO DO DIREITO: REFLEXOES. 1ed.Juiz de Fora: Editar Editora, 2017, v. 1, p. 315-337.<\/p>\n\n\n\n<p><strong>29. <\/strong><a rel=\"noreferrer noopener\" href=\"http:\/\/lattes.cnpq.br\/1643533929253579\" target=\"_blank\">MARTINS, Plinio Lacerda<\/a>\u00a0;\u00a0<a rel=\"noreferrer noopener\" href=\"http:\/\/lattes.cnpq.br\/8390536693070083\" target=\"_blank\">RAMADA, P. C. P.<\/a>\u00a0;\u00a0<strong><a rel=\"noreferrer noopener\" href=\"http:\/\/lattes.cnpq.br\/1643533929253579\" target=\"_blank\">MARTINS, Pl\u00ednio Lacerda<\/a><\/strong>\u00a0. ESTACIONAMENTO ROTATIVO EM VIA PUBICA: RESPONSABILIDADE CIVIL DO PODER P\u00daBLICO E DAS PRESTADORAS PELO DANOS CAUSADOS AOS VE\u00cdCULO. In: Robson Paiva Ribeiro de S\u00e1; Luciana Alves Dominato; Jonhy Marcelo Hara; Fabio de Oliveira Vargas; Ana Paula Felippe Backx. (Org.). UNIVERSO DO DIREITO: REFLEXOES. 1ed.Juiz de Fora: Editar editora, 2017, v. 1, p. 129-139.<\/p>\n\n\n\n<p><strong>30. <\/strong>DIAS NETO, C. F. ;\u00a0<a rel=\"noreferrer noopener\" href=\"http:\/\/lattes.cnpq.br\/1643533929253579\" target=\"_blank\">MARTINS, Plinio Lacerda<\/a>\u00a0;\u00a0<strong><a rel=\"noreferrer noopener\" href=\"http:\/\/lattes.cnpq.br\/1643533929253579\" target=\"_blank\">MARTINS, Pl\u00ednio Lacerda<\/a><\/strong>\u00a0. O TRANSPORTE A\u00c9REO INTERNACIONAL E A TRANSDISCIPLINARIDADE:UM DI\u00c1LOGO ENTRE O C\u00d3DIGO DE DEFESA DO CONSUMIDOR E A CONVEN\u00c7\u00c3O DE VARSOVIA. In: WAGNER MENEZES. (Org.). DIREITO INTERNACIONAL EM EXPANS\u00c3O. 1ed.BELO HORIZONTE: ARRAES EDITORES, 2017, v. 11, p. 331-352.<\/p>\n\n\n\n<hr class=\"wp-block-separator\" \/>\n\n\n\n<p class=\"has-text-color has-medium-font-size has-vivid-red-color\">         <strong>  *    Dr Rog\u00e9rio Pacheco Alves<\/strong><\/p>\n\n\n\n<ul class=\"wp-block-list\"><li><strong>Artigos completos publicados em peri\u00f3dicos<\/strong><\/li><\/ul>\n\n\n\n<p><strong>1. <a href=\"http:\/\/lattes.cnpq.br\/7362633973737428\" target=\"_blank\" rel=\"noreferrer noopener\">ALVES, ROG\u00c9RIO\nPACHECO<\/a><\/strong>. Educa\u00e7\u00e3o, Escolariza\u00e7\u00e3o e\nLiberdade no Sistema Socioeducativo. Revista Teoria e Cultura, v. 16, p.\n114-131, 2021.<\/p>\n\n\n\n<p><strong>2.\n<a href=\"http:\/\/lattes.cnpq.br\/7362633973737428\" target=\"_blank\" rel=\"noreferrer noopener\">ALVES, R. P.<\/a><\/strong>. A Ancoragem Moral dos Direitos Humanos como Obst\u00e1culo \u00e0\nImplementa\u00e7\u00e3o dos Direitos das Minorias. REVISTA QUAESTIO IURIS, v. 12, p.\n43-68, 2019.<\/p>\n\n\n\n<p><strong>3.\n<a href=\"http:\/\/lattes.cnpq.br\/7362633973737428\" target=\"_blank\" rel=\"noreferrer noopener\">ALVES, ROG\u00c9RIO\nPACHECO<\/a><\/strong>. Judicializa\u00e7\u00e3o do direito \u00e0\neduca\u00e7\u00e3o | Judicialization of the right to education. REVISTA PUBLICUM, v. 4,\np. 83-105, 2018.<\/p>\n\n\n\n<ul class=\"wp-block-list\"><li><strong>Livros publicados\/organizados ou edi\u00e7\u00f5es<\/strong><\/li><\/ul>\n\n\n\n<p><strong>1. <a href=\"http:\/\/lattes.cnpq.br\/7362633973737428\" target=\"_blank\" rel=\"noreferrer noopener\">ALVES, ROG\u00c9RIO PACHECO<\/a><\/strong>. O DNA Kantiano dos Direitos Humanos e sua cr\u00edtica a partir da\nFilosofia Imanente de Spinoza 2a. edi\u00e7\u00e3o. 2a. ed. Rio de Janeiro: Lumen Juris,\n2019. v. 1. 314p .<\/p>\n\n\n\n<p><strong>2.\n<a href=\"http:\/\/lattes.cnpq.br\/7362633973737428\" target=\"_blank\" rel=\"noreferrer noopener\">ALVES, R. P.<\/a><\/strong>; GARCIA, E. . Improbidade Administrativa. 9. ed. Rio de\nJaneiro: Saraiva, 2017. v. 1. 1192p .<\/p>\n\n\n\n<ul class=\"wp-block-list\"><li><strong>Cap\u00edtulos de livros publicados<\/strong><\/li><\/ul>\n\n\n\n<p><strong>1. <a href=\"http:\/\/lattes.cnpq.br\/7362633973737428\" target=\"_blank\" rel=\"noreferrer noopener\">ALVES, R. P.<\/a><\/strong>. Demoro e a Heterodoxia do Sistema Acusat\u00f3rio Brasileiro. In:\nGarcia, E.. (Org.). Demoro e a Heterodoxia do Sistema Acusat\u00f3rio Brasileiro.\n1ed.Rio de Janeiro: Revista do Minist\u00e9rio Publico do ERJ, 2020, v. , p.\n825-836.<\/p>\n\n\n\n<p><strong>2.\n<a href=\"http:\/\/lattes.cnpq.br\/7362633973737428\" target=\"_blank\" rel=\"noreferrer noopener\">ALVES, ROG\u00c9RIO\nPACHECO<\/a><\/strong>. Judicializa\u00e7\u00e3o do Direito \u00e0\nEduca\u00e7\u00e3o. In: Debora da Silva Vicente; Elionaldo Fernandes Juli\u00e3o; Renata\nVieira Carbonel Cyrne. (Org.). Pol\u00edticas P\u00fablicas de Educa\u00e7\u00e3o no Brasil:\nReflex\u00f5es Pol\u00edticas e Pedag\u00f3gicas. 1ed.Rio de Janeiro: , 2019, v. 1, p.\n186-207.<\/p>\n\n\n\n<p><strong>3.\n<a href=\"http:\/\/lattes.cnpq.br\/7362633973737428\" target=\"_blank\" rel=\"noreferrer noopener\">ALVES, ROG\u00c9RIO PACHECO<\/a><\/strong>. Direito, pot\u00eancia e as dificuldades do conceito agambeniano de\nvida nua. In: Daniela C\u00e1pona Gonz\u00e1lez; Braulio Rojas Castro. (Org.). Spinoza.\nXIV coloquio. Repensar la potencia revolucionaria de la modernidad.\n1ed.Valpara\u00edso: autoedi\u00e7ao, 2019, v. 1, p. 208-223.<\/p>\n\n\n\n<p><strong>4. <a rel=\"noreferrer noopener\" href=\"http:\/\/lattes.cnpq.br\/7362633973737428\" target=\"_blank\">ALVES, R. P.<\/a><\/strong>. Direito, Pot\u00eancia e as Dificuldades do conceito Agambeniano de Vida Nua. In: Celia Barbosa Abreu; Fabio Carvalho Leite; Manoel Messias Peixinho. (Org.). Temas de Direitos Humanos. 1ed.Rio de Janeiro: Lumen Juris, 2018, v. 1, p. 211-232.<\/p>\n\n\n\n<hr class=\"wp-block-separator\" \/>\n\n\n\n<p class=\"has-text-color has-medium-font-size has-vivid-red-color\">        <strong>  *    Dr Ronaldo Joaquim da Silveira Lob\u00e3o<\/strong><\/p>\n\n\n\n<ul class=\"wp-block-list\"><li><strong>Artigos completos publicados em peri\u00f3dicos<\/strong><\/li><\/ul>\n\n\n\n<p><strong>1. <a href=\"http:\/\/lattes.cnpq.br\/2091620133651502\" target=\"_blank\" rel=\"noreferrer noopener\">LOB\u00c3O,\nRonaldo.<\/a><\/strong>; MENEZES, A. S. H. ;\nNeurauter, Ma\u00edra . O ACESSO DIFERENCIADO \u00c0 DIREITOS EM ZONAS MORAIS URBANAS\nHOMOG\u00caNEAS PODE SER EXERCIDO? O CASO DO QUILOMBO SACOP\u00c3 &#8211; RIO DE JANEIRO.\nREVISTA CULTURAS JUR\u00cdDICAS, v. 6, p. 292-316, 2020.<\/p>\n\n\n\n<p><strong>2. <a href=\"http:\/\/lattes.cnpq.br\/2091620133651502\" target=\"_blank\" rel=\"noreferrer noopener\">LOB\u00c3O,\nRonaldo.<\/a><\/strong>; VASQUES, P. H. R. P. . A\ndupla afeta\u00e7\u00e3o do territ\u00f3rio W\u00eei T\u00eep\u00ee &#8211; terra ind\u00edgena raposa serra do sol e\nparque nacional do monte Roraima: o desafio da jusdiversidade. Mundo e\nDesenvolvimento: Revista do Instituto de Estudos Econ\u00f4micos e Internacionais,\nv. 1, p. 143-170, 2020.<\/p>\n\n\n\n<p><strong>3. <a href=\"http:\/\/lattes.cnpq.br\/2091620133651502\" target=\"_blank\" rel=\"noreferrer noopener\">LOB\u00c3O,\nRonaldo.<\/a><\/strong>; MARANH\u00c3O, Tatiana Calandrino\n; MENEZES, A. S. H. . Ideologias, utopias, distopias, ?entopias?: movimentos\ncontra-hegem\u00f4nicos na rela\u00e7\u00e3o natureza-cultura. Fractal: revista de psicologia,\nv. 31, p. 263-268, 2019.<\/p>\n\n\n\n<p><strong>4. <\/strong>LOTO, L. (Luciana Loto)\n;&nbsp;<strong><a href=\"http:\/\/lattes.cnpq.br\/2091620133651502\" target=\"_blank\" rel=\"noreferrer noopener\">LOB\u00c3O,\nRonaldo.<\/a><\/strong>&nbsp;; SILVA, E. P. ; Monteiro-Filho, Cassiano .\nFISHERMEN\nECOLOGICAL KNOWLEDGE AND COMPLEX ADAPTIVE SYSTEMS: AN INTERPRETATIVE MODEL FOR\nSMALL-SCALE FISHERIES. AMBIENTE &amp; SOCIEDADE\n(ONLINE), v. 22, p. 1-18, 2019.<\/p>\n\n\n\n<p><strong>5. <a href=\"http:\/\/lattes.cnpq.br\/2091620133651502\" target=\"_blank\" rel=\"noreferrer noopener\">LOB\u00c3O,\nRonaldo.<\/a><\/strong>; Moraes, Patr\u00edcia . CONVERSA\nDE SURDOS: quando antrop\u00f3logos avaliam laudos de antrop\u00f3logos. Os Estudos de\nComponente Ind\u00edgenas para a FUNAI. Novos Debates: F\u00f3rum de Debates em\nAntropologia \/ Associa\u00e7\u00e3o Brasileira de Antropologia, v. Vol.2, n.2, p.\n141-150, 2016.<\/p>\n\n\n\n<p><strong>6. <a href=\"http:\/\/lattes.cnpq.br\/2091620133651502\" target=\"_blank\" rel=\"noreferrer noopener\">LOB\u00c3O,\nRonaldo.<\/a><\/strong>. Notas revisadas em favor de\num programa de pesquisa de antropologia no direito em contextos de\njusdiversidade. Revista Juris Poiesis, v. 19, p. 52-70, 2016.<\/p>\n\n\n\n<ul class=\"wp-block-list\"><li><strong>Livros publicados\/organizados ou edi\u00e7\u00f5es<\/strong><\/li><\/ul>\n\n\n\n<p><strong>1. <\/strong>OLIVEIRA, V. L. (Org.) ;\nRIBEIRO, A. M. M. (Org.) ;&nbsp;<strong><a href=\"http:\/\/lattes.cnpq.br\/2091620133651502\" target=\"_blank\" rel=\"noreferrer noopener\">LOB\u00c3O,\nRonaldo.<\/a><\/strong>&nbsp;(Org.) . O Brasil que arde e a boiada que\npassa: Institui\u00e7\u00f5es, conflitos e rela\u00e7\u00f5es de poder. 1. ed. Rio de Janeiro:\nAutografia, 2020. v. 1. 322p .<\/p>\n\n\n\n<ul class=\"wp-block-list\"><li><strong>Cap\u00edtulos de livros publicados<\/strong><\/li><\/ul>\n\n\n\n<p><strong>1. <\/strong>OLIVEIRA, V. L. ; RIBEIRO, A.\nM. M. ;&nbsp;<strong><a href=\"http:\/\/lattes.cnpq.br\/2091620133651502\" target=\"_blank\" rel=\"noreferrer noopener\">LOB\u00c3O, Ronaldo.<\/a><\/strong>&nbsp;. Introdu\u00e7\u00e3o.\nIn: Valter L\u00facio de Oliveira; Ana Motta Ribeiro; Ronaldo Lob\u00e3o. (Org.). O\nBrasil que arde e a boiada que passa: Institui\u00e7\u00f5es, conflitos e rela\u00e7\u00f5es de\npoder. 1ed.Rio de Janeiro: Autografia, 2020, v. 1, p. 7-18.<\/p>\n\n\n\n<p><strong>2. <\/strong>Dan, Vivian ;\nKAPITANGO-A-SAMBA, K. K. ; SILVA, L. P. ;&nbsp;<strong><a href=\"http:\/\/lattes.cnpq.br\/2091620133651502\" target=\"_blank\" rel=\"noreferrer noopener\">LOB\u00c3O,\nRonaldo.<\/a><\/strong>&nbsp;; DAN, E. M. C. . USO ILEGAL DO FOGO E A\nBANALIZA\u00c7\u00c3O DA VIDA DAS POPULA\u00c7\u00d5ES IND\u00cdGENAS NO PANTANAL MATOGROSSENSE. In:\nValter L\u00facio de Oliveira; Ana Motta Ribeiro; Ronaldo Lob\u00e3o. (Org.). O Brasil\nque arde e a boiada que passa: Institui\u00e7\u00f5es, conflitos e rela\u00e7\u00f5es de poder.\n1ed.Rio de Janeiro: Autografia, 2020, v. 1, p. 119-138.<\/p>\n\n\n\n<p><strong>3. <a href=\"http:\/\/lattes.cnpq.br\/2091620133651502\" target=\"_blank\" rel=\"noreferrer noopener\">LOB\u00c3O,\nRonaldo.<\/a><\/strong>. ECONOMIA POL\u00cdTICA DO\nRESSENTIMENTO: UM RESULTADO DE POL\u00cdTICAS P\u00daBLICAS QUE SE TORNAM POL\u00cdTICAS DE\nGOVERNO?. In: Valter L\u00facio de Oliveira; Ana Motta Ribeiro; Ronaldo Lob\u00e3o.\n(Org.). O Brasil que arde e a boiada que passa: Institui\u00e7\u00f5es, conflitos e\nrela\u00e7\u00f5es de poder. 1ed.Rio de Janeiro: Autografia, 2020, v. 1, p. 209-240.<\/p>\n\n\n\n<p><strong>4. <\/strong>MENEZES, A. S. H. ;&nbsp;<strong><a href=\"http:\/\/lattes.cnpq.br\/2091620133651502\" target=\"_blank\" rel=\"noreferrer noopener\">LOB\u00c3O,\nRonaldo.<\/a><\/strong>&nbsp;. ESPA\u00c7O E LUGAR NOS CONFLITOS\nSOCIOAMBIENTAIS INTRAT\u00c1VEIS: REFLEX\u00d5ES SOBRE O DIREITO DE PERMAN\u00caNCIA. In:\nNapole\u00e3o Miranda; Wilson Madeira Filho. (Org.). Desenvolvimento insustent\u00e1vel:\nconflitos socioambientais e capitalismo no Brasil contempor\u00e2neo. 1ed.Rio de\nJaneiro: Autografia, 2020, v. 1, p. 99-116.<\/p>\n\n\n\n<p><strong>5. <\/strong>Oliveira, Lucas, C. ;\nTardelli, Gabriel C. M. ;&nbsp;<strong><a href=\"http:\/\/lattes.cnpq.br\/2091620133651502\" target=\"_blank\" rel=\"noreferrer noopener\">LOB\u00c3O,\nRonaldo.<\/a><\/strong>&nbsp;. REFLEX\u00d5ES SOBRE AS CONDI\u00c7\u00d5ES DE\nPOSSIBILIDADE DA JUSDIVERSIDADE EM UM CONTEXTO POSCOLONIAL. In: Napole\u00e3o\nMiranda; Wilson Madeira Filho. (Org.). Desenvolvimento insustent\u00e1vel: conflitos\nsocioambientais e capitalismo no Brasil contempor\u00e2neo. 1ed.Rio de Janeiro:\nAutografia, 2020, v. 1, p. 253-270.<\/p>\n\n\n\n<p><strong>6. <a href=\"http:\/\/lattes.cnpq.br\/2091620133651502\" target=\"_blank\" rel=\"noreferrer noopener\">LOB\u00c3O, Ronaldo.<\/a><\/strong>; MEDEIROS, F. L. . Fugindo do Kalahari! Ou ser\u00e1 que os !Kung\nprecisam de um PROCON?. In: Maria Stella Amorim; Roberto Kant de Lima. (Org.).\nAdministra\u00e7\u00e3o de Conflitos e Cidadania III. 1ed.Rio de Janeiro: Autografia,\n2019, v. 1, p. 343-373.<\/p>\n\n\n\n<p><strong>7. <a href=\"http:\/\/lattes.cnpq.br\/2091620133651502\" target=\"_blank\" rel=\"noreferrer noopener\">LOB\u00c3O, Ronaldo.<\/a><\/strong>. Acoplamentos e engajamentos em defesa de direitos culturais: a\nconstru\u00e7\u00e3o de ideologias e discursos que informam pol\u00edticas de governo e a\u00e7\u00f5es\nna sociedade. In: Jos\u00e9 Manuel Resende; Catarina Delaunay. (Org.). DEMOCRACIA,\nPROMESSAS, UTOPIAS E (DES)ILUS\u00d5ES: UTOPIAS E (DES)ILUS\u00d5ES: DILEMAS E DISPUTAS\nNAS ARENAS P\u00daBLICAS . DEMOCRACIA, PROMESSAS, UTOPIAS E (DES)ILUS\u00d5ES: DILEMAS E\nDISPUTAS NAS ARENAS P\u00daBLICAS . DEMOCRACIA, PROMESSAS, UTOPIAS E (DES)ILUS\u00d5ES:\nDILEMAS. 1ed.Lisboa: Lema d?Origem ? Editora, Ld.a, 2018, v. 1, p. 373-389.<\/p>\n\n\n\n<p><strong>8. <a href=\"http:\/\/lattes.cnpq.br\/2091620133651502\" target=\"_blank\" rel=\"noreferrer noopener\">LOB\u00c3O,\nRonaldo.<\/a><\/strong>. Uma viagem pela Antropologia\ndo Direito. In: Roberto Kant de Lima; Maria Stella de Amorim. (Org.).\nAdministra\u00e7\u00e3o de Conflitos e Cidadania: problemas e perspectivas II. 1ed.Rio de\nJaneiro: Autografia, 2018, v. 1, p. 211-265.<\/p>\n\n\n\n<p><strong>9. <a rel=\"noreferrer noopener\" href=\"http:\/\/lattes.cnpq.br\/2091620133651502\" target=\"_blank\">LOB\u00c3O, Ronaldo.<\/a><\/strong>; VASQUES, P. H. R. P. . Sobre as condi\u00e7\u00f5es de factibilidade de um Termo de Acordo Socioambiental. In: Ar\u00edcia Fernandes Correia. (Org.). Direito da Regulariza\u00e7\u00e3o Fundi\u00e1ria Urbana Sustent\u00e1vel: pesquisa, teoria e pr\u00e1tica sobre a Lei Federal no 13.465\/2017. 1ed.Juiz de Fora: Editar Editora Associada, 2018, v. 1, p. 181-202.<\/p>\n\n\n\n<p><strong>10. <a rel=\"noreferrer noopener\" href=\"http:\/\/lattes.cnpq.br\/2091620133651502\" target=\"_blank\">LOB\u00c3O, Ronaldo.<\/a><\/strong>; Silva, Ana Zuleide . Servidores e Pol\u00edticas P\u00fablicas: um desafio para o desenvolvimento. In: Georgia Patr\u00edcia da Silva Ferko; Ana Zuleide Barroso da Silva; Saturnino Moraes Ferreira. (Org.). Administra\u00e7\u00e3o e Desenvolvimento: um contributo te\u00f3rico e emp\u00edrico. 1ed.Curutiba: Appris, 2018, v. 1, p. 131-157.<\/p>\n\n\n\n<hr class=\"wp-block-separator\" \/>\n\n\n\n<p class=\"has-text-color has-medium-font-size has-vivid-red-color\">        <strong>  *    Dr S\u00e9rgio Gustavo de Mattos Pauseiro<\/strong><\/p>\n\n\n\n<ul class=\"wp-block-list\"><li><strong>Artigos completos publicados em peri\u00f3dicos<\/strong><\/li><\/ul>\n\n\n\n<p><strong>1. <a href=\"http:\/\/lattes.cnpq.br\/5917601881107862\" target=\"_blank\" rel=\"noreferrer noopener\">PAUSEIRO, SERGIO GUSTAVO DE MATTOS<\/a><\/strong>; NASCIMENTO, J. R. T. . Transportes Aut\u00f4nomos como Paradigma da\nEconomia Circular. REVISTA DA EMERJ, v. 22, p. 318, 2020.<\/p>\n\n\n\n<p><strong>2. <\/strong>FIGUEIREDO, LEONARDO VIZEU ;\nNEVES, EDSON ALVISI ;&nbsp;<strong>PAUSEIRO, SERGIO GUSTAVO DE\nMATTOS<\/strong>&nbsp;. AN\u00c1LISE CR\u00cdTICA DA JURISPRUD\u00caNCIA DO SUPREMO TRIBUNAL\nFEDERAL \u00c0 LUZ DO PENSAMENTO DE BAUMAN E SANDEL. REVISTA DA AGU, v. 18, p.\n01-300, 2019.<\/p>\n\n\n\n<ul class=\"wp-block-list\"><li><strong>Livros publicados\/organizados ou edi\u00e7\u00f5es<\/strong><\/li><\/ul>\n\n\n\n<p><strong>1. <a href=\"http:\/\/lattes.cnpq.br\/5917601881107862\" target=\"_blank\" rel=\"noreferrer noopener\">PAUSEIRO,\nS. G. M.<\/a><\/strong>; MARTINS, P. L. (Org.) .\nHermen\u00eautica Jur\u00eddica. 01. ed. Londrina: Engenho das Letras, 2020. v. 1. 501p .<\/p>\n\n\n\n<ul class=\"wp-block-list\"><li><strong>Cap\u00edtulos de livros publicados<\/strong><\/li><\/ul>\n\n\n\n<p><strong>1. <a href=\"http:\/\/lattes.cnpq.br\/5917601881107862\" target=\"_blank\" rel=\"noreferrer noopener\">PAUSEIRO, S. G. M.<\/a><\/strong>; MARTINS, P. L. . DISCUTINDO LIMITES PARA MUTA\u00c7\u00c3O\nCONSTITUCIONAL. In: S\u00e9rgio Gustavo de Mattos Pauseiro e Pl\u00ednio Lacerda Martins.\n(Org.). Hermen\u00eautica Jur\u00eddica. 01ed.Londrina: Engenho das Letras, 2020, v. 01,\np. 434-434.<\/p>\n\n\n\n<p><strong>2. <a href=\"http:\/\/lattes.cnpq.br\/5917601881107862\" target=\"_blank\" rel=\"noreferrer noopener\">PAUSEIRO,\nS. G. M.<\/a><\/strong>; PAIVA, Marcella ; MARTINS,\nP. L. . Media\u00e7\u00e3o como Tutela de Conflitos de Consumo: Uma An\u00e1lise do Direito\nComparado. In: Celso Belmiro; Daniel Queiroz Pereira; Fl\u00e1via Pereira Hill;\nLeonardo Oliveira Silveira Santos martins. (Org.). Estudos sobre Media\u00e7\u00e3o.\n1ed.Santa Cruz do Sul: Essere Nel Mundo, 2020, v. 4, p. 03-266.<\/p>\n\n\n\n<p><strong>3. <a rel=\"noreferrer noopener\" href=\"http:\/\/lattes.cnpq.br\/5917601881107862\" target=\"_blank\">PAUSEIRO, S. G. M.<\/a><\/strong>. O INSTITUTO DO JUS POSTULANDI NA JUSTI\u00c7A DO TRABALHO: UMA ANALISE DA LINGUAGEM JURIDICA COMO OBICE AO PLENO ACESSO A JUSTI\u00c7A.. In: Programa de P\u00f3s-Gradua\u00e7\u00e3o Stricto Sensu em Direitos, Institui\u00e7\u00f5es e Neg\u00f3cios -PPGDIN. (Org.). Caderno de Resumos do V Semin\u00e1rio INternacional e Direitos Humanos. 1ed.Niter\u00f3i: Candle Virtual, 2019, v. 1, p. 1-200.<\/p>\n\n\n\n<p><strong>4. <a rel=\"noreferrer noopener\" href=\"http:\/\/lattes.cnpq.br\/5917601881107862\" target=\"_blank\">PAUSEIRO, S. G. M.<\/a><\/strong>; DIAS NETO, C. F. . Analise da Legitimidade do Controle de Convencionalidade pelo juiz &#8220;a quo&#8221; no Brasil. In: Wagner Menzes. (Org.). Analise da Legitimidade do Controle de Convencionalidade pelo juiz &#8220;a quo&#8221; no Brasil. 1ed.Belo Horizonte: Arraes, 2016, v. 6, p. 01-673. <\/p>\n","protected":false},"excerpt":{"rendered":"<p>* Dr\u00aa Adriana Dias Vieira Artigos completos publicados em peri\u00f3dicos 1.&nbsp;VIEIRA, ADRIANA DIAS; EFREM FILHO, ROBERTO . O rei est\u00e1 nu: g\u00eanero e sexualidade nas pr\u00e1ticas e decis\u00f5es no STF. REVISTA DIREITO E PR\u00c1XIS, v. 11, p. 1084-1136, 2020. 2. VIEIRA, A. D.; EFREM FILHO, R. . O Supremo Tribunal Federal e Pol\u00edticas de G\u00eanero [&hellip;]<\/p>\n","protected":false},"author":5,"featured_media":0,"parent":0,"menu_order":0,"comment_status":"closed","ping_status":"closed","template":"","meta":{"_exactmetrics_skip_tracking":false,"_exactmetrics_sitenote_active":false,"_exactmetrics_sitenote_note":"","_exactmetrics_sitenote_category":0,"footnotes":""},"categories":[],"tags":[],"class_list":["post-2671","page","type-page","status-publish","hentry"],"_links":{"self":[{"href":"http:\/\/ppgdin.uff.br\/index.php?rest_route=\/wp\/v2\/pages\/2671","targetHints":{"allow":["GET"]}}],"collection":[{"href":"http:\/\/ppgdin.uff.br\/index.php?rest_route=\/wp\/v2\/pages"}],"about":[{"href":"http:\/\/ppgdin.uff.br\/index.php?rest_route=\/wp\/v2\/types\/page"}],"author":[{"embeddable":true,"href":"http:\/\/ppgdin.uff.br\/index.php?rest_route=\/wp\/v2\/users\/5"}],"replies":[{"embeddable":true,"href":"http:\/\/ppgdin.uff.br\/index.php?rest_route=%2Fwp%2Fv2%2Fcomments&post=2671"}],"version-history":[{"count":26,"href":"http:\/\/ppgdin.uff.br\/index.php?rest_route=\/wp\/v2\/pages\/2671\/revisions"}],"predecessor-version":[{"id":3475,"href":"http:\/\/ppgdin.uff.br\/index.php?rest_route=\/wp\/v2\/pages\/2671\/revisions\/3475"}],"wp:attachment":[{"href":"http:\/\/ppgdin.uff.br\/index.php?rest_route=%2Fwp%2Fv2%2Fmedia&parent=2671"}],"wp:term":[{"taxonomy":"category","embeddable":true,"href":"http:\/\/ppgdin.uff.br\/index.php?rest_route=%2Fwp%2Fv2%2Fcategories&post=2671"},{"taxonomy":"post_tag","embeddable":true,"href":"http:\/\/ppgdin.uff.br\/index.php?rest_route=%2Fwp%2Fv2%2Ftags&post=2671"}],"curies":[{"name":"wp","href":"https:\/\/api.w.org\/{rel}","templated":true}]}}